{"id":15559,"date":"2018-06-19T17:10:16","date_gmt":"2018-06-19T14:10:16","guid":{"rendered":"https:\/\/testi-e2c55b704894.senaatti.fi\/?page_id=15559"},"modified":"2023-09-14T12:44:36","modified_gmt":"2023-09-14T09:44:36","slug":"uthyrning","status":"publish","type":"page","link":"https:\/\/testi-e2c55b704894.senaatti.fi\/sv\/om-oss\/uthyrning\/","title":{"rendered":"Uthyrning"},"content":{"rendered":"<div class=\"wpb-content-wrapper\"><p>[vc_row][vc_column][senaatti_hero heading=&#8221;Uthyrning&#8221; image=&#8221;26195&#8243; text=&#8221;Senatfastigheter f\u00f6rvaltar drygt 9000 byggnader. Vi hyr ut verksamhetslokaler till statliga verk och institutioner och producerar fastighetstj\u00e4nster efter kundernas behov.&#8221;][\/vc_column][\/vc_row][vc_row][vc_column][senaatti_feature align=&#8221;right&#8221; background_color=&#8221;bg-white&#8221; text=&#8221;Vi hyr ut lokaler fr\u00e5n statens eget fastighetsbest\u00e5nd, men \u00e4ven fr\u00e5n den privata marknaden om staten inte kan erbjuda l\u00e4mpliga lokaler. Vi f\u00f6rs\u00f6ker alltid i f\u00f6rsta hand utnyttja det befintliga fastighetsbest\u00e5ndet. L\u00f6sningarna vi erbjuder st\u00e4mmer \u00f6verens med m\u00e5len i statens lokalstrategi.<\/p>\n<p>Senatfastigheter har det centrala ansvaret f\u00f6r statens verksamhetslokaler. I praktiken kan statliga organisationer endast hyra lokaler via Senatfastigheter. Best\u00e4mmelser om statliga organisationers hyresavtal finns i lagen om Senatfastigheter och F\u00f6rsvarsfastigheter och avtalen uppr\u00e4ttas med iakttagande av de standardvillkor som finansministeriet har godk\u00e4nt.<\/p>\n<p>Statens centraliserade fastighetsinnehav s\u00e4kerst\u00e4ller tillr\u00e4ckligt underh\u00e5ll p\u00e5 fastigheterna, n\u00f6dv\u00e4ndiga investeringar och beaktande av livscykelkostnader samt en stark fastighetskompetens. Centraliserat \u00e4gande medger ocks\u00e5 b\u00e4ttre kontroll av risker associerade med fastigheter, t.ex. att de inte l\u00e4ngre anv\u00e4nds.&#8221; image=&#8221;50927&#8243;][\/senaatti_feature][\/vc_column][\/vc_row][vc_row][vc_column][vc_column_text remove_empty_space_above=&#8221;true&#8221;]<\/p>\n<h2>Statens hyressystem \u00e4r smidigt och bygger p\u00e5 sj\u00e4lvkostnadsprincipen<\/h2>\n<p>Hyrorna i statens hyressystem bygger p\u00e5 sj\u00e4lvkostnadsprincipen. Hyrorna t\u00e4cker alla kostnader f\u00f6r fastigheterna, bl.a. renoveringar, underh\u00e5ll, l\u00e5nekostnader och fastighetsskatter. Investeringar i fastigheterna, dvs. renoveringar och nybyggnation, g\u00f6rs via Senatfastigheter och \u00e5terbetalas i form av hyror under flera decennier.<\/p>\n<p>Dessutom belastas hyrorna med en alternativkostnad p\u00e5 eget kapital som uppg\u00e5r till medelv\u00e4rdet under fyra \u00e5r p\u00e5 statens inl\u00e5ningsr\u00e4ntekostnader, ca 0,4 %.<\/p>\n<p>F\u00f6r v\u00e5ra kunder medf\u00f6rde oml\u00e4ggningen av statens hyressystem till sj\u00e4lvkostnadsprincipen 2016 \u00f6kad transparens och harmonisering inom statsf\u00f6rvaltningen. Upps\u00e4gningstiden f\u00f6r nya hyreskontrakt \u00e4r 12 m\u00e5nader, vilket till\u00e5ter v\u00e5ra kunder att fatta snabba beslut f\u00f6r att ta fram arbetsmilj\u00f6l\u00f6sningar. Senatfastigheter kan i sin tur erbjuda l\u00f6sningar p\u00e5 lokalproblem p\u00e5 ett mer effektivt s\u00e4tt och s\u00e4lja byggnader som inte l\u00e4ngre anv\u00e4nds av staten.[\/vc_column_text][\/vc_column][\/vc_row]<\/p>\n<\/div>","protected":false},"excerpt":{"rendered":"<p>[vc_row][vc_column][senaatti_hero heading=&#8221;Uthyrning&#8221; image=&#8221;26195&#8243; text=&#8221;Senatfastigheter f\u00f6rvaltar drygt 9000 byggnader. Vi hyr ut verksamhetslokaler till statliga verk och institutioner och producerar fastighetstj\u00e4nster efter kundernas behov.&#8221;][\/vc_column][\/vc_row][vc_row][vc_column][senaatti_feature align=&#8221;right&#8221; background_color=&#8221;bg-white&#8221; text=&#8221;Vi hyr ut lokaler fr\u00e5n statens eget fastighetsbest\u00e5nd, men \u00e4ven fr\u00e5n den privata marknaden om staten inte kan erbjuda l\u00e4mpliga lokaler. Vi f\u00f6rs\u00f6ker alltid i f\u00f6rsta hand utnyttja det befintliga [&hellip;]<\/p>\n","protected":false},"author":11,"featured_media":0,"parent":53451,"menu_order":0,"comment_status":"closed","ping_status":"closed","template":"","meta":{"_acf_changed":false,"footnotes":""},"class_list":["post-15559","page","type-page","status-publish","hentry"],"acf":[],"yoast_head":"<!-- This site is optimized with the Yoast SEO plugin v23.9 - https:\/\/yoast.com\/wordpress\/plugins\/seo\/ -->\n<title>Uthyrning - Senaatti<\/title>\n<meta name=\"robots\" content=\"noindex, follow, max-snippet:-1, max-image-preview:large, max-video-preview:-1\" \/>\n<meta property=\"og:locale\" content=\"sv_SE\" \/>\n<meta property=\"og:type\" content=\"article\" \/>\n<meta property=\"og:title\" content=\"Uthyrning - Senaatti\" \/>\n<meta property=\"og:description\" content=\"[vc_row][vc_column][senaatti_hero heading=&#8221;Uthyrning&#8221; image=&#8221;26195&#8243; text=&#8221;Senatfastigheter f\u00f6rvaltar drygt 9000 byggnader. Vi hyr ut verksamhetslokaler till statliga verk och institutioner och producerar fastighetstj\u00e4nster efter kundernas behov.&#8221;][\/vc_column][\/vc_row][vc_row][vc_column][senaatti_feature align=&#8221;right&#8221; background_color=&#8221;bg-white&#8221; text=&#8221;Vi hyr ut lokaler fr\u00e5n statens eget fastighetsbest\u00e5nd, men \u00e4ven fr\u00e5n den privata marknaden om staten inte kan erbjuda l\u00e4mpliga lokaler. Vi f\u00f6rs\u00f6ker alltid i f\u00f6rsta hand utnyttja det befintliga [&hellip;]\" \/>\n<meta property=\"og:url\" content=\"https:\/\/testi-e2c55b704894.senaatti.fi\/sv\/om-oss\/uthyrning\/\" \/>\n<meta property=\"og:site_name\" content=\"Senaatti\" \/>\n<meta property=\"article:publisher\" content=\"https:\/\/www.facebook.com\/SenaattiKiinteistot\/\" \/>\n<meta property=\"article:modified_time\" content=\"2023-09-14T09:44:36+00:00\" \/>\n<meta property=\"og:image\" content=\"https:\/\/testi-e2c55b704894.senaatti.fi\/app\/uploads\/2021\/01\/Senaatti_FB_profiili_1200x630-1024x538.png\" \/>\n\t<meta property=\"og:image:width\" content=\"1024\" \/>\n\t<meta property=\"og:image:height\" content=\"538\" \/>\n\t<meta property=\"og:image:type\" content=\"image\/png\" \/>\n<meta name=\"twitter:card\" content=\"summary_large_image\" \/>\n<meta name=\"twitter:site\" content=\"@SenaattiK\" \/>\n<meta name=\"twitter:label1\" content=\"Ber\u00e4knad l\u00e4stid\" \/>\n\t<meta name=\"twitter:data1\" content=\"2 minuter\" \/>\n<script type=\"application\/ld+json\" class=\"yoast-schema-graph\">{\"@context\":\"https:\/\/schema.org\",\"@graph\":[{\"@type\":\"WebPage\",\"@id\":\"https:\/\/testi-e2c55b704894.senaatti.fi\/sv\/om-oss\/uthyrning\/\",\"url\":\"https:\/\/testi-e2c55b704894.senaatti.fi\/sv\/om-oss\/uthyrning\/\",\"name\":\"Uthyrning - Senaatti\",\"isPartOf\":{\"@id\":\"https:\/\/www.senaatti.fi\/#website\"},\"datePublished\":\"2018-06-19T14:10:16+00:00\",\"dateModified\":\"2023-09-14T09:44:36+00:00\",\"breadcrumb\":{\"@id\":\"https:\/\/testi-e2c55b704894.senaatti.fi\/sv\/om-oss\/uthyrning\/#breadcrumb\"},\"inLanguage\":\"sv-SE\",\"potentialAction\":[{\"@type\":\"ReadAction\",\"target\":[\"https:\/\/testi-e2c55b704894.senaatti.fi\/sv\/om-oss\/uthyrning\/\"]}]},{\"@type\":\"BreadcrumbList\",\"@id\":\"https:\/\/testi-e2c55b704894.senaatti.fi\/sv\/om-oss\/uthyrning\/#breadcrumb\",\"itemListElement\":[{\"@type\":\"ListItem\",\"position\":1,\"name\":\"Hem\",\"item\":\"https:\/\/www.senaatti.fi\/sv\/\"},{\"@type\":\"ListItem\",\"position\":2,\"name\":\"Om oss\",\"item\":\"https:\/\/www.senaatti.fi\/sv\/om-oss\/\"},{\"@type\":\"ListItem\",\"position\":3,\"name\":\"Uthyrning\"}]},{\"@type\":\"WebSite\",\"@id\":\"https:\/\/www.senaatti.fi\/#website\",\"url\":\"https:\/\/www.senaatti.fi\/\",\"name\":\"Senaatti\",\"description\":\"Just another WordPress site\",\"publisher\":{\"@id\":\"https:\/\/www.senaatti.fi\/#organization\"},\"potentialAction\":[{\"@type\":\"SearchAction\",\"target\":{\"@type\":\"EntryPoint\",\"urlTemplate\":\"https:\/\/www.senaatti.fi\/?s={search_term_string}\"},\"query-input\":{\"@type\":\"PropertyValueSpecification\",\"valueRequired\":true,\"valueName\":\"search_term_string\"}}],\"inLanguage\":\"sv-SE\"},{\"@type\":\"Organization\",\"@id\":\"https:\/\/www.senaatti.fi\/#organization\",\"name\":\"Senaatti-kiinteist\u00f6t\",\"url\":\"https:\/\/www.senaatti.fi\/\",\"logo\":{\"@type\":\"ImageObject\",\"inLanguage\":\"sv-SE\",\"@id\":\"https:\/\/www.senaatti.fi\/#\/schema\/logo\/image\/\",\"url\":\"https:\/\/testi-e2c55b704894.senaatti.fi\/app\/uploads\/2021\/01\/Senaatti_FB_profiili_1200x630.png\",\"contentUrl\":\"https:\/\/testi-e2c55b704894.senaatti.fi\/app\/uploads\/2021\/01\/Senaatti_FB_profiili_1200x630.png\",\"width\":1201,\"height\":631,\"caption\":\"Senaatti-kiinteist\u00f6t\"},\"image\":{\"@id\":\"https:\/\/www.senaatti.fi\/#\/schema\/logo\/image\/\"},\"sameAs\":[\"https:\/\/www.facebook.com\/SenaattiKiinteistot\/\",\"https:\/\/x.com\/SenaattiK\",\"https:\/\/www.linkedin.com\/company\/senate-properties\",\"https:\/\/www.youtube.com\/channel\/UCunSUhMjKd5KqASPgBrndkQ\"]}]}<\/script>\n<!-- \/ Yoast SEO plugin. -->","yoast_head_json":{"title":"Uthyrning - Senaatti","robots":{"index":"noindex","follow":"follow","max-snippet":"max-snippet:-1","max-image-preview":"max-image-preview:large","max-video-preview":"max-video-preview:-1"},"og_locale":"sv_SE","og_type":"article","og_title":"Uthyrning - Senaatti","og_description":"[vc_row][vc_column][senaatti_hero heading=&#8221;Uthyrning&#8221; image=&#8221;26195&#8243; text=&#8221;Senatfastigheter f\u00f6rvaltar drygt 9000 byggnader. Vi hyr ut verksamhetslokaler till statliga verk och institutioner och producerar fastighetstj\u00e4nster efter kundernas behov.&#8221;][\/vc_column][\/vc_row][vc_row][vc_column][senaatti_feature align=&#8221;right&#8221; background_color=&#8221;bg-white&#8221; text=&#8221;Vi hyr ut lokaler fr\u00e5n statens eget fastighetsbest\u00e5nd, men \u00e4ven fr\u00e5n den privata marknaden om staten inte kan erbjuda l\u00e4mpliga lokaler. Vi f\u00f6rs\u00f6ker alltid i f\u00f6rsta hand utnyttja det befintliga [&hellip;]","og_url":"https:\/\/testi-e2c55b704894.senaatti.fi\/sv\/om-oss\/uthyrning\/","og_site_name":"Senaatti","article_publisher":"https:\/\/www.facebook.com\/SenaattiKiinteistot\/","article_modified_time":"2023-09-14T09:44:36+00:00","og_image":[{"width":1024,"height":538,"url":"https:\/\/testi-e2c55b704894.senaatti.fi\/app\/uploads\/2021\/01\/Senaatti_FB_profiili_1200x630-1024x538.png","type":"image\/png"}],"twitter_card":"summary_large_image","twitter_site":"@SenaattiK","twitter_misc":{"Ber\u00e4knad l\u00e4stid":"2 minuter"},"schema":{"@context":"https:\/\/schema.org","@graph":[{"@type":"WebPage","@id":"https:\/\/testi-e2c55b704894.senaatti.fi\/sv\/om-oss\/uthyrning\/","url":"https:\/\/testi-e2c55b704894.senaatti.fi\/sv\/om-oss\/uthyrning\/","name":"Uthyrning - Senaatti","isPartOf":{"@id":"https:\/\/www.senaatti.fi\/#website"},"datePublished":"2018-06-19T14:10:16+00:00","dateModified":"2023-09-14T09:44:36+00:00","breadcrumb":{"@id":"https:\/\/testi-e2c55b704894.senaatti.fi\/sv\/om-oss\/uthyrning\/#breadcrumb"},"inLanguage":"sv-SE","potentialAction":[{"@type":"ReadAction","target":["https:\/\/testi-e2c55b704894.senaatti.fi\/sv\/om-oss\/uthyrning\/"]}]},{"@type":"BreadcrumbList","@id":"https:\/\/testi-e2c55b704894.senaatti.fi\/sv\/om-oss\/uthyrning\/#breadcrumb","itemListElement":[{"@type":"ListItem","position":1,"name":"Hem","item":"https:\/\/www.senaatti.fi\/sv\/"},{"@type":"ListItem","position":2,"name":"Om oss","item":"https:\/\/www.senaatti.fi\/sv\/om-oss\/"},{"@type":"ListItem","position":3,"name":"Uthyrning"}]},{"@type":"WebSite","@id":"https:\/\/www.senaatti.fi\/#website","url":"https:\/\/www.senaatti.fi\/","name":"Senaatti","description":"Just another WordPress site","publisher":{"@id":"https:\/\/www.senaatti.fi\/#organization"},"potentialAction":[{"@type":"SearchAction","target":{"@type":"EntryPoint","urlTemplate":"https:\/\/www.senaatti.fi\/?s={search_term_string}"},"query-input":{"@type":"PropertyValueSpecification","valueRequired":true,"valueName":"search_term_string"}}],"inLanguage":"sv-SE"},{"@type":"Organization","@id":"https:\/\/www.senaatti.fi\/#organization","name":"Senaatti-kiinteist\u00f6t","url":"https:\/\/www.senaatti.fi\/","logo":{"@type":"ImageObject","inLanguage":"sv-SE","@id":"https:\/\/www.senaatti.fi\/#\/schema\/logo\/image\/","url":"https:\/\/testi-e2c55b704894.senaatti.fi\/app\/uploads\/2021\/01\/Senaatti_FB_profiili_1200x630.png","contentUrl":"https:\/\/testi-e2c55b704894.senaatti.fi\/app\/uploads\/2021\/01\/Senaatti_FB_profiili_1200x630.png","width":1201,"height":631,"caption":"Senaatti-kiinteist\u00f6t"},"image":{"@id":"https:\/\/www.senaatti.fi\/#\/schema\/logo\/image\/"},"sameAs":["https:\/\/www.facebook.com\/SenaattiKiinteistot\/","https:\/\/x.com\/SenaattiK","https:\/\/www.linkedin.com\/company\/senate-properties","https:\/\/www.youtube.com\/channel\/UCunSUhMjKd5KqASPgBrndkQ"]}]}},"publishpress_future_action":{"enabled":false,"date":"2026-05-03 10:26:03","action":"change-status","newStatus":"draft","terms":[],"taxonomy":"translation_priority"},"_links":{"self":[{"href":"https:\/\/testi-e2c55b704894.senaatti.fi\/sv\/wp-json\/wp\/v2\/pages\/15559","targetHints":{"allow":["GET"]}}],"collection":[{"href":"https:\/\/testi-e2c55b704894.senaatti.fi\/sv\/wp-json\/wp\/v2\/pages"}],"about":[{"href":"https:\/\/testi-e2c55b704894.senaatti.fi\/sv\/wp-json\/wp\/v2\/types\/page"}],"author":[{"embeddable":true,"href":"https:\/\/testi-e2c55b704894.senaatti.fi\/sv\/wp-json\/wp\/v2\/users\/11"}],"replies":[{"embeddable":true,"href":"https:\/\/testi-e2c55b704894.senaatti.fi\/sv\/wp-json\/wp\/v2\/comments?post=15559"}],"version-history":[{"count":10,"href":"https:\/\/testi-e2c55b704894.senaatti.fi\/sv\/wp-json\/wp\/v2\/pages\/15559\/revisions"}],"predecessor-version":[{"id":66812,"href":"https:\/\/testi-e2c55b704894.senaatti.fi\/sv\/wp-json\/wp\/v2\/pages\/15559\/revisions\/66812"}],"up":[{"embeddable":true,"href":"https:\/\/testi-e2c55b704894.senaatti.fi\/sv\/wp-json\/wp\/v2\/pages\/53451"}],"wp:attachment":[{"href":"https:\/\/testi-e2c55b704894.senaatti.fi\/sv\/wp-json\/wp\/v2\/media?parent=15559"}],"curies":[{"name":"wp","href":"https:\/\/api.w.org\/{rel}","templated":true}]}}