{"id":38680,"date":"2020-02-05T13:45:12","date_gmt":"2020-02-05T11:45:12","guid":{"rendered":"https:\/\/testi-e2c55b704894.senaatti.fi\/hallinnon-tilahallinta\/"},"modified":"2024-01-16T14:16:31","modified_gmt":"2024-01-16T12:16:31","slug":"forvaltningens-lokalforvaltning","status":"publish","type":"page","link":"https:\/\/testi-e2c55b704894.senaatti.fi\/sv\/lokallosningar-och-lokaltjanster\/forvaltningens-lokalforvaltning\/","title":{"rendered":"F\u00f6rvaltningens lokalf\u00f6rvaltning"},"content":{"rendered":"<div class=\"wpb-content-wrapper\"><p>[vc_row][vc_column][senaatti_hero heading=&#8221;F\u00f6rvaltningens lokalf\u00f6rvaltning&#8221; image=&#8221;5793&#8243; text=&#8221;F\u00f6rvaltningens lokalf\u00f6rvaltning, HTH, \u00e4r Senatfastigheters tj\u00e4nst f\u00f6r lokalitetsledning som statsf\u00f6rvaltningen erbjuder sina kunder.<br \/>\nInformationstj\u00e4nsten HTH hj\u00e4lper din organisation att hantera och optimera lokalanv\u00e4ndningen och lokalkostnaderna.&#8221;][\/vc_column][\/vc_row][vc_row][vc_column][vc_column_text remove_empty_space_above=&#8221;true&#8221;]F\u00f6rvaltningens lokalf\u00f6rvaltning \u00e4r ett gemensamt hj\u00e4lpmedel f\u00f6r statssamfundets lokalf\u00f6rvaltning. Den ger ett uppdaterat dataunderlag f\u00f6r beslutsfattande, styrning och planering som g\u00e4ller lokaler. Tj\u00e4nsten HTH \u00f6kar transparensen i fr\u00e5ga om uppgifter om lokalanv\u00e4ndning, energianv\u00e4ndning och kostnader. Data i HTH anv\u00e4nds ocks\u00e5 vid utarbetandet av statens gemensamma riktlinjer.<\/p>\n<p>Senatfastigheters roll \u00e4r att vara statens centraliserade expertorganisation f\u00f6r lokaler. Uppgiften f\u00f6ruts\u00e4tter att man s\u00f6ker b\u00e5de kundens och hela statssamfundets gemensamma intresse. Vi vill fr\u00e4mja uppkomsten av en bra arbetsmilj\u00f6 f\u00f6r v\u00e5ra kunder samtidigt som vi s\u00e4kerst\u00e4ller att lokall\u00f6sningarna \u00e4r ekonomiskt effektiva. Vi vill erbjuda l\u00f6sningar genom vilka effektiviseringen sker p\u00e5 ett kontrollerat s\u00e4tt och i n\u00e4ra samarbete med kunden.<\/p>\n<h2 class=\"hero__title\">F\u00f6rdelar vid anv\u00e4ndning av HTH<\/h2>\n<p>N\u00e4r olika f\u00f6rvaltningsomr\u00e5den anv\u00e4nder enhetliga och uppdaterade uppgifter \u00e4r det beslutsfattande som baserar sig p\u00e5 dem j\u00e4mlikt och p\u00e5 en s\u00e4krare grund \u00e4n tidigare.\u00a0Rationaliseringen av anv\u00e4ndningen av lokalerna medf\u00f6r en m\u00e4tbar besparing i lokalutgifterna. N\u00e4r lokalplaneringen anknyter till utveckling av s\u00e4tten att arbeta, leder detta till lokaler med en betydligt b\u00e4ttre anv\u00e4ndningsgrad \u00e4n f\u00f6r n\u00e4rvarande och en b\u00e4ttre fungerande arbetsmilj\u00f6, vilket ocks\u00e5 har en positiv inverkan p\u00e5 organisationens prestationsf\u00f6rm\u00e5ga.<\/p>\n<h3 class=\"feature__title\">1. Lokaluppgifter finns tillg\u00e4ngliga p\u00e5 en plats<\/h3>\n<div class=\"feature__text\">\n<p>Informationstj\u00e4nsten HTH centraliserar och f\u00f6renhetligar hanteringen av lokal-, avtals-, kostnads- och anv\u00e4ndaruppgifter till ett st\u00e4lle. Detta minskar avsev\u00e4rt arbetsm\u00e4ngden n\u00e4r man s\u00f6ker och rapporterar information. Samtidigt f\u00f6rb\u00e4ttrar den kvaliteten p\u00e5 ledarskapet, n\u00e4r beslutsfattandet baserar sig p\u00e5 tillr\u00e4ckligt tillf\u00f6rlitlig information.\u00a0HTH inneh\u00e5ller avtalsuppgifter om b\u00e5de Senatfastigheter och andra hyresv\u00e4rdar. Den utnyttjar dessutom uppgifterna i statens ekonomi- och personalf\u00f6rvaltningssystem Kieku.<\/p>\n<\/div>\n<h3 class=\"feature__title\">2. Gemensamt producerad information st\u00f6der planeringen av lokalanv\u00e4ndningen<\/h3>\n<div class=\"feature__text\">\n<p>Det \u00e4r viktigt att uppgifter om lokaler, avtal och kostnader produceras och uppr\u00e4tth\u00e5lls regelbundet tillsammans med Senatfastigheter. N\u00e4r detta sker har kunden tillg\u00e5ng till uppdaterad information om den faktiska lokalanv\u00e4ndningen och lokalkostnaderna. Dessa uppgifter tillsammans med milj\u00f6konsekvensdata g\u00f6r det l\u00e4ttare att planera och budgetera anv\u00e4ndningen av lokaler.<\/p>\n<h3 class=\"feature__title\">3. Enhetliga j\u00e4mf\u00f6relsedata hj\u00e4lper att st\u00e4lla upp m\u00e5l och identifiera goda l\u00f6sningar<\/h3>\n<div class=\"feature__text\">\n<p>Koncernrapporteringen i informationstj\u00e4nsten HTH samlar tv\u00e5 g\u00e5nger per \u00e5r in nyckeltal om statens lokalanv\u00e4ndning och lokalkostnader. Uppgifterna i koncernrapporteringen hj\u00e4lper att j\u00e4mf\u00f6ra de egna lokalernas effektivitet och milj\u00f6konsekvenser med andra organisationer av samma typ.\u00a0Data om lokalerna har varit sv\u00e5r att gestalta. Olika begrepp, m\u00e4tmetoder och tolkningar har gjort det n\u00e4stan om\u00f6jligt att g\u00f6ra en objektiv j\u00e4mf\u00f6relse.\u00a0I informationstj\u00e4nsten HTH har data f\u00f6r alla resultatenheter fastst\u00e4llts enligt samma ber\u00e4kningsmodeller. Data om lokaler p\u00e5 koncernniv\u00e5 \u00e4r d\u00e4rmed begriplig och enhetlig.<\/p>\n<h3 class=\"feature__title\">4. Det \u00e4r m\u00f6jligt att leda lokalerna p\u00e5 strategisk niv\u00e5<\/h3>\n<div class=\"feature__text\">\n<p>Resultatstyrarna och resultatenheterna beh\u00f6ver s\u00e5 korrekt information som m\u00f6jligt n\u00e4r de st\u00e4ller upp m\u00e5l, fastst\u00e4ller metoder och f\u00f6ljer upp utfallet. Tack vare de uppgifter som informationstj\u00e4nsten HTH producerar f\u00e5r ministerierna ett grepp om den strategiska lokalitetsledningen. Detta inneb\u00e4r att man drar upp strategiska riktlinjer f\u00f6r lokalerna, beh\u00e4rskar lokalportf\u00f6ljen och leder f\u00f6r\u00e4ndringar.<\/p>\n<p>De som anv\u00e4nder lokalerna beh\u00f6ver p\u00e5 motsvarande s\u00e4tt data och verktyg f\u00f6r att planera sin verksamhet och sin anv\u00e4ndning av lokalerna. Lokal- och persondata i HTH anger hur organisationen anv\u00e4nder lokaler, var det finns outnyttjad kapacitet, och var det finns eventuellt underdimensionering.<\/p>\n<\/div>\n<\/div>\n<\/div>\n<p>[\/vc_column_text][\/vc_column][\/vc_row][vc_row][vc_column][senaatti_feature_lift align=&#8221;right&#8221; heading=&#8221;Milj\u00f6synvinkeln kr\u00e4ver effektivare lokaler&#8221; text=&#8221;Finska staten har f\u00f6rbundit sig till EU:s m\u00e5l att effektivisera energianv\u00e4ndningen. Energianv\u00e4ndningen \u00e4r den st\u00f6rsta k\u00e4llan till lokalernas v\u00e4xthusgasutsl\u00e4pp och inverkar mest p\u00e5 lokalernas koldioxidavtryck. Minskningen av antalet lokaler minskar direkt energif\u00f6rbrukningen och milj\u00f6belastningen. Effekterna blir s\u00e4rskilt tydliga n\u00e4r koldioxidavtrycket sjunker per arbetstagare.&#8221; image=&#8221;56598&#8243; btn=&#8221;url:https%3A%2F%2Ftesti-e2c55b704894.senaatti.fi%2Fsv%2Fenergisparprogram%2F|title:L%C3%A4s%20om%20v%C3%A5rt%20energisparprogram&#8221;][\/senaatti_feature_lift][\/vc_column][\/vc_row][vc_row][vc_column][vc_column_text remove_empty_space_above=&#8221;true&#8221; remove_empty_space_below=&#8221;true&#8221;]<\/p>\n<h2 class=\"feature__title\">M\u00e5let \u00e4r en god arbetsmilj\u00f6 i ekonomiskt h\u00e4nseende<\/h2>\n<div class=\"feature__text\">\n<p>Statsf\u00f6rvaltningens spar\u00e5tg\u00e4rder och strukturella f\u00f6r\u00e4ndringar \u00f6kar behovet av att effektivisera funktionerna och rikta besparingarna s\u00e5 att k\u00e4rnfunktionerna inte \u00e4ventyras. Lokalerna \u00e4r d\u00e5 ett naturligt objekt f\u00f6r besparingar. Lokalerna \u00e4r dock en resurs, och om spart\u00e4nkandet leds utan koppling till k\u00e4rnverksamhetens behov, blir inte resultaten bra. Det finns en klar sparpotential i lokalerna, och ett skickligt utnyttjande av denna potential f\u00f6rs\u00e4mrar inte arbetsf\u00f6rh\u00e5llandena, utan kan till och med f\u00f6rb\u00e4ttra dem.<\/p>\n<p>HTH st\u00f6der en f\u00f6rdjupning av statens koncernstyrning och utvecklandet av gemensamma tj\u00e4nster. Tj\u00e4nsten ger ministeriet ett dataunderlag f\u00f6r att dra upp riktlinjer f\u00f6r finansieringen och f\u00f6lja upp hur den genomf\u00f6rs i fr\u00e5ga om lokalerna. HTH Koncernrapporteringen samlar nyckeltal f\u00f6r f\u00f6rvaltningsomr\u00e5dena och resultatenheterna i en j\u00e4mf\u00f6rbar form. Varje resultatstyrare kan se hur nyckeltalen f\u00f6r de egna resultatenheterna f\u00f6rh\u00e5ller sig till kontrollgruppen.<\/p>\n<p>Kontakt: hth(at)senaatti.fi<\/p>\n<\/div>\n<p>[\/vc_column_text][\/vc_column][\/vc_row][vc_row][vc_column][senaatti_collapsible_element main_heading_text=&#8221;Mer om tj\u00e4nsten&#8221; readmore_text=&#8221;Data som f\u00e5s ur tj\u00e4nsten&#8221;]Informationstj\u00e4nsten HTH ger uppdaterad information om bl.a. f\u00f6ljande nyckeltal och data om lokalanv\u00e4ndning och kostnader:<\/p>\n<h5>Enhetliga m\u00e4tare<\/h5>\n<ul>\n<li>Kostnader f\u00f6r objekt<\/li>\n<li>Enheternas lokalanv\u00e4ndning<\/li>\n<li>Effektiviteten i lokalanv\u00e4ndningen<\/li>\n<\/ul>\n<h5>Data som gagnar anv\u00e4ndare av kontorslokaler<\/h5>\n<ul>\n<li>Byggnads- och regionspecifika kostnadsskillnader<\/li>\n<li>Kostnader och lokalanv\u00e4ndning hos enheter och aff\u00e4rsomr\u00e5den<\/li>\n<li>Rymlighet och tomma lokaler i kontorslokaler<\/li>\n<li>Avtalsf\u00f6rbindelser och m\u00f6jligheter till \u00e4ndringar<\/li>\n<\/ul>\n<h5>Data som gagnar anv\u00e4ndare av s\u00e4rskilda lokaler<\/h5>\n<ul>\n<li>Byggnads- och regionspecifika kostnadsskillnader<\/li>\n<li>Regionspecifika kostnadsskillnader f\u00f6r s\u00e4rskilda lokaler<\/li>\n<li>Lokalanv\u00e4ndningens effektivitet i en funktionell enhet<\/li>\n<\/ul>\n<p>[\/senaatti_collapsible_element][senaatti_collapsible_element readmore_text=&#8221;Utnyttjande av HTH-data&#8221;]HTH-data kan utnyttjas f\u00f6r att leda statssamfund p\u00e5 olika niv\u00e5er:<\/p>\n<h5>Statssamfundsniv\u00e5<\/h5>\n<ul>\n<li>Fastst\u00e4llande av m\u00e5l f\u00f6r lokaler och milj\u00f6 p\u00e5 statsniv\u00e5<\/li>\n<li>Utarbetande av statens lokalstrategi<\/li>\n<li>Budgetering<\/li>\n<li>Verifiering av att m\u00e5len har uppn\u00e5tts<\/li>\n<\/ul>\n<h5>F\u00f6rvaltningsomr\u00e5desniv\u00e5<\/h5>\n<ul>\n<li>Fastst\u00e4llande av verksamhetsm\u00e5l och milj\u00f6m\u00e5l f\u00f6r f\u00f6rvaltningsomr\u00e5det<\/li>\n<li>Strategisk planering av f\u00f6rvaltningsomr\u00e5dets lokaler<\/li>\n<li>Resultatstyrning<\/li>\n<li>Budgetering<\/li>\n<li>Verifiering av att m\u00e5len har uppn\u00e5tts<\/li>\n<\/ul>\n<h5>\u00c4mbetsverk och inr\u00e4ttningar<\/h5>\n<ul>\n<li>Strategisk planering av stora \u00e4mbetsverks lokaler<\/li>\n<li>Resultatstyrning<\/li>\n<li>Budgetering<\/li>\n<li>Ekonomif\u00f6rvaltning<\/li>\n<li>Personaladministration<\/li>\n<li>Dataadministration<\/li>\n<li>Milj\u00f6f\u00f6rvaltning<\/li>\n<li>Verifiering av att m\u00e5len har uppn\u00e5tts<\/li>\n<\/ul>\n<p>[\/senaatti_collapsible_element][\/vc_column][\/vc_row][vc_row][vc_column width=&#8221;1\/2&#8243;][senaatti_feature_small heading=&#8221;B\u00e4ttre fungerande arbetsmilj\u00f6er med lokall\u00f6sningar som st\u00f6der mobilt arbete&#8221; text=&#8221;De nya s\u00e4tten att arbeta \u00e4r redan vardag inom statsf\u00f6rvaltningen. Det aktivitetsbaserade kontoret, arbetsstationer med fri sittning, r\u00f6rligt arbete och gemensam anv\u00e4ndning av rum st\u00e4ller krav p\u00e5 lokalerna. N\u00e4r dessa beaktas i lokall\u00f6sningen effektiviseras ocks\u00e5 anv\u00e4ndningsgraden f\u00f6r rummen. Som slutresultat kan man med ett mindre antal kvadratmeter f\u00e5 en b\u00e4ttre fungerande arbetsmilj\u00f6.&#8221; image=&#8221;29318&#8243; btn=&#8221;url:https%3A%2F%2Ftesti-e2c55b704894.senaatti.fi%2Fsv%2Flokallosningar-och-lokaltjanster%2Faktivitetsbaserat-kontor%2F|title:L%C3%A4s%20mer&#8221;][\/vc_column][vc_column width=&#8221;1\/2&#8243;][senaatti_feature_small heading=&#8221;Arbetsmilj\u00f6tj\u00e4nster f\u00f6r ledningen&#8221; text=&#8221;Vi hj\u00e4lper statsf\u00f6rvaltningens organisationer att f\u00f6rnya sina arbetss\u00e4tt och genomf\u00f6r fungerande, s\u00e4kra och arbetsst\u00f6djande arbetsmilj\u00f6er. V\u00e5r vision \u00e4r att finska staten \u00e4r en f\u00f6reg\u00e5ngare inom nya arbetss\u00e4tt och arbetsmilj\u00f6er.&#8221; image=&#8221;59312&#8243; btn=&#8221;url:https%3A%2F%2Ftesti-e2c55b704894.senaatti.fi%2Fsv%2Flokallosningar-och-lokaltjanster%2Farbetsmiljotjanster-for-ledningen%2F|title:L%C3%A4s%20mer&#8221;][\/vc_column][\/vc_row]<\/p>\n<\/div>","protected":false},"excerpt":{"rendered":"<p>[vc_row][vc_column][senaatti_hero heading=&#8221;F\u00f6rvaltningens lokalf\u00f6rvaltning&#8221; image=&#8221;5793&#8243; text=&#8221;F\u00f6rvaltningens lokalf\u00f6rvaltning, HTH, \u00e4r Senatfastigheters tj\u00e4nst f\u00f6r lokalitetsledning som statsf\u00f6rvaltningen erbjuder sina kunder. Informationstj\u00e4nsten HTH hj\u00e4lper din organisation att hantera och optimera lokalanv\u00e4ndningen och lokalkostnaderna.&#8221;][\/vc_column][\/vc_row][vc_row][vc_column][vc_column_text remove_empty_space_above=&#8221;true&#8221;]F\u00f6rvaltningens lokalf\u00f6rvaltning \u00e4r ett gemensamt hj\u00e4lpmedel f\u00f6r statssamfundets lokalf\u00f6rvaltning. Den ger ett uppdaterat dataunderlag f\u00f6r beslutsfattande, styrning och planering som g\u00e4ller lokaler. Tj\u00e4nsten HTH \u00f6kar transparensen [&hellip;]<\/p>\n","protected":false},"author":11,"featured_media":0,"parent":59186,"menu_order":0,"comment_status":"closed","ping_status":"closed","template":"","meta":{"_acf_changed":false,"footnotes":""},"class_list":["post-38680","page","type-page","status-publish","hentry"],"acf":[],"yoast_head":"<!-- This site is optimized with the Yoast SEO plugin v23.9 - https:\/\/yoast.com\/wordpress\/plugins\/seo\/ -->\n<title>F\u00f6rvaltningens lokalf\u00f6rvaltning - Senaatti<\/title>\n<meta name=\"robots\" content=\"noindex, follow, max-snippet:-1, max-image-preview:large, max-video-preview:-1\" \/>\n<meta property=\"og:locale\" content=\"sv_SE\" \/>\n<meta property=\"og:type\" content=\"article\" \/>\n<meta property=\"og:title\" content=\"F\u00f6rvaltningens lokalf\u00f6rvaltning - Senaatti\" \/>\n<meta property=\"og:description\" content=\"[vc_row][vc_column][senaatti_hero heading=&#8221;F\u00f6rvaltningens lokalf\u00f6rvaltning&#8221; image=&#8221;5793&#8243; text=&#8221;F\u00f6rvaltningens lokalf\u00f6rvaltning, HTH, \u00e4r Senatfastigheters tj\u00e4nst f\u00f6r lokalitetsledning som statsf\u00f6rvaltningen erbjuder sina kunder. Informationstj\u00e4nsten HTH hj\u00e4lper din organisation att hantera och optimera lokalanv\u00e4ndningen och lokalkostnaderna.&#8221;][\/vc_column][\/vc_row][vc_row][vc_column][vc_column_text remove_empty_space_above=&#8221;true&#8221;]F\u00f6rvaltningens lokalf\u00f6rvaltning \u00e4r ett gemensamt hj\u00e4lpmedel f\u00f6r statssamfundets lokalf\u00f6rvaltning. Den ger ett uppdaterat dataunderlag f\u00f6r beslutsfattande, styrning och planering som g\u00e4ller lokaler. Tj\u00e4nsten HTH \u00f6kar transparensen [&hellip;]\" \/>\n<meta property=\"og:url\" content=\"https:\/\/testi-e2c55b704894.senaatti.fi\/sv\/lokallosningar-och-lokaltjanster\/forvaltningens-lokalforvaltning\/\" \/>\n<meta property=\"og:site_name\" content=\"Senaatti\" \/>\n<meta property=\"article:publisher\" content=\"https:\/\/www.facebook.com\/SenaattiKiinteistot\/\" \/>\n<meta property=\"article:modified_time\" content=\"2024-01-16T12:16:31+00:00\" \/>\n<meta property=\"og:image\" content=\"https:\/\/testi-e2c55b704894.senaatti.fi\/app\/uploads\/2021\/01\/Senaatti_FB_profiili_1200x630-1024x538.png\" \/>\n\t<meta property=\"og:image:width\" content=\"1024\" \/>\n\t<meta property=\"og:image:height\" content=\"538\" \/>\n\t<meta property=\"og:image:type\" content=\"image\/png\" \/>\n<meta name=\"twitter:card\" content=\"summary_large_image\" \/>\n<meta name=\"twitter:site\" content=\"@SenaattiK\" \/>\n<meta name=\"twitter:label1\" content=\"Ber\u00e4knad l\u00e4stid\" \/>\n\t<meta name=\"twitter:data1\" content=\"7 minuter\" \/>\n<script type=\"application\/ld+json\" class=\"yoast-schema-graph\">{\"@context\":\"https:\/\/schema.org\",\"@graph\":[{\"@type\":\"WebPage\",\"@id\":\"https:\/\/testi-e2c55b704894.senaatti.fi\/sv\/lokallosningar-och-lokaltjanster\/forvaltningens-lokalforvaltning\/\",\"url\":\"https:\/\/testi-e2c55b704894.senaatti.fi\/sv\/lokallosningar-och-lokaltjanster\/forvaltningens-lokalforvaltning\/\",\"name\":\"F\u00f6rvaltningens lokalf\u00f6rvaltning - Senaatti\",\"isPartOf\":{\"@id\":\"https:\/\/www.senaatti.fi\/#website\"},\"datePublished\":\"2020-02-05T11:45:12+00:00\",\"dateModified\":\"2024-01-16T12:16:31+00:00\",\"breadcrumb\":{\"@id\":\"https:\/\/testi-e2c55b704894.senaatti.fi\/sv\/lokallosningar-och-lokaltjanster\/forvaltningens-lokalforvaltning\/#breadcrumb\"},\"inLanguage\":\"sv-SE\",\"potentialAction\":[{\"@type\":\"ReadAction\",\"target\":[\"https:\/\/testi-e2c55b704894.senaatti.fi\/sv\/lokallosningar-och-lokaltjanster\/forvaltningens-lokalforvaltning\/\"]}]},{\"@type\":\"BreadcrumbList\",\"@id\":\"https:\/\/testi-e2c55b704894.senaatti.fi\/sv\/lokallosningar-och-lokaltjanster\/forvaltningens-lokalforvaltning\/#breadcrumb\",\"itemListElement\":[{\"@type\":\"ListItem\",\"position\":1,\"name\":\"Hem\",\"item\":\"https:\/\/www.senaatti.fi\/sv\/\"},{\"@type\":\"ListItem\",\"position\":2,\"name\":\"Lokall\u00f6sningar och lokaltj\u00e4nster\",\"item\":\"https:\/\/www.senaatti.fi\/sv\/lokallosningar-och-lokaltjanster\/\"},{\"@type\":\"ListItem\",\"position\":3,\"name\":\"F\u00f6rvaltningens lokalf\u00f6rvaltning\"}]},{\"@type\":\"WebSite\",\"@id\":\"https:\/\/www.senaatti.fi\/#website\",\"url\":\"https:\/\/www.senaatti.fi\/\",\"name\":\"Senaatti\",\"description\":\"Just another WordPress site\",\"publisher\":{\"@id\":\"https:\/\/www.senaatti.fi\/#organization\"},\"potentialAction\":[{\"@type\":\"SearchAction\",\"target\":{\"@type\":\"EntryPoint\",\"urlTemplate\":\"https:\/\/www.senaatti.fi\/?s={search_term_string}\"},\"query-input\":{\"@type\":\"PropertyValueSpecification\",\"valueRequired\":true,\"valueName\":\"search_term_string\"}}],\"inLanguage\":\"sv-SE\"},{\"@type\":\"Organization\",\"@id\":\"https:\/\/www.senaatti.fi\/#organization\",\"name\":\"Senaatti-kiinteist\u00f6t\",\"url\":\"https:\/\/www.senaatti.fi\/\",\"logo\":{\"@type\":\"ImageObject\",\"inLanguage\":\"sv-SE\",\"@id\":\"https:\/\/www.senaatti.fi\/#\/schema\/logo\/image\/\",\"url\":\"https:\/\/testi-e2c55b704894.senaatti.fi\/app\/uploads\/2021\/01\/Senaatti_FB_profiili_1200x630.png\",\"contentUrl\":\"https:\/\/testi-e2c55b704894.senaatti.fi\/app\/uploads\/2021\/01\/Senaatti_FB_profiili_1200x630.png\",\"width\":1201,\"height\":631,\"caption\":\"Senaatti-kiinteist\u00f6t\"},\"image\":{\"@id\":\"https:\/\/www.senaatti.fi\/#\/schema\/logo\/image\/\"},\"sameAs\":[\"https:\/\/www.facebook.com\/SenaattiKiinteistot\/\",\"https:\/\/x.com\/SenaattiK\",\"https:\/\/www.linkedin.com\/company\/senate-properties\",\"https:\/\/www.youtube.com\/channel\/UCunSUhMjKd5KqASPgBrndkQ\"]}]}<\/script>\n<!-- \/ Yoast SEO plugin. -->","yoast_head_json":{"title":"F\u00f6rvaltningens lokalf\u00f6rvaltning - Senaatti","robots":{"index":"noindex","follow":"follow","max-snippet":"max-snippet:-1","max-image-preview":"max-image-preview:large","max-video-preview":"max-video-preview:-1"},"og_locale":"sv_SE","og_type":"article","og_title":"F\u00f6rvaltningens lokalf\u00f6rvaltning - Senaatti","og_description":"[vc_row][vc_column][senaatti_hero heading=&#8221;F\u00f6rvaltningens lokalf\u00f6rvaltning&#8221; image=&#8221;5793&#8243; text=&#8221;F\u00f6rvaltningens lokalf\u00f6rvaltning, HTH, \u00e4r Senatfastigheters tj\u00e4nst f\u00f6r lokalitetsledning som statsf\u00f6rvaltningen erbjuder sina kunder. Informationstj\u00e4nsten HTH hj\u00e4lper din organisation att hantera och optimera lokalanv\u00e4ndningen och lokalkostnaderna.&#8221;][\/vc_column][\/vc_row][vc_row][vc_column][vc_column_text remove_empty_space_above=&#8221;true&#8221;]F\u00f6rvaltningens lokalf\u00f6rvaltning \u00e4r ett gemensamt hj\u00e4lpmedel f\u00f6r statssamfundets lokalf\u00f6rvaltning. Den ger ett uppdaterat dataunderlag f\u00f6r beslutsfattande, styrning och planering som g\u00e4ller lokaler. Tj\u00e4nsten HTH \u00f6kar transparensen [&hellip;]","og_url":"https:\/\/testi-e2c55b704894.senaatti.fi\/sv\/lokallosningar-och-lokaltjanster\/forvaltningens-lokalforvaltning\/","og_site_name":"Senaatti","article_publisher":"https:\/\/www.facebook.com\/SenaattiKiinteistot\/","article_modified_time":"2024-01-16T12:16:31+00:00","og_image":[{"width":1024,"height":538,"url":"https:\/\/testi-e2c55b704894.senaatti.fi\/app\/uploads\/2021\/01\/Senaatti_FB_profiili_1200x630-1024x538.png","type":"image\/png"}],"twitter_card":"summary_large_image","twitter_site":"@SenaattiK","twitter_misc":{"Ber\u00e4knad l\u00e4stid":"7 minuter"},"schema":{"@context":"https:\/\/schema.org","@graph":[{"@type":"WebPage","@id":"https:\/\/testi-e2c55b704894.senaatti.fi\/sv\/lokallosningar-och-lokaltjanster\/forvaltningens-lokalforvaltning\/","url":"https:\/\/testi-e2c55b704894.senaatti.fi\/sv\/lokallosningar-och-lokaltjanster\/forvaltningens-lokalforvaltning\/","name":"F\u00f6rvaltningens lokalf\u00f6rvaltning - Senaatti","isPartOf":{"@id":"https:\/\/www.senaatti.fi\/#website"},"datePublished":"2020-02-05T11:45:12+00:00","dateModified":"2024-01-16T12:16:31+00:00","breadcrumb":{"@id":"https:\/\/testi-e2c55b704894.senaatti.fi\/sv\/lokallosningar-och-lokaltjanster\/forvaltningens-lokalforvaltning\/#breadcrumb"},"inLanguage":"sv-SE","potentialAction":[{"@type":"ReadAction","target":["https:\/\/testi-e2c55b704894.senaatti.fi\/sv\/lokallosningar-och-lokaltjanster\/forvaltningens-lokalforvaltning\/"]}]},{"@type":"BreadcrumbList","@id":"https:\/\/testi-e2c55b704894.senaatti.fi\/sv\/lokallosningar-och-lokaltjanster\/forvaltningens-lokalforvaltning\/#breadcrumb","itemListElement":[{"@type":"ListItem","position":1,"name":"Hem","item":"https:\/\/www.senaatti.fi\/sv\/"},{"@type":"ListItem","position":2,"name":"Lokall\u00f6sningar och lokaltj\u00e4nster","item":"https:\/\/www.senaatti.fi\/sv\/lokallosningar-och-lokaltjanster\/"},{"@type":"ListItem","position":3,"name":"F\u00f6rvaltningens lokalf\u00f6rvaltning"}]},{"@type":"WebSite","@id":"https:\/\/www.senaatti.fi\/#website","url":"https:\/\/www.senaatti.fi\/","name":"Senaatti","description":"Just another WordPress site","publisher":{"@id":"https:\/\/www.senaatti.fi\/#organization"},"potentialAction":[{"@type":"SearchAction","target":{"@type":"EntryPoint","urlTemplate":"https:\/\/www.senaatti.fi\/?s={search_term_string}"},"query-input":{"@type":"PropertyValueSpecification","valueRequired":true,"valueName":"search_term_string"}}],"inLanguage":"sv-SE"},{"@type":"Organization","@id":"https:\/\/www.senaatti.fi\/#organization","name":"Senaatti-kiinteist\u00f6t","url":"https:\/\/www.senaatti.fi\/","logo":{"@type":"ImageObject","inLanguage":"sv-SE","@id":"https:\/\/www.senaatti.fi\/#\/schema\/logo\/image\/","url":"https:\/\/testi-e2c55b704894.senaatti.fi\/app\/uploads\/2021\/01\/Senaatti_FB_profiili_1200x630.png","contentUrl":"https:\/\/testi-e2c55b704894.senaatti.fi\/app\/uploads\/2021\/01\/Senaatti_FB_profiili_1200x630.png","width":1201,"height":631,"caption":"Senaatti-kiinteist\u00f6t"},"image":{"@id":"https:\/\/www.senaatti.fi\/#\/schema\/logo\/image\/"},"sameAs":["https:\/\/www.facebook.com\/SenaattiKiinteistot\/","https:\/\/x.com\/SenaattiK","https:\/\/www.linkedin.com\/company\/senate-properties","https:\/\/www.youtube.com\/channel\/UCunSUhMjKd5KqASPgBrndkQ"]}]}},"publishpress_future_action":{"enabled":false,"date":"2026-05-03 10:35:27","action":"change-status","newStatus":"draft","terms":[],"taxonomy":"translation_priority"},"_links":{"self":[{"href":"https:\/\/testi-e2c55b704894.senaatti.fi\/sv\/wp-json\/wp\/v2\/pages\/38680","targetHints":{"allow":["GET"]}}],"collection":[{"href":"https:\/\/testi-e2c55b704894.senaatti.fi\/sv\/wp-json\/wp\/v2\/pages"}],"about":[{"href":"https:\/\/testi-e2c55b704894.senaatti.fi\/sv\/wp-json\/wp\/v2\/types\/page"}],"author":[{"embeddable":true,"href":"https:\/\/testi-e2c55b704894.senaatti.fi\/sv\/wp-json\/wp\/v2\/users\/11"}],"replies":[{"embeddable":true,"href":"https:\/\/testi-e2c55b704894.senaatti.fi\/sv\/wp-json\/wp\/v2\/comments?post=38680"}],"version-history":[{"count":10,"href":"https:\/\/testi-e2c55b704894.senaatti.fi\/sv\/wp-json\/wp\/v2\/pages\/38680\/revisions"}],"predecessor-version":[{"id":69856,"href":"https:\/\/testi-e2c55b704894.senaatti.fi\/sv\/wp-json\/wp\/v2\/pages\/38680\/revisions\/69856"}],"up":[{"embeddable":true,"href":"https:\/\/testi-e2c55b704894.senaatti.fi\/sv\/wp-json\/wp\/v2\/pages\/59186"}],"wp:attachment":[{"href":"https:\/\/testi-e2c55b704894.senaatti.fi\/sv\/wp-json\/wp\/v2\/media?parent=38680"}],"curies":[{"name":"wp","href":"https:\/\/api.w.org\/{rel}","templated":true}]}}