{"id":39032,"date":"2018-11-09T10:42:32","date_gmt":"2018-11-09T08:42:32","guid":{"rendered":"https:\/\/testi-e2c55b704894.senaatti.fi\/arbetsmiljo\/monitilaymparisto\/"},"modified":"2024-11-11T14:11:08","modified_gmt":"2024-11-11T12:11:08","slug":"aktivitetsbaserat-kontor","status":"publish","type":"page","link":"https:\/\/testi-e2c55b704894.senaatti.fi\/sv\/gemensamma-arbetsmiljoer\/aktivitetsbaserat-kontor\/","title":{"rendered":"Aktivitetsbaserat kontor"},"content":{"rendered":"<div class=\"wpb-content-wrapper\"><p>[vc_row][vc_column][senaatti_hero align=&#8221;right&#8221; heading=&#8221;Aktivitetsbaserat kontor f\u00f6ruts\u00e4tter ny verksamhetskultur&#8221; text=&#8221;Ett aktivitetsbaserat kontor f\u00f6ruts\u00e4tter att organisationen f\u00e5r en helt ny verksamhetskultur och ett nytt s\u00e4tt att arbeta och leda arbetet. Vid utvecklingen av arbetsmilj\u00f6n f\u00f6renas de digitala och sociala dimensionerna med den fysiska lokalen. Senatfastigheter fr\u00e4mjar smartare arbetsmetoder hos staten och som ett resultat av arbetet uppst\u00e5r nya id\u00e9er och experiment om hur man kan arbeta p\u00e5 ett nytt smartare s\u00e4tt.&#8221; image=&#8221;29318&#8243;][\/vc_column][\/vc_row][vc_row][vc_column][vc_column_text remove_empty_space_above=&#8221;true&#8221; remove_empty_space_below=&#8221;true&#8221;]<\/p>\n<h2>Vad \u00e4r ett aktivitetsbaserat kontor?<\/h2>\n<p>I dag \u00e4r kontorsarbetet inte l\u00e4ngre bundet till tid, plats och i synnerhet inte till egna arbetsrum. Arbetet utf\u00f6rs flexibelt ocks\u00e5 hemma och t.ex. p\u00e5 t\u00e5get eller i ett caf\u00e9 \u2013 och \u00e4ven vid andra tider \u00e4n traditionella \u00e5tta till fyra.<\/p>\n<p>De gamla stela kontorsl\u00f6sningarna st\u00f6der inte l\u00e4ngre det moderna s\u00e4ttet att arbeta och s\u00e5ledes inte heller m\u00e5len med arbetet. Aktivitetsbaserade kontor \u00e4r l\u00f6sningen.[\/vc_column_text][\/vc_column][\/vc_row][vc_row][vc_column][senaatti_collapsible_element main_heading_text=&#8221;9 k\u00e4rnpunkter om det aktivitetsbaserade kontoret:&#8221; readmore_text=&#8221;1. M\u00e5nga olika slags lokaler&#8221;]I aktivitetsbaserade kontor kan arbetsmilj\u00f6n och arbetet inte l\u00e4ngre skiljas \u00e5t, eftersom de har ett n\u00e4ra samband med varandra. F\u00f6r olika arbetsuppgifter finns egna optimala lokaler.<\/p>\n<p>En arbetsstation i ett \u00f6ppet utrymme \u00e4r ett bra val n\u00e4r arbetet f\u00f6ruts\u00e4tter v\u00e4xelverkan med kollegerna. Det finns avskilda rum och rum f\u00f6r tyst arbete som kr\u00e4ver koncentration och sekretess. Telefonsamtal f\u00f6rs i ljudisolerade telefonb\u00e5s eller i avskilda rum.<\/p>\n<p>Ut\u00f6ver f\u00f6rhandlingsrum som kan bokas separat finns det ocks\u00e5 grupparbetsrum. I aktivitetsbaserade kontor kan man vid behov snabbt ordna ett m\u00f6te.<\/p>\n<p>Fritt utbyte av tankar, id\u00e9skapande och utbyte av nyheter fr\u00e4mjas genom olika avsp\u00e4nda m\u00f6tesplatser, s\u00e5som trivsamma h\u00f6rn med l\u00e4nstolar. Caf\u00e9- och m\u00e5ltidslokaler kan ocks\u00e5 anv\u00e4ndas gemensamt av olika enheter och organisationer i aktivitetsbaserade kontor.[\/senaatti_collapsible_element][senaatti_collapsible_element readmore_text=&#8221;2. Inte bunden vid arbetsbordet&#8221;]Ett aktivitetsbaserat kontor \u00e4r en oslagbar kombination j\u00e4mf\u00f6rt med de gamla l\u00f6sningarna. Ingen har ett eget skrivbord, men \u00e5 andra sidan \u00e4r ingen l\u00e4ngre heller bunden vid sitt skrivbord. Arbetsst\u00e4llet v\u00e4ljs utifr\u00e5n vars och ens behov och egna preferenser.<\/p>\n<p>Aktivitetsbaserade kontor f\u00f6ruts\u00e4tter att alla arbetsstationer ocks\u00e5 har arbetsbord med elektrisk h\u00f6jdjustering. Ocks\u00e5 arbetsstolarna ska ha goda justeringsm\u00f6jligheter.[\/senaatti_collapsible_element][senaatti_collapsible_element readmore_text=&#8221;3. Spelregler beh\u00f6vs&#8221;]Det finns inte endast ett korrekt s\u00e4tt att anv\u00e4nda det aktivitetsbaserade kontoret, utan varje arbetstagare skapar en l\u00e4mplig version av det. Det aktivitetsbaserade kontoret kr\u00e4ver dock gemensamma spelregler. Arbetstagarna ska komma \u00f6verens om i vilka lokaler man f\u00e5r diskutera h\u00f6gt och i vilka man ska kunna koncentrera sig helt i tystnad. N\u00e4r man beh\u00f6ver ett lugnt rum finns det ut\u00f6ver gemensamma tysta \u201dbiblioteksrum\u201d ocks\u00e5 avskilda rum.[\/senaatti_collapsible_element][senaatti_collapsible_element readmore_text=&#8221;4. Digitalisering ger frihet&#8221;]Digitaliseringen och datateknikl\u00f6sningar som st\u00e4ndigt utvecklas g\u00f6r det m\u00f6jligt att arbeta var som helst och n\u00e4r som helst. Alla har en b\u00e4rbar dator, och datakommunikationen sk\u00f6ts via tr\u00e5dl\u00f6sa n\u00e4t och mobilf\u00f6rbindelser.<\/p>\n<p>Data sparas elektroniskt och d\u00e4rf\u00f6r beh\u00f6vs vid arbetsstationerna inte l\u00e4ngre m\u00e5nga hyllmeter f\u00f6rvaringsutrymme f\u00f6r papper och p\u00e4rmar. Arbetsbordet t\u00f6ms efter varje arbetsskift och personliga f\u00f6rem\u00e5l flyttas fr\u00e5n en plats till en annan, t.ex. i korgar eller kassar.[\/senaatti_collapsible_element][senaatti_collapsible_element readmore_text=&#8221;5. Involvera personalen i tid&#8221;]Det aktivitetsbaserade kontoret v\u00e4cker k\u00e4nslor f\u00f6r och emot. Motst\u00e5ndarna kan ha d\u00e5liga erfarenheter av gamla tiders \u00f6ppna kontor, som saknade valfriheten och flexibiliteten i det aktivitetsbaserade kontoret.<\/p>\n<p>\u00d6verg\u00e5ngen till nya slags lokaler och nya arbetsrutiner kr\u00e4ver noggranna f\u00f6rberedelser samt kompetent och lyssnande ledarskap. Helst ska personalen delta redan i planeringsskedet till exempel via workshoppar.<\/p>\n<p>Projektet med att skapa den nya arbetsmilj\u00f6n tar i genomsnitt ett par \u00e5r. Det \u00e4r bra att utnyttja denna tid f\u00f6r att \u00e5stadkomma en f\u00f6r\u00e4ndring i organisationens verksamhetskultur och att l\u00e4ra sig nya arbetsrutiner, s\u00e5 att den nya arbetsmilj\u00f6n kan tas i drift fullt ut redan fr\u00e5n b\u00f6rjan.[\/senaatti_collapsible_element][senaatti_collapsible_element readmore_text=&#8221;6. Mer ansvar och f\u00f6rtroende&#8221;]Ett nytt s\u00e4tt att arbeta kr\u00e4ver att ledningen och hela organisationen har f\u00f6rtroende f\u00f6r individerna och att individerna \u00e5ter har f\u00f6rm\u00e5ga att hantera st\u00f6rre helheter \u00e4n tidigare och leda sig sj\u00e4lva. Dessutom \u00e4r det v\u00e4sentligt att skapa n\u00e4tverk och ta ansvar f\u00f6r att inh\u00e4mta och dela med sig av information som \u00e4r v\u00e4sentlig med tanke p\u00e5 det egna arbetet.<\/p>\n<p>I det aktivitetsbaserade kontoret f\u00f6rsvinner den \u00e5lderdomliga ledningsmodellen med chefer som sitter i egna h\u00f6rnrum: cheferna utf\u00f6r sitt arbete b\u00e5de psykiskt och fysiskt tillsammans med de andra.[\/senaatti_collapsible_element][senaatti_collapsible_element readmore_text=&#8221;7. Pigg v\u00e4xelverkan&#8221;]Det aktivitetsbaserade kontoret undantr\u00e4nger inte v\u00e4xelverkan mellan m\u00e4nniskor, utan tv\u00e4rtom skapar den fler m\u00f6jligheter \u00e4n tidigare. Trivsamma tr\u00e4ffpunkter och gemensamma co-working-lokaler st\u00e4rker utbytet av id\u00e9er och n\u00e4tverksbildning \u00f6ver organisationsgr\u00e4nserna. \u00c4ven virtuella verktyg, s\u00e5som videokonferenser och Skype, underl\u00e4ttar kontakterna och sparar tid.<\/p>\n<p>F\u00f6r gemensamt arbete finns det i lokalerna ocks\u00e5 stora sk\u00e4rmar som r\u00f6r sig p\u00e5 hjul eller f\u00e4sts p\u00e5 v\u00e4ggen.[\/senaatti_collapsible_element][senaatti_collapsible_element readmore_text=&#8221;8. F\u00e4rre kvadratmeter&#8221;]Utvecklingen av informationstekniken har gjort det m\u00f6jligt f\u00f6r arbetstagarna att r\u00f6ra sig utanf\u00f6r arbetsplatsen bland annat f\u00f6r m\u00f6ten och distansarbete. I traditionella kontor har man ocks\u00e5 uppt\u00e4ckt att upp till 60 procent av arbetsstationerna \u00e4r tomma under arbetsdagen.<\/p>\n<p>I det aktivitetsbaserade kontoret finns det vanligen inte l\u00e4ngre egna arbetsbord. Likas\u00e5 beh\u00f6vs det f\u00e4rre kvadratmeter i kontorslokalerna \u00e4n tidigare. F\u00f6r n\u00e4rvarande finns det 23 kvadratmeter per person i statsf\u00f6rvaltningens kontorslokaler, men antalet minskar hela tiden. M\u00e5let f\u00f6r lokalstrategin \u00e4r 18 kvadratmeter per person i renoverade objekt och 15 kvadratmeter i nybyggnader, vilket inneb\u00e4r en betydande effektivisering av lokalanv\u00e4ndningen och d\u00e4rigenom kostnadsbesparingar. \u00d6verg\u00e5ngen till det aktivitetsbaserade kontoret kr\u00e4ver visserligen investeringar, men eftersom det \u00e4nd\u00e5 totalt beh\u00f6vs mindre utrymme, blir den totala hyran ofta mindre \u00e4n tidigare.[\/senaatti_collapsible_element][senaatti_collapsible_element readmore_text=&#8221;9. \u00c4ven gammal blir ung&#8221;]Eftersom det beh\u00f6vs f\u00e4rre kvadratmeter f\u00f6r personalen i ett aktivitetsbaserat kontor, kan flera organisationer ofta placeras i samma fastighet och delvis i gemensamma lokaler.<\/p>\n<p>Det aktivitetsbaserade kontoret kr\u00e4ver allts\u00e5 inte helt nytt byggande, utan det kan ocks\u00e5 skapas i gamla fastigheter.[\/senaatti_collapsible_element][\/vc_column][\/vc_row]<\/p>\n<\/div>","protected":false},"excerpt":{"rendered":"<p>[vc_row][vc_column][senaatti_hero align=&#8221;right&#8221; heading=&#8221;Aktivitetsbaserat kontor f\u00f6ruts\u00e4tter ny verksamhetskultur&#8221; text=&#8221;Ett aktivitetsbaserat kontor f\u00f6ruts\u00e4tter att organisationen f\u00e5r en helt ny verksamhetskultur och ett nytt s\u00e4tt att arbeta och leda arbetet. Vid utvecklingen av arbetsmilj\u00f6n f\u00f6renas de digitala och sociala dimensionerna med den fysiska lokalen. Senatfastigheter fr\u00e4mjar smartare arbetsmetoder hos staten och som ett resultat av arbetet uppst\u00e5r nya [&hellip;]<\/p>\n","protected":false},"author":11,"featured_media":0,"parent":59541,"menu_order":0,"comment_status":"closed","ping_status":"closed","template":"","meta":{"_acf_changed":false,"footnotes":""},"class_list":["post-39032","page","type-page","status-publish","hentry"],"acf":[],"yoast_head":"<!-- This site is optimized with the Yoast SEO plugin v23.9 - https:\/\/yoast.com\/wordpress\/plugins\/seo\/ -->\n<title>Aktivitetsbaserat kontor - Senatfastigheter<\/title>\n<meta name=\"description\" content=\"Ett aktivitetsbaserat kontor f\u00f6ruts\u00e4tter att organisationen f\u00e5r en helt ny verksamhetskultur och ett nytt s\u00e4tt att arbeta och leda arbetet.\" \/>\n<meta name=\"robots\" content=\"noindex, follow, max-snippet:-1, max-image-preview:large, max-video-preview:-1\" \/>\n<meta property=\"og:locale\" content=\"sv_SE\" \/>\n<meta property=\"og:type\" content=\"article\" \/>\n<meta property=\"og:title\" content=\"Aktivitetsbaserat kontor - Senatfastigheter\" \/>\n<meta property=\"og:description\" content=\"Ett aktivitetsbaserat kontor f\u00f6ruts\u00e4tter att organisationen f\u00e5r en helt ny verksamhetskultur och ett nytt s\u00e4tt att arbeta och leda arbetet.\" \/>\n<meta property=\"og:url\" content=\"https:\/\/testi-e2c55b704894.senaatti.fi\/sv\/gemensamma-arbetsmiljoer\/aktivitetsbaserat-kontor\/\" \/>\n<meta property=\"og:site_name\" content=\"Senaatti\" \/>\n<meta property=\"article:publisher\" content=\"https:\/\/www.facebook.com\/SenaattiKiinteistot\/\" \/>\n<meta property=\"article:modified_time\" content=\"2024-11-11T12:11:08+00:00\" \/>\n<meta property=\"og:image\" content=\"https:\/\/testi-e2c55b704894.senaatti.fi\/app\/uploads\/2021\/01\/Senaatti_FB_profiili_1200x630-1024x538.png\" \/>\n\t<meta property=\"og:image:width\" content=\"1024\" \/>\n\t<meta property=\"og:image:height\" content=\"538\" \/>\n\t<meta property=\"og:image:type\" content=\"image\/png\" \/>\n<meta name=\"twitter:card\" content=\"summary_large_image\" \/>\n<meta name=\"twitter:site\" content=\"@SenaattiK\" \/>\n<meta name=\"twitter:label1\" content=\"Ber\u00e4knad l\u00e4stid\" \/>\n\t<meta name=\"twitter:data1\" content=\"6 minuter\" \/>\n<script type=\"application\/ld+json\" class=\"yoast-schema-graph\">{\"@context\":\"https:\/\/schema.org\",\"@graph\":[{\"@type\":\"WebPage\",\"@id\":\"https:\/\/testi-e2c55b704894.senaatti.fi\/sv\/gemensamma-arbetsmiljoer\/aktivitetsbaserat-kontor\/\",\"url\":\"https:\/\/testi-e2c55b704894.senaatti.fi\/sv\/gemensamma-arbetsmiljoer\/aktivitetsbaserat-kontor\/\",\"name\":\"Aktivitetsbaserat kontor - Senatfastigheter\",\"isPartOf\":{\"@id\":\"https:\/\/www.senaatti.fi\/#website\"},\"datePublished\":\"2018-11-09T08:42:32+00:00\",\"dateModified\":\"2024-11-11T12:11:08+00:00\",\"description\":\"Ett aktivitetsbaserat kontor f\u00f6ruts\u00e4tter att organisationen f\u00e5r en helt ny verksamhetskultur och ett nytt s\u00e4tt att arbeta och leda arbetet.\",\"breadcrumb\":{\"@id\":\"https:\/\/testi-e2c55b704894.senaatti.fi\/sv\/gemensamma-arbetsmiljoer\/aktivitetsbaserat-kontor\/#breadcrumb\"},\"inLanguage\":\"sv-SE\",\"potentialAction\":[{\"@type\":\"ReadAction\",\"target\":[\"https:\/\/testi-e2c55b704894.senaatti.fi\/sv\/gemensamma-arbetsmiljoer\/aktivitetsbaserat-kontor\/\"]}]},{\"@type\":\"BreadcrumbList\",\"@id\":\"https:\/\/testi-e2c55b704894.senaatti.fi\/sv\/gemensamma-arbetsmiljoer\/aktivitetsbaserat-kontor\/#breadcrumb\",\"itemListElement\":[{\"@type\":\"ListItem\",\"position\":1,\"name\":\"Hem\",\"item\":\"https:\/\/www.senaatti.fi\/sv\/\"},{\"@type\":\"ListItem\",\"position\":2,\"name\":\"Gemensamma arbetsmilj\u00f6er\",\"item\":\"https:\/\/www.senaatti.fi\/sv\/gemensamma-arbetsmiljoer\/\"},{\"@type\":\"ListItem\",\"position\":3,\"name\":\"Aktivitetsbaserat kontor\"}]},{\"@type\":\"WebSite\",\"@id\":\"https:\/\/www.senaatti.fi\/#website\",\"url\":\"https:\/\/www.senaatti.fi\/\",\"name\":\"Senaatti\",\"description\":\"Just another WordPress site\",\"publisher\":{\"@id\":\"https:\/\/www.senaatti.fi\/#organization\"},\"potentialAction\":[{\"@type\":\"SearchAction\",\"target\":{\"@type\":\"EntryPoint\",\"urlTemplate\":\"https:\/\/www.senaatti.fi\/?s={search_term_string}\"},\"query-input\":{\"@type\":\"PropertyValueSpecification\",\"valueRequired\":true,\"valueName\":\"search_term_string\"}}],\"inLanguage\":\"sv-SE\"},{\"@type\":\"Organization\",\"@id\":\"https:\/\/www.senaatti.fi\/#organization\",\"name\":\"Senaatti-kiinteist\u00f6t\",\"url\":\"https:\/\/www.senaatti.fi\/\",\"logo\":{\"@type\":\"ImageObject\",\"inLanguage\":\"sv-SE\",\"@id\":\"https:\/\/www.senaatti.fi\/#\/schema\/logo\/image\/\",\"url\":\"https:\/\/testi-e2c55b704894.senaatti.fi\/app\/uploads\/2021\/01\/Senaatti_FB_profiili_1200x630.png\",\"contentUrl\":\"https:\/\/testi-e2c55b704894.senaatti.fi\/app\/uploads\/2021\/01\/Senaatti_FB_profiili_1200x630.png\",\"width\":1201,\"height\":631,\"caption\":\"Senaatti-kiinteist\u00f6t\"},\"image\":{\"@id\":\"https:\/\/www.senaatti.fi\/#\/schema\/logo\/image\/\"},\"sameAs\":[\"https:\/\/www.facebook.com\/SenaattiKiinteistot\/\",\"https:\/\/x.com\/SenaattiK\",\"https:\/\/www.linkedin.com\/company\/senate-properties\",\"https:\/\/www.youtube.com\/channel\/UCunSUhMjKd5KqASPgBrndkQ\"]}]}<\/script>\n<!-- \/ Yoast SEO plugin. -->","yoast_head_json":{"title":"Aktivitetsbaserat kontor - Senatfastigheter","description":"Ett aktivitetsbaserat kontor f\u00f6ruts\u00e4tter att organisationen f\u00e5r en helt ny verksamhetskultur och ett nytt s\u00e4tt att arbeta och leda arbetet.","robots":{"index":"noindex","follow":"follow","max-snippet":"max-snippet:-1","max-image-preview":"max-image-preview:large","max-video-preview":"max-video-preview:-1"},"og_locale":"sv_SE","og_type":"article","og_title":"Aktivitetsbaserat kontor - Senatfastigheter","og_description":"Ett aktivitetsbaserat kontor f\u00f6ruts\u00e4tter att organisationen f\u00e5r en helt ny verksamhetskultur och ett nytt s\u00e4tt att arbeta och leda arbetet.","og_url":"https:\/\/testi-e2c55b704894.senaatti.fi\/sv\/gemensamma-arbetsmiljoer\/aktivitetsbaserat-kontor\/","og_site_name":"Senaatti","article_publisher":"https:\/\/www.facebook.com\/SenaattiKiinteistot\/","article_modified_time":"2024-11-11T12:11:08+00:00","og_image":[{"width":1024,"height":538,"url":"https:\/\/testi-e2c55b704894.senaatti.fi\/app\/uploads\/2021\/01\/Senaatti_FB_profiili_1200x630-1024x538.png","type":"image\/png"}],"twitter_card":"summary_large_image","twitter_site":"@SenaattiK","twitter_misc":{"Ber\u00e4knad l\u00e4stid":"6 minuter"},"schema":{"@context":"https:\/\/schema.org","@graph":[{"@type":"WebPage","@id":"https:\/\/testi-e2c55b704894.senaatti.fi\/sv\/gemensamma-arbetsmiljoer\/aktivitetsbaserat-kontor\/","url":"https:\/\/testi-e2c55b704894.senaatti.fi\/sv\/gemensamma-arbetsmiljoer\/aktivitetsbaserat-kontor\/","name":"Aktivitetsbaserat kontor - Senatfastigheter","isPartOf":{"@id":"https:\/\/www.senaatti.fi\/#website"},"datePublished":"2018-11-09T08:42:32+00:00","dateModified":"2024-11-11T12:11:08+00:00","description":"Ett aktivitetsbaserat kontor f\u00f6ruts\u00e4tter att organisationen f\u00e5r en helt ny verksamhetskultur och ett nytt s\u00e4tt att arbeta och leda arbetet.","breadcrumb":{"@id":"https:\/\/testi-e2c55b704894.senaatti.fi\/sv\/gemensamma-arbetsmiljoer\/aktivitetsbaserat-kontor\/#breadcrumb"},"inLanguage":"sv-SE","potentialAction":[{"@type":"ReadAction","target":["https:\/\/testi-e2c55b704894.senaatti.fi\/sv\/gemensamma-arbetsmiljoer\/aktivitetsbaserat-kontor\/"]}]},{"@type":"BreadcrumbList","@id":"https:\/\/testi-e2c55b704894.senaatti.fi\/sv\/gemensamma-arbetsmiljoer\/aktivitetsbaserat-kontor\/#breadcrumb","itemListElement":[{"@type":"ListItem","position":1,"name":"Hem","item":"https:\/\/www.senaatti.fi\/sv\/"},{"@type":"ListItem","position":2,"name":"Gemensamma arbetsmilj\u00f6er","item":"https:\/\/www.senaatti.fi\/sv\/gemensamma-arbetsmiljoer\/"},{"@type":"ListItem","position":3,"name":"Aktivitetsbaserat kontor"}]},{"@type":"WebSite","@id":"https:\/\/www.senaatti.fi\/#website","url":"https:\/\/www.senaatti.fi\/","name":"Senaatti","description":"Just another WordPress site","publisher":{"@id":"https:\/\/www.senaatti.fi\/#organization"},"potentialAction":[{"@type":"SearchAction","target":{"@type":"EntryPoint","urlTemplate":"https:\/\/www.senaatti.fi\/?s={search_term_string}"},"query-input":{"@type":"PropertyValueSpecification","valueRequired":true,"valueName":"search_term_string"}}],"inLanguage":"sv-SE"},{"@type":"Organization","@id":"https:\/\/www.senaatti.fi\/#organization","name":"Senaatti-kiinteist\u00f6t","url":"https:\/\/www.senaatti.fi\/","logo":{"@type":"ImageObject","inLanguage":"sv-SE","@id":"https:\/\/www.senaatti.fi\/#\/schema\/logo\/image\/","url":"https:\/\/testi-e2c55b704894.senaatti.fi\/app\/uploads\/2021\/01\/Senaatti_FB_profiili_1200x630.png","contentUrl":"https:\/\/testi-e2c55b704894.senaatti.fi\/app\/uploads\/2021\/01\/Senaatti_FB_profiili_1200x630.png","width":1201,"height":631,"caption":"Senaatti-kiinteist\u00f6t"},"image":{"@id":"https:\/\/www.senaatti.fi\/#\/schema\/logo\/image\/"},"sameAs":["https:\/\/www.facebook.com\/SenaattiKiinteistot\/","https:\/\/x.com\/SenaattiK","https:\/\/www.linkedin.com\/company\/senate-properties","https:\/\/www.youtube.com\/channel\/UCunSUhMjKd5KqASPgBrndkQ"]}]}},"publishpress_future_action":{"enabled":false,"date":"2026-05-03 10:36:45","action":"change-status","newStatus":"draft","terms":[],"taxonomy":"translation_priority"},"_links":{"self":[{"href":"https:\/\/testi-e2c55b704894.senaatti.fi\/sv\/wp-json\/wp\/v2\/pages\/39032","targetHints":{"allow":["GET"]}}],"collection":[{"href":"https:\/\/testi-e2c55b704894.senaatti.fi\/sv\/wp-json\/wp\/v2\/pages"}],"about":[{"href":"https:\/\/testi-e2c55b704894.senaatti.fi\/sv\/wp-json\/wp\/v2\/types\/page"}],"author":[{"embeddable":true,"href":"https:\/\/testi-e2c55b704894.senaatti.fi\/sv\/wp-json\/wp\/v2\/users\/11"}],"replies":[{"embeddable":true,"href":"https:\/\/testi-e2c55b704894.senaatti.fi\/sv\/wp-json\/wp\/v2\/comments?post=39032"}],"version-history":[{"count":8,"href":"https:\/\/testi-e2c55b704894.senaatti.fi\/sv\/wp-json\/wp\/v2\/pages\/39032\/revisions"}],"predecessor-version":[{"id":64681,"href":"https:\/\/testi-e2c55b704894.senaatti.fi\/sv\/wp-json\/wp\/v2\/pages\/39032\/revisions\/64681"}],"up":[{"embeddable":true,"href":"https:\/\/testi-e2c55b704894.senaatti.fi\/sv\/wp-json\/wp\/v2\/pages\/59541"}],"wp:attachment":[{"href":"https:\/\/testi-e2c55b704894.senaatti.fi\/sv\/wp-json\/wp\/v2\/media?parent=39032"}],"curies":[{"name":"wp","href":"https:\/\/api.w.org\/{rel}","templated":true}]}}