{"id":50466,"date":"2022-02-03T20:24:40","date_gmt":"2022-02-03T18:24:40","guid":{"rendered":"https:\/\/testi-e2c55b704894.senaatti.fi\/om-oss-2\/strategia\/"},"modified":"2023-03-24T10:20:09","modified_gmt":"2023-03-24T08:20:09","slug":"var-strategi","status":"publish","type":"page","link":"https:\/\/testi-e2c55b704894.senaatti.fi\/sv\/om-oss\/var-strategi\/","title":{"rendered":"V\u00e5r strategi"},"content":{"rendered":"<div class=\"wpb-content-wrapper\"><p>[vc_row][vc_column][senaatti_hero align=&#8221;right&#8221; heading=&#8221;V\u00e5r strategi 2022-2025&#8243; text=&#8221;Hur st\u00f6der lokalerna en resultatrik och trygg verksamhet? Hur ser framtidens multilokala arbete ut? Hur genomf\u00f6rs de olika \u00e4mbetsverkens gemensamma arbetsmilj\u00f6er? V\u00e5r strategi svarar ocks\u00e5 p\u00e5 dessa fr\u00e5gor n\u00e4r vi oms\u00e4tter statens nya lokalstrategi i praktiken och hj\u00e4lper v\u00e5ra kunder att genomf\u00f6ra den i sin egen vardag.&#8221; image=&#8221;49893&#8243;][\/vc_column][\/vc_row][vc_row][vc_column][senaatti_feature background_color=&#8221;bg-white&#8221; heading=&#8221;Arbetar f\u00f6r Finland&#8221; text=&#8221;Senatfastigheter och F\u00f6rsvarsfastigheter bildar tillsammans koncernen Senatfastigheter. V\u00e5r uppgift \u00e4r att tillhandah\u00e5lla de b\u00e4sta m\u00f6jliga f\u00f6rh\u00e5llandena och f\u00f6ruts\u00e4ttningarna f\u00f6r det arbete som g\u00f6r v\u00e5rt land till v\u00e4rldens b\u00e4st fungerande och s\u00e4kraste land. Vi arbetar f\u00f6r Finland.<\/p>\n<p>Senatfastigheter \u00e4r statsf\u00f6rvaltningens ansvariga fastighetsexpert och lokalpartner. Vi skapar arbetsmilj\u00f6er som st\u00f6der v\u00e5ra kunders verksamhet och hj\u00e4lper till att utveckla arbetsmetoderna samtidigt som omv\u00e4rlden genomg\u00e5r en kontinuerlig f\u00f6r\u00e4ndring. Vi ansvarar f\u00f6r underh\u00e5llet av fastigheterna och f\u00f6r en effektiv produktion av tj\u00e4nsterna. Vi bygger nytt, f\u00f6rnyar gammalt och reparerar \u00e4nnu \u00e4ldre nationalf\u00f6rm\u00f6genhet i enlighet med kundernas behov.<\/p>\n<p>I F\u00f6rsvarsfastigheter har vi det \u00f6vergripande ansvaret f\u00f6r byggandet av f\u00f6rsvarsf\u00f6rvaltningens fastigheter samt f\u00f6r milj\u00f6- och underh\u00e5llstj\u00e4nsterna. Beredskap och f\u00f6rberedelser st\u00e5r i centrum f\u00f6r all v\u00e5r verksamhet.&#8221; image=&#8221;49688&#8243;][\/senaatti_feature][\/vc_column][\/vc_row][vc_row][vc_column][senaatti_feature align=&#8221;right&#8221; background_color=&#8221;bg-white&#8221; heading=&#8221;Huvudm\u00e5len f\u00f6r v\u00e5r strategi&#8221; text=&#8221;<strong>1.<\/strong> Arbetsmilj\u00f6er som st\u00f6der kundens verksamhet och god kundupplevelse bildar ett <strong>strategiskt partnerskap.<\/strong><br \/>\n<strong>2.<\/strong> I enlighet med statens lokalstrategi genomf\u00f6r vi <strong>gemensamma arbetsmilj\u00f6er<\/strong> som en service. <strong>Vi st\u00e4vjar \u00f6kningen av statens lokalkostnader<\/strong> genom smarta l\u00f6sningar: utveckling av verksamheten, lokalerna och omr\u00e5dena samt f\u00f6rs\u00e4ljning av fastigheter som \u00e4r on\u00f6diga f\u00f6r staten.<br \/>\n<strong>3.<\/strong> Vi blir en f\u00f6reg\u00e5ngare inom branschen n\u00e4r det g\u00e4ller<strong> samh\u00e4llsansvar<\/strong>. Vi lyckas med detta bl.a. med ett nolltoleransprogram f\u00f6r problem med inomhusluften och med \u00e5tg\u00e4rder som syftar till koldioxidneutralitet.<br \/>\n<strong>4. Beredskap och f\u00f6rberedelser<\/strong> samt tryggande av kontinuiteten utg\u00f6r en stark grund f\u00f6r v\u00e5r verksamhet under alla f\u00f6rh\u00e5llanden, vilket framh\u00e4vs s\u00e4rskilt i F\u00f6rsvarsfastigheters m\u00e5l och verksamhet.&#8221; image=&#8221;49684&#8243;][\/senaatti_feature][\/vc_column][\/vc_row][vc_row][vc_column][senaatti_gallery full_image=&#8221;true&#8221; images=&#8221;%5B%7B%22image%22%3A%2250477%22%7D%5D&#8221;][\/vc_column][\/vc_row][vc_row][vc_column width=&#8221;1\/2&#8243;][senaatti_feature_small background_color=&#8221;bg-white&#8221; heading=&#8221;Vi \u00e4r en strategisk partner inom statsf\u00f6rvaltningen&#8221; text=&#8221;Vi genomf\u00f6r v\u00e5ra kunders projekt s\u00e5 att de f\u00f6rnyade lokalerna st\u00f6der deras egen strategi och nya arbetss\u00e4tt. Vi lyckas med detta genom effektiva l\u00f6sningar f\u00f6r byggande och lokalanv\u00e4ndning samt ett starkt samarbete.<\/p>\n<p>Det strategiska partnerskapet syns ocks\u00e5 som en b\u00e4ttre kund- och beslutsfattartillfredsst\u00e4llelse. Vi vill att alla fr\u00e5n den h\u00f6gsta beslutsfattaren till den enskilda tj\u00e4nstemannen \u00e4r n\u00f6jda med sina arbetsmilj\u00f6er och Senatfastigheters tj\u00e4nster.&#8221;][\/vc_column][vc_column width=&#8221;1\/2&#8243;][senaatti_feature_small background_color=&#8221;bg-white&#8221; heading=&#8221;Vi tillhandah\u00e5ller gemensamma arbetsmilj\u00f6er som service och st\u00e4vjar kostnads\u00f6kningen&#8221; text=&#8221;I enlighet med statens lokalstrategi utvecklar vi statens gemensamma arbetsmilj\u00f6er och genomf\u00f6r dem p\u00e5 15 orter under v\u00e5r strategiperiod.<\/p>\n<p>I de gemensamma arbetsmilj\u00f6erna kan lokalerna byggas s\u00e5 att de betj\u00e4nar anv\u00e4ndarna p\u00e5 ett mer h\u00f6gkvalitativt och m\u00e5ngsidigt s\u00e4tt. Ocks\u00e5 helt vanliga finl\u00e4ndare drar nytta av att allt fler \u00e4mbetsverks tj\u00e4nster finns tillg\u00e4ngliga p\u00e5 ett och samma st\u00e4lle.<\/p>\n<p>Utvecklingen av lokaler och omr\u00e5den samt nya lokall\u00f6sningar som st\u00f6der hybridarbete hj\u00e4lper v\u00e5ra kunder att spara p\u00e5 kostnaderna, men ocks\u00e5 att minska sitt koldioxidavtryck.<\/p>\n<p>V\u00e5rt m\u00e5l \u00e4r att tillsammans med v\u00e5ra kunder uppn\u00e5 besparingar p\u00e5 35 miljoner euro i deras lokalkostnader fram till 2025.&#8221;][\/vc_column][\/vc_row][vc_row][vc_column width=&#8221;1\/2&#8243;][senaatti_feature_small background_color=&#8221;senaatti-konserni-white&#8221; heading=&#8221;Samh\u00e4llsansvaret styr och \u00e4r en del av all v\u00e5r verksamhet&#8221; text=&#8221;Samh\u00e4llsansvar inneb\u00e4r m\u00e5nga olika saker f\u00f6r oss. Till exempel att v\u00e5ra kunder har sunda och trygga milj\u00f6er s\u00e5 att de kan vara framg\u00e5ngsrika i sitt arbete. Vi forts\u00e4tter med v\u00e5rt nolltoleransprogram, som syftar till att f\u00f6rebygga problem med f\u00f6rh\u00e5llandena inomhus.<\/p>\n<p>Vi har ocks\u00e5 f\u00f6rbundit oss till statens m\u00e5l om koldioxidneutralitet och framskrider mot utsl\u00e4ppsfria lokaler senast 2035. Under strategiperioden har v\u00e5rt program f\u00f6r koldioxidneutralitet som m\u00e5l att halvera koldioxidutsl\u00e4ppen inom fastigheternas underh\u00e5ll och att minska utsl\u00e4ppen inom byggandet.&#8221;][\/vc_column][vc_column width=&#8221;1\/2&#8243;][senaatti_feature_small background_color=&#8221;senaatti-konserni-white&#8221; heading=&#8221;Beredskap och f\u00f6rberedelser som grund f\u00f6r verksamheten&#8221; text=&#8221;I F\u00f6rsvarsfastigheter f\u00f6rnyar vi servicemodellen f\u00f6r underh\u00e5ll s\u00e5 att den motsvarar f\u00f6rsvarsf\u00f6rvaltningens beredskapskrav. Vi s\u00f6rjer f\u00f6r f\u00f6rberedelserna i enlighet med kundernas behov och s\u00e4kerst\u00e4ller anv\u00e4ndbarheten, funktionss\u00e4kerheten och kontinuiteten i de kritiska fastigheterna i alla s\u00e4kerhetssituationer.&#8221;][\/vc_column][\/vc_row][vc_row][vc_column width=&#8221;1\/2&#8243;][senaatti_feature_small background_color=&#8221;senaatti-konserni-white&#8221; heading=&#8221;Kultur av f\u00f6rtroende och mod i hybridarbetet&#8221; text=&#8221;F\u00f6rtroende och mod utg\u00f6r grunden f\u00f6r allt det vi g\u00f6r. Hybridarbetet, som st\u00e4ndigt utvecklas, kr\u00e4ver f\u00f6r att vara framg\u00e5ngsrikt att m\u00e4nniskor till\u00e4gnar sig nya arbetss\u00e4tt, fungerande datakommunikationsl\u00f6sningar och egna spelregler. \u00c5 andra sidan m\u00f6jligg\u00f6r hybridarbetet en ny slags flexibilitet och frihet.<\/p>\n<p>Vi l\u00e4r oss sj\u00e4lva om hybridarbete genom att modigt pr\u00f6va och utveckla. P\u00e5 detta s\u00e4tt skaffar vi ocks\u00e5 den kompetens som de gemensamma arbetsmilj\u00f6erna f\u00f6ruts\u00e4tter.&#8221; btn=&#8221;url:https%3A%2F%2Ftesti-e2c55b704894.senaatti.fi%2Fsv%2Fforsvarsfastigheter%2Fom-oss%2Fforsvarsfastigheters-strategi%2F|title:F%C3%B6rsvarsfastigheters%20strategisida&#8221;][\/vc_column][vc_column width=&#8221;1\/2&#8243;][\/vc_column][\/vc_row]<\/p>\n<\/div>","protected":false},"excerpt":{"rendered":"<p>[vc_row][vc_column][senaatti_hero align=&#8221;right&#8221; heading=&#8221;V\u00e5r strategi 2022-2025&#8243; text=&#8221;Hur st\u00f6der lokalerna en resultatrik och trygg verksamhet? Hur ser framtidens multilokala arbete ut? Hur genomf\u00f6rs de olika \u00e4mbetsverkens gemensamma arbetsmilj\u00f6er? V\u00e5r strategi svarar ocks\u00e5 p\u00e5 dessa fr\u00e5gor n\u00e4r vi oms\u00e4tter statens nya lokalstrategi i praktiken och hj\u00e4lper v\u00e5ra kunder att genomf\u00f6ra den i sin egen vardag.&#8221; image=&#8221;49893&#8243;][\/vc_column][\/vc_row][vc_row][vc_column][senaatti_feature background_color=&#8221;bg-white&#8221; heading=&#8221;Arbetar [&hellip;]<\/p>\n","protected":false},"author":11,"featured_media":0,"parent":53451,"menu_order":0,"comment_status":"closed","ping_status":"closed","template":"","meta":{"_acf_changed":false,"footnotes":""},"class_list":["post-50466","page","type-page","status-publish","hentry"],"acf":[],"yoast_head":"<!-- This site is optimized with the Yoast SEO plugin v23.9 - https:\/\/yoast.com\/wordpress\/plugins\/seo\/ -->\n<title>V\u00e5r strategi - Senaatti<\/title>\n<meta name=\"description\" content=\"Tavoitteenamme on tuottaa asiakkaillemme vastuullisen kumppaniverkostomme kanssa suorituskyky\u00e4 parantavia ty\u00f6ymp\u00e4rist\u00f6j\u00e4 ja alentaa valtion tilakustannuksia\" \/>\n<meta name=\"robots\" content=\"noindex, follow, max-snippet:-1, max-image-preview:large, max-video-preview:-1\" \/>\n<meta property=\"og:locale\" content=\"sv_SE\" \/>\n<meta property=\"og:type\" content=\"article\" \/>\n<meta property=\"og:title\" content=\"V\u00e5r strategi - Senaatti\" \/>\n<meta property=\"og:description\" content=\"Tavoitteenamme on tuottaa asiakkaillemme vastuullisen kumppaniverkostomme kanssa suorituskyky\u00e4 parantavia ty\u00f6ymp\u00e4rist\u00f6j\u00e4 ja alentaa valtion tilakustannuksia\" \/>\n<meta property=\"og:url\" content=\"https:\/\/testi-e2c55b704894.senaatti.fi\/sv\/om-oss\/var-strategi\/\" \/>\n<meta property=\"og:site_name\" content=\"Senaatti\" \/>\n<meta property=\"article:publisher\" content=\"https:\/\/www.facebook.com\/SenaattiKiinteistot\/\" \/>\n<meta property=\"article:modified_time\" content=\"2023-03-24T08:20:09+00:00\" \/>\n<meta property=\"og:image\" content=\"https:\/\/testi-e2c55b704894.senaatti.fi\/app\/uploads\/2021\/01\/Senaatti_FB_profiili_1200x630-1024x538.png\" \/>\n\t<meta property=\"og:image:width\" content=\"1024\" \/>\n\t<meta property=\"og:image:height\" content=\"538\" \/>\n\t<meta property=\"og:image:type\" content=\"image\/png\" \/>\n<meta name=\"twitter:card\" content=\"summary_large_image\" \/>\n<meta name=\"twitter:site\" content=\"@SenaattiK\" \/>\n<meta name=\"twitter:label1\" content=\"Ber\u00e4knad l\u00e4stid\" \/>\n\t<meta name=\"twitter:data1\" content=\"5 minuter\" \/>\n<script type=\"application\/ld+json\" class=\"yoast-schema-graph\">{\"@context\":\"https:\/\/schema.org\",\"@graph\":[{\"@type\":\"WebPage\",\"@id\":\"https:\/\/testi-e2c55b704894.senaatti.fi\/sv\/om-oss\/var-strategi\/\",\"url\":\"https:\/\/testi-e2c55b704894.senaatti.fi\/sv\/om-oss\/var-strategi\/\",\"name\":\"V\u00e5r strategi - Senaatti\",\"isPartOf\":{\"@id\":\"https:\/\/www.senaatti.fi\/#website\"},\"datePublished\":\"2022-02-03T18:24:40+00:00\",\"dateModified\":\"2023-03-24T08:20:09+00:00\",\"description\":\"Tavoitteenamme on tuottaa asiakkaillemme vastuullisen kumppaniverkostomme kanssa suorituskyky\u00e4 parantavia ty\u00f6ymp\u00e4rist\u00f6j\u00e4 ja alentaa valtion tilakustannuksia\",\"breadcrumb\":{\"@id\":\"https:\/\/testi-e2c55b704894.senaatti.fi\/sv\/om-oss\/var-strategi\/#breadcrumb\"},\"inLanguage\":\"sv-SE\",\"potentialAction\":[{\"@type\":\"ReadAction\",\"target\":[\"https:\/\/testi-e2c55b704894.senaatti.fi\/sv\/om-oss\/var-strategi\/\"]}]},{\"@type\":\"BreadcrumbList\",\"@id\":\"https:\/\/testi-e2c55b704894.senaatti.fi\/sv\/om-oss\/var-strategi\/#breadcrumb\",\"itemListElement\":[{\"@type\":\"ListItem\",\"position\":1,\"name\":\"Hem\",\"item\":\"https:\/\/www.senaatti.fi\/sv\/\"},{\"@type\":\"ListItem\",\"position\":2,\"name\":\"Om oss\",\"item\":\"https:\/\/www.senaatti.fi\/sv\/om-oss\/\"},{\"@type\":\"ListItem\",\"position\":3,\"name\":\"V\u00e5r strategi\"}]},{\"@type\":\"WebSite\",\"@id\":\"https:\/\/www.senaatti.fi\/#website\",\"url\":\"https:\/\/www.senaatti.fi\/\",\"name\":\"Senaatti\",\"description\":\"Just another WordPress site\",\"publisher\":{\"@id\":\"https:\/\/www.senaatti.fi\/#organization\"},\"potentialAction\":[{\"@type\":\"SearchAction\",\"target\":{\"@type\":\"EntryPoint\",\"urlTemplate\":\"https:\/\/www.senaatti.fi\/?s={search_term_string}\"},\"query-input\":{\"@type\":\"PropertyValueSpecification\",\"valueRequired\":true,\"valueName\":\"search_term_string\"}}],\"inLanguage\":\"sv-SE\"},{\"@type\":\"Organization\",\"@id\":\"https:\/\/www.senaatti.fi\/#organization\",\"name\":\"Senaatti-kiinteist\u00f6t\",\"url\":\"https:\/\/www.senaatti.fi\/\",\"logo\":{\"@type\":\"ImageObject\",\"inLanguage\":\"sv-SE\",\"@id\":\"https:\/\/www.senaatti.fi\/#\/schema\/logo\/image\/\",\"url\":\"https:\/\/testi-e2c55b704894.senaatti.fi\/app\/uploads\/2021\/01\/Senaatti_FB_profiili_1200x630.png\",\"contentUrl\":\"https:\/\/testi-e2c55b704894.senaatti.fi\/app\/uploads\/2021\/01\/Senaatti_FB_profiili_1200x630.png\",\"width\":1201,\"height\":631,\"caption\":\"Senaatti-kiinteist\u00f6t\"},\"image\":{\"@id\":\"https:\/\/www.senaatti.fi\/#\/schema\/logo\/image\/\"},\"sameAs\":[\"https:\/\/www.facebook.com\/SenaattiKiinteistot\/\",\"https:\/\/x.com\/SenaattiK\",\"https:\/\/www.linkedin.com\/company\/senate-properties\",\"https:\/\/www.youtube.com\/channel\/UCunSUhMjKd5KqASPgBrndkQ\"]}]}<\/script>\n<!-- \/ Yoast SEO plugin. -->","yoast_head_json":{"title":"V\u00e5r strategi - Senaatti","description":"Tavoitteenamme on tuottaa asiakkaillemme vastuullisen kumppaniverkostomme kanssa suorituskyky\u00e4 parantavia ty\u00f6ymp\u00e4rist\u00f6j\u00e4 ja alentaa valtion tilakustannuksia","robots":{"index":"noindex","follow":"follow","max-snippet":"max-snippet:-1","max-image-preview":"max-image-preview:large","max-video-preview":"max-video-preview:-1"},"og_locale":"sv_SE","og_type":"article","og_title":"V\u00e5r strategi - Senaatti","og_description":"Tavoitteenamme on tuottaa asiakkaillemme vastuullisen kumppaniverkostomme kanssa suorituskyky\u00e4 parantavia ty\u00f6ymp\u00e4rist\u00f6j\u00e4 ja alentaa valtion tilakustannuksia","og_url":"https:\/\/testi-e2c55b704894.senaatti.fi\/sv\/om-oss\/var-strategi\/","og_site_name":"Senaatti","article_publisher":"https:\/\/www.facebook.com\/SenaattiKiinteistot\/","article_modified_time":"2023-03-24T08:20:09+00:00","og_image":[{"width":1024,"height":538,"url":"https:\/\/testi-e2c55b704894.senaatti.fi\/app\/uploads\/2021\/01\/Senaatti_FB_profiili_1200x630-1024x538.png","type":"image\/png"}],"twitter_card":"summary_large_image","twitter_site":"@SenaattiK","twitter_misc":{"Ber\u00e4knad l\u00e4stid":"5 minuter"},"schema":{"@context":"https:\/\/schema.org","@graph":[{"@type":"WebPage","@id":"https:\/\/testi-e2c55b704894.senaatti.fi\/sv\/om-oss\/var-strategi\/","url":"https:\/\/testi-e2c55b704894.senaatti.fi\/sv\/om-oss\/var-strategi\/","name":"V\u00e5r strategi - Senaatti","isPartOf":{"@id":"https:\/\/www.senaatti.fi\/#website"},"datePublished":"2022-02-03T18:24:40+00:00","dateModified":"2023-03-24T08:20:09+00:00","description":"Tavoitteenamme on tuottaa asiakkaillemme vastuullisen kumppaniverkostomme kanssa suorituskyky\u00e4 parantavia ty\u00f6ymp\u00e4rist\u00f6j\u00e4 ja alentaa valtion tilakustannuksia","breadcrumb":{"@id":"https:\/\/testi-e2c55b704894.senaatti.fi\/sv\/om-oss\/var-strategi\/#breadcrumb"},"inLanguage":"sv-SE","potentialAction":[{"@type":"ReadAction","target":["https:\/\/testi-e2c55b704894.senaatti.fi\/sv\/om-oss\/var-strategi\/"]}]},{"@type":"BreadcrumbList","@id":"https:\/\/testi-e2c55b704894.senaatti.fi\/sv\/om-oss\/var-strategi\/#breadcrumb","itemListElement":[{"@type":"ListItem","position":1,"name":"Hem","item":"https:\/\/www.senaatti.fi\/sv\/"},{"@type":"ListItem","position":2,"name":"Om oss","item":"https:\/\/www.senaatti.fi\/sv\/om-oss\/"},{"@type":"ListItem","position":3,"name":"V\u00e5r strategi"}]},{"@type":"WebSite","@id":"https:\/\/www.senaatti.fi\/#website","url":"https:\/\/www.senaatti.fi\/","name":"Senaatti","description":"Just another WordPress site","publisher":{"@id":"https:\/\/www.senaatti.fi\/#organization"},"potentialAction":[{"@type":"SearchAction","target":{"@type":"EntryPoint","urlTemplate":"https:\/\/www.senaatti.fi\/?s={search_term_string}"},"query-input":{"@type":"PropertyValueSpecification","valueRequired":true,"valueName":"search_term_string"}}],"inLanguage":"sv-SE"},{"@type":"Organization","@id":"https:\/\/www.senaatti.fi\/#organization","name":"Senaatti-kiinteist\u00f6t","url":"https:\/\/www.senaatti.fi\/","logo":{"@type":"ImageObject","inLanguage":"sv-SE","@id":"https:\/\/www.senaatti.fi\/#\/schema\/logo\/image\/","url":"https:\/\/testi-e2c55b704894.senaatti.fi\/app\/uploads\/2021\/01\/Senaatti_FB_profiili_1200x630.png","contentUrl":"https:\/\/testi-e2c55b704894.senaatti.fi\/app\/uploads\/2021\/01\/Senaatti_FB_profiili_1200x630.png","width":1201,"height":631,"caption":"Senaatti-kiinteist\u00f6t"},"image":{"@id":"https:\/\/www.senaatti.fi\/#\/schema\/logo\/image\/"},"sameAs":["https:\/\/www.facebook.com\/SenaattiKiinteistot\/","https:\/\/x.com\/SenaattiK","https:\/\/www.linkedin.com\/company\/senate-properties","https:\/\/www.youtube.com\/channel\/UCunSUhMjKd5KqASPgBrndkQ"]}]}},"publishpress_future_action":{"enabled":false,"date":"2026-05-03 10:29:59","action":"change-status","newStatus":"draft","terms":[],"taxonomy":"translation_priority"},"_links":{"self":[{"href":"https:\/\/testi-e2c55b704894.senaatti.fi\/sv\/wp-json\/wp\/v2\/pages\/50466","targetHints":{"allow":["GET"]}}],"collection":[{"href":"https:\/\/testi-e2c55b704894.senaatti.fi\/sv\/wp-json\/wp\/v2\/pages"}],"about":[{"href":"https:\/\/testi-e2c55b704894.senaatti.fi\/sv\/wp-json\/wp\/v2\/types\/page"}],"author":[{"embeddable":true,"href":"https:\/\/testi-e2c55b704894.senaatti.fi\/sv\/wp-json\/wp\/v2\/users\/11"}],"replies":[{"embeddable":true,"href":"https:\/\/testi-e2c55b704894.senaatti.fi\/sv\/wp-json\/wp\/v2\/comments?post=50466"}],"version-history":[{"count":5,"href":"https:\/\/testi-e2c55b704894.senaatti.fi\/sv\/wp-json\/wp\/v2\/pages\/50466\/revisions"}],"predecessor-version":[{"id":54720,"href":"https:\/\/testi-e2c55b704894.senaatti.fi\/sv\/wp-json\/wp\/v2\/pages\/50466\/revisions\/54720"}],"up":[{"embeddable":true,"href":"https:\/\/testi-e2c55b704894.senaatti.fi\/sv\/wp-json\/wp\/v2\/pages\/53451"}],"wp:attachment":[{"href":"https:\/\/testi-e2c55b704894.senaatti.fi\/sv\/wp-json\/wp\/v2\/media?parent=50466"}],"curies":[{"name":"wp","href":"https:\/\/api.w.org\/{rel}","templated":true}]}}