{"id":55912,"date":"2022-09-30T19:19:02","date_gmt":"2022-09-30T16:19:02","guid":{"rendered":"https:\/\/testi-e2c55b704894.senaatti.fi\/?page_id=55912"},"modified":"2024-07-01T08:15:02","modified_gmt":"2024-07-01T05:15:02","slug":"forvaltning-och-ledning","status":"publish","type":"page","link":"https:\/\/testi-e2c55b704894.senaatti.fi\/sv\/om-oss\/organisation\/forvaltning-och-ledning\/","title":{"rendered":"F\u00f6rvaltning och ledning"},"content":{"rendered":"<div class=\"wpb-content-wrapper\"><p>[vc_row][vc_column][senaatti_hero heading=&#8221;F\u00f6rvaltning och ledning&#8221; text=&#8221;Senatfastigheter \u00e4r ett aff\u00e4rsverk som lyder under finansministeriet och vars verksamhet regleras genom lagen om statliga aff\u00e4rsverk och statsr\u00e5dets f\u00f6rordning om Senatfastigheter.&#8221; image=&#8221;35996&#8243;][\/vc_column][\/vc_row][vc_row][vc_column][vc_column_text remove_empty_space_above=&#8221;true&#8221; remove_empty_space_below=&#8221;true&#8221;]Senatfastigheters uppgift \u00e4r att vara statens expert p\u00e5 arbetsmilj\u00f6 och lokaler. Senatfastigheter tillhandah\u00e5ller och producerar tj\u00e4nster i enlighet med lagen om aff\u00e4rsverk i f\u00f6rsta hand f\u00f6r statsf\u00f6rvaltningen. F\u00f6rsvarsfastigheter inledde sin verksamhet 1.1.2021 som dotteraff\u00e4rsverk till Senatfastigheter, till vilket de fastigheter, funktioner och tj\u00e4nster som betj\u00e4nar F\u00f6rsvarsf\u00f6rvaltningen har centraliserats. Tillsammans bildar Senatfastigheter och F\u00f6rsvarsfastigheter Senatkoncernen.<\/p>\n<p>Senatfastigheters och F\u00f6rsvarsfastigheters verksamhet regleras av lagen om statliga aff\u00e4rsverk (1062\/2010) samt av lagen om Senatfastigheter och F\u00f6rsvarsfastigheter (1018\/2020). Till aff\u00e4rsverkskoncernen h\u00f6r dessutom Senatstationfastigheter Ab och 13 dotterbolag i fastighetsbolagsform. Maakuntien tilakeskus Oy, som h\u00f6r till koncernen, \u00f6verg\u00e5r som en del av social- och h\u00e4lsov\u00e5rdsreformen till att \u00e4gas av de v\u00e4lf\u00e4rdsomr\u00e5den som inleder sin verksamhet vid ing\u00e5ngen av 2023.<\/p>\n<p>Senatkoncernen verkar inom finansministeriets f\u00f6rvaltningsomr\u00e5de och den allm\u00e4nna styrningen av den h\u00f6r till finansministeriet. F\u00f6rsvarsministeriet styr F\u00f6rsvarsfastigheter n\u00e4r den producerar tj\u00e4nster f\u00f6r F\u00f6rsvarsmakten och de partner som f\u00f6rsvarsmakten har fastst\u00e4llt f\u00f6r F\u00f6rsvarsmaktens behov enligt 2 \u00a7 i lagen om F\u00f6rsvarsmakten (551\/2007).<\/p>\n<p>Senatkoncernen verkar i enlighet med f\u00f6retagsekonomiska principer. Koncernens egendom \u00e4gs av finska staten och har anvisats till aff\u00e4rsverkens \u00e4garf\u00f6rvaltning. Som offentlig akt\u00f6r iakttar Senatkoncernens aff\u00e4rsverk principerna f\u00f6r god f\u00f6rvaltning, lagen om offentlig upphandling (1397\/2016) och lagen om offentlighet i myndigheternas verksamhet (621\/1999).<\/p>\n<h2>Ledning<\/h2>\n<p>Koncerndirekt\u00f6r f\u00f6r Senatkoncernen \u00e4r <strong>Tuomas Pusa<\/strong> med st\u00f6d av koncernens ledningsgrupp.<\/p>\n<p><strong>Jonni Laitto<\/strong> ansvarar f\u00f6r den operativa ledningen av Senatfastigheter fr.o.m. 1.9.2024 och <strong>Matias Warsta<\/strong> \u00e4r verkst\u00e4llande direkt\u00f6r f\u00f6r F\u00f6rsvarsfastigheter. Aff\u00e4rsverkens direkt\u00f6rers beslutsfattande st\u00f6ds av b\u00e5da aff\u00e4rsverkens ledningsgrupper.<\/p>\n<p>Aff\u00e4rsverkens styrelser utses av finansministeriet f\u00f6r h\u00f6gst tre \u00e5r i s\u00e4nder.[\/vc_column_text][\/vc_column][\/vc_row][vc_row][vc_column][vc_column_text remove_empty_space_above=&#8221;true&#8221;]<\/p>\n<h2>Etiska principer (Code of Conduct)<\/h2>\n<p>De aff\u00e4rsverk som utg\u00f6r Senatkoncernen \u00e4r en del av statsgemenskapen. De etiska principerna och v\u00e4rdegrunden f\u00f6r Senatkoncernens verksamhet st\u00f6der sig p\u00e5 statsf\u00f6rvaltningens v\u00e4rderingar och etik. Senatkoncernens kunder h\u00f6r n\u00e4stan uteslutande till statsf\u00f6rvaltningen.<\/p>\n<h3>Principer f\u00f6r Senatkoncernens verksamhet<\/h3>\n<ul>\n<li>V\u00e5rt arbetss\u00e4tt \u00e4r f\u00f6renligt med lagar och god sed<\/li>\n<li>Vi g\u00f6r det m\u00f6jligt att s\u00e4kerst\u00e4lla kontinuiteten i verksamheten och s\u00e4kerheten i de kritiska lokalerna i samh\u00e4llet<\/li>\n<li>V\u00e5r verksamhet \u00e4r samh\u00e4llsansvarig och vi \u00e4r v\u00e4gvisare<\/li>\n<li>Vi \u00e4r en f\u00f6red\u00f6mlig arbetsgivare<\/li>\n<li>Vi undviker intressekonflikter i v\u00e5r verksamhet<\/li>\n<li>V\u00e5r verksamhet \u00e4r tillf\u00f6rlitlig och t\u00e5l kritik.<\/li>\n<\/ul>\n<p>[\/vc_column_text][\/vc_column][\/vc_row]<\/p>\n<\/div>","protected":false},"excerpt":{"rendered":"<p>[vc_row][vc_column][senaatti_hero heading=&#8221;F\u00f6rvaltning och ledning&#8221; text=&#8221;Senatfastigheter \u00e4r ett aff\u00e4rsverk som lyder under finansministeriet och vars verksamhet regleras genom lagen om statliga aff\u00e4rsverk och statsr\u00e5dets f\u00f6rordning om Senatfastigheter.&#8221; image=&#8221;35996&#8243;][\/vc_column][\/vc_row][vc_row][vc_column][vc_column_text remove_empty_space_above=&#8221;true&#8221; remove_empty_space_below=&#8221;true&#8221;]Senatfastigheters uppgift \u00e4r att vara statens expert p\u00e5 arbetsmilj\u00f6 och lokaler. Senatfastigheter tillhandah\u00e5ller och producerar tj\u00e4nster i enlighet med lagen om aff\u00e4rsverk i f\u00f6rsta hand f\u00f6r statsf\u00f6rvaltningen. [&hellip;]<\/p>\n","protected":false},"author":11,"featured_media":0,"parent":55938,"menu_order":0,"comment_status":"closed","ping_status":"closed","template":"","meta":{"_acf_changed":false,"footnotes":""},"class_list":["post-55912","page","type-page","status-publish","hentry"],"acf":[],"yoast_head":"<!-- This site is optimized with the Yoast SEO plugin v23.9 - https:\/\/yoast.com\/wordpress\/plugins\/seo\/ -->\n<title>F\u00f6rvaltning och ledning - Senaatti<\/title>\n<meta name=\"robots\" content=\"noindex, follow, max-snippet:-1, max-image-preview:large, max-video-preview:-1\" \/>\n<meta property=\"og:locale\" content=\"sv_SE\" \/>\n<meta property=\"og:type\" content=\"article\" \/>\n<meta property=\"og:title\" content=\"F\u00f6rvaltning och ledning - Senaatti\" \/>\n<meta property=\"og:description\" content=\"[vc_row][vc_column][senaatti_hero heading=&#8221;F\u00f6rvaltning och ledning&#8221; text=&#8221;Senatfastigheter \u00e4r ett aff\u00e4rsverk som lyder under finansministeriet och vars verksamhet regleras genom lagen om statliga aff\u00e4rsverk och statsr\u00e5dets f\u00f6rordning om Senatfastigheter.&#8221; image=&#8221;35996&#8243;][\/vc_column][\/vc_row][vc_row][vc_column][vc_column_text remove_empty_space_above=&#8221;true&#8221; remove_empty_space_below=&#8221;true&#8221;]Senatfastigheters uppgift \u00e4r att vara statens expert p\u00e5 arbetsmilj\u00f6 och lokaler. Senatfastigheter tillhandah\u00e5ller och producerar tj\u00e4nster i enlighet med lagen om aff\u00e4rsverk i f\u00f6rsta hand f\u00f6r statsf\u00f6rvaltningen. [&hellip;]\" \/>\n<meta property=\"og:url\" content=\"https:\/\/testi-e2c55b704894.senaatti.fi\/sv\/om-oss\/organisation\/forvaltning-och-ledning\/\" \/>\n<meta property=\"og:site_name\" content=\"Senaatti\" \/>\n<meta property=\"article:publisher\" content=\"https:\/\/www.facebook.com\/SenaattiKiinteistot\/\" \/>\n<meta property=\"article:modified_time\" content=\"2024-07-01T05:15:02+00:00\" \/>\n<meta property=\"og:image\" content=\"https:\/\/testi-e2c55b704894.senaatti.fi\/app\/uploads\/2021\/01\/Senaatti_FB_profiili_1200x630-1024x538.png\" \/>\n\t<meta property=\"og:image:width\" content=\"1024\" \/>\n\t<meta property=\"og:image:height\" content=\"538\" \/>\n\t<meta property=\"og:image:type\" content=\"image\/png\" \/>\n<meta name=\"twitter:card\" content=\"summary_large_image\" \/>\n<meta name=\"twitter:site\" content=\"@SenaattiK\" \/>\n<meta name=\"twitter:label1\" content=\"Ber\u00e4knad l\u00e4stid\" \/>\n\t<meta name=\"twitter:data1\" content=\"3 minuter\" \/>\n<script type=\"application\/ld+json\" class=\"yoast-schema-graph\">{\"@context\":\"https:\/\/schema.org\",\"@graph\":[{\"@type\":\"WebPage\",\"@id\":\"https:\/\/testi-e2c55b704894.senaatti.fi\/sv\/om-oss\/organisation\/forvaltning-och-ledning\/\",\"url\":\"https:\/\/testi-e2c55b704894.senaatti.fi\/sv\/om-oss\/organisation\/forvaltning-och-ledning\/\",\"name\":\"F\u00f6rvaltning och ledning - Senaatti\",\"isPartOf\":{\"@id\":\"https:\/\/www.senaatti.fi\/#website\"},\"datePublished\":\"2022-09-30T16:19:02+00:00\",\"dateModified\":\"2024-07-01T05:15:02+00:00\",\"breadcrumb\":{\"@id\":\"https:\/\/testi-e2c55b704894.senaatti.fi\/sv\/om-oss\/organisation\/forvaltning-och-ledning\/#breadcrumb\"},\"inLanguage\":\"sv-SE\",\"potentialAction\":[{\"@type\":\"ReadAction\",\"target\":[\"https:\/\/testi-e2c55b704894.senaatti.fi\/sv\/om-oss\/organisation\/forvaltning-och-ledning\/\"]}]},{\"@type\":\"BreadcrumbList\",\"@id\":\"https:\/\/testi-e2c55b704894.senaatti.fi\/sv\/om-oss\/organisation\/forvaltning-och-ledning\/#breadcrumb\",\"itemListElement\":[{\"@type\":\"ListItem\",\"position\":1,\"name\":\"Hem\",\"item\":\"https:\/\/www.senaatti.fi\/sv\/\"},{\"@type\":\"ListItem\",\"position\":2,\"name\":\"Om oss\",\"item\":\"https:\/\/www.senaatti.fi\/sv\/om-oss\/\"},{\"@type\":\"ListItem\",\"position\":3,\"name\":\"Organisation\",\"item\":\"https:\/\/www.senaatti.fi\/sv\/om-oss\/organisation\/\"},{\"@type\":\"ListItem\",\"position\":4,\"name\":\"F\u00f6rvaltning och ledning\"}]},{\"@type\":\"WebSite\",\"@id\":\"https:\/\/www.senaatti.fi\/#website\",\"url\":\"https:\/\/www.senaatti.fi\/\",\"name\":\"Senaatti\",\"description\":\"Just another WordPress site\",\"publisher\":{\"@id\":\"https:\/\/www.senaatti.fi\/#organization\"},\"potentialAction\":[{\"@type\":\"SearchAction\",\"target\":{\"@type\":\"EntryPoint\",\"urlTemplate\":\"https:\/\/www.senaatti.fi\/?s={search_term_string}\"},\"query-input\":{\"@type\":\"PropertyValueSpecification\",\"valueRequired\":true,\"valueName\":\"search_term_string\"}}],\"inLanguage\":\"sv-SE\"},{\"@type\":\"Organization\",\"@id\":\"https:\/\/www.senaatti.fi\/#organization\",\"name\":\"Senaatti-kiinteist\u00f6t\",\"url\":\"https:\/\/www.senaatti.fi\/\",\"logo\":{\"@type\":\"ImageObject\",\"inLanguage\":\"sv-SE\",\"@id\":\"https:\/\/www.senaatti.fi\/#\/schema\/logo\/image\/\",\"url\":\"https:\/\/testi-e2c55b704894.senaatti.fi\/app\/uploads\/2021\/01\/Senaatti_FB_profiili_1200x630.png\",\"contentUrl\":\"https:\/\/testi-e2c55b704894.senaatti.fi\/app\/uploads\/2021\/01\/Senaatti_FB_profiili_1200x630.png\",\"width\":1201,\"height\":631,\"caption\":\"Senaatti-kiinteist\u00f6t\"},\"image\":{\"@id\":\"https:\/\/www.senaatti.fi\/#\/schema\/logo\/image\/\"},\"sameAs\":[\"https:\/\/www.facebook.com\/SenaattiKiinteistot\/\",\"https:\/\/x.com\/SenaattiK\",\"https:\/\/www.linkedin.com\/company\/senate-properties\",\"https:\/\/www.youtube.com\/channel\/UCunSUhMjKd5KqASPgBrndkQ\"]}]}<\/script>\n<!-- \/ Yoast SEO plugin. -->","yoast_head_json":{"title":"F\u00f6rvaltning och ledning - Senaatti","robots":{"index":"noindex","follow":"follow","max-snippet":"max-snippet:-1","max-image-preview":"max-image-preview:large","max-video-preview":"max-video-preview:-1"},"og_locale":"sv_SE","og_type":"article","og_title":"F\u00f6rvaltning och ledning - Senaatti","og_description":"[vc_row][vc_column][senaatti_hero heading=&#8221;F\u00f6rvaltning och ledning&#8221; text=&#8221;Senatfastigheter \u00e4r ett aff\u00e4rsverk som lyder under finansministeriet och vars verksamhet regleras genom lagen om statliga aff\u00e4rsverk och statsr\u00e5dets f\u00f6rordning om Senatfastigheter.&#8221; image=&#8221;35996&#8243;][\/vc_column][\/vc_row][vc_row][vc_column][vc_column_text remove_empty_space_above=&#8221;true&#8221; remove_empty_space_below=&#8221;true&#8221;]Senatfastigheters uppgift \u00e4r att vara statens expert p\u00e5 arbetsmilj\u00f6 och lokaler. Senatfastigheter tillhandah\u00e5ller och producerar tj\u00e4nster i enlighet med lagen om aff\u00e4rsverk i f\u00f6rsta hand f\u00f6r statsf\u00f6rvaltningen. [&hellip;]","og_url":"https:\/\/testi-e2c55b704894.senaatti.fi\/sv\/om-oss\/organisation\/forvaltning-och-ledning\/","og_site_name":"Senaatti","article_publisher":"https:\/\/www.facebook.com\/SenaattiKiinteistot\/","article_modified_time":"2024-07-01T05:15:02+00:00","og_image":[{"width":1024,"height":538,"url":"https:\/\/testi-e2c55b704894.senaatti.fi\/app\/uploads\/2021\/01\/Senaatti_FB_profiili_1200x630-1024x538.png","type":"image\/png"}],"twitter_card":"summary_large_image","twitter_site":"@SenaattiK","twitter_misc":{"Ber\u00e4knad l\u00e4stid":"3 minuter"},"schema":{"@context":"https:\/\/schema.org","@graph":[{"@type":"WebPage","@id":"https:\/\/testi-e2c55b704894.senaatti.fi\/sv\/om-oss\/organisation\/forvaltning-och-ledning\/","url":"https:\/\/testi-e2c55b704894.senaatti.fi\/sv\/om-oss\/organisation\/forvaltning-och-ledning\/","name":"F\u00f6rvaltning och ledning - Senaatti","isPartOf":{"@id":"https:\/\/www.senaatti.fi\/#website"},"datePublished":"2022-09-30T16:19:02+00:00","dateModified":"2024-07-01T05:15:02+00:00","breadcrumb":{"@id":"https:\/\/testi-e2c55b704894.senaatti.fi\/sv\/om-oss\/organisation\/forvaltning-och-ledning\/#breadcrumb"},"inLanguage":"sv-SE","potentialAction":[{"@type":"ReadAction","target":["https:\/\/testi-e2c55b704894.senaatti.fi\/sv\/om-oss\/organisation\/forvaltning-och-ledning\/"]}]},{"@type":"BreadcrumbList","@id":"https:\/\/testi-e2c55b704894.senaatti.fi\/sv\/om-oss\/organisation\/forvaltning-och-ledning\/#breadcrumb","itemListElement":[{"@type":"ListItem","position":1,"name":"Hem","item":"https:\/\/www.senaatti.fi\/sv\/"},{"@type":"ListItem","position":2,"name":"Om oss","item":"https:\/\/www.senaatti.fi\/sv\/om-oss\/"},{"@type":"ListItem","position":3,"name":"Organisation","item":"https:\/\/www.senaatti.fi\/sv\/om-oss\/organisation\/"},{"@type":"ListItem","position":4,"name":"F\u00f6rvaltning och ledning"}]},{"@type":"WebSite","@id":"https:\/\/www.senaatti.fi\/#website","url":"https:\/\/www.senaatti.fi\/","name":"Senaatti","description":"Just another WordPress site","publisher":{"@id":"https:\/\/www.senaatti.fi\/#organization"},"potentialAction":[{"@type":"SearchAction","target":{"@type":"EntryPoint","urlTemplate":"https:\/\/www.senaatti.fi\/?s={search_term_string}"},"query-input":{"@type":"PropertyValueSpecification","valueRequired":true,"valueName":"search_term_string"}}],"inLanguage":"sv-SE"},{"@type":"Organization","@id":"https:\/\/www.senaatti.fi\/#organization","name":"Senaatti-kiinteist\u00f6t","url":"https:\/\/www.senaatti.fi\/","logo":{"@type":"ImageObject","inLanguage":"sv-SE","@id":"https:\/\/www.senaatti.fi\/#\/schema\/logo\/image\/","url":"https:\/\/testi-e2c55b704894.senaatti.fi\/app\/uploads\/2021\/01\/Senaatti_FB_profiili_1200x630.png","contentUrl":"https:\/\/testi-e2c55b704894.senaatti.fi\/app\/uploads\/2021\/01\/Senaatti_FB_profiili_1200x630.png","width":1201,"height":631,"caption":"Senaatti-kiinteist\u00f6t"},"image":{"@id":"https:\/\/www.senaatti.fi\/#\/schema\/logo\/image\/"},"sameAs":["https:\/\/www.facebook.com\/SenaattiKiinteistot\/","https:\/\/x.com\/SenaattiK","https:\/\/www.linkedin.com\/company\/senate-properties","https:\/\/www.youtube.com\/channel\/UCunSUhMjKd5KqASPgBrndkQ"]}]}},"publishpress_future_action":{"enabled":false,"date":"2026-05-03 10:35:31","action":"change-status","newStatus":"draft","terms":[],"taxonomy":"translation_priority"},"_links":{"self":[{"href":"https:\/\/testi-e2c55b704894.senaatti.fi\/sv\/wp-json\/wp\/v2\/pages\/55912","targetHints":{"allow":["GET"]}}],"collection":[{"href":"https:\/\/testi-e2c55b704894.senaatti.fi\/sv\/wp-json\/wp\/v2\/pages"}],"about":[{"href":"https:\/\/testi-e2c55b704894.senaatti.fi\/sv\/wp-json\/wp\/v2\/types\/page"}],"author":[{"embeddable":true,"href":"https:\/\/testi-e2c55b704894.senaatti.fi\/sv\/wp-json\/wp\/v2\/users\/11"}],"replies":[{"embeddable":true,"href":"https:\/\/testi-e2c55b704894.senaatti.fi\/sv\/wp-json\/wp\/v2\/comments?post=55912"}],"version-history":[{"count":5,"href":"https:\/\/testi-e2c55b704894.senaatti.fi\/sv\/wp-json\/wp\/v2\/pages\/55912\/revisions"}],"predecessor-version":[{"id":74867,"href":"https:\/\/testi-e2c55b704894.senaatti.fi\/sv\/wp-json\/wp\/v2\/pages\/55912\/revisions\/74867"}],"up":[{"embeddable":true,"href":"https:\/\/testi-e2c55b704894.senaatti.fi\/sv\/wp-json\/wp\/v2\/pages\/55938"}],"wp:attachment":[{"href":"https:\/\/testi-e2c55b704894.senaatti.fi\/sv\/wp-json\/wp\/v2\/media?parent=55912"}],"curies":[{"name":"wp","href":"https:\/\/api.w.org\/{rel}","templated":true}]}}