{"id":55938,"date":"2022-09-30T19:08:58","date_gmt":"2022-09-30T16:08:58","guid":{"rendered":"https:\/\/testi-e2c55b704894.senaatti.fi\/?page_id=55938"},"modified":"2024-04-04T13:23:06","modified_gmt":"2024-04-04T10:23:06","slug":"organisation","status":"publish","type":"page","link":"https:\/\/testi-e2c55b704894.senaatti.fi\/sv\/om-oss\/organisation\/","title":{"rendered":"Organisation"},"content":{"rendered":"<div class=\"wpb-content-wrapper\"><p>[vc_row][vc_column][senaatti_hero heading=&#8221;Organisation&#8221; text=&#8221;Senatkoncernen best\u00e5r av Senatfastigheter och dess dotteraff\u00e4rsverk F\u00f6rsvarsfastigheter. Till koncernen h\u00f6r dessutom Senatstationfastigheter Ab.&#8221; image=&#8221;42259&#8243; btn=&#8221;url:https%3A%2F%2Ftesti-e2c55b704894.senaatti.fi%2Fsv%2Fkontakt%2Flokaler%2F|title:V%C3%A5ra%20lokaler&#8221;][\/vc_column][\/vc_row][vc_row][vc_column][vc_column_text]<\/p>\n<p style=\"text-align: left;\">Senatfastigheter och F\u00f6rsvarsfastigheter \u00e4r statliga aff\u00e4rsverk som tillsammans med sina kunder utvecklar moderna arbetsmilj\u00f6er och sk\u00f6ter statens fastighetsf\u00f6rm\u00f6genhet. Koncernen har dessutom gemensamma funktioner som betj\u00e4nar b\u00e5da aff\u00e4rsverken, s\u00e5som personalf\u00f6rvaltning, ekonomi, ict, milj\u00f6- och samh\u00e4llsansvar, marknadsf\u00f6ring och kommunikation.<\/p>\n<p>[\/vc_column_text][\/vc_column][\/vc_row][vc_row][vc_column][senaatti_feature_lift align=&#8221;right&#8221; heading=&#8221;F\u00f6rvaltning och ledning&#8221; text=&#8221;Senatfastigheter \u00e4r ett aff\u00e4rsverk som lyder under finansministeriet och vars verksamhet regleras genom lagen om statliga aff\u00e4rsverk och statsr\u00e5dets f\u00f6rordning om Senatfastigheter.&#8221; image=&#8221;35998&#8243; btn=&#8221;url:https%3A%2F%2Ftesti-e2c55b704894.senaatti.fi%2Fsv%2Fom-oss%2Forganisation%2Fforvaltning-och-ledning%2F|title:L%C3%A4s%20mer&#8221;][\/senaatti_feature_lift][\/vc_column][\/vc_row][vc_row][vc_column width=&#8221;1\/2&#8243;][senaatti_feature_small heading=&#8221;Senatfastigheters aff\u00e4rsomr\u00e5den&#8221; btn=&#8221;url:https%3A%2F%2Fsenaatti.fi%2Fsv%2Fom-oss%2Forganisation%2Faffarsomraden%2F|title:L%C3%A4s%20mer&#8221; text=&#8221;Senatfastigheter har tre aff\u00e4rsomr\u00e5den: Statsr\u00e5det och kontorsfastigheter, Specialfastigheter och S\u00e4kerhetsfastigheter. I dem har samlats kunder som till sin verksamhet, sina fastigheter och sina servicebehov \u00e4r likartade. Aff\u00e4rsomr\u00e5dena ansvarar centraliserat f\u00f6r kundrelationer och \u00e4renden som g\u00e4ller den egna kundgruppens fastigheter, s\u00e5som byggprojekt, anskaffning av fastigheter, strategisk planering och markanv\u00e4ndningsfr\u00e5gor.&#8221; image=&#8221;2526&#8243;][\/vc_column][vc_column width=&#8221;1\/2&#8243;][senaatti_feature_small heading=&#8221;Senatfastigheters regionerna&#8221; btn=&#8221;url:https%3A%2F%2Fsenaatti.fi%2Fsv%2Fom-oss%2Forganisation%2Fregionerna%2F|title:L%C3%A4s%20mer&#8221; image=&#8221;4459&#8243; text=&#8221;F\u00f6r kundservice, uthyrning av fastigheter, disponentverksamhet och fr\u00e5gor som g\u00e4ller fastighetsf\u00f6rvaltning ansvarar Senatfastigheters regionala organisation som best\u00e5r av fyra regioner. Regionen leds av regiondirekt\u00f6r.&#8221;][\/vc_column][\/vc_row][vc_row][vc_column][senaatti_liftcards heading=&#8221;Samh\u00f6rande&#8221; card=&#8221;%5B%7B%22label%22%3A%22Arbetsmilj%C3%B6%22%2C%22link%22%3A%22url%3Ahttps%253A%252F%252Ftesti-e2c55b704894.senaatti.fi%252Fsv%252Farbetsmiljo%252F%7Ctitle%3AL%25C3%25A4s%2520mer%22%2C%22description%22%3A%22V%C3%A5rt%20m%C3%A5l%20%C3%A4r%20att%20f%C3%B6r%20v%C3%A5ra%20kunder%20skapa%20arbetsmilj%C3%B6er%2C%20som%20ger%20b%C3%A4ttre%20prestationsf%C3%B6rm%C3%A5ga%20i%20arbetet%20och%20minskar%20p%C3%A5%20statens%20lokalkostnader.%20Vi%20hj%C3%A4lper%20organisationerna%20inom%20statsf%C3%B6rvaltningen%20att%20f%C3%B6rnya%20sina%20arbetss%C3%A4tt%20och%20genomf%C3%B6r%20fungerande%2C%20s%C3%A4kra%20och%20st%C3%B6djande%20arbetsmilj%C3%B6er.%C2%A0%22%2C%22image%22%3A%2238112%22%7D%2C%7B%22label%22%3A%22F%C3%B6rsvarsfastigheter%22%2C%22link%22%3A%22url%3Ahttps%253A%252F%252Ftesti-e2c55b704894.senaatti.fi%252Fsv%252Fforsvarsfastigheter%252F%7Ctitle%3AL%25C3%25A4s%2520mer%22%2C%22description%22%3A%22Vi%20fokuserar%20p%C3%A5%20att%20betj%C3%A4na%20F%C3%B6rsvarsmakten%20och%20dess%20strategiska%20partner%20i%20alla%20lokal%C3%A4renden.%20Vi%20har%20s%C3%A4rskilt%20stark%20kompetens%20att%20betj%C3%A4na%20F%C3%B6rsvarsmaktens%20behov.%22%2C%22image%22%3A%2242670%22%7D%2C%7B%22label%22%3A%22Senatstationfastigheter%20Ab%22%2C%22link%22%3A%22url%3Ahttps%253A%252F%252Ftesti-e2c55b704894.senaatti.fi%252Fasema-alueet%252Fsv%252F%7Ctitle%3AL%25C3%25A4s%2520mer%22%2C%22description%22%3A%22Vi%20utvecklar%20j%C3%A4rnv%C3%A4gstrafikens%20stationsomr%C3%A5den%20i%20samarbete%20med%20st%C3%A4der%20och%20kommuner.%20Vi%20planerar%20med%20vilka%20medel%20varje%20stationsomr%C3%A5de%20b%C3%A4st%20betj%C3%A4nar%20en%20h%C3%A5llbar%20stadsutveckling%20i%20sin%20omgivning.%22%2C%22image%22%3A%2220686%22%7D%2C%7B%22label%22%3A%22Experter%22%2C%22link%22%3A%22url%3Ahttps%253A%252F%252Ftesti-e2c55b704894.senaatti.fi%252Fsv%252Fom-oss%252Forganisation%252Fexperter%252F%7Ctitle%3AV%25C3%25A5ra%2520experter%22%2C%22description%22%3A%22H%C3%A4r%20kan%20du%20l%C3%A4sa%20mer%20om%20n%C3%A5gra%20av%20v%C3%A5ra%20experter%20inom%20olika%20omr%C3%A5den.%20%22%2C%22image%22%3A%2230064%22%7D%5D&#8221;][\/vc_column][\/vc_row]<\/p>\n<\/div>","protected":false},"excerpt":{"rendered":"<p>[vc_row][vc_column][senaatti_hero heading=&#8221;Organisation&#8221; text=&#8221;Senatkoncernen best\u00e5r av Senatfastigheter och dess dotteraff\u00e4rsverk F\u00f6rsvarsfastigheter. Till koncernen h\u00f6r dessutom Senatstationfastigheter Ab.&#8221; image=&#8221;42259&#8243; btn=&#8221;url:https%3A%2F%2Ftesti-e2c55b704894.senaatti.fi%2Fsv%2Fkontakt%2Flokaler%2F|title:V%C3%A5ra%20lokaler&#8221;][\/vc_column][\/vc_row][vc_row][vc_column][vc_column_text] Senatfastigheter och F\u00f6rsvarsfastigheter \u00e4r statliga aff\u00e4rsverk som tillsammans med sina kunder utvecklar moderna arbetsmilj\u00f6er och sk\u00f6ter statens fastighetsf\u00f6rm\u00f6genhet. Koncernen har dessutom gemensamma funktioner som betj\u00e4nar b\u00e5da aff\u00e4rsverken, s\u00e5som personalf\u00f6rvaltning, ekonomi, ict, milj\u00f6- och samh\u00e4llsansvar, marknadsf\u00f6ring och kommunikation. [&hellip;]<\/p>\n","protected":false},"author":67,"featured_media":0,"parent":53451,"menu_order":0,"comment_status":"closed","ping_status":"closed","template":"","meta":{"_acf_changed":false,"footnotes":""},"class_list":["post-55938","page","type-page","status-publish","hentry"],"acf":[],"yoast_head":"<!-- This site is optimized with the Yoast SEO plugin v23.9 - https:\/\/yoast.com\/wordpress\/plugins\/seo\/ -->\n<title>Organisation - Senaatti<\/title>\n<meta name=\"robots\" content=\"noindex, follow, max-snippet:-1, max-image-preview:large, max-video-preview:-1\" \/>\n<meta property=\"og:locale\" content=\"sv_SE\" \/>\n<meta property=\"og:type\" content=\"article\" \/>\n<meta property=\"og:title\" content=\"Organisation - Senaatti\" \/>\n<meta property=\"og:description\" content=\"[vc_row][vc_column][senaatti_hero heading=&#8221;Organisation&#8221; text=&#8221;Senatkoncernen best\u00e5r av Senatfastigheter och dess dotteraff\u00e4rsverk F\u00f6rsvarsfastigheter. Till koncernen h\u00f6r dessutom Senatstationfastigheter Ab.&#8221; image=&#8221;42259&#8243; btn=&#8221;url:https%3A%2F%2Ftesti-e2c55b704894.senaatti.fi%2Fsv%2Fkontakt%2Flokaler%2F|title:V%C3%A5ra%20lokaler&#8221;][\/vc_column][\/vc_row][vc_row][vc_column][vc_column_text] Senatfastigheter och F\u00f6rsvarsfastigheter \u00e4r statliga aff\u00e4rsverk som tillsammans med sina kunder utvecklar moderna arbetsmilj\u00f6er och sk\u00f6ter statens fastighetsf\u00f6rm\u00f6genhet. Koncernen har dessutom gemensamma funktioner som betj\u00e4nar b\u00e5da aff\u00e4rsverken, s\u00e5som personalf\u00f6rvaltning, ekonomi, ict, milj\u00f6- och samh\u00e4llsansvar, marknadsf\u00f6ring och kommunikation. [&hellip;]\" \/>\n<meta property=\"og:url\" content=\"https:\/\/testi-e2c55b704894.senaatti.fi\/sv\/om-oss\/organisation\/\" \/>\n<meta property=\"og:site_name\" content=\"Senaatti\" \/>\n<meta property=\"article:publisher\" content=\"https:\/\/www.facebook.com\/SenaattiKiinteistot\/\" \/>\n<meta property=\"article:modified_time\" content=\"2024-04-04T10:23:06+00:00\" \/>\n<meta property=\"og:image\" content=\"https:\/\/testi-e2c55b704894.senaatti.fi\/app\/uploads\/2021\/01\/Senaatti_FB_profiili_1200x630-1024x538.png\" \/>\n\t<meta property=\"og:image:width\" content=\"1024\" \/>\n\t<meta property=\"og:image:height\" content=\"538\" \/>\n\t<meta property=\"og:image:type\" content=\"image\/png\" \/>\n<meta name=\"twitter:card\" content=\"summary_large_image\" \/>\n<meta name=\"twitter:site\" content=\"@SenaattiK\" \/>\n<meta name=\"twitter:label1\" content=\"Ber\u00e4knad l\u00e4stid\" \/>\n\t<meta name=\"twitter:data1\" content=\"2 minuter\" \/>\n<script type=\"application\/ld+json\" class=\"yoast-schema-graph\">{\"@context\":\"https:\/\/schema.org\",\"@graph\":[{\"@type\":\"WebPage\",\"@id\":\"https:\/\/testi-e2c55b704894.senaatti.fi\/sv\/om-oss\/organisation\/\",\"url\":\"https:\/\/testi-e2c55b704894.senaatti.fi\/sv\/om-oss\/organisation\/\",\"name\":\"Organisation - Senaatti\",\"isPartOf\":{\"@id\":\"https:\/\/www.senaatti.fi\/#website\"},\"datePublished\":\"2022-09-30T16:08:58+00:00\",\"dateModified\":\"2024-04-04T10:23:06+00:00\",\"breadcrumb\":{\"@id\":\"https:\/\/testi-e2c55b704894.senaatti.fi\/sv\/om-oss\/organisation\/#breadcrumb\"},\"inLanguage\":\"sv-SE\",\"potentialAction\":[{\"@type\":\"ReadAction\",\"target\":[\"https:\/\/testi-e2c55b704894.senaatti.fi\/sv\/om-oss\/organisation\/\"]}]},{\"@type\":\"BreadcrumbList\",\"@id\":\"https:\/\/testi-e2c55b704894.senaatti.fi\/sv\/om-oss\/organisation\/#breadcrumb\",\"itemListElement\":[{\"@type\":\"ListItem\",\"position\":1,\"name\":\"Hem\",\"item\":\"https:\/\/www.senaatti.fi\/sv\/\"},{\"@type\":\"ListItem\",\"position\":2,\"name\":\"Om oss\",\"item\":\"https:\/\/www.senaatti.fi\/sv\/om-oss\/\"},{\"@type\":\"ListItem\",\"position\":3,\"name\":\"Organisation\"}]},{\"@type\":\"WebSite\",\"@id\":\"https:\/\/www.senaatti.fi\/#website\",\"url\":\"https:\/\/www.senaatti.fi\/\",\"name\":\"Senaatti\",\"description\":\"Just another WordPress site\",\"publisher\":{\"@id\":\"https:\/\/www.senaatti.fi\/#organization\"},\"potentialAction\":[{\"@type\":\"SearchAction\",\"target\":{\"@type\":\"EntryPoint\",\"urlTemplate\":\"https:\/\/www.senaatti.fi\/?s={search_term_string}\"},\"query-input\":{\"@type\":\"PropertyValueSpecification\",\"valueRequired\":true,\"valueName\":\"search_term_string\"}}],\"inLanguage\":\"sv-SE\"},{\"@type\":\"Organization\",\"@id\":\"https:\/\/www.senaatti.fi\/#organization\",\"name\":\"Senaatti-kiinteist\u00f6t\",\"url\":\"https:\/\/www.senaatti.fi\/\",\"logo\":{\"@type\":\"ImageObject\",\"inLanguage\":\"sv-SE\",\"@id\":\"https:\/\/www.senaatti.fi\/#\/schema\/logo\/image\/\",\"url\":\"https:\/\/testi-e2c55b704894.senaatti.fi\/app\/uploads\/2021\/01\/Senaatti_FB_profiili_1200x630.png\",\"contentUrl\":\"https:\/\/testi-e2c55b704894.senaatti.fi\/app\/uploads\/2021\/01\/Senaatti_FB_profiili_1200x630.png\",\"width\":1201,\"height\":631,\"caption\":\"Senaatti-kiinteist\u00f6t\"},\"image\":{\"@id\":\"https:\/\/www.senaatti.fi\/#\/schema\/logo\/image\/\"},\"sameAs\":[\"https:\/\/www.facebook.com\/SenaattiKiinteistot\/\",\"https:\/\/x.com\/SenaattiK\",\"https:\/\/www.linkedin.com\/company\/senate-properties\",\"https:\/\/www.youtube.com\/channel\/UCunSUhMjKd5KqASPgBrndkQ\"]}]}<\/script>\n<!-- \/ Yoast SEO plugin. -->","yoast_head_json":{"title":"Organisation - Senaatti","robots":{"index":"noindex","follow":"follow","max-snippet":"max-snippet:-1","max-image-preview":"max-image-preview:large","max-video-preview":"max-video-preview:-1"},"og_locale":"sv_SE","og_type":"article","og_title":"Organisation - Senaatti","og_description":"[vc_row][vc_column][senaatti_hero heading=&#8221;Organisation&#8221; text=&#8221;Senatkoncernen best\u00e5r av Senatfastigheter och dess dotteraff\u00e4rsverk F\u00f6rsvarsfastigheter. Till koncernen h\u00f6r dessutom Senatstationfastigheter Ab.&#8221; image=&#8221;42259&#8243; btn=&#8221;url:https%3A%2F%2Ftesti-e2c55b704894.senaatti.fi%2Fsv%2Fkontakt%2Flokaler%2F|title:V%C3%A5ra%20lokaler&#8221;][\/vc_column][\/vc_row][vc_row][vc_column][vc_column_text] Senatfastigheter och F\u00f6rsvarsfastigheter \u00e4r statliga aff\u00e4rsverk som tillsammans med sina kunder utvecklar moderna arbetsmilj\u00f6er och sk\u00f6ter statens fastighetsf\u00f6rm\u00f6genhet. Koncernen har dessutom gemensamma funktioner som betj\u00e4nar b\u00e5da aff\u00e4rsverken, s\u00e5som personalf\u00f6rvaltning, ekonomi, ict, milj\u00f6- och samh\u00e4llsansvar, marknadsf\u00f6ring och kommunikation. [&hellip;]","og_url":"https:\/\/testi-e2c55b704894.senaatti.fi\/sv\/om-oss\/organisation\/","og_site_name":"Senaatti","article_publisher":"https:\/\/www.facebook.com\/SenaattiKiinteistot\/","article_modified_time":"2024-04-04T10:23:06+00:00","og_image":[{"width":1024,"height":538,"url":"https:\/\/testi-e2c55b704894.senaatti.fi\/app\/uploads\/2021\/01\/Senaatti_FB_profiili_1200x630-1024x538.png","type":"image\/png"}],"twitter_card":"summary_large_image","twitter_site":"@SenaattiK","twitter_misc":{"Ber\u00e4knad l\u00e4stid":"2 minuter"},"schema":{"@context":"https:\/\/schema.org","@graph":[{"@type":"WebPage","@id":"https:\/\/testi-e2c55b704894.senaatti.fi\/sv\/om-oss\/organisation\/","url":"https:\/\/testi-e2c55b704894.senaatti.fi\/sv\/om-oss\/organisation\/","name":"Organisation - Senaatti","isPartOf":{"@id":"https:\/\/www.senaatti.fi\/#website"},"datePublished":"2022-09-30T16:08:58+00:00","dateModified":"2024-04-04T10:23:06+00:00","breadcrumb":{"@id":"https:\/\/testi-e2c55b704894.senaatti.fi\/sv\/om-oss\/organisation\/#breadcrumb"},"inLanguage":"sv-SE","potentialAction":[{"@type":"ReadAction","target":["https:\/\/testi-e2c55b704894.senaatti.fi\/sv\/om-oss\/organisation\/"]}]},{"@type":"BreadcrumbList","@id":"https:\/\/testi-e2c55b704894.senaatti.fi\/sv\/om-oss\/organisation\/#breadcrumb","itemListElement":[{"@type":"ListItem","position":1,"name":"Hem","item":"https:\/\/www.senaatti.fi\/sv\/"},{"@type":"ListItem","position":2,"name":"Om oss","item":"https:\/\/www.senaatti.fi\/sv\/om-oss\/"},{"@type":"ListItem","position":3,"name":"Organisation"}]},{"@type":"WebSite","@id":"https:\/\/www.senaatti.fi\/#website","url":"https:\/\/www.senaatti.fi\/","name":"Senaatti","description":"Just another WordPress site","publisher":{"@id":"https:\/\/www.senaatti.fi\/#organization"},"potentialAction":[{"@type":"SearchAction","target":{"@type":"EntryPoint","urlTemplate":"https:\/\/www.senaatti.fi\/?s={search_term_string}"},"query-input":{"@type":"PropertyValueSpecification","valueRequired":true,"valueName":"search_term_string"}}],"inLanguage":"sv-SE"},{"@type":"Organization","@id":"https:\/\/www.senaatti.fi\/#organization","name":"Senaatti-kiinteist\u00f6t","url":"https:\/\/www.senaatti.fi\/","logo":{"@type":"ImageObject","inLanguage":"sv-SE","@id":"https:\/\/www.senaatti.fi\/#\/schema\/logo\/image\/","url":"https:\/\/testi-e2c55b704894.senaatti.fi\/app\/uploads\/2021\/01\/Senaatti_FB_profiili_1200x630.png","contentUrl":"https:\/\/testi-e2c55b704894.senaatti.fi\/app\/uploads\/2021\/01\/Senaatti_FB_profiili_1200x630.png","width":1201,"height":631,"caption":"Senaatti-kiinteist\u00f6t"},"image":{"@id":"https:\/\/www.senaatti.fi\/#\/schema\/logo\/image\/"},"sameAs":["https:\/\/www.facebook.com\/SenaattiKiinteistot\/","https:\/\/x.com\/SenaattiK","https:\/\/www.linkedin.com\/company\/senate-properties","https:\/\/www.youtube.com\/channel\/UCunSUhMjKd5KqASPgBrndkQ"]}]}},"publishpress_future_action":{"enabled":false,"date":"2026-05-03 10:25:59","action":"change-status","newStatus":"draft","terms":[],"taxonomy":"translation_priority"},"_links":{"self":[{"href":"https:\/\/testi-e2c55b704894.senaatti.fi\/sv\/wp-json\/wp\/v2\/pages\/55938","targetHints":{"allow":["GET"]}}],"collection":[{"href":"https:\/\/testi-e2c55b704894.senaatti.fi\/sv\/wp-json\/wp\/v2\/pages"}],"about":[{"href":"https:\/\/testi-e2c55b704894.senaatti.fi\/sv\/wp-json\/wp\/v2\/types\/page"}],"author":[{"embeddable":true,"href":"https:\/\/testi-e2c55b704894.senaatti.fi\/sv\/wp-json\/wp\/v2\/users\/67"}],"replies":[{"embeddable":true,"href":"https:\/\/testi-e2c55b704894.senaatti.fi\/sv\/wp-json\/wp\/v2\/comments?post=55938"}],"version-history":[{"count":10,"href":"https:\/\/testi-e2c55b704894.senaatti.fi\/sv\/wp-json\/wp\/v2\/pages\/55938\/revisions"}],"predecessor-version":[{"id":71839,"href":"https:\/\/testi-e2c55b704894.senaatti.fi\/sv\/wp-json\/wp\/v2\/pages\/55938\/revisions\/71839"}],"up":[{"embeddable":true,"href":"https:\/\/testi-e2c55b704894.senaatti.fi\/sv\/wp-json\/wp\/v2\/pages\/53451"}],"wp:attachment":[{"href":"https:\/\/testi-e2c55b704894.senaatti.fi\/sv\/wp-json\/wp\/v2\/media?parent=55938"}],"curies":[{"name":"wp","href":"https:\/\/api.w.org\/{rel}","templated":true}]}}