{"id":57368,"date":"2022-10-06T07:51:12","date_gmt":"2022-10-06T04:51:12","guid":{"rendered":"https:\/\/testi-e2c55b704894.senaatti.fi\/energiaohjelma\/"},"modified":"2024-10-07T15:30:15","modified_gmt":"2024-10-07T12:30:15","slug":"energisparprogram","status":"publish","type":"page","link":"https:\/\/testi-e2c55b704894.senaatti.fi\/sv\/energisparprogram\/","title":{"rendered":"Energisparprogram"},"content":{"rendered":"<div class=\"wpb-content-wrapper\"><p>[vc_row][vc_column][senaatti_hero heading=&#8221;Energisparprogram&#8221; text=&#8221;Den exceptionella situationen kr\u00e4vde \u00e5tg\u00e4rder. N\u00e4r energikrisen hotade Finland h\u00f6sten 2022 inledde vi med snabb tidtabell ett omfattande energisparprogram i statens lokaler. V\u00e5rt m\u00e5l var att hj\u00e4lpa Finland att klara av den besv\u00e4rliga vintern p\u00e5 energimarknaden och att d\u00e4mpa den kraftiga \u00f6kningen av energikostnaderna. Programmet \u00f6verskred m\u00e5len och resultaten utnyttjas fortfarande.&#8221; image=&#8221;56596&#8243;][\/vc_column][\/vc_row][vc_row][vc_column][vc_column_text remove_empty_space_above=&#8221;true&#8221; remove_empty_space_below=&#8221;true&#8221;]<\/p>\n<h2>Besparingarna i energikostnaderna syns i l\u00e4gre statliga hyror<\/h2>\n<p>Energisparprogrammet i statens lokaler \u00f6verskred de uppst\u00e4llda m\u00e5len och inbesparingarna var till och med st\u00f6rre \u00e4n v\u00e4ntat. F\u00f6re utg\u00e5ngen av 2023 sparades n\u00e4stan 100 000 MWh i v\u00e4rme och el, vilket motsvarade en besparing p\u00e5 cirka 12 miljoner euro i energikostnaderna.<\/p>\n<p>I energisparprogrammet utvecklades och inf\u00f6rdes nya verksamhetsmodeller och ny teknik f\u00f6r efterfr\u00e5geflexibilitet. Dessutom bad vi kunderna och koncernens egen personal komma med nya id\u00e9er som f\u00f6rb\u00e4ttrar energieffektiviteten.<\/p>\n<p>Den nya praxisen forts\u00e4tter nu som en del av Senatkoncernens normala processer. Energisparprogrammet har medf\u00f6rt best\u00e5ende besparingar i statens energikostnader och m\u00f6jligg\u00f6r f\u00f6r sin del betydande hyresneds\u00e4ttningar f\u00f6r statens \u00e4mbetsverk vid ing\u00e5ngen av 2025.[\/vc_column_text][\/vc_column][\/vc_row][vc_row][vc_column][senaatti_liftcards heading=&#8221;Delomr\u00e5den i energisparprogrammet&#8221; card=&#8221;%5B%7B%22label%22%3A%22Justering%20av%20husteknik%22%2C%22description%22%3A%22Vi%20kontrollerar%20inst%C3%A4llningsv%C3%A4rden%20i%20hustekniken%20och%20funktion%20med%20tanke%20p%C3%A5%20energieffektiviteten.%20Vi%20s%C3%A4nker%20temperaturen%20i%20kontoren%20(inte%20under%2020%2C5%20%C2%B0C)%20och%20h%C3%B6jer%20temperaturen%20i%20kylda%20utrymmen.%20Vi%20kontrollerar%20ventilationens%20anv%C3%A4ndningstider%20och%20kontrollerar%20belysnings-%20och%20elanl%C3%A4ggningarnas%20drifttider.%5Cn%22%2C%22image%22%3A%2256558%22%7D%2C%7B%22label%22%3A%22Kundsamarbete%22%2C%22description%22%3A%22Vi%20genomf%C3%B6r%20i%20samarbete%20med%20v%C3%A5ra%20kunder%20objektspecifika%20special%C3%A5tg%C3%A4rder%2C%20t.ex.%20%C3%A4ndringar%20i%20anv%C3%A4ndningen%20av%20olika%20lokaler%20och%20belysningsbehov%20p%C3%A5%20utomhusomr%C3%A5den.%20Vi%20samlar%20in%20av%20kunderna%20deras%20egna%20energisparid%C3%A9er.%5Cn%5Cn%22%2C%22image%22%3A%2256561%22%7D%2C%7B%22label%22%3A%22Utnyttjande%20av%20efterfr%C3%A5geflexibilitet%22%2C%22description%22%3A%22Vi%20utreder%20m%C3%B6jligheterna%20att%20mer%20%C3%A4n%20tidigare%20styra%20elf%C3%B6rbrukningen%20bort%20fr%C3%A5n%20de%20timmar%20d%C3%A5%20f%C3%B6rbrukningen%20%C3%A4r%20som%20st%C3%B6rst%20och%20n%C3%A4r%20elektriciteten%20%C3%A4r%20dyrast.%22%2C%22image%22%3A%2256552%22%7D%2C%7B%22label%22%3A%22Nya%20energisparande%20l%C3%B6sningar%22%2C%22description%22%3A%22Vi%20tar%20i%20bruk%20nya%20energil%C3%B6sningar%2C%20s%C3%A5som%20energibesiktningar.%20Vi%20forts%C3%A4tter%20att%20investera%20i%20f%C3%B6rnybar%20energi%2C%20s%C3%A5som%20solenergi%20och%20jordv%C3%A4rme.%5Cn%22%2C%22image%22%3A%2256555%22%7D%5D&#8221;][\/vc_column][\/vc_row][vc_row][vc_column][senaatti_feature_lift image_position_horizontal=&#8221;left&#8221; heading=&#8221;L\u00e4s om v\u00e5rt energisparprogram&#8221; text=&#8221;Ladda h\u00e4r ner v\u00e5rt energisparprogram, d\u00e4r vi ber\u00e4ttar om v\u00e5ra energispar\u00e5tg\u00e4rder under vinters\u00e4songen 2022\u20132023.&#8221; image=&#8221;57789&#8243; btn=&#8221;url:https%3A%2F%2Ftesti-e2c55b704894.senaatti.fi%2Fapp%2Fuploads%2F2022%2F11%2Fenergisparprogram_senaatti_2022.pdf|title:%20Energisparprogram%20(pdf)|target:_blank&#8221;][\/senaatti_feature_lift][\/vc_column][\/vc_row][vc_row][vc_column][vc_column_text remove_empty_space_above=&#8221;true&#8221; remove_empty_space_below=&#8221;true&#8221;]Programmets m\u00e5l \u00e4r minska energif\u00f6rbrukningen med 50 000\u201375 000 MWh, vilket motsvarar den \u00e5rliga f\u00f6rbrukningen i 10 000 h\u00f6ghustv\u00e5or. Staten sparar i energikostnader upp till 10 miljoner euro. Programmet inleds och \u00e5tg\u00e4rder b\u00f6rjade vidtas i b\u00f6rjan av oktober 2022 och deras varaktighet bed\u00f6ms objektspecifikt. \u00c4ndringarna p\u00e5verkar inte inomhusluftens kvalitet. N\u00e4r det g\u00e4ller temperatur och andra justeringar f\u00f6ljer vi de v\u00e4rden som anges om klassificering av inomhusluft.<\/p>\n<figure id=\"attachment_57568\" aria-describedby=\"caption-attachment-57568\" style=\"width: 1024px\" class=\"wp-caption alignnone\"><img loading=\"lazy\" decoding=\"async\" class=\"wp-image-57568 size-large\" src=\"https:\/\/testi-e2c55b704894.senaatti.fi\/app\/uploads\/2022\/10\/fordelningen-av-energiforbrukningen-scaled-1024x576.jpg\" alt=\"Energif\u00f6rbrukningen i statens lokaler f\u00f6rdelar sig p\u00e5 f\u00f6rbrukar- och fastighetsel. Mer information i bildtexten.\" width=\"1024\" height=\"576\" srcset=\"https:\/\/testi-e2c55b704894.senaatti.fi\/app\/uploads\/2022\/10\/fordelningen-av-energiforbrukningen-scaled-1024x576.jpg 1024w, https:\/\/testi-e2c55b704894.senaatti.fi\/app\/uploads\/2022\/10\/fordelningen-av-energiforbrukningen-scaled-300x169.jpg 300w, https:\/\/testi-e2c55b704894.senaatti.fi\/app\/uploads\/2022\/10\/fordelningen-av-energiforbrukningen-scaled-768x432.jpg 768w, https:\/\/testi-e2c55b704894.senaatti.fi\/app\/uploads\/2022\/10\/fordelningen-av-energiforbrukningen-scaled-600x338.jpg 600w, https:\/\/testi-e2c55b704894.senaatti.fi\/app\/uploads\/2022\/10\/fordelningen-av-energiforbrukningen-scaled-1536x864.jpg 1536w, https:\/\/testi-e2c55b704894.senaatti.fi\/app\/uploads\/2022\/10\/fordelningen-av-energiforbrukningen-scaled-2048x1152.jpg 2048w, https:\/\/testi-e2c55b704894.senaatti.fi\/app\/uploads\/2022\/10\/fordelningen-av-energiforbrukningen-scaled-1600x900.jpg 1600w, https:\/\/testi-e2c55b704894.senaatti.fi\/app\/uploads\/2022\/10\/fordelningen-av-energiforbrukningen-scaled-2200x1238.jpg 2200w\" sizes=\"auto, (max-width: 1024px) 100vw, 1024px\" \/><figcaption id=\"caption-attachment-57568\" class=\"wp-caption-text\">I statens lokaler \u00e4r energif\u00f6rbrukningen indelad p\u00e5 tv\u00e5 omr\u00e5den. Drygt 60 % av energin g\u00e5r till uppv\u00e4rmning av ventilation, lokaler och bruksvatten. Resten, knappt 40 %, \u00e4r elf\u00f6rbrukning. Av detta \u00e4r drygt 60 % fastighetsel som g\u00e5r till husteknik och resterande knappt 40 % \u00e4r f\u00f6rbrukningsel (belysning &amp; eluttag).<\/figcaption><\/figure>\n<p>[\/vc_column_text][\/vc_column][\/vc_row][vc_row][vc_column][vc_column_text]<\/p>\n<h2>Tillsammans mot m\u00e5len<\/h2>\n<p>Syftet med energisparprogrammet \u00e4r att engagera kunderna i planeringen av \u00e5tg\u00e4rderna. Som anv\u00e4ndare av lokalerna kan de identifiera t.ex. lokaler som endast anv\u00e4nds p\u00e5 deltid eller andra lokaler och anordningar d\u00e4r man kan vidta energispar\u00e5tg\u00e4rder.<\/p>\n<p>En \u00e4ndam\u00e5lsenlig och r\u00e4tt dimensionerad anv\u00e4ndning av lokaler \u00e4r v\u00e4sentlig med tanke p\u00e5 en f\u00f6rnuftig energianv\u00e4ndning. De som anv\u00e4nder lokalerna har alltid den b\u00e4sta kunskapen om de olika lokalernas anv\u00e4ndningssyften och s\u00e5ledes ocks\u00e5 om m\u00f6jligheterna att spara energi. V\u00e5ra kunder, dvs. de som anv\u00e4nder lokalerna, har en viktig roll i detta arbete och vi hoppas att ni aktivt deltar i planeringen och genomf\u00f6randet av de energisparande \u00e5tg\u00e4rderna.[\/vc_column_text][\/vc_column][\/vc_row][vc_row][vc_column][senaatti_feature_lift heading=&#8221;Fr\u00e5gor och svar&#8221; text=&#8221;Hur p\u00e5verkar en temperaturs\u00e4nkning inomhusluften? Vilka \u00e5tg\u00e4rder rekommenderas vid eventuell elbrist eller eventuellt elavbrott?<\/p>\n<p>Se h\u00e4r fr\u00e5gor och svar om energisparprogrammet.&#8221; image=&#8221;49688&#8243; btn=&#8221;url:https%3A%2F%2Ftesti-e2c55b704894.senaatti.fi%2Fsv%2Fenergiaohjelma%2Ffragor-och-svar-om-energisparprogrammet%2F|title:Fr%C3%A5gor%20och%20svar&#8221;][\/senaatti_feature_lift][\/vc_column][\/vc_row][vc_row][vc_column][vc_column_text remove_empty_space_above=&#8221;true&#8221; remove_empty_space_below=&#8221;true&#8221;]<\/p>\n<h2 style=\"text-align: center;\">Mer information:<\/h2>\n<p>[\/vc_column_text][\/vc_column][\/vc_row][vc_row][vc_column width=&#8221;1\/2&#8243;][vc_column_text remove_empty_space_above=&#8221;true&#8221; remove_empty_space_below=&#8221;true&#8221;]<strong> <img loading=\"lazy\" decoding=\"async\" class=\"alignleft wp-image-56637 size-thumbnail\" src=\"https:\/\/testi-e2c55b704894.senaatti.fi\/app\/uploads\/2022\/10\/Sanna-Jaaskelainen-150x150.jpg\" alt=\"\" width=\"150\" height=\"150\" \/>Sanna J\u00e4\u00e4skel\u00e4inen<\/strong><\/p>\n<p>ledare f\u00f6r programmet, marknads- och kommunikationsdirekt\u00f6r<\/p>\n<p>tfn 040 830 8104<\/p>\n<p>&nbsp;<\/p>\n<p>&nbsp;<\/p>\n<p><strong><img loading=\"lazy\" decoding=\"async\" class=\"alignleft wp-image-56640 size-thumbnail\" src=\"https:\/\/testi-e2c55b704894.senaatti.fi\/app\/uploads\/2022\/10\/Tapio-Jalo-150x150.jpg\" alt=\"\" width=\"150\" height=\"150\" \/>Tapio Jalo<\/strong><\/p>\n<p>specialist, VVSA och energi<\/p>\n<p>tfn 040 546 6775[\/vc_column_text][\/vc_column][vc_column width=&#8221;1\/2&#8243;][vc_column_text remove_empty_space_above=&#8221;true&#8221; remove_empty_space_below=&#8221;true&#8221;]<img loading=\"lazy\" decoding=\"async\" class=\"alignleft wp-image-35567 size-thumbnail\" src=\"https:\/\/testi-e2c55b704894.senaatti.fi\/app\/uploads\/2019\/11\/PasiPipatti-150x150.jpg\" alt=\"Pasi Pipatti.\" width=\"150\" height=\"150\" srcset=\"https:\/\/testi-e2c55b704894.senaatti.fi\/app\/uploads\/2019\/11\/PasiPipatti-150x150.jpg 150w, https:\/\/testi-e2c55b704894.senaatti.fi\/app\/uploads\/2019\/11\/PasiPipatti-300x300.jpg 300w, https:\/\/testi-e2c55b704894.senaatti.fi\/app\/uploads\/2019\/11\/PasiPipatti-768x768.jpg 768w, https:\/\/testi-e2c55b704894.senaatti.fi\/app\/uploads\/2019\/11\/PasiPipatti-600x600.jpg 600w, https:\/\/testi-e2c55b704894.senaatti.fi\/app\/uploads\/2019\/11\/PasiPipatti.jpg 917w\" sizes=\"auto, (max-width: 150px) 100vw, 150px\" \/><strong>Pasi Pipatti<\/strong><\/p>\n<p>specialist, energi och inomhusf\u00f6rh\u00e5llanden<\/p>\n<p>tfn 040 078 7961[\/vc_column_text][\/vc_column][\/vc_row]<\/p>\n<\/div>","protected":false},"excerpt":{"rendered":"<p>[vc_row][vc_column][senaatti_hero heading=&#8221;Energisparprogram&#8221; text=&#8221;Den exceptionella situationen kr\u00e4vde \u00e5tg\u00e4rder. N\u00e4r energikrisen hotade Finland h\u00f6sten 2022 inledde vi med snabb tidtabell ett omfattande energisparprogram i statens lokaler. V\u00e5rt m\u00e5l var att hj\u00e4lpa Finland att klara av den besv\u00e4rliga vintern p\u00e5 energimarknaden och att d\u00e4mpa den kraftiga \u00f6kningen av energikostnaderna. Programmet \u00f6verskred m\u00e5len och resultaten utnyttjas fortfarande.&#8221; image=&#8221;56596&#8243;][\/vc_column][\/vc_row][vc_row][vc_column][vc_column_text remove_empty_space_above=&#8221;true&#8221; [&hellip;]<\/p>\n","protected":false},"author":11,"featured_media":0,"parent":0,"menu_order":0,"comment_status":"closed","ping_status":"closed","template":"","meta":{"_acf_changed":false,"footnotes":""},"class_list":["post-57368","page","type-page","status-publish","hentry"],"acf":[],"yoast_head":"<!-- This site is optimized with the Yoast SEO plugin v23.9 - https:\/\/yoast.com\/wordpress\/plugins\/seo\/ -->\n<title>Energisparprogram f\u00f6r statliga lokaler - Senaatti<\/title>\n<meta name=\"robots\" content=\"noindex, follow, max-snippet:-1, max-image-preview:large, max-video-preview:-1\" \/>\n<meta property=\"og:locale\" content=\"sv_SE\" \/>\n<meta property=\"og:type\" content=\"article\" \/>\n<meta property=\"og:title\" content=\"Energisparprogram f\u00f6r statliga lokaler - Senaatti\" \/>\n<meta property=\"og:description\" content=\"[vc_row][vc_column][senaatti_hero heading=&#8221;Energisparprogram&#8221; text=&#8221;Den exceptionella situationen kr\u00e4vde \u00e5tg\u00e4rder. N\u00e4r energikrisen hotade Finland h\u00f6sten 2022 inledde vi med snabb tidtabell ett omfattande energisparprogram i statens lokaler. V\u00e5rt m\u00e5l var att hj\u00e4lpa Finland att klara av den besv\u00e4rliga vintern p\u00e5 energimarknaden och att d\u00e4mpa den kraftiga \u00f6kningen av energikostnaderna. Programmet \u00f6verskred m\u00e5len och resultaten utnyttjas fortfarande.&#8221; image=&#8221;56596&#8243;][\/vc_column][\/vc_row][vc_row][vc_column][vc_column_text remove_empty_space_above=&#8221;true&#8221; [&hellip;]\" \/>\n<meta property=\"og:url\" content=\"https:\/\/testi-e2c55b704894.senaatti.fi\/sv\/energisparprogram\/\" \/>\n<meta property=\"og:site_name\" content=\"Senaatti\" \/>\n<meta property=\"article:publisher\" content=\"https:\/\/www.facebook.com\/SenaattiKiinteistot\/\" \/>\n<meta property=\"article:modified_time\" content=\"2024-10-07T12:30:15+00:00\" \/>\n<meta property=\"og:image\" content=\"https:\/\/www.senaatti.fi\/app\/uploads\/2022\/10\/fordelningen-av-energiforbrukningen-scaled-1024x576.jpg\" \/>\n<meta name=\"twitter:card\" content=\"summary_large_image\" \/>\n<meta name=\"twitter:site\" content=\"@SenaattiK\" \/>\n<meta name=\"twitter:label1\" content=\"Ber\u00e4knad l\u00e4stid\" \/>\n\t<meta name=\"twitter:data1\" content=\"5 minuter\" \/>\n<script type=\"application\/ld+json\" class=\"yoast-schema-graph\">{\"@context\":\"https:\/\/schema.org\",\"@graph\":[{\"@type\":\"WebPage\",\"@id\":\"https:\/\/testi-e2c55b704894.senaatti.fi\/sv\/energisparprogram\/\",\"url\":\"https:\/\/testi-e2c55b704894.senaatti.fi\/sv\/energisparprogram\/\",\"name\":\"Energisparprogram f\u00f6r statliga lokaler - Senaatti\",\"isPartOf\":{\"@id\":\"https:\/\/www.senaatti.fi\/#website\"},\"primaryImageOfPage\":{\"@id\":\"https:\/\/testi-e2c55b704894.senaatti.fi\/sv\/energisparprogram\/#primaryimage\"},\"image\":{\"@id\":\"https:\/\/testi-e2c55b704894.senaatti.fi\/sv\/energisparprogram\/#primaryimage\"},\"thumbnailUrl\":\"https:\/\/testi-e2c55b704894.senaatti.fi\/app\/uploads\/2022\/10\/fordelningen-av-energiforbrukningen-scaled-1024x576.jpg\",\"datePublished\":\"2022-10-06T04:51:12+00:00\",\"dateModified\":\"2024-10-07T12:30:15+00:00\",\"breadcrumb\":{\"@id\":\"https:\/\/testi-e2c55b704894.senaatti.fi\/sv\/energisparprogram\/#breadcrumb\"},\"inLanguage\":\"sv-SE\",\"potentialAction\":[{\"@type\":\"ReadAction\",\"target\":[\"https:\/\/testi-e2c55b704894.senaatti.fi\/sv\/energisparprogram\/\"]}]},{\"@type\":\"ImageObject\",\"inLanguage\":\"sv-SE\",\"@id\":\"https:\/\/testi-e2c55b704894.senaatti.fi\/sv\/energisparprogram\/#primaryimage\",\"url\":\"https:\/\/testi-e2c55b704894.senaatti.fi\/app\/uploads\/2022\/10\/fordelningen-av-energiforbrukningen-scaled-1024x576.jpg\",\"contentUrl\":\"https:\/\/testi-e2c55b704894.senaatti.fi\/app\/uploads\/2022\/10\/fordelningen-av-energiforbrukningen-scaled-1024x576.jpg\"},{\"@type\":\"BreadcrumbList\",\"@id\":\"https:\/\/testi-e2c55b704894.senaatti.fi\/sv\/energisparprogram\/#breadcrumb\",\"itemListElement\":[{\"@type\":\"ListItem\",\"position\":1,\"name\":\"Hem\",\"item\":\"https:\/\/www.senaatti.fi\/sv\/\"},{\"@type\":\"ListItem\",\"position\":2,\"name\":\"Energisparprogram\"}]},{\"@type\":\"WebSite\",\"@id\":\"https:\/\/www.senaatti.fi\/#website\",\"url\":\"https:\/\/www.senaatti.fi\/\",\"name\":\"Senaatti\",\"description\":\"Just another WordPress site\",\"publisher\":{\"@id\":\"https:\/\/www.senaatti.fi\/#organization\"},\"potentialAction\":[{\"@type\":\"SearchAction\",\"target\":{\"@type\":\"EntryPoint\",\"urlTemplate\":\"https:\/\/www.senaatti.fi\/?s={search_term_string}\"},\"query-input\":{\"@type\":\"PropertyValueSpecification\",\"valueRequired\":true,\"valueName\":\"search_term_string\"}}],\"inLanguage\":\"sv-SE\"},{\"@type\":\"Organization\",\"@id\":\"https:\/\/www.senaatti.fi\/#organization\",\"name\":\"Senaatti-kiinteist\u00f6t\",\"url\":\"https:\/\/www.senaatti.fi\/\",\"logo\":{\"@type\":\"ImageObject\",\"inLanguage\":\"sv-SE\",\"@id\":\"https:\/\/www.senaatti.fi\/#\/schema\/logo\/image\/\",\"url\":\"https:\/\/testi-e2c55b704894.senaatti.fi\/app\/uploads\/2021\/01\/Senaatti_FB_profiili_1200x630.png\",\"contentUrl\":\"https:\/\/testi-e2c55b704894.senaatti.fi\/app\/uploads\/2021\/01\/Senaatti_FB_profiili_1200x630.png\",\"width\":1201,\"height\":631,\"caption\":\"Senaatti-kiinteist\u00f6t\"},\"image\":{\"@id\":\"https:\/\/www.senaatti.fi\/#\/schema\/logo\/image\/\"},\"sameAs\":[\"https:\/\/www.facebook.com\/SenaattiKiinteistot\/\",\"https:\/\/x.com\/SenaattiK\",\"https:\/\/www.linkedin.com\/company\/senate-properties\",\"https:\/\/www.youtube.com\/channel\/UCunSUhMjKd5KqASPgBrndkQ\"]}]}<\/script>\n<!-- \/ Yoast SEO plugin. -->","yoast_head_json":{"title":"Energisparprogram f\u00f6r statliga lokaler - Senaatti","robots":{"index":"noindex","follow":"follow","max-snippet":"max-snippet:-1","max-image-preview":"max-image-preview:large","max-video-preview":"max-video-preview:-1"},"og_locale":"sv_SE","og_type":"article","og_title":"Energisparprogram f\u00f6r statliga lokaler - Senaatti","og_description":"[vc_row][vc_column][senaatti_hero heading=&#8221;Energisparprogram&#8221; text=&#8221;Den exceptionella situationen kr\u00e4vde \u00e5tg\u00e4rder. N\u00e4r energikrisen hotade Finland h\u00f6sten 2022 inledde vi med snabb tidtabell ett omfattande energisparprogram i statens lokaler. V\u00e5rt m\u00e5l var att hj\u00e4lpa Finland att klara av den besv\u00e4rliga vintern p\u00e5 energimarknaden och att d\u00e4mpa den kraftiga \u00f6kningen av energikostnaderna. Programmet \u00f6verskred m\u00e5len och resultaten utnyttjas fortfarande.&#8221; image=&#8221;56596&#8243;][\/vc_column][\/vc_row][vc_row][vc_column][vc_column_text remove_empty_space_above=&#8221;true&#8221; [&hellip;]","og_url":"https:\/\/testi-e2c55b704894.senaatti.fi\/sv\/energisparprogram\/","og_site_name":"Senaatti","article_publisher":"https:\/\/www.facebook.com\/SenaattiKiinteistot\/","article_modified_time":"2024-10-07T12:30:15+00:00","og_image":[{"url":"https:\/\/www.senaatti.fi\/app\/uploads\/2022\/10\/fordelningen-av-energiforbrukningen-scaled-1024x576.jpg"}],"twitter_card":"summary_large_image","twitter_site":"@SenaattiK","twitter_misc":{"Ber\u00e4knad l\u00e4stid":"5 minuter"},"schema":{"@context":"https:\/\/schema.org","@graph":[{"@type":"WebPage","@id":"https:\/\/testi-e2c55b704894.senaatti.fi\/sv\/energisparprogram\/","url":"https:\/\/testi-e2c55b704894.senaatti.fi\/sv\/energisparprogram\/","name":"Energisparprogram f\u00f6r statliga lokaler - Senaatti","isPartOf":{"@id":"https:\/\/www.senaatti.fi\/#website"},"primaryImageOfPage":{"@id":"https:\/\/testi-e2c55b704894.senaatti.fi\/sv\/energisparprogram\/#primaryimage"},"image":{"@id":"https:\/\/testi-e2c55b704894.senaatti.fi\/sv\/energisparprogram\/#primaryimage"},"thumbnailUrl":"https:\/\/testi-e2c55b704894.senaatti.fi\/app\/uploads\/2022\/10\/fordelningen-av-energiforbrukningen-scaled-1024x576.jpg","datePublished":"2022-10-06T04:51:12+00:00","dateModified":"2024-10-07T12:30:15+00:00","breadcrumb":{"@id":"https:\/\/testi-e2c55b704894.senaatti.fi\/sv\/energisparprogram\/#breadcrumb"},"inLanguage":"sv-SE","potentialAction":[{"@type":"ReadAction","target":["https:\/\/testi-e2c55b704894.senaatti.fi\/sv\/energisparprogram\/"]}]},{"@type":"ImageObject","inLanguage":"sv-SE","@id":"https:\/\/testi-e2c55b704894.senaatti.fi\/sv\/energisparprogram\/#primaryimage","url":"https:\/\/testi-e2c55b704894.senaatti.fi\/app\/uploads\/2022\/10\/fordelningen-av-energiforbrukningen-scaled-1024x576.jpg","contentUrl":"https:\/\/testi-e2c55b704894.senaatti.fi\/app\/uploads\/2022\/10\/fordelningen-av-energiforbrukningen-scaled-1024x576.jpg"},{"@type":"BreadcrumbList","@id":"https:\/\/testi-e2c55b704894.senaatti.fi\/sv\/energisparprogram\/#breadcrumb","itemListElement":[{"@type":"ListItem","position":1,"name":"Hem","item":"https:\/\/www.senaatti.fi\/sv\/"},{"@type":"ListItem","position":2,"name":"Energisparprogram"}]},{"@type":"WebSite","@id":"https:\/\/www.senaatti.fi\/#website","url":"https:\/\/www.senaatti.fi\/","name":"Senaatti","description":"Just another WordPress site","publisher":{"@id":"https:\/\/www.senaatti.fi\/#organization"},"potentialAction":[{"@type":"SearchAction","target":{"@type":"EntryPoint","urlTemplate":"https:\/\/www.senaatti.fi\/?s={search_term_string}"},"query-input":{"@type":"PropertyValueSpecification","valueRequired":true,"valueName":"search_term_string"}}],"inLanguage":"sv-SE"},{"@type":"Organization","@id":"https:\/\/www.senaatti.fi\/#organization","name":"Senaatti-kiinteist\u00f6t","url":"https:\/\/www.senaatti.fi\/","logo":{"@type":"ImageObject","inLanguage":"sv-SE","@id":"https:\/\/www.senaatti.fi\/#\/schema\/logo\/image\/","url":"https:\/\/testi-e2c55b704894.senaatti.fi\/app\/uploads\/2021\/01\/Senaatti_FB_profiili_1200x630.png","contentUrl":"https:\/\/testi-e2c55b704894.senaatti.fi\/app\/uploads\/2021\/01\/Senaatti_FB_profiili_1200x630.png","width":1201,"height":631,"caption":"Senaatti-kiinteist\u00f6t"},"image":{"@id":"https:\/\/www.senaatti.fi\/#\/schema\/logo\/image\/"},"sameAs":["https:\/\/www.facebook.com\/SenaattiKiinteistot\/","https:\/\/x.com\/SenaattiK","https:\/\/www.linkedin.com\/company\/senate-properties","https:\/\/www.youtube.com\/channel\/UCunSUhMjKd5KqASPgBrndkQ"]}]}},"publishpress_future_action":{"enabled":false,"date":"2026-05-03 10:24:59","action":"change-status","newStatus":"draft","terms":[],"taxonomy":"translation_priority"},"_links":{"self":[{"href":"https:\/\/testi-e2c55b704894.senaatti.fi\/sv\/wp-json\/wp\/v2\/pages\/57368","targetHints":{"allow":["GET"]}}],"collection":[{"href":"https:\/\/testi-e2c55b704894.senaatti.fi\/sv\/wp-json\/wp\/v2\/pages"}],"about":[{"href":"https:\/\/testi-e2c55b704894.senaatti.fi\/sv\/wp-json\/wp\/v2\/types\/page"}],"author":[{"embeddable":true,"href":"https:\/\/testi-e2c55b704894.senaatti.fi\/sv\/wp-json\/wp\/v2\/users\/11"}],"replies":[{"embeddable":true,"href":"https:\/\/testi-e2c55b704894.senaatti.fi\/sv\/wp-json\/wp\/v2\/comments?post=57368"}],"version-history":[{"count":10,"href":"https:\/\/testi-e2c55b704894.senaatti.fi\/sv\/wp-json\/wp\/v2\/pages\/57368\/revisions"}],"predecessor-version":[{"id":76711,"href":"https:\/\/testi-e2c55b704894.senaatti.fi\/sv\/wp-json\/wp\/v2\/pages\/57368\/revisions\/76711"}],"wp:attachment":[{"href":"https:\/\/testi-e2c55b704894.senaatti.fi\/sv\/wp-json\/wp\/v2\/media?parent=57368"}],"curies":[{"name":"wp","href":"https:\/\/api.w.org\/{rel}","templated":true}]}}