{"id":57572,"date":"2022-10-06T07:48:07","date_gmt":"2022-10-06T04:48:07","guid":{"rendered":"https:\/\/testi-e2c55b704894.senaatti.fi\/energiaohjelma\/energiaohjelman-kysymyksia-ja-vastauksia\/"},"modified":"2024-02-01T13:44:46","modified_gmt":"2024-02-01T11:44:46","slug":"fragor-och-svar-om-energisparprogrammet","status":"publish","type":"page","link":"https:\/\/testi-e2c55b704894.senaatti.fi\/sv\/energisparprogram\/fragor-och-svar-om-energisparprogrammet\/","title":{"rendered":"Fr\u00e5gor och svar om energisparprogrammet"},"content":{"rendered":"<div class=\"wpb-content-wrapper\"><p>[vc_row][vc_column][vc_column_text]<\/p>\n<h1>Fr\u00e5gor och svar om energisparprogrammet<\/h1>\n<h2>Vad inneb\u00e4r energisparprogrammet? Vilka \u00e5tg\u00e4rder vidtas?<\/h2>\n<p>Under den kommande uppv\u00e4rmningsperioden startar vi ett omfattande energisparprogram, d\u00e4r vi i statens olika slags lokaler vidtar \u00e5tg\u00e4rder f\u00f6r att spara el och v\u00e4rme. Dessutom utreder vi m\u00f6jligheter att styra elf\u00f6rbrukningen under den kommande vintern s\u00e5 att den f\u00f6r sin del st\u00f6der att det finns tillr\u00e4ckligt el i Finland. I energisparprogrammet inf\u00f6rs nya, snabba och effektiva energisparande l\u00f6sningar. Merparten av \u00e5tg\u00e4rderna h\u00e4nf\u00f6r sig till justeringar av installationer inom husteknik och vi genomf\u00f6r dem tillsammans med fastighetssk\u00f6tseln. I praktiken kommer t.ex. rumstemperaturer att s\u00e4nkas. I alla \u00e5tg\u00e4rder beaktar vi att inomhusluftens kvalitet inte f\u00e5r f\u00f6rs\u00e4mras eller s\u00e4kerheten i lokalerna \u00e4ventyras.<\/p>\n<h2>Forts\u00e4tter spar\u00e5tg\u00e4rderna ocks\u00e5 efter vintern?<\/h2>\n<p>I energisparprogrammet inf\u00f6rs snabbt genomf\u00f6rbara och effektiva energisparande l\u00f6sningar. En del av spar\u00e5tg\u00e4rderna \u00e4r s\u00e4kert s\u00e5dana att det l\u00f6nar sig att ta dem i permanent bruk. En del, t.ex. en s\u00e4nkning av temperaturen i kontorslokalerna, torde vara tillf\u00e4lliga.<\/p>\n<h2>Vilken \u00e4r tidtabellen f\u00f6r \u00e5tg\u00e4rderna?<\/h2>\n<p>Vi inleder \u00e5tg\u00e4rderna i oktober n\u00e4r uppv\u00e4rmningsperioden b\u00f6rjar.<\/p>\n<h2>Finns det n\u00e5gra risker med \u00e5tg\u00e4rderna?<\/h2>\n<p>\u00c5tg\u00e4rderna genomf\u00f6rs s\u00e5 att de inte p\u00e5verkar t.ex. inomhusluftens kvalitet eller s\u00e4kerheten i lokalerna.<\/p>\n<h2>Har \u00e5tg\u00e4rderna n\u00e5gon verklig inverkan p\u00e5 energif\u00f6rbrukningen? Vad baserar sig den uppskattade inbesparingen p\u00e5?<\/h2>\n<p>Den st\u00f6rsta effekten p\u00e5 energianv\u00e4ndningen har ventilation, installationstekniska anordningar och uppv\u00e4rmning av lokaler. N\u00e4r systemens energieffektiva funktion s\u00e4kerst\u00e4lls och \u00e4ndras s\u00e5 att de motsvarar den faktiska anv\u00e4ndningen av lokalerna, kan vi uppn\u00e5 en uppskattningsvis femfaldig energibesparing j\u00e4mf\u00f6rt med tidigare. Detta \u00e4r m\u00f6jligt n\u00e4r vi samtidigt beaktar de \u00e5tg\u00e4rder som ger till\u00e4ggsinbesparingar ocks\u00e5 i lokaler som \u00e4r underutnyttjade.<\/p>\n<h2>Hur stora besparingar f\u00f6rv\u00e4ntas genom \u00e5tg\u00e4rderna, i euro och MWh?<\/h2>\n<p>Den \u00e5rliga energibesparingen \u00e4r 50 000\u201375 000 MWh, dvs. lika mycket som den \u00e5rliga f\u00f6rbrukningen i en kommun av medianstorlek, och besparingarna i statens energikostnader \u00e4r upp till 10 miljoner euro.<\/p>\n<h2>Hur p\u00e5verkar en temperaturs\u00e4nkning inomhusluften?<\/h2>\n<p>\u00c5tg\u00e4rderna genomf\u00f6rs s\u00e5 att en god inomhusluftskvalitet s\u00e4kerst\u00e4lls trots de vidtagna \u00e5tg\u00e4rderna. Till exempel temperaturen i arbetslokaler s\u00e4nks inte under 20,5 grader. P\u00e5 vintern \u00e4r inomhusluften i Finland torr och temperaturs\u00e4nkningen h\u00f6jer i n\u00e5gon m\u00e5n den relativa fuktigheten i inomhusluften.<\/p>\n<h2>Vem drar nytta av besparingen?<\/h2>\n<p>Vi alla. \u00c5tg\u00e4rderna bidrar till att elen r\u00e4cker till i Finland och d\u00e4mpar \u00f6kningen av energikostnaderna.<\/p>\n<h2>Varf\u00f6r har \u00e5tg\u00e4rderna inte vidtagits tidigare?<\/h2>\n<p>Vi har redan i \u00e5ratal genomf\u00f6rt ett resultatrikt och l\u00e5ngsiktigt energieffektivitetsarbete i samarbete med v\u00e5ra kunder. V\u00e5rt m\u00e5l \u00e4r energieffektiva och utsl\u00e4ppssn\u00e5la byggnader. Senatfastigheter har f\u00f6rbundit sig till energisparande och deltar ocks\u00e5 i avtalet om energieffektivitet i kontorsfastigheter. I Senatkoncernen har energibesparingen varit i genomsnitt 7 800 MWh\/\u00e5r.<\/p>\n<h2>Blir det kallt i fastigheterna?<\/h2>\n<p>Temperaturerna h\u00e5lls inom ramen f\u00f6r ett inomhusklimat som anses som ett bra inomhusklimat. M\u00e4nniskor upplever temperaturer mycket individuellt. Det som k\u00e4nns kallt f\u00f6r en kan k\u00e4nnas f\u00f6r varmt f\u00f6r en annan. Hur man upplever k\u00e4nslan av kyla och v\u00e4rme kan man p\u00e5verka genom sin kl\u00e4dsel.<\/p>\n<h2>Hur p\u00e5verkar s\u00e4nkningen av temperaturen hyrorna?<\/h2>\n<p>Energispar\u00e5tg\u00e4rderna d\u00e4mpar kostnads\u00f6kningen. Priset p\u00e5 el och v\u00e4rme stiger kraftigt. \u00c5tg\u00e4rderna leder inte till s\u00e4nkta hyror.<\/p>\n<h2>M\u00e5ste alla statliga kontorslokaler delta i programmet?<\/h2>\n<p>\u00c5tg\u00e4rder f\u00f6rv\u00e4ntas av oss alla, av s\u00e5v\u00e4l medborgare som statliga organisationer. Staten har ocks\u00e5 m\u00e5nga speciallokaler, t.ex. museer, d\u00e4r det \u00e4r s\u00e4rskilt viktigt att lokalerna har r\u00e4tt temperatur och att luften cirkulerar. I dessa s\u00e4rskilda lokaler ska eventuella spar\u00e5tg\u00e4rder alltid beaktas separat f\u00f6r varje objekt.<\/p>\n<p>Vi hoppas att v\u00e5ra kunder aktivt deltar i planeringen och genomf\u00f6randet av energisparande \u00e5tg\u00e4rder. De som anv\u00e4nder lokalerna har alltid den b\u00e4sta kunskapen om f\u00f6r vilka syften de olika lokalerna anv\u00e4nds och s\u00e5ledes ocks\u00e5 om m\u00f6jligheterna att spara energi.<\/p>\n<h2>Vilka spar\u00e5tg\u00e4rder t\u00e4nker Senatfastigheter sj\u00e4lv vidta?<\/h2>\n<p>Dessa samma \u00e5tg\u00e4rder. Vi kommer s\u00e4kert att unders\u00f6ka anv\u00e4ndningen av v\u00e5ra lokaler, om det till exempel \u00e4r m\u00f6jligt att centralisera arbetet till vissa lokaler och l\u00e5ta bli att anv\u00e4nda en del av lokalerna.<\/p>\n<h2>Vilka \u00e5tg\u00e4rder rekommenderar ni vid eventuell elbrist eller eventuellt elavbrott?<\/h2>\n<p>Vi kommer att ge n\u00e4rmare anvisningar om beredskap f\u00f6r elbrist och elavbrott via v\u00e5ra fastighetschefer.<\/p>\n<p>Konkreta \u00e5tg\u00e4rder som det l\u00f6nar sig f\u00f6r anv\u00e4ndarna att vidta vid elbrist eller eventuellt elavbrott p\u00e5 kontoret, om de inte kan distansarbeta:<\/p>\n<ul>\n<li>flytta in i gemensamma lokaler och l\u00e4mna en del av byggnaden eller hela byggnaden tom<\/li>\n<li>sl\u00e4ck ljuset<\/li>\n<li>st\u00e4ng av sk\u00e4rmar och l\u00f6sg\u00f6r b\u00e4rbara datorer och mobilladdare fr\u00e5n eluttag<\/li>\n<li>undvik utskrifter och anv\u00e4ndning av kopieringsmaskiner<\/li>\n<li>undvik anv\u00e4ndning av mikrov\u00e5gsugnar, kaffeautomater och dylik utrustning<\/li>\n<\/ul>\n<h2>Varf\u00f6r m\u00e5ste vi spara p\u00e5 uppv\u00e4rmningen?<\/h2>\n<p>Att spara p\u00e5 uppv\u00e4rmningen \u00e4r viktig i synnerhet f\u00f6r att minska kostnaderna. Dessutom r\u00e5der det brist p\u00e5 uppv\u00e4rmningsbr\u00e4nslen denna vinter och d\u00e4rf\u00f6r \u00e4r det motiverat att spara p\u00e5 uppv\u00e4rmningen. S\u00e4nkningen av inomhustemperaturen med en grad minskar energif\u00f6rbrukningen och kostnaderna f\u00f6r uppv\u00e4rmningen av lokalerna med ca 5 %.[\/vc_column_text][\/vc_column][\/vc_row]<\/p>\n<\/div>","protected":false},"excerpt":{"rendered":"<p>[vc_row][vc_column][vc_column_text] Fr\u00e5gor och svar om energisparprogrammet Vad inneb\u00e4r energisparprogrammet? Vilka \u00e5tg\u00e4rder vidtas? Under den kommande uppv\u00e4rmningsperioden startar vi ett omfattande energisparprogram, d\u00e4r vi i statens olika slags lokaler vidtar \u00e5tg\u00e4rder f\u00f6r att spara el och v\u00e4rme. Dessutom utreder vi m\u00f6jligheter att styra elf\u00f6rbrukningen under den kommande vintern s\u00e5 att den f\u00f6r sin del st\u00f6der att [&hellip;]<\/p>\n","protected":false},"author":11,"featured_media":0,"parent":57368,"menu_order":0,"comment_status":"closed","ping_status":"closed","template":"","meta":{"_acf_changed":false,"footnotes":""},"class_list":["post-57572","page","type-page","status-publish","hentry"],"acf":[],"yoast_head":"<!-- This site is optimized with the Yoast SEO plugin v23.9 - https:\/\/yoast.com\/wordpress\/plugins\/seo\/ -->\n<title>Fr\u00e5gor och svar om energisparprogrammet - Senaatti<\/title>\n<meta name=\"robots\" content=\"noindex, follow, max-snippet:-1, max-image-preview:large, max-video-preview:-1\" \/>\n<meta property=\"og:locale\" content=\"sv_SE\" \/>\n<meta property=\"og:type\" content=\"article\" \/>\n<meta property=\"og:title\" content=\"Fr\u00e5gor och svar om energisparprogrammet - Senaatti\" \/>\n<meta property=\"og:description\" content=\"[vc_row][vc_column][vc_column_text] Fr\u00e5gor och svar om energisparprogrammet Vad inneb\u00e4r energisparprogrammet? Vilka \u00e5tg\u00e4rder vidtas? Under den kommande uppv\u00e4rmningsperioden startar vi ett omfattande energisparprogram, d\u00e4r vi i statens olika slags lokaler vidtar \u00e5tg\u00e4rder f\u00f6r att spara el och v\u00e4rme. Dessutom utreder vi m\u00f6jligheter att styra elf\u00f6rbrukningen under den kommande vintern s\u00e5 att den f\u00f6r sin del st\u00f6der att [&hellip;]\" \/>\n<meta property=\"og:url\" content=\"https:\/\/testi-e2c55b704894.senaatti.fi\/sv\/energisparprogram\/fragor-och-svar-om-energisparprogrammet\/\" \/>\n<meta property=\"og:site_name\" content=\"Senaatti\" \/>\n<meta property=\"article:publisher\" content=\"https:\/\/www.facebook.com\/SenaattiKiinteistot\/\" \/>\n<meta property=\"article:modified_time\" content=\"2024-02-01T11:44:46+00:00\" \/>\n<meta property=\"og:image\" content=\"https:\/\/testi-e2c55b704894.senaatti.fi\/app\/uploads\/2021\/01\/Senaatti_FB_profiili_1200x630-1024x538.png\" \/>\n\t<meta property=\"og:image:width\" content=\"1024\" \/>\n\t<meta property=\"og:image:height\" content=\"538\" \/>\n\t<meta property=\"og:image:type\" content=\"image\/png\" \/>\n<meta name=\"twitter:card\" content=\"summary_large_image\" \/>\n<meta name=\"twitter:site\" content=\"@SenaattiK\" \/>\n<meta name=\"twitter:label1\" content=\"Ber\u00e4knad l\u00e4stid\" \/>\n\t<meta name=\"twitter:data1\" content=\"5 minuter\" \/>\n<script type=\"application\/ld+json\" class=\"yoast-schema-graph\">{\"@context\":\"https:\/\/schema.org\",\"@graph\":[{\"@type\":\"WebPage\",\"@id\":\"https:\/\/testi-e2c55b704894.senaatti.fi\/sv\/energisparprogram\/fragor-och-svar-om-energisparprogrammet\/\",\"url\":\"https:\/\/testi-e2c55b704894.senaatti.fi\/sv\/energisparprogram\/fragor-och-svar-om-energisparprogrammet\/\",\"name\":\"Fr\u00e5gor och svar om energisparprogrammet - Senaatti\",\"isPartOf\":{\"@id\":\"https:\/\/www.senaatti.fi\/#website\"},\"datePublished\":\"2022-10-06T04:48:07+00:00\",\"dateModified\":\"2024-02-01T11:44:46+00:00\",\"breadcrumb\":{\"@id\":\"https:\/\/testi-e2c55b704894.senaatti.fi\/sv\/energisparprogram\/fragor-och-svar-om-energisparprogrammet\/#breadcrumb\"},\"inLanguage\":\"sv-SE\",\"potentialAction\":[{\"@type\":\"ReadAction\",\"target\":[\"https:\/\/testi-e2c55b704894.senaatti.fi\/sv\/energisparprogram\/fragor-och-svar-om-energisparprogrammet\/\"]}]},{\"@type\":\"BreadcrumbList\",\"@id\":\"https:\/\/testi-e2c55b704894.senaatti.fi\/sv\/energisparprogram\/fragor-och-svar-om-energisparprogrammet\/#breadcrumb\",\"itemListElement\":[{\"@type\":\"ListItem\",\"position\":1,\"name\":\"Hem\",\"item\":\"https:\/\/www.senaatti.fi\/sv\/\"},{\"@type\":\"ListItem\",\"position\":2,\"name\":\"Energisparprogram\",\"item\":\"https:\/\/www.senaatti.fi\/sv\/energisparprogram\/\"},{\"@type\":\"ListItem\",\"position\":3,\"name\":\"Fr\u00e5gor och svar om energisparprogrammet\"}]},{\"@type\":\"WebSite\",\"@id\":\"https:\/\/www.senaatti.fi\/#website\",\"url\":\"https:\/\/www.senaatti.fi\/\",\"name\":\"Senaatti\",\"description\":\"Just another WordPress site\",\"publisher\":{\"@id\":\"https:\/\/www.senaatti.fi\/#organization\"},\"potentialAction\":[{\"@type\":\"SearchAction\",\"target\":{\"@type\":\"EntryPoint\",\"urlTemplate\":\"https:\/\/www.senaatti.fi\/?s={search_term_string}\"},\"query-input\":{\"@type\":\"PropertyValueSpecification\",\"valueRequired\":true,\"valueName\":\"search_term_string\"}}],\"inLanguage\":\"sv-SE\"},{\"@type\":\"Organization\",\"@id\":\"https:\/\/www.senaatti.fi\/#organization\",\"name\":\"Senaatti-kiinteist\u00f6t\",\"url\":\"https:\/\/www.senaatti.fi\/\",\"logo\":{\"@type\":\"ImageObject\",\"inLanguage\":\"sv-SE\",\"@id\":\"https:\/\/www.senaatti.fi\/#\/schema\/logo\/image\/\",\"url\":\"https:\/\/testi-e2c55b704894.senaatti.fi\/app\/uploads\/2021\/01\/Senaatti_FB_profiili_1200x630.png\",\"contentUrl\":\"https:\/\/testi-e2c55b704894.senaatti.fi\/app\/uploads\/2021\/01\/Senaatti_FB_profiili_1200x630.png\",\"width\":1201,\"height\":631,\"caption\":\"Senaatti-kiinteist\u00f6t\"},\"image\":{\"@id\":\"https:\/\/www.senaatti.fi\/#\/schema\/logo\/image\/\"},\"sameAs\":[\"https:\/\/www.facebook.com\/SenaattiKiinteistot\/\",\"https:\/\/x.com\/SenaattiK\",\"https:\/\/www.linkedin.com\/company\/senate-properties\",\"https:\/\/www.youtube.com\/channel\/UCunSUhMjKd5KqASPgBrndkQ\"]}]}<\/script>\n<!-- \/ Yoast SEO plugin. -->","yoast_head_json":{"title":"Fr\u00e5gor och svar om energisparprogrammet - Senaatti","robots":{"index":"noindex","follow":"follow","max-snippet":"max-snippet:-1","max-image-preview":"max-image-preview:large","max-video-preview":"max-video-preview:-1"},"og_locale":"sv_SE","og_type":"article","og_title":"Fr\u00e5gor och svar om energisparprogrammet - Senaatti","og_description":"[vc_row][vc_column][vc_column_text] Fr\u00e5gor och svar om energisparprogrammet Vad inneb\u00e4r energisparprogrammet? Vilka \u00e5tg\u00e4rder vidtas? Under den kommande uppv\u00e4rmningsperioden startar vi ett omfattande energisparprogram, d\u00e4r vi i statens olika slags lokaler vidtar \u00e5tg\u00e4rder f\u00f6r att spara el och v\u00e4rme. Dessutom utreder vi m\u00f6jligheter att styra elf\u00f6rbrukningen under den kommande vintern s\u00e5 att den f\u00f6r sin del st\u00f6der att [&hellip;]","og_url":"https:\/\/testi-e2c55b704894.senaatti.fi\/sv\/energisparprogram\/fragor-och-svar-om-energisparprogrammet\/","og_site_name":"Senaatti","article_publisher":"https:\/\/www.facebook.com\/SenaattiKiinteistot\/","article_modified_time":"2024-02-01T11:44:46+00:00","og_image":[{"width":1024,"height":538,"url":"https:\/\/testi-e2c55b704894.senaatti.fi\/app\/uploads\/2021\/01\/Senaatti_FB_profiili_1200x630-1024x538.png","type":"image\/png"}],"twitter_card":"summary_large_image","twitter_site":"@SenaattiK","twitter_misc":{"Ber\u00e4knad l\u00e4stid":"5 minuter"},"schema":{"@context":"https:\/\/schema.org","@graph":[{"@type":"WebPage","@id":"https:\/\/testi-e2c55b704894.senaatti.fi\/sv\/energisparprogram\/fragor-och-svar-om-energisparprogrammet\/","url":"https:\/\/testi-e2c55b704894.senaatti.fi\/sv\/energisparprogram\/fragor-och-svar-om-energisparprogrammet\/","name":"Fr\u00e5gor och svar om energisparprogrammet - Senaatti","isPartOf":{"@id":"https:\/\/www.senaatti.fi\/#website"},"datePublished":"2022-10-06T04:48:07+00:00","dateModified":"2024-02-01T11:44:46+00:00","breadcrumb":{"@id":"https:\/\/testi-e2c55b704894.senaatti.fi\/sv\/energisparprogram\/fragor-och-svar-om-energisparprogrammet\/#breadcrumb"},"inLanguage":"sv-SE","potentialAction":[{"@type":"ReadAction","target":["https:\/\/testi-e2c55b704894.senaatti.fi\/sv\/energisparprogram\/fragor-och-svar-om-energisparprogrammet\/"]}]},{"@type":"BreadcrumbList","@id":"https:\/\/testi-e2c55b704894.senaatti.fi\/sv\/energisparprogram\/fragor-och-svar-om-energisparprogrammet\/#breadcrumb","itemListElement":[{"@type":"ListItem","position":1,"name":"Hem","item":"https:\/\/www.senaatti.fi\/sv\/"},{"@type":"ListItem","position":2,"name":"Energisparprogram","item":"https:\/\/www.senaatti.fi\/sv\/energisparprogram\/"},{"@type":"ListItem","position":3,"name":"Fr\u00e5gor och svar om energisparprogrammet"}]},{"@type":"WebSite","@id":"https:\/\/www.senaatti.fi\/#website","url":"https:\/\/www.senaatti.fi\/","name":"Senaatti","description":"Just another WordPress site","publisher":{"@id":"https:\/\/www.senaatti.fi\/#organization"},"potentialAction":[{"@type":"SearchAction","target":{"@type":"EntryPoint","urlTemplate":"https:\/\/www.senaatti.fi\/?s={search_term_string}"},"query-input":{"@type":"PropertyValueSpecification","valueRequired":true,"valueName":"search_term_string"}}],"inLanguage":"sv-SE"},{"@type":"Organization","@id":"https:\/\/www.senaatti.fi\/#organization","name":"Senaatti-kiinteist\u00f6t","url":"https:\/\/www.senaatti.fi\/","logo":{"@type":"ImageObject","inLanguage":"sv-SE","@id":"https:\/\/www.senaatti.fi\/#\/schema\/logo\/image\/","url":"https:\/\/testi-e2c55b704894.senaatti.fi\/app\/uploads\/2021\/01\/Senaatti_FB_profiili_1200x630.png","contentUrl":"https:\/\/testi-e2c55b704894.senaatti.fi\/app\/uploads\/2021\/01\/Senaatti_FB_profiili_1200x630.png","width":1201,"height":631,"caption":"Senaatti-kiinteist\u00f6t"},"image":{"@id":"https:\/\/www.senaatti.fi\/#\/schema\/logo\/image\/"},"sameAs":["https:\/\/www.facebook.com\/SenaattiKiinteistot\/","https:\/\/x.com\/SenaattiK","https:\/\/www.linkedin.com\/company\/senate-properties","https:\/\/www.youtube.com\/channel\/UCunSUhMjKd5KqASPgBrndkQ"]}]}},"publishpress_future_action":{"enabled":false,"date":"2026-05-03 11:42:37","action":"change-status","newStatus":"draft","terms":[],"taxonomy":"translation_priority"},"_links":{"self":[{"href":"https:\/\/testi-e2c55b704894.senaatti.fi\/sv\/wp-json\/wp\/v2\/pages\/57572","targetHints":{"allow":["GET"]}}],"collection":[{"href":"https:\/\/testi-e2c55b704894.senaatti.fi\/sv\/wp-json\/wp\/v2\/pages"}],"about":[{"href":"https:\/\/testi-e2c55b704894.senaatti.fi\/sv\/wp-json\/wp\/v2\/types\/page"}],"author":[{"embeddable":true,"href":"https:\/\/testi-e2c55b704894.senaatti.fi\/sv\/wp-json\/wp\/v2\/users\/11"}],"replies":[{"embeddable":true,"href":"https:\/\/testi-e2c55b704894.senaatti.fi\/sv\/wp-json\/wp\/v2\/comments?post=57572"}],"version-history":[{"count":2,"href":"https:\/\/testi-e2c55b704894.senaatti.fi\/sv\/wp-json\/wp\/v2\/pages\/57572\/revisions"}],"predecessor-version":[{"id":57574,"href":"https:\/\/testi-e2c55b704894.senaatti.fi\/sv\/wp-json\/wp\/v2\/pages\/57572\/revisions\/57574"}],"up":[{"embeddable":true,"href":"https:\/\/testi-e2c55b704894.senaatti.fi\/sv\/wp-json\/wp\/v2\/pages\/57368"}],"wp:attachment":[{"href":"https:\/\/testi-e2c55b704894.senaatti.fi\/sv\/wp-json\/wp\/v2\/media?parent=57572"}],"curies":[{"name":"wp","href":"https:\/\/api.w.org\/{rel}","templated":true}]}}