{"id":59186,"date":"2023-01-05T09:29:02","date_gmt":"2023-01-05T07:29:02","guid":{"rendered":"https:\/\/testi-e2c55b704894.senaatti.fi\/?page_id=59186"},"modified":"2024-11-11T14:45:10","modified_gmt":"2024-11-11T12:45:10","slug":"lokallosningar-och-lokaltjanster","status":"publish","type":"page","link":"https:\/\/testi-e2c55b704894.senaatti.fi\/sv\/lokallosningar-och-lokaltjanster\/","title":{"rendered":"Lokall\u00f6sningar och lokaltj\u00e4nster"},"content":{"rendered":"<div class=\"wpb-content-wrapper\"><p>[vc_row][vc_column][senaatti_hero heading=&#8221;Lokall\u00f6sningar och lokaltj\u00e4nster&#8221; text=&#8221;Vi hj\u00e4lper statsf\u00f6rvaltningens organisationer att f\u00f6rnya sina arbetss\u00e4tt och genomf\u00f6r fungerande, s\u00e4kra och arbetsst\u00f6djande arbetsmilj\u00f6er. V\u00e5rt m\u00e5l \u00e4r att producera arbetsmilj\u00f6er f\u00f6r v\u00e5ra kunder med hj\u00e4lp av vilka arbetsprestandan f\u00f6rb\u00e4ttras och statens lokalkostnader s\u00e4nks.&#8221; image=&#8221;48342&#8243;][\/vc_column][\/vc_row][vc_row][vc_column][vc_column_text remove_empty_space_above=&#8221;true&#8221;]Den strategiska riktlinjen f\u00f6r staten \u00e4r att lokalerna st\u00f6der resultatgivande verksamhet och utvecklande s\u00e4tt att arbeta och samarbeta. Platsbundet arbete och aktivitetsbaserad arbete \u00e4r hos staten likv\u00e4rdiga arbetss\u00e4tt. Riktlinjerna p\u00e5verkar ocks\u00e5 lokalerna och planeringen av dem. I framtiden kommer den offentliga f\u00f6rvaltningen i allt h\u00f6gre grad att verka i gemensamma lokaler, och det kommer att uppst\u00e5 gemensamma kundservicest\u00e4llen f\u00f6r statsf\u00f6rvaltningen och kommunerna.[\/vc_column_text][\/vc_column][\/vc_row][vc_row][vc_column][senaatti_feature_lift heading=&#8221;Riktningen g\u00e5r mot gemensamma arbetsmilj\u00f6er&#8221; image=&#8221;38112&#8243; btn=&#8221;url:https%3A%2F%2Ftesti-e2c55b704894.senaatti.fi%2Fsv%2Flokallosningar-och-lokaltjanster%2Fgemensamma-arbetsmiljoer%2F|title:Mer%20om%20gemensamma%20arbetsmilj%C3%B6er&#8221;]I enlighet med statens lokalstrategi genomf\u00f6r vi gemensamma arbetsmilj\u00f6er som service. I framtiden kommer den offentliga f\u00f6rvaltningen i allt h\u00f6gre grad att verka i gemensamma lokaler, och \u00e4ven om statsf\u00f6rvaltningen digitaliseras, m\u00e5ste \u00e4renden fortfarande utr\u00e4ttas i \u00e4mbetsverk. N\u00e4r \u00e4mbetsverken finns p\u00e5 en och samma adress beh\u00f6ver medborgarna inte utr\u00e4tta \u00e4renden p\u00e5 flera olika verksamhetsst\u00e4llen. I gemensamma utrymmen kan man n\u00e5 b\u00e4ttre l\u00f6sningar med samma eurobelopp n\u00e4r en del av resurserna anv\u00e4nds gemensamt. Genom dessa \u00e5tg\u00e4rder minskar ocks\u00e5 koldioxidavtrycket n\u00e4r lokalerna planeras vara energieffektiva och resandet minskar.[\/senaatti_feature_lift][\/vc_column][\/vc_row][vc_row][vc_column][senaatti_liftcards heading=&#8221;V\u00e5ra tj\u00e4nster&#8221; card=&#8221;%5B%7B%22label%22%3A%22Lokaltj%C3%A4nster%22%2C%22link%22%3A%22url%3Ahttps%253A%252F%252Ftesti-e2c55b704894.senaatti.fi%252Fsv%252Flokallosningar-och-lokaltjanster%252Flokaltjanster%252F%7Ctitle%3AL%25C3%25A4s%2520mer%22%2C%22description%22%3A%22Ut%C3%B6ver%20lokalerna%20och%20arbetsmilj%C3%B6erna%20erbjuder%20vi%20v%C3%A5ra%20kunder%20ett%20brett%20utbud%20av%20tj%C3%A4nster%20i%20anslutning%20till%20lokalerna%20centraliserat%20fr%C3%A5n%20ett%20st%C3%A4lle.%20Till%20v%C3%A5ra%20lokaltj%C3%A4nster%20h%C3%B6r%20bland%20annat%20reng%C3%B6ringstj%C3%A4nster%2C%20kontorstj%C3%A4nster%2C%20m%C3%B6tes-%20och%20cateringtj%C3%A4nster%2C%20idrifttagnings-%20och%20flyttningstj%C3%A4nster%20samt%20inredningstj%C3%A4nster.%22%2C%22image%22%3A%2257970%22%7D%2C%7B%22label%22%3A%22Digitala%20lokaltj%C3%A4nster%22%2C%22link%22%3A%22url%3Ahttps%253A%252F%252Ftesti-e2c55b704894.senaatti.fi%252Fsv%252Flokallosningar-och-lokaltjanster%252Fdigitala-lokaltjanster%252F%7Ctitle%3AL%25C3%25A4s%2520mer%22%2C%22description%22%3A%22Det%20dagliga%20arbetet%20l%C3%B6per%20smidigt%20n%C3%A4r%20datakommunikationsf%C3%B6rbindelserna%20och%20sk%C3%A4rmarna%20p%C3%A5%20arbetsst%C3%A4llena%20fungerar%20och%20%C3%A4r%20enhetliga%20i%20hela%20landet.%20Vi%20utrustar%20de%20avtalade%20lokalerna%20med%20AV-teknik%20som%20m%C3%B6jligg%C3%B6r%20enkla%20kontakter%20och%20smidiga%20m%C3%B6ten.%20Vi%20har%20ocks%C3%A5%20infosk%C3%A4rmar%20eller%20tj%C3%A4nster%20som%20m%C3%A4ter%20utnyttjandegraden.%22%2C%22image%22%3A%2257973%22%7D%5D&#8221;][\/vc_column][\/vc_row][vc_row][vc_column][senaatti_liftcards card=&#8221;%5B%7B%22label%22%3A%22S%C3%A4kerhetstj%C3%A4nster%22%2C%22link%22%3A%22url%3Ahttps%253A%252F%252Ftesti-e2c55b704894.senaatti.fi%252Fsv%252Flokallosningar-och-lokaltjanster%252Fsakerhetstjanster%252F%7Ctitle%3AL%25C3%25A4s%2520mer%22%2C%22description%22%3A%22Vi%20hj%C3%A4lper%20statsf%C3%B6rvaltningens%20organisationer%20att%20optimera%20s%C3%A4kerheten%20i%20sin%20arbetsmilj%C3%B6%20till%20r%C3%A4tt%20niv%C3%A5.%20Vid%20behov%20genomf%C3%B6r%20vi%20s%C3%A4kerhetsl%C3%B6sningarna%20och%20uppr%C3%A4tth%C3%A5ller%20den%20valda%20s%C3%A4kerhetsniv%C3%A5n%20samt%20utvecklar%20s%C3%A4kerhetskompetensen%20till%20exempel%20genom%20utbildning.%22%2C%22image%22%3A%2258021%22%7D%2C%7B%22label%22%3A%22Arbetsmilj%C3%B6tj%C3%A4nster%20f%C3%B6r%20ledningen%22%2C%22link%22%3A%22url%3Ahttps%253A%252F%252Ftesti-e2c55b704894.senaatti.fi%252Fsv%252Flokallosningar-och-lokaltjanster%252Farbetsmiljotjanster-for-ledningen%252F%7Ctitle%3AL%25C3%25A4s%2520mer%22%2C%22description%22%3A%22Vi%20hj%C3%A4lper%20till%20att%20f%C3%B6rnya%20arbetsmilj%C3%B6erna%20och%20s%C3%A4tten%20att%20arbeta.%20Vi%20engagerar%2C%20entusiasmerar%20och%20aktiverar%20de%20anst%C3%A4llda%20i%20f%C3%B6r%C3%A4ndringen.%20V%C3%A5ra%20tj%C3%A4nster%20omfattar%20bland%20annat%20arbetsmilj%C3%B6ledning%2C%20f%C3%B6r%C3%A4ndringsledning%2C%20utveckling%20av%20informationsarbetet%2C%20tj%C3%A4nstedesign%20och%20konsekvensbed%C3%B6mningar.%22%2C%22image%22%3A%2259312%22%7D%2C%7B%22label%22%3A%22Milj%C3%B6tj%C3%A4nster%22%2C%22link%22%3A%22url%3Ahttps%253A%252F%252Ftesti-e2c55b704894.senaatti.fi%252Fsv%252Fforsvarsfastigheter%252Ftjanster%252Fmiljotjanster%252F%7Ctitle%3AL%25C3%25A4s%2520mer%22%2C%22description%22%3A%22V%C3%A5ra%20erfarna%20experter%20inom%20F%C3%B6rsvarsfastigheter%20hj%C3%A4lper%20bland%20annat%20med%20milj%C3%B6-%20och%20naturutredningar%2C%20unders%C3%B6kning%20och%20sanering%20av%20f%C3%B6rorenad%20mark%2C%20milj%C3%B6tekniskt%20byggande%2C%20l%C3%B6sningar%20inom%20cirkul%C3%A4r%20ekonomi%2C%20uppf%C3%B6ljning%20av%20milj%C3%B6konsekvenser%20och%20myndighetsf%C3%B6rfaranden.%22%2C%22image%22%3A%2251598%22%7D%5D&#8221;][\/vc_column][\/vc_row][vc_row][vc_column][senaatti_feature_lift align=&#8221;right&#8221; heading=&#8221;Aktivitetsbaserad arbetsplats&#8221; text=&#8221;Ett aktivitetsbaserat kontor f\u00f6ruts\u00e4tter att organisationen f\u00e5r en helt ny verksamhetskultur och ett helt nytt s\u00e4tt att arbeta och leda arbetet. Senatfastigheter fr\u00e4mjar smartare arbetsmetoder hos staten och som resultat av arbetet uppst\u00e5r nya id\u00e9er och experiment om hur man kan arbeta p\u00e5 ett nytt och smartare s\u00e4tt.&#8221; image=&#8221;15950&#8243; btn=&#8221;url:https%3A%2F%2Ftesti-e2c55b704894.senaatti.fi%2Fsv%2Flokallosningar-och-lokaltjanster%2Faktivitetsbaserat-kontor%2F|title:Mer%20om%20aktivitetsbaserat%20kontor&#8221;][\/senaatti_feature_lift][\/vc_column][\/vc_row][vc_row][vc_column][senaatti_feature_lift heading=&#8221;F\u00f6r b\u00e4ttre inomhusf\u00f6rh\u00e5llanden&#8221; text=&#8221;Vi vill se till att alla som vid \u00e4mbetsverk, anstalter, kaserner och kontor arbetar f\u00f6r v\u00e4lf\u00e4rd, ordning och s\u00e4kerhet i Finland har de b\u00e4sta f\u00f6ruts\u00e4ttningarna att lyckas i sitt arbete. En h\u00e4lsosam arbetsmilj\u00f6 \u00e4r ett livsvillkor f\u00f6r allas v\u00e4lbefinnande.&#8221; image=&#8221;16040&#8243; btn=&#8221;url:https%3A%2F%2Ftesti-e2c55b704894.senaatti.fi%2Fsv%2Fom-oss%2Finomhusforhallanden%2F|title:Mer%20om%20inomhusf%C3%B6rh%C3%A5llanden&#8221;][\/senaatti_feature_lift][\/vc_column][\/vc_row][vc_row][vc_column][senaatti_liftcards heading=&#8221;Relaterat till \u00e4mnet&#8221; card=&#8221;%5B%7B%22label%22%3A%22Statens%20coworking-lokaler%22%2C%22link%22%3A%22url%3Ahttps%253A%252F%252Ftesti-e2c55b704894.senaatti.fi%252Fsv%252Fcoworking-lokaler%252F%7Ctitle%3AV%25C3%25A5ra%2520coworking-lokaler%22%2C%22description%22%3A%22Vi%20erbjuder%20statsf%C3%B6rvaltningen%20flexibla%20coworking-lokaler%20f%C3%B6r%20arbetande.%20%22%2C%22image%22%3A%2238118%22%7D%2C%7B%22label%22%3A%22V%C3%A5ra%20referenser%22%2C%22link%22%3A%22url%3Ahttps%253A%252F%252Ftesti-e2c55b704894.senaatti.fi%252Fsv%252Faktuellt%252Freferenser%252F%7Ctitle%3AV%25C3%25A5ra%2520referenser%22%2C%22description%22%3A%22L%C3%A4s%20mer%20om%20v%C3%A5ra%20referenser%20i%20anslutning%20till%20v%C3%A4lbefinnande%20i%20arbetet%2C%20aktivitetsbaserade%20kontor%2C%20inomhusklimat%20och%20andra%20fr%C3%A5gor.%22%2C%22image%22%3A%2232162%22%7D%2C%7B%22label%22%3A%22F%C3%B6rvaltningens%20lokalf%C3%B6rvaltning%22%2C%22link%22%3A%22url%3Ahttps%253A%252F%252Ftesti-e2c55b704894.senaatti.fi%252Fsv%252Flokallosningar-och-lokaltjanster%252Fforvaltningens-lokalforvaltning%252F%7Ctitle%3AL%25C3%25A4s%2520mer%22%2C%22description%22%3A%22F%C3%B6rvaltningens%20lokalf%C3%B6rvaltning%2C%20HTH%2C%20%C3%A4r%20Senatfastigheters%20tj%C3%A4nst%20f%C3%B6r%20lokalitetsledning%20som%20statsf%C3%B6rvaltningen%20erbjuder%20sina%20kunder.%22%2C%22image%22%3A%225793%22%7D%5D&#8221;][\/vc_column][\/vc_row][vc_row][vc_column][senaatti_liftcards_carousel automatic=&#8221;true&#8221; heading=&#8221;V\u00e5ra experter&#8221; allcta=&#8221;url:https%3A%2F%2Ftesti-e2c55b704894.senaatti.fi%2Fsv%2Fom-oss%2Forganisation%2Fexperter%2F|title:Visa%20alla&#8221; card=&#8221;%5B%7B%22label%22%3A%22Reetta%20Ripatti-Jokela%2C%20chef%20f%C3%B6r%20arbetsmilj%C3%B6enheten%22%2C%22link%22%3A%22url%3Ahttps%253A%252F%252Ftesti-e2c55b704894.senaatti.fi%252Fuutishuone%252Fasiantuntijamme%252Freetta-ripatti-jokela-tyoymparistoyksikon-paallikko%252F%7Ctitle%3AL%25C3%25A4s%2520mer%22%2C%22description%22%3A%22Chefen%20f%C3%B6r%20arbetsmilj%C3%B6enheten%20Reetta%20Ripatti-Jokela%20hj%C3%A4lper%20kunder%20som%20beh%C3%B6ver%20st%C3%B6d%20f%C3%B6r%20planeringen%20och%20genomf%C3%B6randet%20av%20f%C3%B6r%C3%A4ndringar%20i%20arbetsmilj%C3%B6n%20samt%20f%C3%B6r%20f%C3%B6r%C3%A4ndringsledning%20och%20anammande%20av%20nya%20arbetsrutiner.%22%2C%22image%22%3A%222942%22%7D%2C%7B%22label%22%3A%22Selja%20Flink%2C%20byggprojektchef%22%2C%22link%22%3A%22url%3Ahttps%253A%252F%252Ftesti-e2c55b704894.senaatti.fi%252Fuutishuone%252Fasiantuntijamme%252Fselja-flink%252F%7Ctitle%3AL%25C3%25A4s%2520mer%22%2C%22description%22%3A%22Byggprojektchef%20Selja%20Flink%20vill%20i%20sitt%20arbete%20se%20till%20att%20historiska%20byggnader%20behandlas%20%C3%B6mt%20och%20respektfullt%20i%20totalrenoveringar.%22%2C%22image%22%3A%2214356%22%7D%2C%7B%22label%22%3A%22Pasi%20Pipatti%2C%20expert%20p%C3%A5%20inomhusf%C3%B6rh%C3%A5llanden%20och%20energifr%C3%A5gor%22%2C%22link%22%3A%22url%3Ahttps%253A%252F%252Ftesti-e2c55b704894.senaatti.fi%252Fuutishuone%252Fasiantuntijamme%252Fpasi-pipatti%252F%7Ctitle%3AL%25C3%25A4s%2520mer%22%2C%22description%22%3A%22Experten%20p%C3%A5%20inomhusklimat%20och%20energi%20Pasi%20Pipatti%20f%C3%B6rebygger%20problem%20med%20inomhusluften%20och%20vill%20f%C3%B6rb%C3%A4ttra%20lokalernas%20energieffektivitet%20och%20anv%C3%A4ndarnas%20n%C3%B6jdhet%20med%20arbetsmilj%C3%B6n.%22%2C%22image%22%3A%2212386%22%7D%2C%7B%22label%22%3A%22Helj%C3%A4%20Franssila%2C%20specialist%20p%C3%A5%20informationsarbete%22%2C%22link%22%3A%22url%3Ahttps%253A%252F%252Ftesti-e2c55b704894.senaatti.fi%252Fuutishuone%252Fasiantuntijamme%252Fhelja-franssila%252F%7Ctitle%3AL%25C3%25A4s%2520mer%22%2C%22description%22%3A%22Helj%C3%A4%20Franssila%20%C3%A4r%20specialist%20p%C3%A5%20informationsarbete%20och%20hennes%20mission%20%C3%A4r%20att%20hos%20staten%20m%C3%B6jligg%C3%B6ra%20att%20arbetet%20utf%C3%B6rs%20p%C3%A5%20ett%20bra%20och%20effektivt%20s%C3%A4tt%20%E2%80%93%20varje%20dag!%22%2C%22image%22%3A%2250127%22%7D%2C%7B%22label%22%3A%22Anne%20Sundqvist%2C%20specialist%2C%20riksomfattande%20koncept%20f%C3%B6r%20lokaler%20och%20arbetsmilj%C3%B6%22%2C%22link%22%3A%22url%3Ahttps%253A%252F%252Ftesti-e2c55b704894.senaatti.fi%252Fuutishuone%252Fasiantuntijamme%252Fanne-sundqvist-erityisasiantuntija-valtakunnalliset-toimitila-ja-tyoymparistokonseptit%252F%7Ctitle%3AL%25C3%25A4s%2520mer%22%2C%22description%22%3A%22Specialist%20Anne%20Sundqvist%20ansvarar%20f%C3%B6r%20utvecklingen%20av%20kund-%20och%20funktionsinriktade%20koncept%20f%C3%B6r%20statsf%C3%B6rvaltningen%20med%20st%C3%B6d%20av%20ett%20multiprofessionellt%20partnern%C3%A4tverk.%22%2C%22image%22%3A%2216504%22%7D%2C%7B%22label%22%3A%22Esa%20Halmetoja%2C%20specialist%2C%20digitalisering%20av%20underh%C3%A5ll%22%2C%22link%22%3A%22url%3Ahttps%253A%252F%252Ftesti-e2c55b704894.senaatti.fi%252Fuutishuone%252Fasiantuntijamme%252Fesa-halmetoja%252F%7Ctitle%3AL%25C3%25A4s%2520mer%22%2C%22description%22%3A%22Specialist%20Esa%20Halmetoja%20tar%20fram%20de%20b%C3%A4sta%20digitala%20l%C3%B6sningarna%20f%C3%B6r%20kunderna%20%E2%80%93%20med%20fokus%20alltid%20p%C3%A5%20m%C3%A4nniskan%20och%20inte%20p%C3%A5%20tekniken.%22%2C%22image%22%3A%225070%22%7D%2C%7B%22label%22%3A%22Riikka%20Manninen%2C%20expert%2C%20arbetsmilj%C3%B6er%22%2C%22link%22%3A%22url%3Ahttps%253A%252F%252Ftesti-e2c55b704894.senaatti.fi%252Fuutishuone%252Fasiantuntijamme%252Friikka-manninen-asiantuntija-tyoymparistot%252F%7Ctitle%3AL%25C3%25A4s%2520mer%22%2C%22description%22%3A%22Riikka%20Manninen%2C%20som%20arbetar%20som%20expert%20p%C3%A5%20arbetsmilj%C3%B6enheten%2C%20inspireras%20av%20att%20t%C3%A4nka%20p%C3%A5%20framtida%20trender%20och%20vill%20inf%C3%B6rliva%20l%C3%B6sningar%20som%20%C3%A4r%20i%20linje%20med%20h%C3%A5llbar%20utveckling%20i%20arbetsmilj%C3%B6projekt%20p%C3%A5%20ett%20%C3%B6vergripande%20s%C3%A4tt.%22%2C%22image%22%3A%2219315%22%7D%2C%7B%22label%22%3A%22Anne%20Korpi%2C%20specialist%2C%20inomhusf%C3%B6rh%C3%A5llanden%22%2C%22link%22%3A%22url%3Ahttps%253A%252F%252Ftesti-e2c55b704894.senaatti.fi%252Fuutishuone%252Fasiantuntijamme%252Fanne-korpi%252F%7Ctitle%3AL%25C3%25A4s%2520mer%22%2C%22description%22%3A%22Specialist%20Anne%20Korpi%20utvecklar%20inomhusf%C3%B6rh%C3%A5llandena%20i%20statens%20arbetslokaler%20och%20g%C3%B6r%20sitt%20b%C3%A4sta%20f%C3%B6r%20att%20minska%20problemen%20med%20inomhusluften%20och%20f%C3%B6rb%C3%A4ttra%20arbetsf%C3%B6rh%C3%A5llandena.%22%2C%22image%22%3A%2235558%22%7D%2C%7B%22label%22%3A%22Pertti%20Siekkinen%2C%20specialist%2C%20%C3%A4ndringsledning%22%2C%22link%22%3A%22url%3Ahttps%253A%252F%252Ftesti-e2c55b704894.senaatti.fi%252Fuutishuone%252Fasiantuntijamme%252Fpertti-siekkinen%252F%7Ctitle%3AL%25C3%25A4s%2520mer%22%2C%22description%22%3A%22Specialist%20p%C3%A5%20%C3%A4ndringsledning%20Pertti%20Siekkinen%20vill%20utveckla%20allt%20b%C3%A4ttre%20arbetsmilj%C3%B6er%20f%C3%B6r%20staten.%20Han%20anser%20att%20det%20%C3%A4r%20viktigt%20att%20utveckla%20v%C3%A4xelverkan%20mellan%20m%C3%A4nniskor%20och%20respektive%20medarbetares%20kompetens%20n%C3%A4r%20%C3%A4ndringar%20genomf%C3%B6rs.%22%2C%22image%22%3A%222340%22%7D%5D&#8221;][\/vc_column][\/vc_row][vc_row][vc_column][senaatti_liftcards_carousel automatic1=&#8221;true&#8221; post_type2=&#8221;senaatti_article&#8221; heading=&#8221;Artiklar om \u00e4mnet&#8221; allcta=&#8221;url:https%3A%2F%2Ftesti-e2c55b704894.senaatti.fi%2Fsv%2Faktuellt%2Fartiklar%2F|title:Visa%20alla&#8221; category2=&#8221;Arbetsmilj\u00f6 &amp; arbetsmetoder, Gemensamma lokaler, Inomhusf\u00f6rhollanden, Samh\u00e4llsansvar, Speciallokaler&#8221; count=&#8221;9&#8243;][\/vc_column][\/vc_row]<\/p>\n<\/div>","protected":false},"excerpt":{"rendered":"<p>[vc_row][vc_column][senaatti_hero heading=&#8221;Lokall\u00f6sningar och lokaltj\u00e4nster&#8221; text=&#8221;Vi hj\u00e4lper statsf\u00f6rvaltningens organisationer att f\u00f6rnya sina arbetss\u00e4tt och genomf\u00f6r fungerande, s\u00e4kra och arbetsst\u00f6djande arbetsmilj\u00f6er. V\u00e5rt m\u00e5l \u00e4r att producera arbetsmilj\u00f6er f\u00f6r v\u00e5ra kunder med hj\u00e4lp av vilka arbetsprestandan f\u00f6rb\u00e4ttras och statens lokalkostnader s\u00e4nks.&#8221; image=&#8221;48342&#8243;][\/vc_column][\/vc_row][vc_row][vc_column][vc_column_text remove_empty_space_above=&#8221;true&#8221;]Den strategiska riktlinjen f\u00f6r staten \u00e4r att lokalerna st\u00f6der resultatgivande verksamhet och utvecklande s\u00e4tt att arbeta [&hellip;]<\/p>\n","protected":false},"author":67,"featured_media":0,"parent":0,"menu_order":0,"comment_status":"closed","ping_status":"closed","template":"","meta":{"_acf_changed":false,"footnotes":""},"class_list":["post-59186","page","type-page","status-publish","hentry"],"acf":[],"yoast_head":"<!-- This site is optimized with the Yoast SEO plugin v23.9 - https:\/\/yoast.com\/wordpress\/plugins\/seo\/ -->\n<title>Lokall\u00f6sningar och lokaltj\u00e4nster - Senatfastigheter<\/title>\n<meta name=\"description\" content=\"V\u00e5rt m\u00e5l \u00e4r att producera arbetsmilj\u00f6er f\u00f6r v\u00e5ra kunder med hj\u00e4lp av vilka arbetsprestandan f\u00f6rb\u00e4ttras och statens lokalkostnader s\u00e4nks.\" \/>\n<meta name=\"robots\" content=\"noindex, follow, max-snippet:-1, max-image-preview:large, max-video-preview:-1\" \/>\n<meta property=\"og:locale\" content=\"sv_SE\" \/>\n<meta property=\"og:type\" content=\"article\" \/>\n<meta property=\"og:title\" content=\"Lokall\u00f6sningar och lokaltj\u00e4nster - Senatfastigheter\" \/>\n<meta property=\"og:description\" content=\"V\u00e5rt m\u00e5l \u00e4r att producera arbetsmilj\u00f6er f\u00f6r v\u00e5ra kunder med hj\u00e4lp av vilka arbetsprestandan f\u00f6rb\u00e4ttras och statens lokalkostnader s\u00e4nks.\" \/>\n<meta property=\"og:url\" content=\"https:\/\/testi-e2c55b704894.senaatti.fi\/sv\/lokallosningar-och-lokaltjanster\/\" \/>\n<meta property=\"og:site_name\" content=\"Senaatti\" \/>\n<meta property=\"article:publisher\" content=\"https:\/\/www.facebook.com\/SenaattiKiinteistot\/\" \/>\n<meta property=\"article:modified_time\" content=\"2024-11-11T12:45:10+00:00\" \/>\n<meta property=\"og:image\" content=\"https:\/\/testi-e2c55b704894.senaatti.fi\/app\/uploads\/2021\/01\/Senaatti_FB_profiili_1200x630-1024x538.png\" \/>\n\t<meta property=\"og:image:width\" content=\"1024\" \/>\n\t<meta property=\"og:image:height\" content=\"538\" \/>\n\t<meta property=\"og:image:type\" content=\"image\/png\" \/>\n<meta name=\"twitter:card\" content=\"summary_large_image\" \/>\n<meta name=\"twitter:site\" content=\"@SenaattiK\" \/>\n<meta name=\"twitter:label1\" content=\"Ber\u00e4knad l\u00e4stid\" \/>\n\t<meta name=\"twitter:data1\" content=\"2 minuter\" \/>\n<script type=\"application\/ld+json\" class=\"yoast-schema-graph\">{\"@context\":\"https:\/\/schema.org\",\"@graph\":[{\"@type\":\"WebPage\",\"@id\":\"https:\/\/testi-e2c55b704894.senaatti.fi\/sv\/lokallosningar-och-lokaltjanster\/\",\"url\":\"https:\/\/testi-e2c55b704894.senaatti.fi\/sv\/lokallosningar-och-lokaltjanster\/\",\"name\":\"Lokall\u00f6sningar och lokaltj\u00e4nster - Senatfastigheter\",\"isPartOf\":{\"@id\":\"https:\/\/www.senaatti.fi\/#website\"},\"datePublished\":\"2023-01-05T07:29:02+00:00\",\"dateModified\":\"2024-11-11T12:45:10+00:00\",\"description\":\"V\u00e5rt m\u00e5l \u00e4r att producera arbetsmilj\u00f6er f\u00f6r v\u00e5ra kunder med hj\u00e4lp av vilka arbetsprestandan f\u00f6rb\u00e4ttras och statens lokalkostnader s\u00e4nks.\",\"breadcrumb\":{\"@id\":\"https:\/\/testi-e2c55b704894.senaatti.fi\/sv\/lokallosningar-och-lokaltjanster\/#breadcrumb\"},\"inLanguage\":\"sv-SE\",\"potentialAction\":[{\"@type\":\"ReadAction\",\"target\":[\"https:\/\/testi-e2c55b704894.senaatti.fi\/sv\/lokallosningar-och-lokaltjanster\/\"]}]},{\"@type\":\"BreadcrumbList\",\"@id\":\"https:\/\/testi-e2c55b704894.senaatti.fi\/sv\/lokallosningar-och-lokaltjanster\/#breadcrumb\",\"itemListElement\":[{\"@type\":\"ListItem\",\"position\":1,\"name\":\"Hem\",\"item\":\"https:\/\/www.senaatti.fi\/sv\/\"},{\"@type\":\"ListItem\",\"position\":2,\"name\":\"Lokall\u00f6sningar och lokaltj\u00e4nster\"}]},{\"@type\":\"WebSite\",\"@id\":\"https:\/\/www.senaatti.fi\/#website\",\"url\":\"https:\/\/www.senaatti.fi\/\",\"name\":\"Senaatti\",\"description\":\"Just another WordPress site\",\"publisher\":{\"@id\":\"https:\/\/www.senaatti.fi\/#organization\"},\"potentialAction\":[{\"@type\":\"SearchAction\",\"target\":{\"@type\":\"EntryPoint\",\"urlTemplate\":\"https:\/\/www.senaatti.fi\/?s={search_term_string}\"},\"query-input\":{\"@type\":\"PropertyValueSpecification\",\"valueRequired\":true,\"valueName\":\"search_term_string\"}}],\"inLanguage\":\"sv-SE\"},{\"@type\":\"Organization\",\"@id\":\"https:\/\/www.senaatti.fi\/#organization\",\"name\":\"Senaatti-kiinteist\u00f6t\",\"url\":\"https:\/\/www.senaatti.fi\/\",\"logo\":{\"@type\":\"ImageObject\",\"inLanguage\":\"sv-SE\",\"@id\":\"https:\/\/www.senaatti.fi\/#\/schema\/logo\/image\/\",\"url\":\"https:\/\/testi-e2c55b704894.senaatti.fi\/app\/uploads\/2021\/01\/Senaatti_FB_profiili_1200x630.png\",\"contentUrl\":\"https:\/\/testi-e2c55b704894.senaatti.fi\/app\/uploads\/2021\/01\/Senaatti_FB_profiili_1200x630.png\",\"width\":1201,\"height\":631,\"caption\":\"Senaatti-kiinteist\u00f6t\"},\"image\":{\"@id\":\"https:\/\/www.senaatti.fi\/#\/schema\/logo\/image\/\"},\"sameAs\":[\"https:\/\/www.facebook.com\/SenaattiKiinteistot\/\",\"https:\/\/x.com\/SenaattiK\",\"https:\/\/www.linkedin.com\/company\/senate-properties\",\"https:\/\/www.youtube.com\/channel\/UCunSUhMjKd5KqASPgBrndkQ\"]}]}<\/script>\n<!-- \/ Yoast SEO plugin. -->","yoast_head_json":{"title":"Lokall\u00f6sningar och lokaltj\u00e4nster - Senatfastigheter","description":"V\u00e5rt m\u00e5l \u00e4r att producera arbetsmilj\u00f6er f\u00f6r v\u00e5ra kunder med hj\u00e4lp av vilka arbetsprestandan f\u00f6rb\u00e4ttras och statens lokalkostnader s\u00e4nks.","robots":{"index":"noindex","follow":"follow","max-snippet":"max-snippet:-1","max-image-preview":"max-image-preview:large","max-video-preview":"max-video-preview:-1"},"og_locale":"sv_SE","og_type":"article","og_title":"Lokall\u00f6sningar och lokaltj\u00e4nster - Senatfastigheter","og_description":"V\u00e5rt m\u00e5l \u00e4r att producera arbetsmilj\u00f6er f\u00f6r v\u00e5ra kunder med hj\u00e4lp av vilka arbetsprestandan f\u00f6rb\u00e4ttras och statens lokalkostnader s\u00e4nks.","og_url":"https:\/\/testi-e2c55b704894.senaatti.fi\/sv\/lokallosningar-och-lokaltjanster\/","og_site_name":"Senaatti","article_publisher":"https:\/\/www.facebook.com\/SenaattiKiinteistot\/","article_modified_time":"2024-11-11T12:45:10+00:00","og_image":[{"width":1024,"height":538,"url":"https:\/\/testi-e2c55b704894.senaatti.fi\/app\/uploads\/2021\/01\/Senaatti_FB_profiili_1200x630-1024x538.png","type":"image\/png"}],"twitter_card":"summary_large_image","twitter_site":"@SenaattiK","twitter_misc":{"Ber\u00e4knad l\u00e4stid":"2 minuter"},"schema":{"@context":"https:\/\/schema.org","@graph":[{"@type":"WebPage","@id":"https:\/\/testi-e2c55b704894.senaatti.fi\/sv\/lokallosningar-och-lokaltjanster\/","url":"https:\/\/testi-e2c55b704894.senaatti.fi\/sv\/lokallosningar-och-lokaltjanster\/","name":"Lokall\u00f6sningar och lokaltj\u00e4nster - Senatfastigheter","isPartOf":{"@id":"https:\/\/www.senaatti.fi\/#website"},"datePublished":"2023-01-05T07:29:02+00:00","dateModified":"2024-11-11T12:45:10+00:00","description":"V\u00e5rt m\u00e5l \u00e4r att producera arbetsmilj\u00f6er f\u00f6r v\u00e5ra kunder med hj\u00e4lp av vilka arbetsprestandan f\u00f6rb\u00e4ttras och statens lokalkostnader s\u00e4nks.","breadcrumb":{"@id":"https:\/\/testi-e2c55b704894.senaatti.fi\/sv\/lokallosningar-och-lokaltjanster\/#breadcrumb"},"inLanguage":"sv-SE","potentialAction":[{"@type":"ReadAction","target":["https:\/\/testi-e2c55b704894.senaatti.fi\/sv\/lokallosningar-och-lokaltjanster\/"]}]},{"@type":"BreadcrumbList","@id":"https:\/\/testi-e2c55b704894.senaatti.fi\/sv\/lokallosningar-och-lokaltjanster\/#breadcrumb","itemListElement":[{"@type":"ListItem","position":1,"name":"Hem","item":"https:\/\/www.senaatti.fi\/sv\/"},{"@type":"ListItem","position":2,"name":"Lokall\u00f6sningar och lokaltj\u00e4nster"}]},{"@type":"WebSite","@id":"https:\/\/www.senaatti.fi\/#website","url":"https:\/\/www.senaatti.fi\/","name":"Senaatti","description":"Just another WordPress site","publisher":{"@id":"https:\/\/www.senaatti.fi\/#organization"},"potentialAction":[{"@type":"SearchAction","target":{"@type":"EntryPoint","urlTemplate":"https:\/\/www.senaatti.fi\/?s={search_term_string}"},"query-input":{"@type":"PropertyValueSpecification","valueRequired":true,"valueName":"search_term_string"}}],"inLanguage":"sv-SE"},{"@type":"Organization","@id":"https:\/\/www.senaatti.fi\/#organization","name":"Senaatti-kiinteist\u00f6t","url":"https:\/\/www.senaatti.fi\/","logo":{"@type":"ImageObject","inLanguage":"sv-SE","@id":"https:\/\/www.senaatti.fi\/#\/schema\/logo\/image\/","url":"https:\/\/testi-e2c55b704894.senaatti.fi\/app\/uploads\/2021\/01\/Senaatti_FB_profiili_1200x630.png","contentUrl":"https:\/\/testi-e2c55b704894.senaatti.fi\/app\/uploads\/2021\/01\/Senaatti_FB_profiili_1200x630.png","width":1201,"height":631,"caption":"Senaatti-kiinteist\u00f6t"},"image":{"@id":"https:\/\/www.senaatti.fi\/#\/schema\/logo\/image\/"},"sameAs":["https:\/\/www.facebook.com\/SenaattiKiinteistot\/","https:\/\/x.com\/SenaattiK","https:\/\/www.linkedin.com\/company\/senate-properties","https:\/\/www.youtube.com\/channel\/UCunSUhMjKd5KqASPgBrndkQ"]}]}},"publishpress_future_action":{"enabled":false,"date":"2026-05-03 10:35:30","action":"change-status","newStatus":"draft","terms":[],"taxonomy":"translation_priority"},"_links":{"self":[{"href":"https:\/\/testi-e2c55b704894.senaatti.fi\/sv\/wp-json\/wp\/v2\/pages\/59186","targetHints":{"allow":["GET"]}}],"collection":[{"href":"https:\/\/testi-e2c55b704894.senaatti.fi\/sv\/wp-json\/wp\/v2\/pages"}],"about":[{"href":"https:\/\/testi-e2c55b704894.senaatti.fi\/sv\/wp-json\/wp\/v2\/types\/page"}],"author":[{"embeddable":true,"href":"https:\/\/testi-e2c55b704894.senaatti.fi\/sv\/wp-json\/wp\/v2\/users\/67"}],"replies":[{"embeddable":true,"href":"https:\/\/testi-e2c55b704894.senaatti.fi\/sv\/wp-json\/wp\/v2\/comments?post=59186"}],"version-history":[{"count":10,"href":"https:\/\/testi-e2c55b704894.senaatti.fi\/sv\/wp-json\/wp\/v2\/pages\/59186\/revisions"}],"predecessor-version":[{"id":59984,"href":"https:\/\/testi-e2c55b704894.senaatti.fi\/sv\/wp-json\/wp\/v2\/pages\/59186\/revisions\/59984"}],"wp:attachment":[{"href":"https:\/\/testi-e2c55b704894.senaatti.fi\/sv\/wp-json\/wp\/v2\/media?parent=59186"}],"curies":[{"name":"wp","href":"https:\/\/api.w.org\/{rel}","templated":true}]}}