{"id":59215,"date":"2023-01-05T12:55:07","date_gmt":"2023-01-05T10:55:07","guid":{"rendered":"https:\/\/testi-e2c55b704894.senaatti.fi\/?page_id=59215"},"modified":"2024-11-11T15:15:30","modified_gmt":"2024-11-11T13:15:30","slug":"lokaltjanster","status":"publish","type":"page","link":"https:\/\/testi-e2c55b704894.senaatti.fi\/sv\/lokallosningar-och-lokaltjanster\/lokaltjanster\/","title":{"rendered":"Lokaltj\u00e4nster"},"content":{"rendered":"<div class=\"wpb-content-wrapper\"><p>[vc_row][vc_column][senaatti_hero heading=&#8221;Lokaltj\u00e4nster&#8221; text=&#8221;Ut\u00f6ver lokalerna och arbetsmilj\u00f6erna erbjuder vi v\u00e5ra kunder ett brett utbud av tj\u00e4nster i anslutning till lokalerna centraliserat fr\u00e5n ett st\u00e4lle. Till v\u00e5ra lokaltj\u00e4nster h\u00f6r bland annat reng\u00f6ringstj\u00e4nster, kontorstj\u00e4nster, m\u00f6tes- och cateringtj\u00e4nster, idrifttagnings- och flyttningstj\u00e4nster samt inredningstj\u00e4nster.&#8221; image=&#8221;57970&#8243;][\/vc_column][\/vc_row][vc_row][vc_column][vc_column_text]<\/p>\n<h2>L\u00e4mpligaste tj\u00e4nstel\u00f6sning \u2013 f\u00e4rdiga tj\u00e4nstekoncept enligt behov och situation<\/h2>\n<p>V\u00e5ra flexibla tj\u00e4nster beaktar ocks\u00e5 specialbehov i anslutning till tj\u00e4nsten och f\u00f6r\u00e4nderliga behov. I alla v\u00e5ra tj\u00e4nstehelheter ing\u00e5r tj\u00e4nsteledning och kvalitets\u00f6vervakning. Vid behov tillhandah\u00e5ller vi experttj\u00e4nster inom lokalitetstj\u00e4nster exempelvis f\u00f6r att st\u00f6dja konkurrensuts\u00e4ttning.<\/p>\n<p>Vi konkurrensuts\u00e4tter och levererar alla tj\u00e4nster i anslutning till lokaliteter. Vi producerar lokalitetstj\u00e4nster i synnerhet p\u00e5 st\u00e4llen med m\u00e5nga anv\u00e4ndare. Det \u00e4r effektivt att gemensamt konkurrensuts\u00e4tta tj\u00e4nster f\u00f6r m\u00e5nga anv\u00e4ndare, det ger skalf\u00f6rdelar och sparar resurser. Vi har ett n\u00e4ra samarbete med Hansel Ab och upphandlar tj\u00e4nster med beaktande av samh\u00e4llsansvaret.[\/vc_column_text][\/vc_column][\/vc_row][vc_row][vc_column][senaatti_iconliftcards heading=&#8221;V\u00e5ra lokaltj\u00e4nster&#8221; card=&#8221;%5B%7B%22description%22%3A%22Reng%C3%B6ringstj%C3%A4nster%22%2C%22dropdown_icons%22%3A%22https%3A%2F%2Ftesti-e2c55b704894.senaatti.fi%2Fapp%2Fthemes%2Fsenaatti-konserniuudistus%2Fdist%2Fimages%2Fdropdown-icons%2FSiivous_ikoni_outline_sin.png%22%7D%2C%7B%22description%22%3A%22Kontorstj%C3%A4nster%22%2C%22dropdown_icons%22%3A%22https%3A%2F%2Ftesti-e2c55b704894.senaatti.fi%2Fapp%2Fthemes%2Fsenaatti-konserniuudistus%2Fdist%2Fimages%2Fdropdown-icons%2Ftoimistopalvelut_outline_sin.svg%22%7D%2C%7B%22description%22%3A%22M%C3%B6tes-%20och%20cateringtj%C3%A4nster%22%2C%22dropdown_icons%22%3A%22https%3A%2F%2Ftesti-e2c55b704894.senaatti.fi%2Fapp%2Fthemes%2Fsenaatti-konserniuudistus%2Fdist%2Fimages%2Fdropdown-icons%2Fkokous_ikoni_outline_sin.png%22%7D%2C%7B%22description%22%3A%22Idrifttagnings-%20och%20flyttningstj%C3%A4nster%22%2C%22dropdown_icons%22%3A%22https%3A%2F%2Ftesti-e2c55b704894.senaatti.fi%2Fapp%2Fthemes%2Fsenaatti-konserniuudistus%2Fdist%2Fimages%2Fdropdown-icons%2Fmuutto_ikoni_outline_sin.png%22%7D%2C%7B%22description%22%3A%22Inredningstj%C3%A4nster%22%2C%22dropdown_icons%22%3A%22https%3A%2F%2Ftesti-e2c55b704894.senaatti.fi%2Fapp%2Fthemes%2Fsenaatti-konserniuudistus%2Fdist%2Fimages%2Fdropdown-icons%2Fhuonekalut_ikoni_outline_sin.png%22%7D%2C%7B%22description%22%3A%22Tj%C3%A4nster%20f%C3%B6r%20%C3%A5terbrukade%20m%C3%B6bler%22%2C%22dropdown_icons%22%3A%22https%3A%2F%2Ftesti-e2c55b704894.senaatti.fi%2Fapp%2Fthemes%2Fsenaatti-konserniuudistus%2Fdist%2Fimages%2Fdropdown-icons%2Fkalusteiden_kierratys_ikoni_outline_sin.svg%22%7D%5D&#8221;][\/vc_column][\/vc_row][vc_row][vc_column][senaatti_feature_lift heading=&#8221;Nyckelf\u00e4rdiga lokaler&#8221; text=&#8221;Vi levererar helheten enligt principen nyckelf\u00e4rdiga l\u00f6sningar. Vi kartl\u00e4gger ur statens lokalutbud eller p\u00e5 den privata marknaden en lokall\u00f6sning som motsvarar ditt behov. Vi sk\u00f6ter kartl\u00e4ggningen av lokalalternativen, f\u00f6rhandlingen om avtal och \u00f6vervakningen av \u00e4ndringsarbeten. Vid behov hj\u00e4lper vi med att omstrukturera on\u00f6diga hyresavtal.<\/p>\n<p>Vi s\u00e4kerst\u00e4ller att arbetsmilj\u00f6n med full service \u00e4r inflyttningsklar avtalsenligt. Vi hj\u00e4lper er att snabbt och smidigt komma ig\u00e5ng med det produktiva arbetet. Vi s\u00e4kerst\u00e4ller en kontinuerlig utveckling genom att finjustera arbetsmilj\u00f6n och arbetss\u00e4tten samt genom att administrera tj\u00e4nsteavtal.&#8221; image=&#8221;15697&#8243;][\/senaatti_feature_lift][\/vc_column][\/vc_row][vc_row][vc_column][senaatti_liftcards card=&#8221;%5B%7B%22label%22%3A%22Digitala%20lokaltj%C3%A4nster%22%2C%22link%22%3A%22url%3Ahttps%253A%252F%252Ftesti-e2c55b704894.senaatti.fi%252Fsv%252Flokallosningar-och-lokaltjanster%252Fdigitala-lokaltjanster%252F%7Ctitle%3AL%25C3%25A4s%2520mer%22%2C%22description%22%3A%22Det%20dagliga%20arbetet%20l%C3%B6per%20smidigt%20n%C3%A4r%20datakommunikationsf%C3%B6rbindelserna%20och%20sk%C3%A4rmarna%20p%C3%A5%20arbetsst%C3%A4llena%20fungerar%20och%20%C3%A4r%20enhetliga%20i%20hela%20landet.%20Vi%20utrustar%20de%20avtalade%20lokalerna%20med%20AV-teknik%20som%20m%C3%B6jligg%C3%B6r%20enkla%20kontakter%20och%20smidiga%20m%C3%B6ten.%20Vi%20har%20ocks%C3%A5%20infosk%C3%A4rmar%20eller%20tj%C3%A4nster%20som%20m%C3%A4ter%20utnyttjandegraden.%22%2C%22image%22%3A%2257973%22%7D%2C%7B%22label%22%3A%22S%C3%A4kerhetstj%C3%A4nster%22%2C%22link%22%3A%22url%3Ahttps%253A%252F%252Ftesti-e2c55b704894.senaatti.fi%252Fsv%252Flokallosningar-och-lokaltjanster%252Fsakerhetstjanster%252F%7Ctitle%3AL%25C3%25A4s%2520mer%22%2C%22description%22%3A%22Vi%20hj%C3%A4lper%20statsf%C3%B6rvaltningens%20organisationer%20att%20optimera%20s%C3%A4kerheten%20i%20sin%20arbetsmilj%C3%B6%20till%20r%C3%A4tt%20niv%C3%A5.%20Vid%20behov%20genomf%C3%B6r%20vi%20s%C3%A4kerhetsl%C3%B6sningarna%20och%20uppr%C3%A4tth%C3%A5ller%20den%20valda%20s%C3%A4kerhetsniv%C3%A5n%20samt%20utvecklar%20s%C3%A4kerhetskompetensen%20till%20exempel%20genom%20utbildning.%22%2C%22image%22%3A%2258021%22%7D%2C%7B%22label%22%3A%22Arbetsmilj%C3%B6tj%C3%A4nster%20f%C3%B6r%20ledningen%22%2C%22link%22%3A%22url%3Ahttps%253A%252F%252Ftesti-e2c55b704894.senaatti.fi%252Fsv%252Flokallosningar-och-lokaltjanster%252Farbetsmiljotjanster-for-ledningen%252F%7Ctitle%3AL%25C3%25A4s%2520mer%22%2C%22description%22%3A%22Vi%20hj%C3%A4lper%20till%20att%20f%C3%B6rnya%20arbetsmilj%C3%B6erna%20och%20s%C3%A4tten%20att%20arbeta.%20Vi%20engagerar%2C%20entusiasmerar%20och%20aktiverar%20de%20anst%C3%A4llda%20i%20f%C3%B6r%C3%A4ndringen.%20V%C3%A5ra%20tj%C3%A4nster%20omfattar%20bland%20annat%20arbetsmilj%C3%B6ledning%2C%20f%C3%B6r%C3%A4ndringsledning%2C%20utveckling%20av%20informationsarbetet%2C%20tj%C3%A4nstedesign%20och%20konsekvensbed%C3%B6mningar.%22%2C%22image%22%3A%2259312%22%7D%2C%7B%22label%22%3A%22Milj%C3%B6tj%C3%A4nster%22%2C%22link%22%3A%22url%3Ahttps%253A%252F%252Ftesti-e2c55b704894.senaatti.fi%252Fsv%252Fforsvarsfastigheter%252Ftjanster%252Fmiljotjanster%252F%7Ctitle%3AL%25C3%25A4s%2520mer%22%2C%22description%22%3A%22V%C3%A5ra%20erfarna%20experter%20inom%20F%C3%B6rsvarsfastigheter%20hj%C3%A4lper%20bland%20annat%20med%20milj%C3%B6-%20och%20naturutredningar%2C%20unders%C3%B6kning%20och%20sanering%20av%20f%C3%B6rorenad%20mark%2C%20milj%C3%B6tekniskt%20byggande%2C%20l%C3%B6sningar%20inom%20cirkul%C3%A4r%20ekonomi%2C%20uppf%C3%B6ljning%20av%20milj%C3%B6konsekvenser%20och%20myndighetsf%C3%B6rfaranden.%22%2C%22image%22%3A%2251598%22%7D%5D&#8221; heading=&#8221;V\u00e5ra andra tj\u00e4nster&#8221;][\/vc_column][\/vc_row]<\/p>\n<\/div>","protected":false},"excerpt":{"rendered":"<p>[vc_row][vc_column][senaatti_hero heading=&#8221;Lokaltj\u00e4nster&#8221; text=&#8221;Ut\u00f6ver lokalerna och arbetsmilj\u00f6erna erbjuder vi v\u00e5ra kunder ett brett utbud av tj\u00e4nster i anslutning till lokalerna centraliserat fr\u00e5n ett st\u00e4lle. Till v\u00e5ra lokaltj\u00e4nster h\u00f6r bland annat reng\u00f6ringstj\u00e4nster, kontorstj\u00e4nster, m\u00f6tes- och cateringtj\u00e4nster, idrifttagnings- och flyttningstj\u00e4nster samt inredningstj\u00e4nster.&#8221; image=&#8221;57970&#8243;][\/vc_column][\/vc_row][vc_row][vc_column][vc_column_text] L\u00e4mpligaste tj\u00e4nstel\u00f6sning \u2013 f\u00e4rdiga tj\u00e4nstekoncept enligt behov och situation V\u00e5ra flexibla tj\u00e4nster beaktar ocks\u00e5 specialbehov [&hellip;]<\/p>\n","protected":false},"author":67,"featured_media":0,"parent":59186,"menu_order":0,"comment_status":"closed","ping_status":"closed","template":"","meta":{"_acf_changed":false,"footnotes":""},"class_list":["post-59215","page","type-page","status-publish","hentry"],"acf":[],"yoast_head":"<!-- This site is optimized with the Yoast SEO plugin v23.9 - https:\/\/yoast.com\/wordpress\/plugins\/seo\/ -->\n<title>Lokaltj\u00e4nster - Senatfastigheter<\/title>\n<meta name=\"description\" content=\"Ut\u00f6ver lokalerna och arbetsmilj\u00f6erna erbjuder vi v\u00e5ra kunder ett brett utbud av tj\u00e4nster i anslutning till lokalerna fr\u00e5n ett st\u00e4lle.\" \/>\n<meta name=\"robots\" content=\"noindex, follow, max-snippet:-1, max-image-preview:large, max-video-preview:-1\" \/>\n<meta property=\"og:locale\" content=\"sv_SE\" \/>\n<meta property=\"og:type\" content=\"article\" \/>\n<meta property=\"og:title\" content=\"Lokaltj\u00e4nster - Senatfastigheter\" \/>\n<meta property=\"og:description\" content=\"Ut\u00f6ver lokalerna och arbetsmilj\u00f6erna erbjuder vi v\u00e5ra kunder ett brett utbud av tj\u00e4nster i anslutning till lokalerna fr\u00e5n ett st\u00e4lle.\" \/>\n<meta property=\"og:url\" content=\"https:\/\/testi-e2c55b704894.senaatti.fi\/sv\/lokallosningar-och-lokaltjanster\/lokaltjanster\/\" \/>\n<meta property=\"og:site_name\" content=\"Senaatti\" \/>\n<meta property=\"article:publisher\" content=\"https:\/\/www.facebook.com\/SenaattiKiinteistot\/\" \/>\n<meta property=\"article:modified_time\" content=\"2024-11-11T13:15:30+00:00\" \/>\n<meta property=\"og:image\" content=\"https:\/\/testi-e2c55b704894.senaatti.fi\/app\/uploads\/2021\/01\/Senaatti_FB_profiili_1200x630-1024x538.png\" \/>\n\t<meta property=\"og:image:width\" content=\"1024\" \/>\n\t<meta property=\"og:image:height\" content=\"538\" \/>\n\t<meta property=\"og:image:type\" content=\"image\/png\" \/>\n<meta name=\"twitter:card\" content=\"summary_large_image\" \/>\n<meta name=\"twitter:site\" content=\"@SenaattiK\" \/>\n<meta name=\"twitter:label1\" content=\"Ber\u00e4knad l\u00e4stid\" \/>\n\t<meta name=\"twitter:data1\" content=\"2 minuter\" \/>\n<script type=\"application\/ld+json\" class=\"yoast-schema-graph\">{\"@context\":\"https:\/\/schema.org\",\"@graph\":[{\"@type\":\"WebPage\",\"@id\":\"https:\/\/testi-e2c55b704894.senaatti.fi\/sv\/lokallosningar-och-lokaltjanster\/lokaltjanster\/\",\"url\":\"https:\/\/testi-e2c55b704894.senaatti.fi\/sv\/lokallosningar-och-lokaltjanster\/lokaltjanster\/\",\"name\":\"Lokaltj\u00e4nster - Senatfastigheter\",\"isPartOf\":{\"@id\":\"https:\/\/www.senaatti.fi\/#website\"},\"datePublished\":\"2023-01-05T10:55:07+00:00\",\"dateModified\":\"2024-11-11T13:15:30+00:00\",\"description\":\"Ut\u00f6ver lokalerna och arbetsmilj\u00f6erna erbjuder vi v\u00e5ra kunder ett brett utbud av tj\u00e4nster i anslutning till lokalerna fr\u00e5n ett st\u00e4lle.\",\"breadcrumb\":{\"@id\":\"https:\/\/testi-e2c55b704894.senaatti.fi\/sv\/lokallosningar-och-lokaltjanster\/lokaltjanster\/#breadcrumb\"},\"inLanguage\":\"sv-SE\",\"potentialAction\":[{\"@type\":\"ReadAction\",\"target\":[\"https:\/\/testi-e2c55b704894.senaatti.fi\/sv\/lokallosningar-och-lokaltjanster\/lokaltjanster\/\"]}]},{\"@type\":\"BreadcrumbList\",\"@id\":\"https:\/\/testi-e2c55b704894.senaatti.fi\/sv\/lokallosningar-och-lokaltjanster\/lokaltjanster\/#breadcrumb\",\"itemListElement\":[{\"@type\":\"ListItem\",\"position\":1,\"name\":\"Hem\",\"item\":\"https:\/\/www.senaatti.fi\/sv\/\"},{\"@type\":\"ListItem\",\"position\":2,\"name\":\"Lokall\u00f6sningar och lokaltj\u00e4nster\",\"item\":\"https:\/\/www.senaatti.fi\/sv\/lokallosningar-och-lokaltjanster\/\"},{\"@type\":\"ListItem\",\"position\":3,\"name\":\"Lokaltj\u00e4nster\"}]},{\"@type\":\"WebSite\",\"@id\":\"https:\/\/www.senaatti.fi\/#website\",\"url\":\"https:\/\/www.senaatti.fi\/\",\"name\":\"Senaatti\",\"description\":\"Just another WordPress site\",\"publisher\":{\"@id\":\"https:\/\/www.senaatti.fi\/#organization\"},\"potentialAction\":[{\"@type\":\"SearchAction\",\"target\":{\"@type\":\"EntryPoint\",\"urlTemplate\":\"https:\/\/www.senaatti.fi\/?s={search_term_string}\"},\"query-input\":{\"@type\":\"PropertyValueSpecification\",\"valueRequired\":true,\"valueName\":\"search_term_string\"}}],\"inLanguage\":\"sv-SE\"},{\"@type\":\"Organization\",\"@id\":\"https:\/\/www.senaatti.fi\/#organization\",\"name\":\"Senaatti-kiinteist\u00f6t\",\"url\":\"https:\/\/www.senaatti.fi\/\",\"logo\":{\"@type\":\"ImageObject\",\"inLanguage\":\"sv-SE\",\"@id\":\"https:\/\/www.senaatti.fi\/#\/schema\/logo\/image\/\",\"url\":\"https:\/\/testi-e2c55b704894.senaatti.fi\/app\/uploads\/2021\/01\/Senaatti_FB_profiili_1200x630.png\",\"contentUrl\":\"https:\/\/testi-e2c55b704894.senaatti.fi\/app\/uploads\/2021\/01\/Senaatti_FB_profiili_1200x630.png\",\"width\":1201,\"height\":631,\"caption\":\"Senaatti-kiinteist\u00f6t\"},\"image\":{\"@id\":\"https:\/\/www.senaatti.fi\/#\/schema\/logo\/image\/\"},\"sameAs\":[\"https:\/\/www.facebook.com\/SenaattiKiinteistot\/\",\"https:\/\/x.com\/SenaattiK\",\"https:\/\/www.linkedin.com\/company\/senate-properties\",\"https:\/\/www.youtube.com\/channel\/UCunSUhMjKd5KqASPgBrndkQ\"]}]}<\/script>\n<!-- \/ Yoast SEO plugin. -->","yoast_head_json":{"title":"Lokaltj\u00e4nster - Senatfastigheter","description":"Ut\u00f6ver lokalerna och arbetsmilj\u00f6erna erbjuder vi v\u00e5ra kunder ett brett utbud av tj\u00e4nster i anslutning till lokalerna fr\u00e5n ett st\u00e4lle.","robots":{"index":"noindex","follow":"follow","max-snippet":"max-snippet:-1","max-image-preview":"max-image-preview:large","max-video-preview":"max-video-preview:-1"},"og_locale":"sv_SE","og_type":"article","og_title":"Lokaltj\u00e4nster - Senatfastigheter","og_description":"Ut\u00f6ver lokalerna och arbetsmilj\u00f6erna erbjuder vi v\u00e5ra kunder ett brett utbud av tj\u00e4nster i anslutning till lokalerna fr\u00e5n ett st\u00e4lle.","og_url":"https:\/\/testi-e2c55b704894.senaatti.fi\/sv\/lokallosningar-och-lokaltjanster\/lokaltjanster\/","og_site_name":"Senaatti","article_publisher":"https:\/\/www.facebook.com\/SenaattiKiinteistot\/","article_modified_time":"2024-11-11T13:15:30+00:00","og_image":[{"width":1024,"height":538,"url":"https:\/\/testi-e2c55b704894.senaatti.fi\/app\/uploads\/2021\/01\/Senaatti_FB_profiili_1200x630-1024x538.png","type":"image\/png"}],"twitter_card":"summary_large_image","twitter_site":"@SenaattiK","twitter_misc":{"Ber\u00e4knad l\u00e4stid":"2 minuter"},"schema":{"@context":"https:\/\/schema.org","@graph":[{"@type":"WebPage","@id":"https:\/\/testi-e2c55b704894.senaatti.fi\/sv\/lokallosningar-och-lokaltjanster\/lokaltjanster\/","url":"https:\/\/testi-e2c55b704894.senaatti.fi\/sv\/lokallosningar-och-lokaltjanster\/lokaltjanster\/","name":"Lokaltj\u00e4nster - Senatfastigheter","isPartOf":{"@id":"https:\/\/www.senaatti.fi\/#website"},"datePublished":"2023-01-05T10:55:07+00:00","dateModified":"2024-11-11T13:15:30+00:00","description":"Ut\u00f6ver lokalerna och arbetsmilj\u00f6erna erbjuder vi v\u00e5ra kunder ett brett utbud av tj\u00e4nster i anslutning till lokalerna fr\u00e5n ett st\u00e4lle.","breadcrumb":{"@id":"https:\/\/testi-e2c55b704894.senaatti.fi\/sv\/lokallosningar-och-lokaltjanster\/lokaltjanster\/#breadcrumb"},"inLanguage":"sv-SE","potentialAction":[{"@type":"ReadAction","target":["https:\/\/testi-e2c55b704894.senaatti.fi\/sv\/lokallosningar-och-lokaltjanster\/lokaltjanster\/"]}]},{"@type":"BreadcrumbList","@id":"https:\/\/testi-e2c55b704894.senaatti.fi\/sv\/lokallosningar-och-lokaltjanster\/lokaltjanster\/#breadcrumb","itemListElement":[{"@type":"ListItem","position":1,"name":"Hem","item":"https:\/\/www.senaatti.fi\/sv\/"},{"@type":"ListItem","position":2,"name":"Lokall\u00f6sningar och lokaltj\u00e4nster","item":"https:\/\/www.senaatti.fi\/sv\/lokallosningar-och-lokaltjanster\/"},{"@type":"ListItem","position":3,"name":"Lokaltj\u00e4nster"}]},{"@type":"WebSite","@id":"https:\/\/www.senaatti.fi\/#website","url":"https:\/\/www.senaatti.fi\/","name":"Senaatti","description":"Just another WordPress site","publisher":{"@id":"https:\/\/www.senaatti.fi\/#organization"},"potentialAction":[{"@type":"SearchAction","target":{"@type":"EntryPoint","urlTemplate":"https:\/\/www.senaatti.fi\/?s={search_term_string}"},"query-input":{"@type":"PropertyValueSpecification","valueRequired":true,"valueName":"search_term_string"}}],"inLanguage":"sv-SE"},{"@type":"Organization","@id":"https:\/\/www.senaatti.fi\/#organization","name":"Senaatti-kiinteist\u00f6t","url":"https:\/\/www.senaatti.fi\/","logo":{"@type":"ImageObject","inLanguage":"sv-SE","@id":"https:\/\/www.senaatti.fi\/#\/schema\/logo\/image\/","url":"https:\/\/testi-e2c55b704894.senaatti.fi\/app\/uploads\/2021\/01\/Senaatti_FB_profiili_1200x630.png","contentUrl":"https:\/\/testi-e2c55b704894.senaatti.fi\/app\/uploads\/2021\/01\/Senaatti_FB_profiili_1200x630.png","width":1201,"height":631,"caption":"Senaatti-kiinteist\u00f6t"},"image":{"@id":"https:\/\/www.senaatti.fi\/#\/schema\/logo\/image\/"},"sameAs":["https:\/\/www.facebook.com\/SenaattiKiinteistot\/","https:\/\/x.com\/SenaattiK","https:\/\/www.linkedin.com\/company\/senate-properties","https:\/\/www.youtube.com\/channel\/UCunSUhMjKd5KqASPgBrndkQ"]}]}},"publishpress_future_action":{"enabled":false,"date":"2026-05-03 10:36:44","action":"change-status","newStatus":"draft","terms":[],"taxonomy":"translation_priority"},"_links":{"self":[{"href":"https:\/\/testi-e2c55b704894.senaatti.fi\/sv\/wp-json\/wp\/v2\/pages\/59215","targetHints":{"allow":["GET"]}}],"collection":[{"href":"https:\/\/testi-e2c55b704894.senaatti.fi\/sv\/wp-json\/wp\/v2\/pages"}],"about":[{"href":"https:\/\/testi-e2c55b704894.senaatti.fi\/sv\/wp-json\/wp\/v2\/types\/page"}],"author":[{"embeddable":true,"href":"https:\/\/testi-e2c55b704894.senaatti.fi\/sv\/wp-json\/wp\/v2\/users\/67"}],"replies":[{"embeddable":true,"href":"https:\/\/testi-e2c55b704894.senaatti.fi\/sv\/wp-json\/wp\/v2\/comments?post=59215"}],"version-history":[{"count":9,"href":"https:\/\/testi-e2c55b704894.senaatti.fi\/sv\/wp-json\/wp\/v2\/pages\/59215\/revisions"}],"predecessor-version":[{"id":62503,"href":"https:\/\/testi-e2c55b704894.senaatti.fi\/sv\/wp-json\/wp\/v2\/pages\/59215\/revisions\/62503"}],"up":[{"embeddable":true,"href":"https:\/\/testi-e2c55b704894.senaatti.fi\/sv\/wp-json\/wp\/v2\/pages\/59186"}],"wp:attachment":[{"href":"https:\/\/testi-e2c55b704894.senaatti.fi\/sv\/wp-json\/wp\/v2\/media?parent=59215"}],"curies":[{"name":"wp","href":"https:\/\/api.w.org\/{rel}","templated":true}]}}