{"id":59222,"date":"2023-01-05T12:57:23","date_gmt":"2023-01-05T10:57:23","guid":{"rendered":"https:\/\/testi-e2c55b704894.senaatti.fi\/?page_id=59222"},"modified":"2024-11-11T15:33:57","modified_gmt":"2024-11-11T13:33:57","slug":"digitala-lokaltjanster","status":"publish","type":"page","link":"https:\/\/testi-e2c55b704894.senaatti.fi\/sv\/lokallosningar-och-lokaltjanster\/digitala-lokaltjanster\/","title":{"rendered":"Digitala lokaltj\u00e4nster"},"content":{"rendered":"<div class=\"wpb-content-wrapper\"><p>[vc_row][vc_column][senaatti_hero heading=&#8221;Digitala lokaltj\u00e4nster&#8221; text=&#8221;Det dagliga arbetet l\u00f6per smidigt n\u00e4r datakommunikationsf\u00f6rbindelserna och sk\u00e4rmarna p\u00e5 arbetsst\u00e4llena fungerar och \u00e4r enhetliga i hela landet. Vi utrustar de avtalade lokalerna med AV-teknik som m\u00f6jligg\u00f6r enkla kontakter och smidiga m\u00f6ten. Vi har ocks\u00e5 infosk\u00e4rmar eller tj\u00e4nster som m\u00e4ter utnyttjandegraden&#8221; image=&#8221;57973&#8243;][\/vc_column][\/vc_row][vc_row][vc_column][vc_column_text remove_empty_space_above=&#8221;true&#8221;]<\/p>\n<h2>Utveckling av beredskap f\u00f6r digitalt arbete<\/h2>\n<p>Utg\u00e5ngspunkten f\u00f6r v\u00e5ra arbetsmilj\u00f6l\u00f6sningar \u00e4r att st\u00f6dja ett smidigt mobilt och multilokalt arbete. Detta f\u00f6ruts\u00e4tter till exempel tr\u00e5dl\u00f6sa n\u00e4tverk, modern och anv\u00e4ndarv\u00e4nlig m\u00f6tes- och AV-teknik, l\u00f6sningar f\u00f6r s\u00e4kra utskrifter samt smarta l\u00f6sningar f\u00f6r passagekontroll och arbetstids\u00f6vervakning.<\/p>\n<p>Vi har ett n\u00e4ra samarbete med Statens center f\u00f6r informations- och kommunikationsteknik Valtori.[\/vc_column_text][\/vc_column][\/vc_row][vc_row][vc_column][senaatti_iconliftcards heading=&#8221;V\u00e5ra digitala lokaltj\u00e4nster&#8221; card=&#8221;%5B%7B%22description%22%3A%22Tj%C3%A4nster%20med%20infosk%C3%A4rmar%20%22%2C%22dropdown_icons%22%3A%22https%3A%2F%2Ftesti-e2c55b704894.senaatti.fi%2Fapp%2Fthemes%2Fsenaatti-konserniuudistus%2Fdist%2Fimages%2Fdropdown-icons%2Finfonaytto_ikoni_outline_sin.png%22%7D%2C%7B%22description%22%3A%22Tj%C3%A4nster%20f%C3%B6r%20lokalbokningssystem%22%2C%22dropdown_icons%22%3A%22https%3A%2F%2Ftesti-e2c55b704894.senaatti.fi%2Fapp%2Fthemes%2Fsenaatti-konserniuudistus%2Fdist%2Fimages%2Fdropdown-icons%2Fkello_ikoni_outline_sin.png%22%7D%2C%7B%22description%22%3A%22AV-teknik%20och%20-tj%C3%A4nster%20f%C3%B6r%20lokaler%22%2C%22dropdown_icons%22%3A%22https%3A%2F%2Ftesti-e2c55b704894.senaatti.fi%2Fapp%2Fthemes%2Fsenaatti-konserniuudistus%2Fdist%2Fimages%2Fdropdown-icons%2FStrategia_ikoni_outline_sin.png%22%7D%2C%7B%22description%22%3A%22Tj%C3%A4nster%20f%C3%B6r%20m%C3%A4tning%20av%20utnyttjandegrad%22%2C%22dropdown_icons%22%3A%22https%3A%2F%2Ftesti-e2c55b704894.senaatti.fi%2Fapp%2Fthemes%2Fsenaatti-konserniuudistus%2Fdist%2Fimages%2Fdropdown-icons%2Fkaavio_ikoni_outline_sin.png%22%7D%2C%7B%22description%22%3A%22IKT-tj%C3%A4nster%20f%C3%B6r%20gemensamma%20arbetsmilj%C3%B6er%22%2C%22dropdown_icons%22%3A%22https%3A%2F%2Ftesti-e2c55b704894.senaatti.fi%2Fapp%2Fthemes%2Fsenaatti-konserniuudistus%2Fdist%2Fimages%2Fdropdown-icons%2Fwifi_ikoni_outline_sin.svg%22%7D%5D&#8221;][\/vc_column][\/vc_row][vc_row][vc_column][senaatti_liftcards card=&#8221;%5B%7B%22label%22%3A%22Senatfastigheters%20e-tj%C3%A4nster%22%2C%22link%22%3A%22url%3Ahttps%253A%252F%252Fwww.senaattila.fi%252F%7Ctitle%3ATill%2520Senaattila%7Ctarget%3A_blank%22%2C%22description%22%3A%22V%C3%A4lkommen%20till%20Senatkoncernens%20e-tj%C3%A4nster.%20H%C3%A4r%20kan%20du%20bland%20annat%20l%C3%A4mna%20in%20en%20servicebeg%C3%A4ran%20eller%20boka%20ett%20rum.%20Tj%C3%A4nsterna%20f%C3%A5r%20du%20tillg%C3%A5ng%20till%20genom%20att%20registrera%20dig%20som%20anv%C3%A4ndare.%20Sedan%20anv%C3%A4nder%20du%20Virtu%20eller%20den%20e-postkod%20som%20du%20har%20skapat%20f%C3%B6r%20att%20logga%20in%20p%C3%A5%20tj%C3%A4nsterna.%22%2C%22image%22%3A%2231094%22%7D%2C%7B%22label%22%3A%22Servicebeg%C3%A4ran%20med%20QR-kod%22%2C%22link%22%3A%22url%3Ahttps%253A%252F%252Ftesti-e2c55b704894.senaatti.fi%252Fsv%252Fom-oss%252Finomhusforhallanden%252Fsnabbrespons%252F%7Ctitle%3AL%25C3%25A4s%2520mer%22%2C%22description%22%3A%22%C3%84r%20det%20f%C3%B6r%20kallt%20i%20arbetsrummet%3F%20Eller%20har%20en%20lampa%20slocknat%3F%20Det%20g%C3%A5r%20l%C3%A4tt%20att%20ge%20respons%20om%20Senatfastigheters%20lokaler%20genom%20att%20med%20mobilen%20skanna%20den%20QR-kod%20som%20finns%20p%C3%A5%20v%C3%A4ggen.%20Informationen%20g%C3%A5r%20direkt%20till%20fastighetsf%C3%B6rvaltarna%2C%20och%20problemet%20kan%20%C3%A5tg%C3%A4rdas%20snabbt.%22%2C%22image%22%3A%2258206%22%7D%5D&#8221;][\/vc_column][\/vc_row][vc_row][vc_column][senaatti_liftcards card=&#8221;%5B%7B%22label%22%3A%22Lokaltj%C3%A4nster%22%2C%22link%22%3A%22url%3Ahttps%253A%252F%252Ftesti-e2c55b704894.senaatti.fi%252Fsv%252Flokallosningar-och-lokaltjanster%252Flokaltjanster%252F%7Ctitle%3AL%25C3%25A4s%2520mer%22%2C%22description%22%3A%22Ut%C3%B6ver%20lokalerna%20och%20arbetsmilj%C3%B6erna%20erbjuder%20vi%20v%C3%A5ra%20kunder%20ett%20brett%20utbud%20av%20tj%C3%A4nster%20i%20anslutning%20till%20lokalerna%20centraliserat%20fr%C3%A5n%20ett%20st%C3%A4lle.%20Till%20v%C3%A5ra%20lokaltj%C3%A4nster%20h%C3%B6r%20bland%20annat%20reng%C3%B6ringstj%C3%A4nster%2C%20kontorstj%C3%A4nster%2C%20m%C3%B6tes-%20och%20cateringtj%C3%A4nster%2C%20idrifttagnings-%20och%20flyttningstj%C3%A4nster%20samt%20inredningstj%C3%A4nster.%22%2C%22image%22%3A%2257970%22%7D%2C%7B%22label%22%3A%22S%C3%A4kerhetstj%C3%A4nster%22%2C%22link%22%3A%22url%3Ahttps%253A%252F%252Ftesti-e2c55b704894.senaatti.fi%252Fsv%252Flokallosningar-och-lokaltjanster%252Fsakerhetstjanster%252F%7Ctitle%3AL%25C3%25A4s%2520mer%22%2C%22description%22%3A%22Vi%20hj%C3%A4lper%20statsf%C3%B6rvaltningens%20organisationer%20att%20optimera%20s%C3%A4kerheten%20i%20sin%20arbetsmilj%C3%B6%20till%20r%C3%A4tt%20niv%C3%A5.%20Vid%20behov%20genomf%C3%B6r%20vi%20s%C3%A4kerhetsl%C3%B6sningarna%20och%20uppr%C3%A4tth%C3%A5ller%20den%20valda%20s%C3%A4kerhetsniv%C3%A5n%20samt%20utvecklar%20s%C3%A4kerhetskompetensen%20till%20exempel%20genom%20utbildning.%22%2C%22image%22%3A%2258021%22%7D%2C%7B%22label%22%3A%22Arbetsmilj%C3%B6tj%C3%A4nster%20f%C3%B6r%20ledningen%22%2C%22link%22%3A%22url%3Ahttps%253A%252F%252Ftesti-e2c55b704894.senaatti.fi%252Fsv%252Flokallosningar-och-lokaltjanster%252Farbetsmiljotjanster-for-ledningen%252F%7Ctitle%3AL%25C3%25A4s%2520mer%22%2C%22description%22%3A%22Vi%20hj%C3%A4lper%20till%20att%20f%C3%B6rnya%20arbetsmilj%C3%B6erna%20och%20s%C3%A4tten%20att%20arbeta.%20Vi%20engagerar%2C%20entusiasmerar%20och%20aktiverar%20de%20anst%C3%A4llda%20i%20f%C3%B6r%C3%A4ndringen.%20V%C3%A5ra%20tj%C3%A4nster%20omfattar%20bland%20annat%20arbetsmilj%C3%B6ledning%2C%20f%C3%B6r%C3%A4ndringsledning%2C%20utveckling%20av%20informationsarbetet%2C%20tj%C3%A4nstedesign%20och%20konsekvensbed%C3%B6mningar.%22%2C%22image%22%3A%2259312%22%7D%2C%7B%22label%22%3A%22Milj%C3%B6tj%C3%A4nster%22%2C%22link%22%3A%22url%3Ahttps%253A%252F%252Ftesti-e2c55b704894.senaatti.fi%252Fsv%252Fforsvarsfastigheter%252Ftjanster%252Fmiljotjanster%252F%7Ctitle%3AL%25C3%25A4s%2520mer%22%2C%22description%22%3A%22V%C3%A5ra%20erfarna%20experter%20inom%20F%C3%B6rsvarsfastigheter%20hj%C3%A4lper%20bland%20annat%20med%20milj%C3%B6-%20och%20naturutredningar%2C%20unders%C3%B6kning%20och%20sanering%20av%20f%C3%B6rorenad%20mark%2C%20milj%C3%B6tekniskt%20byggande%2C%20l%C3%B6sningar%20inom%20cirkul%C3%A4r%20ekonomi%2C%20uppf%C3%B6ljning%20av%20milj%C3%B6konsekvenser%20och%20myndighetsf%C3%B6rfaranden.%22%2C%22image%22%3A%2251598%22%7D%5D&#8221; heading=&#8221;V\u00e5ra andra tj\u00e4nster&#8221;][\/vc_column][\/vc_row]<\/p>\n<\/div>","protected":false},"excerpt":{"rendered":"<p>[vc_row][vc_column][senaatti_hero heading=&#8221;Digitala lokaltj\u00e4nster&#8221; text=&#8221;Det dagliga arbetet l\u00f6per smidigt n\u00e4r datakommunikationsf\u00f6rbindelserna och sk\u00e4rmarna p\u00e5 arbetsst\u00e4llena fungerar och \u00e4r enhetliga i hela landet. Vi utrustar de avtalade lokalerna med AV-teknik som m\u00f6jligg\u00f6r enkla kontakter och smidiga m\u00f6ten. Vi har ocks\u00e5 infosk\u00e4rmar eller tj\u00e4nster som m\u00e4ter utnyttjandegraden&#8221; image=&#8221;57973&#8243;][\/vc_column][\/vc_row][vc_row][vc_column][vc_column_text remove_empty_space_above=&#8221;true&#8221;] Utveckling av beredskap f\u00f6r digitalt arbete Utg\u00e5ngspunkten f\u00f6r v\u00e5ra [&hellip;]<\/p>\n","protected":false},"author":67,"featured_media":0,"parent":59186,"menu_order":0,"comment_status":"closed","ping_status":"closed","template":"","meta":{"_acf_changed":false,"footnotes":""},"class_list":["post-59222","page","type-page","status-publish","hentry"],"acf":[],"yoast_head":"<!-- This site is optimized with the Yoast SEO plugin v23.9 - https:\/\/yoast.com\/wordpress\/plugins\/seo\/ -->\n<title>Digitala lokaltj\u00e4nster - Senatfastigheter<\/title>\n<meta name=\"description\" content=\"Vi utrustar de avtalade lokalerna med AV-teknik som m\u00f6jligg\u00f6r enkla kontakter och smidiga m\u00f6ten.\" \/>\n<meta name=\"robots\" content=\"noindex, follow, max-snippet:-1, max-image-preview:large, max-video-preview:-1\" \/>\n<meta property=\"og:locale\" content=\"sv_SE\" \/>\n<meta property=\"og:type\" content=\"article\" \/>\n<meta property=\"og:title\" content=\"Digitala lokaltj\u00e4nster - Senatfastigheter\" \/>\n<meta property=\"og:description\" content=\"Vi utrustar de avtalade lokalerna med AV-teknik som m\u00f6jligg\u00f6r enkla kontakter och smidiga m\u00f6ten.\" \/>\n<meta property=\"og:url\" content=\"https:\/\/testi-e2c55b704894.senaatti.fi\/sv\/lokallosningar-och-lokaltjanster\/digitala-lokaltjanster\/\" \/>\n<meta property=\"og:site_name\" content=\"Senaatti\" \/>\n<meta property=\"article:publisher\" content=\"https:\/\/www.facebook.com\/SenaattiKiinteistot\/\" \/>\n<meta property=\"article:modified_time\" content=\"2024-11-11T13:33:57+00:00\" \/>\n<meta property=\"og:image\" content=\"https:\/\/testi-e2c55b704894.senaatti.fi\/app\/uploads\/2021\/01\/Senaatti_FB_profiili_1200x630-1024x538.png\" \/>\n\t<meta property=\"og:image:width\" content=\"1024\" \/>\n\t<meta property=\"og:image:height\" content=\"538\" \/>\n\t<meta property=\"og:image:type\" content=\"image\/png\" \/>\n<meta name=\"twitter:card\" content=\"summary_large_image\" \/>\n<meta name=\"twitter:site\" content=\"@SenaattiK\" \/>\n<meta name=\"twitter:label1\" content=\"Ber\u00e4knad l\u00e4stid\" \/>\n\t<meta name=\"twitter:data1\" content=\"1 minut\" \/>\n<script type=\"application\/ld+json\" class=\"yoast-schema-graph\">{\"@context\":\"https:\/\/schema.org\",\"@graph\":[{\"@type\":\"WebPage\",\"@id\":\"https:\/\/testi-e2c55b704894.senaatti.fi\/sv\/lokallosningar-och-lokaltjanster\/digitala-lokaltjanster\/\",\"url\":\"https:\/\/testi-e2c55b704894.senaatti.fi\/sv\/lokallosningar-och-lokaltjanster\/digitala-lokaltjanster\/\",\"name\":\"Digitala lokaltj\u00e4nster - Senatfastigheter\",\"isPartOf\":{\"@id\":\"https:\/\/www.senaatti.fi\/#website\"},\"datePublished\":\"2023-01-05T10:57:23+00:00\",\"dateModified\":\"2024-11-11T13:33:57+00:00\",\"description\":\"Vi utrustar de avtalade lokalerna med AV-teknik som m\u00f6jligg\u00f6r enkla kontakter och smidiga m\u00f6ten.\",\"breadcrumb\":{\"@id\":\"https:\/\/testi-e2c55b704894.senaatti.fi\/sv\/lokallosningar-och-lokaltjanster\/digitala-lokaltjanster\/#breadcrumb\"},\"inLanguage\":\"sv-SE\",\"potentialAction\":[{\"@type\":\"ReadAction\",\"target\":[\"https:\/\/testi-e2c55b704894.senaatti.fi\/sv\/lokallosningar-och-lokaltjanster\/digitala-lokaltjanster\/\"]}]},{\"@type\":\"BreadcrumbList\",\"@id\":\"https:\/\/testi-e2c55b704894.senaatti.fi\/sv\/lokallosningar-och-lokaltjanster\/digitala-lokaltjanster\/#breadcrumb\",\"itemListElement\":[{\"@type\":\"ListItem\",\"position\":1,\"name\":\"Hem\",\"item\":\"https:\/\/www.senaatti.fi\/sv\/\"},{\"@type\":\"ListItem\",\"position\":2,\"name\":\"Lokall\u00f6sningar och lokaltj\u00e4nster\",\"item\":\"https:\/\/www.senaatti.fi\/sv\/lokallosningar-och-lokaltjanster\/\"},{\"@type\":\"ListItem\",\"position\":3,\"name\":\"Digitala lokaltj\u00e4nster\"}]},{\"@type\":\"WebSite\",\"@id\":\"https:\/\/www.senaatti.fi\/#website\",\"url\":\"https:\/\/www.senaatti.fi\/\",\"name\":\"Senaatti\",\"description\":\"Just another WordPress site\",\"publisher\":{\"@id\":\"https:\/\/www.senaatti.fi\/#organization\"},\"potentialAction\":[{\"@type\":\"SearchAction\",\"target\":{\"@type\":\"EntryPoint\",\"urlTemplate\":\"https:\/\/www.senaatti.fi\/?s={search_term_string}\"},\"query-input\":{\"@type\":\"PropertyValueSpecification\",\"valueRequired\":true,\"valueName\":\"search_term_string\"}}],\"inLanguage\":\"sv-SE\"},{\"@type\":\"Organization\",\"@id\":\"https:\/\/www.senaatti.fi\/#organization\",\"name\":\"Senaatti-kiinteist\u00f6t\",\"url\":\"https:\/\/www.senaatti.fi\/\",\"logo\":{\"@type\":\"ImageObject\",\"inLanguage\":\"sv-SE\",\"@id\":\"https:\/\/www.senaatti.fi\/#\/schema\/logo\/image\/\",\"url\":\"https:\/\/testi-e2c55b704894.senaatti.fi\/app\/uploads\/2021\/01\/Senaatti_FB_profiili_1200x630.png\",\"contentUrl\":\"https:\/\/testi-e2c55b704894.senaatti.fi\/app\/uploads\/2021\/01\/Senaatti_FB_profiili_1200x630.png\",\"width\":1201,\"height\":631,\"caption\":\"Senaatti-kiinteist\u00f6t\"},\"image\":{\"@id\":\"https:\/\/www.senaatti.fi\/#\/schema\/logo\/image\/\"},\"sameAs\":[\"https:\/\/www.facebook.com\/SenaattiKiinteistot\/\",\"https:\/\/x.com\/SenaattiK\",\"https:\/\/www.linkedin.com\/company\/senate-properties\",\"https:\/\/www.youtube.com\/channel\/UCunSUhMjKd5KqASPgBrndkQ\"]}]}<\/script>\n<!-- \/ Yoast SEO plugin. -->","yoast_head_json":{"title":"Digitala lokaltj\u00e4nster - Senatfastigheter","description":"Vi utrustar de avtalade lokalerna med AV-teknik som m\u00f6jligg\u00f6r enkla kontakter och smidiga m\u00f6ten.","robots":{"index":"noindex","follow":"follow","max-snippet":"max-snippet:-1","max-image-preview":"max-image-preview:large","max-video-preview":"max-video-preview:-1"},"og_locale":"sv_SE","og_type":"article","og_title":"Digitala lokaltj\u00e4nster - Senatfastigheter","og_description":"Vi utrustar de avtalade lokalerna med AV-teknik som m\u00f6jligg\u00f6r enkla kontakter och smidiga m\u00f6ten.","og_url":"https:\/\/testi-e2c55b704894.senaatti.fi\/sv\/lokallosningar-och-lokaltjanster\/digitala-lokaltjanster\/","og_site_name":"Senaatti","article_publisher":"https:\/\/www.facebook.com\/SenaattiKiinteistot\/","article_modified_time":"2024-11-11T13:33:57+00:00","og_image":[{"width":1024,"height":538,"url":"https:\/\/testi-e2c55b704894.senaatti.fi\/app\/uploads\/2021\/01\/Senaatti_FB_profiili_1200x630-1024x538.png","type":"image\/png"}],"twitter_card":"summary_large_image","twitter_site":"@SenaattiK","twitter_misc":{"Ber\u00e4knad l\u00e4stid":"1 minut"},"schema":{"@context":"https:\/\/schema.org","@graph":[{"@type":"WebPage","@id":"https:\/\/testi-e2c55b704894.senaatti.fi\/sv\/lokallosningar-och-lokaltjanster\/digitala-lokaltjanster\/","url":"https:\/\/testi-e2c55b704894.senaatti.fi\/sv\/lokallosningar-och-lokaltjanster\/digitala-lokaltjanster\/","name":"Digitala lokaltj\u00e4nster - Senatfastigheter","isPartOf":{"@id":"https:\/\/www.senaatti.fi\/#website"},"datePublished":"2023-01-05T10:57:23+00:00","dateModified":"2024-11-11T13:33:57+00:00","description":"Vi utrustar de avtalade lokalerna med AV-teknik som m\u00f6jligg\u00f6r enkla kontakter och smidiga m\u00f6ten.","breadcrumb":{"@id":"https:\/\/testi-e2c55b704894.senaatti.fi\/sv\/lokallosningar-och-lokaltjanster\/digitala-lokaltjanster\/#breadcrumb"},"inLanguage":"sv-SE","potentialAction":[{"@type":"ReadAction","target":["https:\/\/testi-e2c55b704894.senaatti.fi\/sv\/lokallosningar-och-lokaltjanster\/digitala-lokaltjanster\/"]}]},{"@type":"BreadcrumbList","@id":"https:\/\/testi-e2c55b704894.senaatti.fi\/sv\/lokallosningar-och-lokaltjanster\/digitala-lokaltjanster\/#breadcrumb","itemListElement":[{"@type":"ListItem","position":1,"name":"Hem","item":"https:\/\/www.senaatti.fi\/sv\/"},{"@type":"ListItem","position":2,"name":"Lokall\u00f6sningar och lokaltj\u00e4nster","item":"https:\/\/www.senaatti.fi\/sv\/lokallosningar-och-lokaltjanster\/"},{"@type":"ListItem","position":3,"name":"Digitala lokaltj\u00e4nster"}]},{"@type":"WebSite","@id":"https:\/\/www.senaatti.fi\/#website","url":"https:\/\/www.senaatti.fi\/","name":"Senaatti","description":"Just another WordPress site","publisher":{"@id":"https:\/\/www.senaatti.fi\/#organization"},"potentialAction":[{"@type":"SearchAction","target":{"@type":"EntryPoint","urlTemplate":"https:\/\/www.senaatti.fi\/?s={search_term_string}"},"query-input":{"@type":"PropertyValueSpecification","valueRequired":true,"valueName":"search_term_string"}}],"inLanguage":"sv-SE"},{"@type":"Organization","@id":"https:\/\/www.senaatti.fi\/#organization","name":"Senaatti-kiinteist\u00f6t","url":"https:\/\/www.senaatti.fi\/","logo":{"@type":"ImageObject","inLanguage":"sv-SE","@id":"https:\/\/www.senaatti.fi\/#\/schema\/logo\/image\/","url":"https:\/\/testi-e2c55b704894.senaatti.fi\/app\/uploads\/2021\/01\/Senaatti_FB_profiili_1200x630.png","contentUrl":"https:\/\/testi-e2c55b704894.senaatti.fi\/app\/uploads\/2021\/01\/Senaatti_FB_profiili_1200x630.png","width":1201,"height":631,"caption":"Senaatti-kiinteist\u00f6t"},"image":{"@id":"https:\/\/www.senaatti.fi\/#\/schema\/logo\/image\/"},"sameAs":["https:\/\/www.facebook.com\/SenaattiKiinteistot\/","https:\/\/x.com\/SenaattiK","https:\/\/www.linkedin.com\/company\/senate-properties","https:\/\/www.youtube.com\/channel\/UCunSUhMjKd5KqASPgBrndkQ"]}]}},"publishpress_future_action":{"enabled":false,"date":"2026-05-03 10:36:39","action":"change-status","newStatus":"draft","terms":[],"taxonomy":"translation_priority"},"_links":{"self":[{"href":"https:\/\/testi-e2c55b704894.senaatti.fi\/sv\/wp-json\/wp\/v2\/pages\/59222","targetHints":{"allow":["GET"]}}],"collection":[{"href":"https:\/\/testi-e2c55b704894.senaatti.fi\/sv\/wp-json\/wp\/v2\/pages"}],"about":[{"href":"https:\/\/testi-e2c55b704894.senaatti.fi\/sv\/wp-json\/wp\/v2\/types\/page"}],"author":[{"embeddable":true,"href":"https:\/\/testi-e2c55b704894.senaatti.fi\/sv\/wp-json\/wp\/v2\/users\/67"}],"replies":[{"embeddable":true,"href":"https:\/\/testi-e2c55b704894.senaatti.fi\/sv\/wp-json\/wp\/v2\/comments?post=59222"}],"version-history":[{"count":6,"href":"https:\/\/testi-e2c55b704894.senaatti.fi\/sv\/wp-json\/wp\/v2\/pages\/59222\/revisions"}],"predecessor-version":[{"id":62508,"href":"https:\/\/testi-e2c55b704894.senaatti.fi\/sv\/wp-json\/wp\/v2\/pages\/59222\/revisions\/62508"}],"up":[{"embeddable":true,"href":"https:\/\/testi-e2c55b704894.senaatti.fi\/sv\/wp-json\/wp\/v2\/pages\/59186"}],"wp:attachment":[{"href":"https:\/\/testi-e2c55b704894.senaatti.fi\/sv\/wp-json\/wp\/v2\/media?parent=59222"}],"curies":[{"name":"wp","href":"https:\/\/api.w.org\/{rel}","templated":true}]}}