{"id":63782,"date":"2023-05-15T16:31:30","date_gmt":"2023-05-15T13:31:30","guid":{"rendered":"https:\/\/testi-e2c55b704894.senaatti.fi\/?page_id=63782"},"modified":"2024-02-01T13:44:40","modified_gmt":"2024-02-01T11:44:40","slug":"vad-gor-senatfastigheter-for-battre-inomhusforhallanden","status":"publish","type":"page","link":"https:\/\/testi-e2c55b704894.senaatti.fi\/sv\/om-oss\/inomhusforhallanden\/vad-gor-senatfastigheter-for-battre-inomhusforhallanden\/","title":{"rendered":"Vad g\u00f6r Senatfastigheter f\u00f6r b\u00e4ttre inomhusf\u00f6rh\u00e5llanden"},"content":{"rendered":"<div class=\"wpb-content-wrapper\"><p>[vc_row][vc_column][senaatti_hero heading=&#8221;Vad g\u00f6r Senatfastigheter f\u00f6r b\u00e4ttre inomhusf\u00f6rh\u00e5llanden?&#8221; image=&#8221;59310&#8243;][\/vc_column][\/vc_row][vc_row][vc_column][vc_column_text remove_empty_space_above=&#8221;true&#8221;]Att uppr\u00e4tth\u00e5lla och s\u00e4kerst\u00e4lla goda inomhusf\u00f6rh\u00e5llanden utg\u00f6r en del av allt det vi g\u00f6r. I enlighet med statens lokalstrategi har sk\u00f6tseln av statens lokal\u00e4renden centraliserats till Senatfastigheter. N\u00e4r kunden vill ha nya lokalarrangemang eller lokaler till exempel p\u00e5 grund av f\u00f6r\u00e4ndringar i verksamheten eller f\u00f6r att effektivisera anv\u00e4ndningen av lokalerna, hj\u00e4lper Senatfastigheter med att fastst\u00e4lla lokalm\u00e5len och kvalitetsniv\u00e5n samt med att j\u00e4mf\u00f6ra och v\u00e4lja det b\u00e4sta lokalalternativet.<\/p>\n<p>\u00d6ver 600 byggnader omfattas av byggnadsbesiktningar. Vi \u00f6vervakar regelbundet byggnadernas och ventilationssystemets kondition. M\u00e5let \u00e4r att \u00f6ver 90 % av de anst\u00e4llda hos v\u00e5ra kunder ska arbeta i besiktade lokaler. Dessutom har vi utf\u00f6rt radonm\u00e4tningar i \u00f6ver 700 byggnader och vid behov gjort radonsaneringar och s\u00e4kerst\u00e4llt att saneringen har lyckats. Radon \u00e4r ett s\u00e4rskilt inomhusproblem i Finland.<\/p>\n<p>F\u00f6r n\u00e4rvarande p\u00e5g\u00e5r 16 utvecklingsprojekt i anslutning till v\u00e5r inomhusluftsverksamhet. I den dagliga verksamheten ing\u00e5r att bel\u00f6na st\u00e4dare f\u00f6r observationer av inomhusluften samt en snabbinsatsstyrka som reagerar p\u00e5 avvikelser i inomhusf\u00f6rh\u00e5llandena och som best\u00e5r av ett team av Senatsfastigheters inomhusluftsexperter och m\u00f6gelhundar.<\/p>\n<p>Vi har lyckats n\u00e5 resultat. Kundn\u00f6jdheten med inomhusluften och Senatsfastigheters verksamhet vid sk\u00f6tseln av inomhusluftsfr\u00e5gor har f\u00f6rb\u00e4ttrats sedan 2015. Senatkoncernen har n\u00e4stan 9 000 byggnader d\u00e4r \u00f6ver 100 000 anst\u00e4llda arbetar. Vi tar v\u00e5rt ansvar f\u00f6r kvaliteten p\u00e5 inomhusluften i statens lokaler p\u00e5 allvar.[\/vc_column_text][\/vc_column][\/vc_row][vc_row][vc_column][senaatti_numbers_alt title=&#8221;Senatfastigheters verksamhet f\u00f6r inomhusluften best\u00e5r av tre helheter&#8221; items=&#8221;%5B%7B%22number%22%3A%221%22%2C%22label_below%22%3A%22Kvalitetss%C3%A4kring%20under%20byggandet%20samt%20sk%C3%B6tsel%20och%20underh%C3%A5ll%20av%20byggnader%22%7D%2C%7B%22number%22%3A%222%22%2C%22label_below%22%3A%22Kontinuerlig%20utveckling%20av%20v%C3%A5r%20inomhusluftskompetens%20och%20omfattande%20samarbete%22%7D%2C%7B%22number%22%3A%223%22%2C%22label_below%22%3A%22Proaktiva%20observationer%20och%20snabbt%20reagerande%22%7D%5D&#8221;][\/vc_column][\/vc_row][vc_row][vc_column][vc_column_text]<\/p>\n<h2>Kvalitetss\u00e4kring under byggandet samt sk\u00f6tsel och underh\u00e5ll av byggnader<\/h2>\n<p>Ett av m\u00e5len med v\u00e5rt byggande \u00e4r att l\u00f6sningarna, materialen och feltoleransen i nya byggnader eller i lokaler som ska f\u00f6rnyas ska fr\u00e4mja goda inomhusf\u00f6rh\u00e5llanden. F\u00f6r att uppn\u00e5 detta har Senatfastigheter flera m\u00f6jligheter till sitt f\u00f6rfogande. Till exempel n\u00e4r en gammal byggnad renoveras styrs valen av den respons p\u00e5 inomhusluften som man f\u00e5tt av lokalernas anv\u00e4ndare, av lokalernas anv\u00e4ndningshistoria, byggnadens och systemens tekniska \u00e5lder, framtida anv\u00e4ndningsbehov och tidigare unders\u00f6kningar. Senatfastigheter anlitar sakkunniga planerare och entrepren\u00f6rer f\u00f6r beh\u00f6vliga saneringar av inomhusluften och arbetet \u00f6vervakas noggrant.<\/p>\n<p>N\u00e4r en byggnad \u00e4r i anv\u00e4ndning ska den anv\u00e4ndas p\u00e5 ett sakligt s\u00e4tt men ocks\u00e5 sk\u00f6tas och underh\u00e5llas. F\u00f6r att s\u00e4kerst\u00e4lla att byggnadens inomhusf\u00f6rh\u00e5llanden under anv\u00e4ndningstiden h\u00e5lls i gott skick m\u00e5ste fastighetssk\u00f6tseln vara systematisk och st\u00e4dningen professionell. Samtidigt m\u00f6jligg\u00f6r och f\u00f6ruts\u00e4tter komplexa regler- och ledningssystem kontinuerlig \u00f6vervakning av byggnaden och dess funktion.<\/p>\n<p>F\u00f6r sk\u00f6tsel av kundrespons i anslutning till inomhusf\u00f6rh\u00e5llandena har det utarbetats instruktionskort f\u00f6r fastighetsunderh\u00e5llet f\u00f6r utredning och l\u00f6sning av kvalmig luft, obehaglig lukt, luft som verkar f\u00f6r torr, fuktighet som kondenseras p\u00e5 ytorna, bullerst\u00f6rningar, h\u00f6g och l\u00e5g rumstemperatur samt orsaker till k\u00e4nsla av att det drar. F\u00f6r st\u00e4dpersonalen har det producerats utbildningsmaterial p\u00e5 n\u00e4tet med praktisk information om faktorer som bidrar till god inomhusluft och om hur st\u00e4darens egen verksamhet p\u00e5verkar inomhusluften. Vi genomf\u00f6r \u00e5rliga kvalitetsrevisioner av fastighetssk\u00f6tseln och st\u00e4dningen f\u00f6r att s\u00e4kerst\u00e4lla att v\u00e5ra servicepartner i sin verksamhet beaktar hur kvaliteten p\u00e5 inomhusf\u00f6rh\u00e5llandena p\u00e5verkas. Naturligtvis m\u00e5ste man ocks\u00e5 se till att lokalanv\u00e4ndaren vet med vilka egna val hen f\u00f6rb\u00e4ttrar eller f\u00f6rs\u00e4mrar inomhusluftens kvalitet.<\/p>\n<p>Senatfastigheter besiktar sina byggnader regelbundet genom besiktningar av konstruktioner och ventilationen med tre \u00e5rs mellanrum, dvs. genom konditionsbed\u00f6mningar med tonvikt p\u00e5 inomhusluften. Med hj\u00e4lp av dessa f\u00f6rs\u00f6ker vi uppt\u00e4cka tidiga varningssignaler som redan har eller kan ha negativa effekter p\u00e5 inomhusf\u00f6rh\u00e5llandena om inte \u00e5tg\u00e4rder vidtas. Utifr\u00e5n resultaten av besiktningarna inriktar och prioriterar vi noggrannare konditionsunders\u00f6kningar, servicen, underh\u00e5llet och investeringarna.<\/p>\n<h2>Kontinuerlig utveckling av v\u00e5r inomhusluftskompetens och omfattande samarbete<\/h2>\n<p>Senatfastigheter har \u00f6kat sin organisations kunnande om inomhusluften p\u00e5 flera s\u00e4tt. Senatfastigheter har 18 experter p\u00e5 inomhusf\u00f6rh\u00e5llanden och ett eget utbildningsprogram om inomhusluft som \u00e4r skr\u00e4ddarsytt f\u00f6r fastighetschefer och tekniska chefer. Genom webbkurser och regelbundna \u00f6ppna diskussionsm\u00f6ten som h\u00e4nf\u00f6r sig till inomhusf\u00f6rh\u00e5llandena n\u00e5s andra personalgrupper som arbetar med kundernas upplevelser om inomhusluften. I introduktionsprogrammet f\u00f6r nya arbetstagare ing\u00e5r ett avsnitt om inomhusf\u00f6rh\u00e5llanden, vars omfattning naturligtvis beror p\u00e5 personens arbetsuppgifter. N\u00e4r det g\u00e4ller inomhusluft har vi utbildat inte bara v\u00e5ra egna anst\u00e4llda utan ocks\u00e5 v\u00e5ra regionala och riksomfattande partner inom ramavtalet f\u00f6r fastighetssk\u00f6tsel, underh\u00e5ll, st\u00e4dning och inomhusluftskonsultation.<\/p>\n<p>Vi \u00e4r aktiva vid seminarier och evenemang som g\u00e4ller inomhusluft, utarbetar sakkunnigartiklar i olika medier och ordnar m\u00f6ten med intressentgrupper kring temat inomhusf\u00f6rh\u00e5llanden (till exempel Senaatti Areena). Vi \u00e4r aktiva inom programmet Sunda lokaler 2028 och dess n\u00e4tverk. Vi samarbetar med universiteten och m\u00f6jligg\u00f6r \u00e5rligen f\u00f6r n\u00e5gra studeranden att g\u00f6ra sitt l\u00e4rdomsprov om inomhusf\u00f6rh\u00e5llandena genom oss. Vi deltar i verksamheten vid Sis\u00e4ilmayhdistys, Kuntien sis\u00e4ilmaverkosto och Sis\u00e4ilmastoluokitustoimikunta. V\u00e5ra experter har deltagit med att utarbeta en guide f\u00f6r m\u00f6gelhundar som publiceras inom programmet Sunda lokaler 2028. V\u00e5rt m\u00e5l \u00e4r att aktivt delta i reformen av tillv\u00e4gag\u00e5ngss\u00e4tten inom branschen.[\/vc_column_text][\/vc_column][\/vc_row][vc_row][vc_column][senaatti_feature_lift align=&#8221;right&#8221; background_color=&#8221;bg-white&#8221; image=&#8221;35453&#8243;]<\/p>\n<h2 class=\"feature__title\">V\u00e5ra experter p\u00e5 inomhusluft<\/h2>\n<p>V\u00e5rt team f\u00f6r inomhusmilj\u00f6 har till uppgift att hj\u00e4lpa v\u00e5ra fastighetschefer och byggherrar att utreda och f\u00f6rutse problem med inomhusf\u00f6rh\u00e5llandena och genomf\u00f6ra nolltoleransen. Teamet utarbetar anvisningar och riktlinjer samt planerar och deltar i genomf\u00f6randet av utbildningar i inomhusf\u00f6rh\u00e5llanden.<\/p>\n<p>\u00c4ven v\u00e5r hundgrupp (K9) bist\u00e5r i arbetet med inomhusluften. Gruppen utf\u00f6r p\u00e5 riksniv\u00e5 f\u00f6rutseende unders\u00f6kningar som h\u00e4nf\u00f6r sig till misstankar om inomhusluft. V\u00e5ra utbildade hundinstrukt\u00f6rer har tillg\u00e5ng till 12 utbildade hundar.<\/p>\n<p>P\u00e5 bilden medlemmar av inomhusluftteamet och hundgruppen fr\u00e5n v\u00e4nster:<br \/>\nMarkku Hyv\u00e4rinen, Maria Jokela, Risse Koponen, Anne Korpi, Jenni Kotilainen, Kimmo Ahonen, Emilia Rainetoja, Jari Savela, Ville Heikkinen och Jussi Gr\u00f6nman. I Villes famn finns hunden Titta, 11 veckor gammal.[\/senaatti_feature_lift][\/vc_column][\/vc_row][vc_row][vc_column][vc_column_text remove_empty_space_above=&#8221;true&#8221;]<\/p>\n<h2>Proaktiva observationer och snabbt reagerande<\/h2>\n<p>Vi samlar in respons fr\u00e5n lokalanv\u00e4ndarna och fr\u00e5n v\u00e5ra kunders lokalledning om hur v\u00e4l lokalerna motsvarar deras verksamhet och om de har nya kommande behov i fr\u00e5ga om lokaler. P\u00e5 s\u00e5 s\u00e4tt kan vi hantera de nya behoven p\u00e5 ett kontrollerat s\u00e4tt i tid, och lokalanv\u00e4ndaren beh\u00f6ver inte p\u00e5 egen hand anpassa lokalerna och anv\u00e4ndningen av dem efter sina behov \u2013 och inte p\u00e5 bekostnad av en bra inomhusluft.<\/p>\n<p>Vi f\u00f6ljer varje m\u00e5nad upp hur m\u00e5nga servicebeg\u00e4randen i anslutning till inomhusf\u00f6rh\u00e5llanden som anv\u00e4ndarna skickat till fastighetssk\u00f6tseln och hur snabbt man reagerar p\u00e5 dem. Redan i cirka 220 byggnader \u00e4r det m\u00f6jligt att l\u00e4mna in servicebeg\u00e4ran p\u00e5 ett smidigt s\u00e4tt med hj\u00e4lp av en QR-kod. I den \u00e5rliga enk\u00e4ten om anv\u00e4ndarn\u00f6jdhet finns ett eget avsnitt om inomhusf\u00f6rh\u00e5llanden som ger fastighetsspecifik information om anv\u00e4ndarupplevelsen. I enk\u00e4ten om anv\u00e4ndarn\u00f6jdhet beg\u00e4r vi att lokalanv\u00e4ndarna ger respons om temperaturer, k\u00e4nsla av drag och luftens fr\u00e4schhet.<\/p>\n<p>Vi ordnar ocks\u00e5 inomhusluftskliniker d\u00e4r vi kan f\u00e5 fram tidiga tecken p\u00e5 missn\u00f6je redan innan anv\u00e4ndarna b\u00f6rjar klaga. Inomhusluftsklinikerna ger oss m\u00f6jlighet att reagera omedelbart p\u00e5 anv\u00e4ndarnas respons, r\u00e4tta till felaktiga uppfattningar och ge information. Den proaktiva inomhusluftskliniken har etablerat sin st\u00e4llning som en av Senatfastigheters kommunikationskanaler om inomhusf\u00f6rh\u00e5llanden. Det ger anv\u00e4ndarna m\u00f6jlighet att fr\u00e5ga expertpanelen om saker som g\u00e4ller inomhusf\u00f6rh\u00e5llanden och arbetsmilj\u00f6.<\/p>\n<p>I mer \u00e4n 120 byggnader \u00f6vervakar vi kontinuerligt att inomhusf\u00f6rh\u00e5llandena, n\u00e4rmast temperaturen, h\u00e5lls inom de f\u00f6reskrivna gr\u00e4nserna. Dessutom har vi utvecklat en modell d\u00e4r st\u00e4dare f\u00e5r en bel\u00f6ning om de observerar problem med inomhusluften i de objekt d\u00e4r Senatfastigheter ansvarar f\u00f6r reng\u00f6ringstj\u00e4nsterna. Vid s\u00e5dana observationer som har s\u00e4rskild betydelse f\u00f6r att f\u00f6rebygga inomhusluftsproblem betalas en bel\u00f6ning till den st\u00e4dare som gjorde observationen. F\u00f6rsvarsfastigheter har f\u00f6r personalen inf\u00f6rt en motsvarande modell f\u00f6r tips om inomhusluft.<\/p>\n<p>F\u00f6r att s\u00e4kerst\u00e4lla att lokalanv\u00e4ndarna vet hur inomhusf\u00f6rh\u00e5llanden hanteras g\u00e5r vi med kunderna igenom statens verksamhetsmodell f\u00f6r inomhusluft. Det \u00e4r fr\u00e5ga om Senatfastigheters standardrutiner och standardanvisningar som kompletteras med de \u00e4renden som vi fastst\u00e4llt f\u00f6r kunden. \u00c4ven i de gemensamma arbetsmilj\u00f6erna har inomhusluftsmodellen skr\u00e4ddarsytts f\u00f6r att vara gemensam.[\/vc_column_text][\/vc_column][\/vc_row][vc_row][vc_column][senaatti_liftcards card=&#8221;%5B%7B%22label%22%3A%22Vad%20kan%20du%20g%C3%B6ra%20f%C3%B6r%20inomhusf%C3%B6rh%C3%A5llandena%3F%20%22%2C%22link%22%3A%22url%3Ahttps%253A%252F%252Ftesti-e2c55b704894.senaatti.fi%252Fsv%252Fom-oss%252Finomhusforhallanden%252Fvad-kan-du-gora-for-inomhusforhallandena%252F%7Ctitle%3AL%25C3%25A4s%2520mer%22%2C%22description%22%3A%22Som%20lokalanv%C3%A4ndare%20p%C3%A5verkar%20vi%20genom%20v%C3%A5ra%20egna%20%C3%A5tg%C3%A4rder%20och%20val%2C%20som%20kanske%20verkar%20obetydliga%2C%20p%C3%A5%20inomhusf%C3%B6rh%C3%A5llandena.%22%7D%2C%7B%22label%22%3A%22F%C3%B6r%20b%C3%A4ttre%20inomhusf%C3%B6rh%C3%A5llanden%22%2C%22link%22%3A%22url%3Ahttps%253A%252F%252Ftesti-e2c55b704894.senaatti.fi%252Fsv%252Fom-oss%252Finomhusforhallanden%252F%7Ctitle%3AL%25C3%25A4s%2520mer%22%2C%22description%22%3A%22Vi%20vill%20se%20till%20att%20alla%20som%20arbetar%20f%C3%B6r%20Finlands%20v%C3%A4lf%C3%A4rd%2C%20ordning%20och%20s%C3%A4kerhet%20vid%20%C3%A4mbetsverk%2C%20inr%C3%A4ttningar%2C%20kaserner%20och%20kontor%20har%20b%C3%A4sta%20m%C3%B6jliga%20f%C3%B6ruts%C3%A4ttningar%20att%20lyckas%20i%20sitt%20arbete.%22%7D%2C%7B%22label%22%3A%22Vad%20%C3%A4r%20det%20fr%C3%A5ga%20om%20n%C3%A4r%20man%20talar%20om%20inomhusf%C3%B6rh%C3%A5llanden%3F%22%2C%22link%22%3A%22url%3Ahttps%253A%252F%252Ftesti-e2c55b704894.senaatti.fi%252Fsv%252Fom-oss%252Finomhusforhallanden%252Fvad-ar-det-fraga-om-nar-man-talar-om-inomhusforhallanden%252F%7Ctitle%3AL%25C3%25A4s%2520mer%22%2C%22description%22%3A%22Kvaliteten%20p%C3%A5%20inomhusf%C3%B6rh%C3%A5llandena%20p%C3%A5verkas%20av%20m%C3%A5nga%20olika%20faktorer.%20Inomhusf%C3%B6rh%C3%A5llandena%20handlar%20inte%20bara%20om%20inomhusluften%2C%20de%20lukter%20som%20vi%20till%20exempel%20k%C3%A4nner%2C%20utan%20ocks%C3%A5%20om%20belysning%2C%20bullerniv%C3%A5%20och%20temperatur.%22%7D%5D&#8221; heading=&#8221;Relaterat till \u00e4mnet&#8221;][\/vc_column][\/vc_row][vc_row][vc_column][senaatti_liftcards_carousel automatic1=&#8221;true&#8221; post_type2=&#8221;senaatti_article&#8221; allink=&#8221;true&#8221; heading=&#8221;Artiklar om \u00e4mnet&#8221; allcta=&#8221;url:https%3A%2F%2Ftesti-e2c55b704894.senaatti.fi%2Fsv%2Faktuellt%2Fartiklar%2F%3Fsenaatti_tarticle%255B%255D%3Dinomhusforhallanden|title:Visa%20alla&#8221; category2=&#8221;Inomhusf\u00f6rh\u00e5llanden&#8221; count=&#8221;6&#8243;][\/vc_column][\/vc_row]<\/p>\n<\/div>","protected":false},"excerpt":{"rendered":"<p>[vc_row][vc_column][senaatti_hero heading=&#8221;Vad g\u00f6r Senatfastigheter f\u00f6r b\u00e4ttre inomhusf\u00f6rh\u00e5llanden?&#8221; image=&#8221;59310&#8243;][\/vc_column][\/vc_row][vc_row][vc_column][vc_column_text remove_empty_space_above=&#8221;true&#8221;]Att uppr\u00e4tth\u00e5lla och s\u00e4kerst\u00e4lla goda inomhusf\u00f6rh\u00e5llanden utg\u00f6r en del av allt det vi g\u00f6r. I enlighet med statens lokalstrategi har sk\u00f6tseln av statens lokal\u00e4renden centraliserats till Senatfastigheter. N\u00e4r kunden vill ha nya lokalarrangemang eller lokaler till exempel p\u00e5 grund av f\u00f6r\u00e4ndringar i verksamheten eller f\u00f6r att effektivisera [&hellip;]<\/p>\n","protected":false},"author":11,"featured_media":0,"parent":62189,"menu_order":0,"comment_status":"closed","ping_status":"closed","template":"","meta":{"_acf_changed":false,"footnotes":""},"class_list":["post-63782","page","type-page","status-publish","hentry"],"acf":[],"yoast_head":"<!-- This site is optimized with the Yoast SEO plugin v23.9 - https:\/\/yoast.com\/wordpress\/plugins\/seo\/ -->\n<title>Vad g\u00f6r Senatfastigheter f\u00f6r b\u00e4ttre inomhusf\u00f6rh\u00e5llanden - Senaatti<\/title>\n<meta name=\"robots\" content=\"noindex, follow, max-snippet:-1, max-image-preview:large, max-video-preview:-1\" \/>\n<meta property=\"og:locale\" content=\"sv_SE\" \/>\n<meta property=\"og:type\" content=\"article\" \/>\n<meta property=\"og:title\" content=\"Vad g\u00f6r Senatfastigheter f\u00f6r b\u00e4ttre inomhusf\u00f6rh\u00e5llanden - Senaatti\" \/>\n<meta property=\"og:description\" content=\"[vc_row][vc_column][senaatti_hero heading=&#8221;Vad g\u00f6r Senatfastigheter f\u00f6r b\u00e4ttre inomhusf\u00f6rh\u00e5llanden?&#8221; image=&#8221;59310&#8243;][\/vc_column][\/vc_row][vc_row][vc_column][vc_column_text remove_empty_space_above=&#8221;true&#8221;]Att uppr\u00e4tth\u00e5lla och s\u00e4kerst\u00e4lla goda inomhusf\u00f6rh\u00e5llanden utg\u00f6r en del av allt det vi g\u00f6r. I enlighet med statens lokalstrategi har sk\u00f6tseln av statens lokal\u00e4renden centraliserats till Senatfastigheter. N\u00e4r kunden vill ha nya lokalarrangemang eller lokaler till exempel p\u00e5 grund av f\u00f6r\u00e4ndringar i verksamheten eller f\u00f6r att effektivisera [&hellip;]\" \/>\n<meta property=\"og:url\" content=\"https:\/\/testi-e2c55b704894.senaatti.fi\/sv\/om-oss\/inomhusforhallanden\/vad-gor-senatfastigheter-for-battre-inomhusforhallanden\/\" \/>\n<meta property=\"og:site_name\" content=\"Senaatti\" \/>\n<meta property=\"article:publisher\" content=\"https:\/\/www.facebook.com\/SenaattiKiinteistot\/\" \/>\n<meta property=\"article:modified_time\" content=\"2024-02-01T11:44:40+00:00\" \/>\n<meta property=\"og:image\" content=\"https:\/\/testi-e2c55b704894.senaatti.fi\/app\/uploads\/2021\/01\/Senaatti_FB_profiili_1200x630-1024x538.png\" \/>\n\t<meta property=\"og:image:width\" content=\"1024\" \/>\n\t<meta property=\"og:image:height\" content=\"538\" \/>\n\t<meta property=\"og:image:type\" content=\"image\/png\" \/>\n<meta name=\"twitter:card\" content=\"summary_large_image\" \/>\n<meta name=\"twitter:site\" content=\"@SenaattiK\" \/>\n<meta name=\"twitter:label1\" content=\"Ber\u00e4knad l\u00e4stid\" \/>\n\t<meta name=\"twitter:data1\" content=\"8 minuter\" \/>\n<script type=\"application\/ld+json\" class=\"yoast-schema-graph\">{\"@context\":\"https:\/\/schema.org\",\"@graph\":[{\"@type\":\"WebPage\",\"@id\":\"https:\/\/testi-e2c55b704894.senaatti.fi\/sv\/om-oss\/inomhusforhallanden\/vad-gor-senatfastigheter-for-battre-inomhusforhallanden\/\",\"url\":\"https:\/\/testi-e2c55b704894.senaatti.fi\/sv\/om-oss\/inomhusforhallanden\/vad-gor-senatfastigheter-for-battre-inomhusforhallanden\/\",\"name\":\"Vad g\u00f6r Senatfastigheter f\u00f6r b\u00e4ttre inomhusf\u00f6rh\u00e5llanden - Senaatti\",\"isPartOf\":{\"@id\":\"https:\/\/www.senaatti.fi\/#website\"},\"datePublished\":\"2023-05-15T13:31:30+00:00\",\"dateModified\":\"2024-02-01T11:44:40+00:00\",\"breadcrumb\":{\"@id\":\"https:\/\/testi-e2c55b704894.senaatti.fi\/sv\/om-oss\/inomhusforhallanden\/vad-gor-senatfastigheter-for-battre-inomhusforhallanden\/#breadcrumb\"},\"inLanguage\":\"sv-SE\",\"potentialAction\":[{\"@type\":\"ReadAction\",\"target\":[\"https:\/\/testi-e2c55b704894.senaatti.fi\/sv\/om-oss\/inomhusforhallanden\/vad-gor-senatfastigheter-for-battre-inomhusforhallanden\/\"]}]},{\"@type\":\"BreadcrumbList\",\"@id\":\"https:\/\/testi-e2c55b704894.senaatti.fi\/sv\/om-oss\/inomhusforhallanden\/vad-gor-senatfastigheter-for-battre-inomhusforhallanden\/#breadcrumb\",\"itemListElement\":[{\"@type\":\"ListItem\",\"position\":1,\"name\":\"Hem\",\"item\":\"https:\/\/www.senaatti.fi\/sv\/\"},{\"@type\":\"ListItem\",\"position\":2,\"name\":\"Om oss\",\"item\":\"https:\/\/www.senaatti.fi\/sv\/om-oss\/\"},{\"@type\":\"ListItem\",\"position\":3,\"name\":\"Inomhusf\u00f6rh\u00e5llanden\",\"item\":\"https:\/\/www.senaatti.fi\/sv\/om-oss\/inomhusforhallanden\/\"},{\"@type\":\"ListItem\",\"position\":4,\"name\":\"Vad g\u00f6r Senatfastigheter f\u00f6r b\u00e4ttre inomhusf\u00f6rh\u00e5llanden\"}]},{\"@type\":\"WebSite\",\"@id\":\"https:\/\/www.senaatti.fi\/#website\",\"url\":\"https:\/\/www.senaatti.fi\/\",\"name\":\"Senaatti\",\"description\":\"Just another WordPress site\",\"publisher\":{\"@id\":\"https:\/\/www.senaatti.fi\/#organization\"},\"potentialAction\":[{\"@type\":\"SearchAction\",\"target\":{\"@type\":\"EntryPoint\",\"urlTemplate\":\"https:\/\/www.senaatti.fi\/?s={search_term_string}\"},\"query-input\":{\"@type\":\"PropertyValueSpecification\",\"valueRequired\":true,\"valueName\":\"search_term_string\"}}],\"inLanguage\":\"sv-SE\"},{\"@type\":\"Organization\",\"@id\":\"https:\/\/www.senaatti.fi\/#organization\",\"name\":\"Senaatti-kiinteist\u00f6t\",\"url\":\"https:\/\/www.senaatti.fi\/\",\"logo\":{\"@type\":\"ImageObject\",\"inLanguage\":\"sv-SE\",\"@id\":\"https:\/\/www.senaatti.fi\/#\/schema\/logo\/image\/\",\"url\":\"https:\/\/testi-e2c55b704894.senaatti.fi\/app\/uploads\/2021\/01\/Senaatti_FB_profiili_1200x630.png\",\"contentUrl\":\"https:\/\/testi-e2c55b704894.senaatti.fi\/app\/uploads\/2021\/01\/Senaatti_FB_profiili_1200x630.png\",\"width\":1201,\"height\":631,\"caption\":\"Senaatti-kiinteist\u00f6t\"},\"image\":{\"@id\":\"https:\/\/www.senaatti.fi\/#\/schema\/logo\/image\/\"},\"sameAs\":[\"https:\/\/www.facebook.com\/SenaattiKiinteistot\/\",\"https:\/\/x.com\/SenaattiK\",\"https:\/\/www.linkedin.com\/company\/senate-properties\",\"https:\/\/www.youtube.com\/channel\/UCunSUhMjKd5KqASPgBrndkQ\"]}]}<\/script>\n<!-- \/ Yoast SEO plugin. -->","yoast_head_json":{"title":"Vad g\u00f6r Senatfastigheter f\u00f6r b\u00e4ttre inomhusf\u00f6rh\u00e5llanden - Senaatti","robots":{"index":"noindex","follow":"follow","max-snippet":"max-snippet:-1","max-image-preview":"max-image-preview:large","max-video-preview":"max-video-preview:-1"},"og_locale":"sv_SE","og_type":"article","og_title":"Vad g\u00f6r Senatfastigheter f\u00f6r b\u00e4ttre inomhusf\u00f6rh\u00e5llanden - Senaatti","og_description":"[vc_row][vc_column][senaatti_hero heading=&#8221;Vad g\u00f6r Senatfastigheter f\u00f6r b\u00e4ttre inomhusf\u00f6rh\u00e5llanden?&#8221; image=&#8221;59310&#8243;][\/vc_column][\/vc_row][vc_row][vc_column][vc_column_text remove_empty_space_above=&#8221;true&#8221;]Att uppr\u00e4tth\u00e5lla och s\u00e4kerst\u00e4lla goda inomhusf\u00f6rh\u00e5llanden utg\u00f6r en del av allt det vi g\u00f6r. I enlighet med statens lokalstrategi har sk\u00f6tseln av statens lokal\u00e4renden centraliserats till Senatfastigheter. N\u00e4r kunden vill ha nya lokalarrangemang eller lokaler till exempel p\u00e5 grund av f\u00f6r\u00e4ndringar i verksamheten eller f\u00f6r att effektivisera [&hellip;]","og_url":"https:\/\/testi-e2c55b704894.senaatti.fi\/sv\/om-oss\/inomhusforhallanden\/vad-gor-senatfastigheter-for-battre-inomhusforhallanden\/","og_site_name":"Senaatti","article_publisher":"https:\/\/www.facebook.com\/SenaattiKiinteistot\/","article_modified_time":"2024-02-01T11:44:40+00:00","og_image":[{"width":1024,"height":538,"url":"https:\/\/testi-e2c55b704894.senaatti.fi\/app\/uploads\/2021\/01\/Senaatti_FB_profiili_1200x630-1024x538.png","type":"image\/png"}],"twitter_card":"summary_large_image","twitter_site":"@SenaattiK","twitter_misc":{"Ber\u00e4knad l\u00e4stid":"8 minuter"},"schema":{"@context":"https:\/\/schema.org","@graph":[{"@type":"WebPage","@id":"https:\/\/testi-e2c55b704894.senaatti.fi\/sv\/om-oss\/inomhusforhallanden\/vad-gor-senatfastigheter-for-battre-inomhusforhallanden\/","url":"https:\/\/testi-e2c55b704894.senaatti.fi\/sv\/om-oss\/inomhusforhallanden\/vad-gor-senatfastigheter-for-battre-inomhusforhallanden\/","name":"Vad g\u00f6r Senatfastigheter f\u00f6r b\u00e4ttre inomhusf\u00f6rh\u00e5llanden - Senaatti","isPartOf":{"@id":"https:\/\/www.senaatti.fi\/#website"},"datePublished":"2023-05-15T13:31:30+00:00","dateModified":"2024-02-01T11:44:40+00:00","breadcrumb":{"@id":"https:\/\/testi-e2c55b704894.senaatti.fi\/sv\/om-oss\/inomhusforhallanden\/vad-gor-senatfastigheter-for-battre-inomhusforhallanden\/#breadcrumb"},"inLanguage":"sv-SE","potentialAction":[{"@type":"ReadAction","target":["https:\/\/testi-e2c55b704894.senaatti.fi\/sv\/om-oss\/inomhusforhallanden\/vad-gor-senatfastigheter-for-battre-inomhusforhallanden\/"]}]},{"@type":"BreadcrumbList","@id":"https:\/\/testi-e2c55b704894.senaatti.fi\/sv\/om-oss\/inomhusforhallanden\/vad-gor-senatfastigheter-for-battre-inomhusforhallanden\/#breadcrumb","itemListElement":[{"@type":"ListItem","position":1,"name":"Hem","item":"https:\/\/www.senaatti.fi\/sv\/"},{"@type":"ListItem","position":2,"name":"Om oss","item":"https:\/\/www.senaatti.fi\/sv\/om-oss\/"},{"@type":"ListItem","position":3,"name":"Inomhusf\u00f6rh\u00e5llanden","item":"https:\/\/www.senaatti.fi\/sv\/om-oss\/inomhusforhallanden\/"},{"@type":"ListItem","position":4,"name":"Vad g\u00f6r Senatfastigheter f\u00f6r b\u00e4ttre inomhusf\u00f6rh\u00e5llanden"}]},{"@type":"WebSite","@id":"https:\/\/www.senaatti.fi\/#website","url":"https:\/\/www.senaatti.fi\/","name":"Senaatti","description":"Just another WordPress site","publisher":{"@id":"https:\/\/www.senaatti.fi\/#organization"},"potentialAction":[{"@type":"SearchAction","target":{"@type":"EntryPoint","urlTemplate":"https:\/\/www.senaatti.fi\/?s={search_term_string}"},"query-input":{"@type":"PropertyValueSpecification","valueRequired":true,"valueName":"search_term_string"}}],"inLanguage":"sv-SE"},{"@type":"Organization","@id":"https:\/\/www.senaatti.fi\/#organization","name":"Senaatti-kiinteist\u00f6t","url":"https:\/\/www.senaatti.fi\/","logo":{"@type":"ImageObject","inLanguage":"sv-SE","@id":"https:\/\/www.senaatti.fi\/#\/schema\/logo\/image\/","url":"https:\/\/testi-e2c55b704894.senaatti.fi\/app\/uploads\/2021\/01\/Senaatti_FB_profiili_1200x630.png","contentUrl":"https:\/\/testi-e2c55b704894.senaatti.fi\/app\/uploads\/2021\/01\/Senaatti_FB_profiili_1200x630.png","width":1201,"height":631,"caption":"Senaatti-kiinteist\u00f6t"},"image":{"@id":"https:\/\/www.senaatti.fi\/#\/schema\/logo\/image\/"},"sameAs":["https:\/\/www.facebook.com\/SenaattiKiinteistot\/","https:\/\/x.com\/SenaattiK","https:\/\/www.linkedin.com\/company\/senate-properties","https:\/\/www.youtube.com\/channel\/UCunSUhMjKd5KqASPgBrndkQ"]}]}},"publishpress_future_action":{"enabled":false,"date":"2026-05-03 11:42:37","action":"change-status","newStatus":"draft","terms":[],"taxonomy":"translation_priority"},"_links":{"self":[{"href":"https:\/\/testi-e2c55b704894.senaatti.fi\/sv\/wp-json\/wp\/v2\/pages\/63782","targetHints":{"allow":["GET"]}}],"collection":[{"href":"https:\/\/testi-e2c55b704894.senaatti.fi\/sv\/wp-json\/wp\/v2\/pages"}],"about":[{"href":"https:\/\/testi-e2c55b704894.senaatti.fi\/sv\/wp-json\/wp\/v2\/types\/page"}],"author":[{"embeddable":true,"href":"https:\/\/testi-e2c55b704894.senaatti.fi\/sv\/wp-json\/wp\/v2\/users\/11"}],"replies":[{"embeddable":true,"href":"https:\/\/testi-e2c55b704894.senaatti.fi\/sv\/wp-json\/wp\/v2\/comments?post=63782"}],"version-history":[{"count":6,"href":"https:\/\/testi-e2c55b704894.senaatti.fi\/sv\/wp-json\/wp\/v2\/pages\/63782\/revisions"}],"predecessor-version":[{"id":64199,"href":"https:\/\/testi-e2c55b704894.senaatti.fi\/sv\/wp-json\/wp\/v2\/pages\/63782\/revisions\/64199"}],"up":[{"embeddable":true,"href":"https:\/\/testi-e2c55b704894.senaatti.fi\/sv\/wp-json\/wp\/v2\/pages\/62189"}],"wp:attachment":[{"href":"https:\/\/testi-e2c55b704894.senaatti.fi\/sv\/wp-json\/wp\/v2\/media?parent=63782"}],"curies":[{"name":"wp","href":"https:\/\/api.w.org\/{rel}","templated":true}]}}