{"id":63796,"date":"2023-05-15T16:31:14","date_gmt":"2023-05-15T13:31:14","guid":{"rendered":"https:\/\/testi-e2c55b704894.senaatti.fi\/?page_id=63796"},"modified":"2024-02-01T13:44:40","modified_gmt":"2024-02-01T11:44:40","slug":"vad-kan-du-gora-for-inomhusforhallandena","status":"publish","type":"page","link":"https:\/\/testi-e2c55b704894.senaatti.fi\/sv\/om-oss\/inomhusforhallanden\/vad-kan-du-gora-for-inomhusforhallandena\/","title":{"rendered":"Vad kan du g\u00f6ra f\u00f6r inomhusf\u00f6rh\u00e5llandena?"},"content":{"rendered":"<div class=\"wpb-content-wrapper\"><p>[vc_row][vc_column][senaatti_hero heading=&#8221;Vad kan du g\u00f6ra f\u00f6r inomhusf\u00f6rh\u00e5llandena?&#8221; image=&#8221;19327&#8243;][\/vc_column][\/vc_row][vc_row][vc_column][vc_column_text remove_empty_space_above=&#8221;true&#8221;]<\/p>\n<h2>Lokalanv\u00e4ndarnas roll i inomhusf\u00f6rh\u00e5llanden<\/h2>\n<p>Vi gl\u00f6mmer ofta att vi som lokalanv\u00e4ndare p\u00e5verkar inomhusluften genom v\u00e5ra egna \u00e5tg\u00e4rder och val som kan verka obetydliga. Erfarenhet av kvalmig inomhusluft och otillr\u00e4cklig ventilation beror ofta p\u00e5 att rumstemperaturen \u00e4r f\u00f6r h\u00f6g eller att f\u00f6r m\u00e5nga personer arbetar i samma lokal i f\u00f6rh\u00e5llande till lokalens dimensioner. F\u00f6r att minska nya m\u00f6blers luktutsl\u00e4pp b\u00f6r de v\u00e4dras v\u00e4l innan de tas in i lokalen. Smutsiga m\u00f6bler kan ocks\u00e5 orsaka kvalmig och obehaglig lukt. En r\u00f6kande arbetskamrat f\u00f6rst\u00f6r inomhusluften i flera minuter efter en tobakspaus. Oordning i lokalen, pappersh\u00f6gar och b\u00f6cker p\u00e5 bord, \u00f6ppna hyllor eller f\u00f6nsterbr\u00e4dor, trassliga sladdar och privata prydnadsf\u00f6rem\u00e5l samlar damm och f\u00f6rsv\u00e5rar eller f\u00f6rhindrar st\u00e4dning av lokalen.<\/p>\n<p>St\u00e4dning har konstaterats ha ett klart samband med inomhusluftens kvalitet och d\u00e4rigenom p\u00e5 m\u00e4nniskors h\u00e4lsa, trivsel och produktivitet i arbetet. Praktisk erfarenhet har visat att en f\u00f6rs\u00e4mrad st\u00e4dkvalitet kan leda till problem med inomhusluften eller f\u00f6rv\u00e4rra problemen. Det l\u00f6nar sig inte att spara p\u00e5 st\u00e4dningen.<\/p>\n<p>Om en lokal \u00e4r dammig trots att st\u00e4dningen har sk\u00f6tts och st\u00e4dprogrammet verkar vara i ordning, ska respons ges via de system f\u00f6r servicebeg\u00e4ran som \u00e4r i bruk. Ett normalt \u2013 och tillr\u00e4ckligt \u2013 st\u00e4dprogram f\u00f6r kontorsliknande lokaler i Senatfastigheter ser ut enligt f\u00f6ljande:<\/p>\n<ul>\n<li>Vid normal daglig\/veckovis underh\u00e5llsreng\u00f6ring reng\u00f6rs alla fria m\u00f6belytor, golv, kontaktytor och fl\u00e4ckar fr\u00e5n vertikala ytor \u2013 i den m\u00e5n de kan reng\u00f6ras.<\/li>\n<li>N\u00e5gra g\u00e5nger om \u00e5ret tv\u00e4ttas och behandlas golven maskinellt och de ytor som \u00e4r mest sv\u00e5r\u00e5tkomliga reng\u00f6rs.<\/li>\n<li>En g\u00e5ng om \u00e5ret reng\u00f6rs ytorna p\u00e5 ventilationskanaler och -ventiler, kabelr\u00e4nnor och kabelhyllor, kylarbalkar, gardinbr\u00e4dor, olika slags balkar och utskjutande ytor, med undantag f\u00f6r undertakskonstruktioner.<\/li>\n<li>Reng\u00f6ring av de \u00f6vre ytorna p\u00e5 undertaksgaller och olika undertakskonstruktioner till exempel vart femte \u00e5r \u00e4r arbeten som ska avtalas och best\u00e4llas separat.<\/li>\n<\/ul>\n<p>Inomhusluftens kvalitet f\u00f6rs\u00e4mras av varor som inte h\u00f6r till kontorslokalen, till exempel v\u00e5ta overaller eller f\u00e4ltutrustning som inte rengjorts. Anv\u00e4ndningen av olika parfymerade produkter, s\u00e5som luftfr\u00e4schare och parfymerade hygienprodukter, belastar ocks\u00e5 inomhusluften. En personlig skrivare sl\u00e4pper ut lukter och partikelformiga f\u00f6roreningar d\u00e4r den finns. Mat som satts i sopk\u00e4rl eller sk\u00e5p p\u00e5 arbetsplatsen \u00e4r en f\u00f6rv\u00e5nansv\u00e4rt vanlig orsak till m\u00e5nga observationer av m\u00f6gellukt.<\/p>\n<p>F\u00f6r att undvika problem med inomhusluften \u00e4r det viktigt att beakta tillr\u00e4cklig ventilation n\u00e4r man planerar nya lokalarrangemang och \u00e4ndringar i lokalernas anv\u00e4ndningssyften. Det \u00e4r uppenbart att ventilationen i en lagerlokal inte motsvarar ventilationen i en kontorslokal eller att man inte kan ett omvandla ett kontorsrum till ett f\u00f6rhandlingsrum utan betydande \u00e4ndringar i ventilationen. N\u00e4r man vid multilokalt arbete \u00f6kar antalet personer som arbetar i en teamlokal, \u00e4r det sk\u00e4l att s\u00e4kerst\u00e4lla att ventilationen \u00e4r tillr\u00e4cklig.[\/vc_column_text][\/vc_column][\/vc_row][vc_row][vc_column][senaatti_feature_lift align=&#8221;right&#8221; heading=&#8221;Inomhusluften i kontoret kan f\u00f6rb\u00e4ttras med enkla \u00e5tg\u00e4rder&#8221; text=&#8221;Bra inomhusluft \u00e4r summan av m\u00e5nga faktorer. Du kan b\u00f6rja med att du l\u00e4mnar dina v\u00e5ta ytterrock att torka i ett v\u00e4lventilerat rum och s\u00e4tter in alla pappersh\u00f6gar i ett sk\u00e5p.&#8221; image=&#8221;63765&#8243;][\/senaatti_feature_lift][\/vc_column][\/vc_row][vc_row][vc_column][vc_column_text remove_empty_space_above=&#8221;true&#8221;]<\/p>\n<h2>Anm\u00e4lan av ol\u00e4genheter i inomhusf\u00f6rh\u00e5llanden<\/h2>\n<p>Bra inomhusluft f\u00f6ruts\u00e4tter ett fungerande samarbete mellan lokalanv\u00e4ndaren, fastighetssk\u00f6tseln och fastighets\u00e4garen. Det \u00e4r vars och ens medborgarplikt och allemansr\u00e4tt att iaktta sin arbetsmilj\u00f6 och dess skick och att anm\u00e4la observerade brister eller funktionsst\u00f6rningar och inte enbart t\u00e4nka att det \u00e4r fastighetssk\u00f6tselns eller \u00e4garens uppgift. Om n\u00e5gon upplever ol\u00e4genheter med inomhusluften ska man f\u00f6rfara enligt fastighets\u00e4garens och det gemensamt avtalade tillv\u00e4gag\u00e5ngss\u00e4ttet. Anm\u00e4lningskanalerna best\u00e4ms utifr\u00e5n om fastigheten sk\u00f6ts av kunden sj\u00e4lv eller av Senatfastigheter. Dessutom b\u00f6r man komma ih\u00e5g att om lokal\u00e4garen \u00e4r n\u00e5gon annan \u00e4n Senatfastigheter iakttas \u00e4garens anvisningar i fr\u00e5ga om anm\u00e4lningspraxis.[\/vc_column_text][\/vc_column][\/vc_row][vc_row][vc_column][senaatti_feature_lift heading=&#8221;Servicebeg\u00e4ran enkelt med QR-kod&#8221; text=&#8221;Skanna QR-koden och l\u00e4mna servicebeg\u00e4ran enkelt och snabbt. Fastighetssk\u00f6tseln f\u00e5r omedelbar information om servicebeg\u00e4ran och kan l\u00e4ttare hitta felet, vilket underl\u00e4ttar och p\u00e5skyndar avhj\u00e4lpandet av felet.&#8221; image=&#8221;60923&#8243; btn=&#8221;url:https%3A%2F%2Ftesti-e2c55b704894.senaatti.fi%2Fsv%2Fom-oss%2Finomhusforhallanden%2Fvad-kan-du-gora-for-inomhusforhallandena%2Fsnabbrespons%2F|title:L%C3%A4s%20mer&#8221;][\/senaatti_feature_lift][\/vc_column][\/vc_row][vc_row][vc_column][vc_column_text]<\/p>\n<h2>Vad h\u00e4nder efter det att en lokalanv\u00e4ndare har klagat \u00f6ver inomhusluften?<\/h2>\n<p>Senatfastigheter har en verksamhetsmodell f\u00f6r utredning av eventuella ol\u00e4genheter med inomhusluften vid sina hyresobjekt. Till modellen h\u00f6r en f\u00f6rsta besiktning som utf\u00f6rs av fastighetssk\u00f6tseln. Vid behov ing\u00e5r en prelimin\u00e4r utredning av gruppen f\u00f6r snabba insatser och n\u00e4rmare unders\u00f6kningar som utf\u00f6rs av en inomhusluftskonsult, en inomhusluftsgrupp inr\u00e4ttas, korrigerande \u00e5tg\u00e4rder vidtas och uppf\u00f6ljning av deras effekt samt information om allt detta. De flesta problemen kan l\u00f6sas genom \u00e5tg\u00e4rder av fastighetssk\u00f6tseln, utan att man beh\u00f6ver bilda en inomhusluftsgrupp.[\/vc_column_text][\/vc_column][\/vc_row][vc_row][vc_column][senaatti_iconliftcards card=&#8221;%5B%7B%22description%22%3A%22Anm%C3%A4lan%20av%20problem%22%2C%22dropdown_icons%22%3A%22https%3A%2F%2Ftesti-e2c55b704894.senaatti.fi%2Fapp%2Fthemes%2Fsenaatti-konserniuudistus%2Fdist%2Fimages%2Fdropdown-icons%2FViranomaismenettelyt_ikoni_outline_sin.svg%22%7D%2C%7B%22description%22%3A%22Fastighetssk%C3%B6tseln%20inspekterar%20och%20vidtar%20%C3%A5tg%C3%A4rder%20%22%2C%22dropdown_icons%22%3A%22https%3A%2F%2Ftesti-e2c55b704894.senaatti.fi%2Fapp%2Fthemes%2Fsenaatti-konserniuudistus%2Fdist%2Fimages%2Fdropdown-icons%2FKorjaus_yllapito_ikoni_outline_sin.png%22%7D%2C%7B%22description%22%3A%22Senatfastigheters%20expert%20p%C3%A5%20inomhusluft%20g%C3%B6r%20en%20inledande%20kartl%C3%A4ggning%22%2C%22dropdown_icons%22%3A%22https%3A%2F%2Ftesti-e2c55b704894.senaatti.fi%2Fapp%2Fthemes%2Fsenaatti-konserniuudistus%2Fdist%2Fimages%2Fdropdown-icons%2Fesitystekniikka_ikoni_outline_sin.svg%22%7D%2C%7B%22description%22%3A%22Problemet%20unders%C3%B6ks%20och%20definieras%22%2C%22dropdown_icons%22%3A%22https%3A%2F%2Ftesti-e2c55b704894.senaatti.fi%2Fapp%2Fthemes%2Fsenaatti-konserniuudistus%2Fdist%2Fimages%2Fdropdown-icons%2FSeuranta_ikoni_outline_sin.png%22%7D%2C%7B%22description%22%3A%22Fortsatta%20%C3%A5tg%C3%A4rder%20och%20korrigeringar%22%2C%22dropdown_icons%22%3A%22https%3A%2F%2Ftesti-e2c55b704894.senaatti.fi%2Fapp%2Fthemes%2Fsenaatti-konserniuudistus%2Fdist%2Fimages%2Fdropdown-icons%2FHehkulamppu_idea_ikoni_outline_sin.png%22%7D%2C%7B%22description%22%3A%22Uppf%C3%B6ljning%20och%20utv%C3%A4rdering%20av%20hur%20korrigeringarna%20lyckats%22%2C%22dropdown_icons%22%3A%22https%3A%2F%2Ftesti-e2c55b704894.senaatti.fi%2Fapp%2Fthemes%2Fsenaatti-konserniuudistus%2Fdist%2Fimages%2Fdropdown-icons%2FRaportointi_ikoni_outline_sin.png%22%7D%5D&#8221;][\/vc_column][\/vc_row][vc_row][vc_column][senaatti_liftcards heading=&#8221;Relaterat till \u00e4mnet&#8221; card=&#8221;%5B%7B%22label%22%3A%22F%C3%B6r%20b%C3%A4ttre%20inomhusf%C3%B6rh%C3%A5llanden%22%2C%22link%22%3A%22url%3Ahttps%253A%252F%252Ftesti-e2c55b704894.senaatti.fi%252Fsv%252Fom-oss%252Finomhusforhallanden%252F%7Ctitle%3AL%25C3%25A4s%2520mer%22%2C%22description%22%3A%22Vi%20vill%20se%20till%20att%20alla%20som%20arbetar%20f%C3%B6r%20Finlands%20v%C3%A4lf%C3%A4rd%2C%20ordning%20och%20s%C3%A4kerhet%20vid%20%C3%A4mbetsverk%2C%20inr%C3%A4ttningar%2C%20kaserner%20och%20kontor%20har%20b%C3%A4sta%20m%C3%B6jliga%20f%C3%B6ruts%C3%A4ttningar%20att%20lyckas%20i%20sitt%20arbete.%22%7D%2C%7B%22label%22%3A%22Vad%20%C3%A4r%20det%20fr%C3%A5ga%20om%20n%C3%A4r%20man%20talar%20om%20inomhusf%C3%B6rh%C3%A5llanden%3F%22%2C%22link%22%3A%22url%3Ahttps%253A%252F%252Ftesti-e2c55b704894.senaatti.fi%252Fsv%252Fom-oss%252Finomhusforhallanden%252Fvad-ar-det-fraga-om-nar-man-talar-om-inomhusforhallanden%252F%7Ctitle%3AL%25C3%25A4s%2520mer%22%2C%22description%22%3A%22Kvaliteten%20p%C3%A5%20inomhusf%C3%B6rh%C3%A5llandena%20p%C3%A5verkas%20av%20m%C3%A5nga%20olika%20faktorer.%20Inomhusf%C3%B6rh%C3%A5llandena%20handlar%20inte%20bara%20om%20inomhusluften%2C%20de%20lukter%20som%20vi%20till%20exempel%20k%C3%A4nner%2C%20utan%20ocks%C3%A5%20om%20belysning%2C%20bullerniv%C3%A5%20och%20temperatur.%22%7D%2C%7B%22label%22%3A%22Vad%20g%C3%B6r%20Senatfastigheter%20f%C3%B6r%20b%C3%A4ttre%20inomhusf%C3%B6rh%C3%A5llanden%3F%22%2C%22link%22%3A%22url%3Ahttps%253A%252F%252Ftesti-e2c55b704894.senaatti.fi%252Fsv%252Fom-oss%252Finomhusforhallanden%252Fvad-gor-senatfastigheter-for-battre-inomhusforhallanden%252F%7Ctitle%3AL%25C3%25A4s%2520mer%22%2C%22description%22%3A%22Att%20uppr%C3%A4tth%C3%A5lla%20och%20s%C3%A4kerst%C3%A4lla%20goda%20inomhusf%C3%B6rh%C3%A5llanden%20utg%C3%B6r%20en%20del%20av%20allt%20det%20vi%20g%C3%B6r.%20V%C3%A5r%20verksamhetsmodell%20best%C3%A5r%20av%20tre%20helheter.%22%7D%5D&#8221;][\/vc_column][\/vc_row][vc_row][vc_column][senaatti_liftcards_carousel automatic1=&#8221;true&#8221; post_type2=&#8221;senaatti_article&#8221; allink=&#8221;true&#8221; heading=&#8221;Artiklar om \u00e4mnet&#8221; category2=&#8221;Inomhusf\u00f6rh\u00e5llanden&#8221; count=&#8221;6&#8243; allcta=&#8221;url:https%3A%2F%2Ftesti-e2c55b704894.senaatti.fi%2Fsv%2Faktuellt%2Fartiklar%2F%3Fsenaatti_tarticle%255B%255D%3Dinomhusforhallanden|title:Visa%20alla&#8221;][\/vc_column][\/vc_row]<\/p>\n<\/div>","protected":false},"excerpt":{"rendered":"<p>[vc_row][vc_column][senaatti_hero heading=&#8221;Vad kan du g\u00f6ra f\u00f6r inomhusf\u00f6rh\u00e5llandena?&#8221; image=&#8221;19327&#8243;][\/vc_column][\/vc_row][vc_row][vc_column][vc_column_text remove_empty_space_above=&#8221;true&#8221;] Lokalanv\u00e4ndarnas roll i inomhusf\u00f6rh\u00e5llanden Vi gl\u00f6mmer ofta att vi som lokalanv\u00e4ndare p\u00e5verkar inomhusluften genom v\u00e5ra egna \u00e5tg\u00e4rder och val som kan verka obetydliga. Erfarenhet av kvalmig inomhusluft och otillr\u00e4cklig ventilation beror ofta p\u00e5 att rumstemperaturen \u00e4r f\u00f6r h\u00f6g eller att f\u00f6r m\u00e5nga personer arbetar i samma [&hellip;]<\/p>\n","protected":false},"author":11,"featured_media":0,"parent":62189,"menu_order":0,"comment_status":"closed","ping_status":"closed","template":"","meta":{"_acf_changed":false,"footnotes":""},"class_list":["post-63796","page","type-page","status-publish","hentry"],"acf":[],"yoast_head":"<!-- This site is optimized with the Yoast SEO plugin v23.9 - https:\/\/yoast.com\/wordpress\/plugins\/seo\/ -->\n<title>Vad kan du g\u00f6ra f\u00f6r inomhusf\u00f6rh\u00e5llandena? - Senaatti<\/title>\n<meta name=\"robots\" content=\"noindex, follow, max-snippet:-1, max-image-preview:large, max-video-preview:-1\" \/>\n<meta property=\"og:locale\" content=\"sv_SE\" \/>\n<meta property=\"og:type\" content=\"article\" \/>\n<meta property=\"og:title\" content=\"Vad kan du g\u00f6ra f\u00f6r inomhusf\u00f6rh\u00e5llandena? - Senaatti\" \/>\n<meta property=\"og:description\" content=\"[vc_row][vc_column][senaatti_hero heading=&#8221;Vad kan du g\u00f6ra f\u00f6r inomhusf\u00f6rh\u00e5llandena?&#8221; image=&#8221;19327&#8243;][\/vc_column][\/vc_row][vc_row][vc_column][vc_column_text remove_empty_space_above=&#8221;true&#8221;] Lokalanv\u00e4ndarnas roll i inomhusf\u00f6rh\u00e5llanden Vi gl\u00f6mmer ofta att vi som lokalanv\u00e4ndare p\u00e5verkar inomhusluften genom v\u00e5ra egna \u00e5tg\u00e4rder och val som kan verka obetydliga. Erfarenhet av kvalmig inomhusluft och otillr\u00e4cklig ventilation beror ofta p\u00e5 att rumstemperaturen \u00e4r f\u00f6r h\u00f6g eller att f\u00f6r m\u00e5nga personer arbetar i samma [&hellip;]\" \/>\n<meta property=\"og:url\" content=\"https:\/\/testi-e2c55b704894.senaatti.fi\/sv\/om-oss\/inomhusforhallanden\/vad-kan-du-gora-for-inomhusforhallandena\/\" \/>\n<meta property=\"og:site_name\" content=\"Senaatti\" \/>\n<meta property=\"article:publisher\" content=\"https:\/\/www.facebook.com\/SenaattiKiinteistot\/\" \/>\n<meta property=\"article:modified_time\" content=\"2024-02-01T11:44:40+00:00\" \/>\n<meta property=\"og:image\" content=\"https:\/\/testi-e2c55b704894.senaatti.fi\/app\/uploads\/2021\/01\/Senaatti_FB_profiili_1200x630-1024x538.png\" \/>\n\t<meta property=\"og:image:width\" content=\"1024\" \/>\n\t<meta property=\"og:image:height\" content=\"538\" \/>\n\t<meta property=\"og:image:type\" content=\"image\/png\" \/>\n<meta name=\"twitter:card\" content=\"summary_large_image\" \/>\n<meta name=\"twitter:site\" content=\"@SenaattiK\" \/>\n<meta name=\"twitter:label1\" content=\"Ber\u00e4knad l\u00e4stid\" \/>\n\t<meta name=\"twitter:data1\" content=\"5 minuter\" \/>\n<script type=\"application\/ld+json\" class=\"yoast-schema-graph\">{\"@context\":\"https:\/\/schema.org\",\"@graph\":[{\"@type\":\"WebPage\",\"@id\":\"https:\/\/testi-e2c55b704894.senaatti.fi\/sv\/om-oss\/inomhusforhallanden\/vad-kan-du-gora-for-inomhusforhallandena\/\",\"url\":\"https:\/\/testi-e2c55b704894.senaatti.fi\/sv\/om-oss\/inomhusforhallanden\/vad-kan-du-gora-for-inomhusforhallandena\/\",\"name\":\"Vad kan du g\u00f6ra f\u00f6r inomhusf\u00f6rh\u00e5llandena? - Senaatti\",\"isPartOf\":{\"@id\":\"https:\/\/www.senaatti.fi\/#website\"},\"datePublished\":\"2023-05-15T13:31:14+00:00\",\"dateModified\":\"2024-02-01T11:44:40+00:00\",\"breadcrumb\":{\"@id\":\"https:\/\/testi-e2c55b704894.senaatti.fi\/sv\/om-oss\/inomhusforhallanden\/vad-kan-du-gora-for-inomhusforhallandena\/#breadcrumb\"},\"inLanguage\":\"sv-SE\",\"potentialAction\":[{\"@type\":\"ReadAction\",\"target\":[\"https:\/\/testi-e2c55b704894.senaatti.fi\/sv\/om-oss\/inomhusforhallanden\/vad-kan-du-gora-for-inomhusforhallandena\/\"]}]},{\"@type\":\"BreadcrumbList\",\"@id\":\"https:\/\/testi-e2c55b704894.senaatti.fi\/sv\/om-oss\/inomhusforhallanden\/vad-kan-du-gora-for-inomhusforhallandena\/#breadcrumb\",\"itemListElement\":[{\"@type\":\"ListItem\",\"position\":1,\"name\":\"Hem\",\"item\":\"https:\/\/www.senaatti.fi\/sv\/\"},{\"@type\":\"ListItem\",\"position\":2,\"name\":\"Om oss\",\"item\":\"https:\/\/www.senaatti.fi\/sv\/om-oss\/\"},{\"@type\":\"ListItem\",\"position\":3,\"name\":\"Inomhusf\u00f6rh\u00e5llanden\",\"item\":\"https:\/\/www.senaatti.fi\/sv\/om-oss\/inomhusforhallanden\/\"},{\"@type\":\"ListItem\",\"position\":4,\"name\":\"Vad kan du g\u00f6ra f\u00f6r inomhusf\u00f6rh\u00e5llandena?\"}]},{\"@type\":\"WebSite\",\"@id\":\"https:\/\/www.senaatti.fi\/#website\",\"url\":\"https:\/\/www.senaatti.fi\/\",\"name\":\"Senaatti\",\"description\":\"Just another WordPress site\",\"publisher\":{\"@id\":\"https:\/\/www.senaatti.fi\/#organization\"},\"potentialAction\":[{\"@type\":\"SearchAction\",\"target\":{\"@type\":\"EntryPoint\",\"urlTemplate\":\"https:\/\/www.senaatti.fi\/?s={search_term_string}\"},\"query-input\":{\"@type\":\"PropertyValueSpecification\",\"valueRequired\":true,\"valueName\":\"search_term_string\"}}],\"inLanguage\":\"sv-SE\"},{\"@type\":\"Organization\",\"@id\":\"https:\/\/www.senaatti.fi\/#organization\",\"name\":\"Senaatti-kiinteist\u00f6t\",\"url\":\"https:\/\/www.senaatti.fi\/\",\"logo\":{\"@type\":\"ImageObject\",\"inLanguage\":\"sv-SE\",\"@id\":\"https:\/\/www.senaatti.fi\/#\/schema\/logo\/image\/\",\"url\":\"https:\/\/testi-e2c55b704894.senaatti.fi\/app\/uploads\/2021\/01\/Senaatti_FB_profiili_1200x630.png\",\"contentUrl\":\"https:\/\/testi-e2c55b704894.senaatti.fi\/app\/uploads\/2021\/01\/Senaatti_FB_profiili_1200x630.png\",\"width\":1201,\"height\":631,\"caption\":\"Senaatti-kiinteist\u00f6t\"},\"image\":{\"@id\":\"https:\/\/www.senaatti.fi\/#\/schema\/logo\/image\/\"},\"sameAs\":[\"https:\/\/www.facebook.com\/SenaattiKiinteistot\/\",\"https:\/\/x.com\/SenaattiK\",\"https:\/\/www.linkedin.com\/company\/senate-properties\",\"https:\/\/www.youtube.com\/channel\/UCunSUhMjKd5KqASPgBrndkQ\"]}]}<\/script>\n<!-- \/ Yoast SEO plugin. -->","yoast_head_json":{"title":"Vad kan du g\u00f6ra f\u00f6r inomhusf\u00f6rh\u00e5llandena? - Senaatti","robots":{"index":"noindex","follow":"follow","max-snippet":"max-snippet:-1","max-image-preview":"max-image-preview:large","max-video-preview":"max-video-preview:-1"},"og_locale":"sv_SE","og_type":"article","og_title":"Vad kan du g\u00f6ra f\u00f6r inomhusf\u00f6rh\u00e5llandena? - Senaatti","og_description":"[vc_row][vc_column][senaatti_hero heading=&#8221;Vad kan du g\u00f6ra f\u00f6r inomhusf\u00f6rh\u00e5llandena?&#8221; image=&#8221;19327&#8243;][\/vc_column][\/vc_row][vc_row][vc_column][vc_column_text remove_empty_space_above=&#8221;true&#8221;] Lokalanv\u00e4ndarnas roll i inomhusf\u00f6rh\u00e5llanden Vi gl\u00f6mmer ofta att vi som lokalanv\u00e4ndare p\u00e5verkar inomhusluften genom v\u00e5ra egna \u00e5tg\u00e4rder och val som kan verka obetydliga. Erfarenhet av kvalmig inomhusluft och otillr\u00e4cklig ventilation beror ofta p\u00e5 att rumstemperaturen \u00e4r f\u00f6r h\u00f6g eller att f\u00f6r m\u00e5nga personer arbetar i samma [&hellip;]","og_url":"https:\/\/testi-e2c55b704894.senaatti.fi\/sv\/om-oss\/inomhusforhallanden\/vad-kan-du-gora-for-inomhusforhallandena\/","og_site_name":"Senaatti","article_publisher":"https:\/\/www.facebook.com\/SenaattiKiinteistot\/","article_modified_time":"2024-02-01T11:44:40+00:00","og_image":[{"width":1024,"height":538,"url":"https:\/\/testi-e2c55b704894.senaatti.fi\/app\/uploads\/2021\/01\/Senaatti_FB_profiili_1200x630-1024x538.png","type":"image\/png"}],"twitter_card":"summary_large_image","twitter_site":"@SenaattiK","twitter_misc":{"Ber\u00e4knad l\u00e4stid":"5 minuter"},"schema":{"@context":"https:\/\/schema.org","@graph":[{"@type":"WebPage","@id":"https:\/\/testi-e2c55b704894.senaatti.fi\/sv\/om-oss\/inomhusforhallanden\/vad-kan-du-gora-for-inomhusforhallandena\/","url":"https:\/\/testi-e2c55b704894.senaatti.fi\/sv\/om-oss\/inomhusforhallanden\/vad-kan-du-gora-for-inomhusforhallandena\/","name":"Vad kan du g\u00f6ra f\u00f6r inomhusf\u00f6rh\u00e5llandena? - Senaatti","isPartOf":{"@id":"https:\/\/www.senaatti.fi\/#website"},"datePublished":"2023-05-15T13:31:14+00:00","dateModified":"2024-02-01T11:44:40+00:00","breadcrumb":{"@id":"https:\/\/testi-e2c55b704894.senaatti.fi\/sv\/om-oss\/inomhusforhallanden\/vad-kan-du-gora-for-inomhusforhallandena\/#breadcrumb"},"inLanguage":"sv-SE","potentialAction":[{"@type":"ReadAction","target":["https:\/\/testi-e2c55b704894.senaatti.fi\/sv\/om-oss\/inomhusforhallanden\/vad-kan-du-gora-for-inomhusforhallandena\/"]}]},{"@type":"BreadcrumbList","@id":"https:\/\/testi-e2c55b704894.senaatti.fi\/sv\/om-oss\/inomhusforhallanden\/vad-kan-du-gora-for-inomhusforhallandena\/#breadcrumb","itemListElement":[{"@type":"ListItem","position":1,"name":"Hem","item":"https:\/\/www.senaatti.fi\/sv\/"},{"@type":"ListItem","position":2,"name":"Om oss","item":"https:\/\/www.senaatti.fi\/sv\/om-oss\/"},{"@type":"ListItem","position":3,"name":"Inomhusf\u00f6rh\u00e5llanden","item":"https:\/\/www.senaatti.fi\/sv\/om-oss\/inomhusforhallanden\/"},{"@type":"ListItem","position":4,"name":"Vad kan du g\u00f6ra f\u00f6r inomhusf\u00f6rh\u00e5llandena?"}]},{"@type":"WebSite","@id":"https:\/\/www.senaatti.fi\/#website","url":"https:\/\/www.senaatti.fi\/","name":"Senaatti","description":"Just another WordPress site","publisher":{"@id":"https:\/\/www.senaatti.fi\/#organization"},"potentialAction":[{"@type":"SearchAction","target":{"@type":"EntryPoint","urlTemplate":"https:\/\/www.senaatti.fi\/?s={search_term_string}"},"query-input":{"@type":"PropertyValueSpecification","valueRequired":true,"valueName":"search_term_string"}}],"inLanguage":"sv-SE"},{"@type":"Organization","@id":"https:\/\/www.senaatti.fi\/#organization","name":"Senaatti-kiinteist\u00f6t","url":"https:\/\/www.senaatti.fi\/","logo":{"@type":"ImageObject","inLanguage":"sv-SE","@id":"https:\/\/www.senaatti.fi\/#\/schema\/logo\/image\/","url":"https:\/\/testi-e2c55b704894.senaatti.fi\/app\/uploads\/2021\/01\/Senaatti_FB_profiili_1200x630.png","contentUrl":"https:\/\/testi-e2c55b704894.senaatti.fi\/app\/uploads\/2021\/01\/Senaatti_FB_profiili_1200x630.png","width":1201,"height":631,"caption":"Senaatti-kiinteist\u00f6t"},"image":{"@id":"https:\/\/www.senaatti.fi\/#\/schema\/logo\/image\/"},"sameAs":["https:\/\/www.facebook.com\/SenaattiKiinteistot\/","https:\/\/x.com\/SenaattiK","https:\/\/www.linkedin.com\/company\/senate-properties","https:\/\/www.youtube.com\/channel\/UCunSUhMjKd5KqASPgBrndkQ"]}]}},"publishpress_future_action":{"enabled":false,"date":"2026-05-03 10:36:37","action":"change-status","newStatus":"draft","terms":[],"taxonomy":"translation_priority"},"_links":{"self":[{"href":"https:\/\/testi-e2c55b704894.senaatti.fi\/sv\/wp-json\/wp\/v2\/pages\/63796","targetHints":{"allow":["GET"]}}],"collection":[{"href":"https:\/\/testi-e2c55b704894.senaatti.fi\/sv\/wp-json\/wp\/v2\/pages"}],"about":[{"href":"https:\/\/testi-e2c55b704894.senaatti.fi\/sv\/wp-json\/wp\/v2\/types\/page"}],"author":[{"embeddable":true,"href":"https:\/\/testi-e2c55b704894.senaatti.fi\/sv\/wp-json\/wp\/v2\/users\/11"}],"replies":[{"embeddable":true,"href":"https:\/\/testi-e2c55b704894.senaatti.fi\/sv\/wp-json\/wp\/v2\/comments?post=63796"}],"version-history":[{"count":5,"href":"https:\/\/testi-e2c55b704894.senaatti.fi\/sv\/wp-json\/wp\/v2\/pages\/63796\/revisions"}],"predecessor-version":[{"id":64192,"href":"https:\/\/testi-e2c55b704894.senaatti.fi\/sv\/wp-json\/wp\/v2\/pages\/63796\/revisions\/64192"}],"up":[{"embeddable":true,"href":"https:\/\/testi-e2c55b704894.senaatti.fi\/sv\/wp-json\/wp\/v2\/pages\/62189"}],"wp:attachment":[{"href":"https:\/\/testi-e2c55b704894.senaatti.fi\/sv\/wp-json\/wp\/v2\/media?parent=63796"}],"curies":[{"name":"wp","href":"https:\/\/api.w.org\/{rel}","templated":true}]}}