{"id":65313,"date":"2023-06-28T14:38:35","date_gmt":"2023-06-28T11:38:35","guid":{"rendered":"https:\/\/testi-e2c55b704894.senaatti.fi\/?page_id=65313"},"modified":"2024-02-01T13:44:39","modified_gmt":"2024-02-01T11:44:39","slug":"ledning-av-ansvarstagandet","status":"publish","type":"page","link":"https:\/\/testi-e2c55b704894.senaatti.fi\/sv\/om-oss\/samhallsansvaret\/ledning-av-ansvarstagandet\/","title":{"rendered":"Ledning av ansvarstagandet"},"content":{"rendered":"<div class=\"wpb-content-wrapper\"><p>[vc_row][vc_column][senaatti_hero heading=&#8221;Ledning av ansvarstagandet&#8221; image=&#8221;5565&#8243; text=&#8221;Grunden f\u00f6r v\u00e5rt ansvarstagande \u00e4r v\u00e5ra v\u00e4rderingar, v\u00e5ra etiska anvisningar, v\u00e5r samh\u00e4llsansvarspolicy, v\u00e5r anvisningar om god f\u00f6rvaltning, bindande skyldigheter och v\u00e5rt ISO 14001-certifierade milj\u00f6ledningssystem.&#8221;][\/vc_column][\/vc_row][vc_row][vc_column][vc_column_text]Senatkoncernen till\u00e4mpar ett certifierat milj\u00f6ledningssystem som baserar sig p\u00e5 ISO 14001 och som har utvidgats till att omfatta \u00e4ven aspekter som g\u00e4ller ekonomiskt och socialt ansvar. Milj\u00f6ledningssystemet till\u00e4mpas p\u00e5 f\u00f6rvaltning, underh\u00e5ll, byggande och uthyrning av fastigheter samt p\u00e5 tj\u00e4nster och st\u00f6dfunktioner i anslutning till dem samt p\u00e5 utveckling och f\u00f6rs\u00e4ljning av fastigheter i b\u00e5da aff\u00e4rsverken.<\/p>\n<p>Senatkoncernens styrelse fastst\u00e4ller koncernens samh\u00e4llsansvarspolicy, som best\u00e4mmer de principer f\u00f6r samh\u00e4lls- och milj\u00f6ansvar som ska iakttas i aff\u00e4rsverkens verksamhet samt utarbetar riktlinjer f\u00f6r rapportering, ledning och ansvar.<\/p>\n<h2>Ledning av det sociala ansvaret<\/h2>\n<p>Enligt sina etiska principer f\u00f6rbinder sig Senatkoncernen att till\u00e4mpa en exemplarisk arbetsgivarpolicy. Alla anst\u00e4llda p\u00e5 Senatkoncernen ska bedriva en verksamhet som \u00e4r \u00f6ppen, opartisk och tillf\u00f6rlitlig. Koncernens personal f\u00e5r inte kr\u00e4va, godk\u00e4nna eller ta emot ekonomiska eller andra f\u00f6rm\u00e5ner som \u00e4ventyrar dessa verksamhetsprinciper.<\/p>\n<p>I enlighet med j\u00e4mst\u00e4lldhets- och likabehandlingsplanen agerar Senatkoncernen s\u00e5 att ingen hamnar i en oj\u00e4mlik st\u00e4llning eller blir diskriminerad p\u00e5 grund av k\u00f6n, religion, \u00e5lder, graviditet, f\u00f6r\u00e4ldraledighet, v\u00e4rnplikt eller n\u00e5gon annan motsvarande omst\u00e4ndighet.<\/p>\n<p>Det har utarbetats egna anvisningar f\u00f6r hanteringen av leverant\u00f6rsn\u00e4tverket och f\u00f6r bek\u00e4mpningen av ekonomisk brottslighet.<\/p>\n<h2>Ledning av det ekonomiska ansvaret<\/h2>\n<p>Ekonomiskt ansvar i Senatkoncernen inneb\u00e4r en effektiv och produktiv anv\u00e4ndning av fastighetsf\u00f6rm\u00f6genheten samt bevarandet av dess v\u00e4rde. Detta kan g\u00f6ras om int\u00e4kterna fr\u00e5n f\u00f6rm\u00f6genheten kan t\u00e4cka alla kostnader f\u00f6r anv\u00e4ndning, underh\u00e5ll och uppdatering av fastigheterna.<\/p>\n<p>Riksdagen beslutar om aff\u00e4rsverkets servicem\u00e5l och \u00f6vriga verksamhetsm\u00e5l. Finansministeriet svarar f\u00f6r den ekonomiska styrningen av Senatkoncernens aff\u00e4rsverk.<\/p>\n<p>Aff\u00e4rsverket kan inom ramen f\u00f6r riksdagens l\u00e5nefullmakt uppta l\u00e5n och d\u00e4rmed finansiera sina investeringar. Att aff\u00e4rsverket st\u00e5r utanf\u00f6r budgeten och iakttar f\u00f6retagsekonomiska principer samt ekonomif\u00f6rvaltningen framh\u00e4ver aff\u00e4rsverkets eget ansvar. Statens aff\u00e4rsverk utg\u00f6r dock inte separat f\u00f6rm\u00f6genhet, utan staten svarar i sista hand f\u00f6r aff\u00e4rsverkets samtliga \u00e5taganden.<\/p>\n<p>Statens aff\u00e4rsverk kan inte vara verksamt p\u00e5 marknaden i en \u00f6ppen konkurrenssituation. Aff\u00e4rsverket kan producera tj\u00e4nster n\u00e4stan uteslutande f\u00f6r statsf\u00f6rvaltningen och s\u00e5dana sammanslutningar vars verksamhet huvudsakligen finansieras med anslag som tagits in i statsbudgeten. Genomf\u00f6randet av det ekonomiska ansvaret st\u00f6ds av Senatkoncernens \u00e5rliga utredning om f\u00f6rvaltnings- och styrningssystem (f\u00f6rvaltningskod), etiska principer samt en verksamhetsanvisning f\u00f6r den interna revisionen och processer som styr funktionerna. De etiska principerna drar ocks\u00e5 upp riktlinjer f\u00f6r Senatkoncernens praxis till exempel n\u00e4r det g\u00e4ller bek\u00e4mpning av korruption och mottagande av g\u00e5vor samt f\u00f6rebyggande av diskriminering.<\/p>\n<h2>Organisering av koncernens ansvarstagande<\/h2>\n<p>Styrningen av koncernens ansvarsarbete har tilldelats samh\u00e4llsansvarsdirekt\u00f6ren, som rapporterar till koncerndirekt\u00f6ren och Senatkoncernens styrelse. Samh\u00e4llsansvarsdirekt\u00f6ren svarar f\u00f6r planeringen, utvecklingen och samordningen av verksamhetens olika delomr\u00e5den med tanke p\u00e5 samh\u00e4llsansvaret. I Senatkoncernen finns dessutom ett samh\u00e4llsansvarsteam och en styrgrupp f\u00f6r samh\u00e4llsansvar som sammantr\u00e4der regelbundet och vars uppgift \u00e4r att utveckla, planera och inf\u00f6ra praxis f\u00f6r samh\u00e4llsansvar i verksamheten samt att fungera som informationskanal mellan enheterna och processerna. Forsknings- och byggtj\u00e4nster inom milj\u00f6v\u00e5rden produceras av enheten f\u00f6r milj\u00f6tj\u00e4nster och samh\u00e4llsansvar, som leds av samh\u00e4llsansvarsdirekt\u00f6ren. Inom centrala delomr\u00e5den f\u00f6r samh\u00e4llsansvaret finns s\u00e4rskilt utsedda sakkunnigteam.[\/vc_column_text][\/vc_column][\/vc_row][vc_row][vc_column][senaatti_liftcards heading=&#8221;Relaterat till \u00e4mnet&#8221; card=&#8221;%5B%7B%22label%22%3A%22Omh%C3%A4ndertagande%20av%20personalen%22%2C%22link%22%3A%22url%3Ahttps%253A%252F%252Ftesti-e2c55b704894.senaatti.fi%252Fsv%252Fjobba-pa-senatfastigheter%252Fansvarsfull-arbetsgivare%252F%7Ctitle%3ASenatkoncernen%2520som%2520arbetsgivare%22%2C%22description%22%3A%22Vi%20f%C3%B6rs%C3%B6ker%20p%C3%A5%20m%C3%A5nga%20olika%20s%C3%A4tt%20se%20till%20att%20v%C3%A5r%20personal%20har%20f%C3%B6ruts%C3%A4ttningar%20att%20lyckas%20i%20sitt%20arbete.%20Vi%20satsar%20konsekvent%20p%C3%A5%20att%20utveckla%20personalens%20yrkesskicklighet%20och%20kompetens.%20Vi%20erbjuder%20meningsfullt%20och%20r%C3%A4tt%20dimensionerat%20arbete%2C%20flexibla%20arbetstider%20samt%20f%C3%B6retagsh%C3%A4lsov%C3%A5rd%20av%20h%C3%B6g%20kvalitet%20och%20st%C3%B6d%20av%20chefen.%22%2C%22image%22%3A%2251025%22%7D%2C%7B%22label%22%3A%22Ansvarsfull%20upphandling%22%2C%22link%22%3A%22url%3Ahttps%253A%252F%252Ftesti-e2c55b704894.senaatti.fi%252Fsv%252Fom-oss%252Fekonomi%252Fupphandling%252F%7Ctitle%3AL%25C3%25A4s%2520mer%2520om%2520upphandling%22%2C%22description%22%3A%22Senatkoncernen%20%C3%A4r%20en%20betydande%20upphandlare%20av%20bygg-%20och%20fastighetstj%C3%A4nster%20i%20Finland%20och%20en%20av%20Finlands%20st%C3%B6rsta%20offentliga%20upphandlingsorganisationer.%20Vi%20skaffar%20tj%C3%A4nster%20och%20produkter%20f%C3%B6r%20de%20aff%C3%A4rsverk%20som%20h%C3%B6r%20till%20koncernen.%22%2C%22image%22%3A%2263121%22%7D%2C%7B%22label%22%3A%22F%C3%B6rvaltning%20och%20ledning%22%2C%22link%22%3A%22url%3Ahttps%253A%252F%252Ftesti-e2c55b704894.senaatti.fi%252Fsv%252Fom-oss%252Forganisation%252Fforvaltning-och-ledning%252F%7Ctitle%3AL%25C3%25A4s%2520mer%22%2C%22description%22%3A%22Senatfastigheter%20%C3%A4r%20ett%20aff%C3%A4rsverk%20som%20lyder%20under%20finansministeriet%20och%20vars%20verksamhet%20regleras%20genom%20lagen%20om%20statliga%20aff%C3%A4rsverk%20och%20statsr%C3%A5dets%20f%C3%B6rordning%20om%20Senatfastigheter.%22%2C%22image%22%3A%2235996%22%7D%2C%7B%22label%22%3A%22S%C3%A5%20h%C3%A4r%20g%C3%B6r%20vi%22%2C%22link%22%3A%22url%3Ahttps%253A%252F%252Ftesti-e2c55b704894.senaatti.fi%252Fsv%252Fsa-har-gor-vi%252F%7Ctitle%3AL%25C3%25A4s%2520mer%22%2C%22description%22%3A%22P%C3%A5%20denna%20webbplats%20finns%20svaren%20p%C3%A5%20de%20vanligaste%20fr%C3%A5gorna%20om%20statens%20fastighetsf%C3%B6rvaltning%20och%20fastighetshantering.%20Webbplatsen%20%C3%A4r%20avsedd%20f%C3%B6r%20alla%20som%20%C3%A4r%20intresserade%20av%20hur%20denna%20nationalf%C3%B6rm%C3%B6genhet%20p%C3%A5%204%2C8%20miljarder%20euro%20f%C3%B6rvaltas.%22%2C%22image%22%3A%2263422%22%7D%5D&#8221;][\/vc_column][\/vc_row]<\/p>\n<\/div>","protected":false},"excerpt":{"rendered":"<p>[vc_row][vc_column][senaatti_hero heading=&#8221;Ledning av ansvarstagandet&#8221; image=&#8221;5565&#8243; text=&#8221;Grunden f\u00f6r v\u00e5rt ansvarstagande \u00e4r v\u00e5ra v\u00e4rderingar, v\u00e5ra etiska anvisningar, v\u00e5r samh\u00e4llsansvarspolicy, v\u00e5r anvisningar om god f\u00f6rvaltning, bindande skyldigheter och v\u00e5rt ISO 14001-certifierade milj\u00f6ledningssystem.&#8221;][\/vc_column][\/vc_row][vc_row][vc_column][vc_column_text]Senatkoncernen till\u00e4mpar ett certifierat milj\u00f6ledningssystem som baserar sig p\u00e5 ISO 14001 och som har utvidgats till att omfatta \u00e4ven aspekter som g\u00e4ller ekonomiskt och socialt ansvar. Milj\u00f6ledningssystemet [&hellip;]<\/p>\n","protected":false},"author":11,"featured_media":0,"parent":57372,"menu_order":0,"comment_status":"closed","ping_status":"closed","template":"","meta":{"_acf_changed":false,"footnotes":""},"class_list":["post-65313","page","type-page","status-publish","hentry"],"acf":[],"yoast_head":"<!-- This site is optimized with the Yoast SEO plugin v23.9 - https:\/\/yoast.com\/wordpress\/plugins\/seo\/ -->\n<title>Ledning av ansvarstagandet - Senaatti<\/title>\n<meta name=\"robots\" content=\"noindex, follow, max-snippet:-1, max-image-preview:large, max-video-preview:-1\" \/>\n<meta property=\"og:locale\" content=\"sv_SE\" \/>\n<meta property=\"og:type\" content=\"article\" \/>\n<meta property=\"og:title\" content=\"Ledning av ansvarstagandet - Senaatti\" \/>\n<meta property=\"og:description\" content=\"[vc_row][vc_column][senaatti_hero heading=&#8221;Ledning av ansvarstagandet&#8221; image=&#8221;5565&#8243; text=&#8221;Grunden f\u00f6r v\u00e5rt ansvarstagande \u00e4r v\u00e5ra v\u00e4rderingar, v\u00e5ra etiska anvisningar, v\u00e5r samh\u00e4llsansvarspolicy, v\u00e5r anvisningar om god f\u00f6rvaltning, bindande skyldigheter och v\u00e5rt ISO 14001-certifierade milj\u00f6ledningssystem.&#8221;][\/vc_column][\/vc_row][vc_row][vc_column][vc_column_text]Senatkoncernen till\u00e4mpar ett certifierat milj\u00f6ledningssystem som baserar sig p\u00e5 ISO 14001 och som har utvidgats till att omfatta \u00e4ven aspekter som g\u00e4ller ekonomiskt och socialt ansvar. Milj\u00f6ledningssystemet [&hellip;]\" \/>\n<meta property=\"og:url\" content=\"https:\/\/testi-e2c55b704894.senaatti.fi\/sv\/om-oss\/samhallsansvaret\/ledning-av-ansvarstagandet\/\" \/>\n<meta property=\"og:site_name\" content=\"Senaatti\" \/>\n<meta property=\"article:publisher\" content=\"https:\/\/www.facebook.com\/SenaattiKiinteistot\/\" \/>\n<meta property=\"article:modified_time\" content=\"2024-02-01T11:44:39+00:00\" \/>\n<meta property=\"og:image\" content=\"https:\/\/testi-e2c55b704894.senaatti.fi\/app\/uploads\/2021\/01\/Senaatti_FB_profiili_1200x630-1024x538.png\" \/>\n\t<meta property=\"og:image:width\" content=\"1024\" \/>\n\t<meta property=\"og:image:height\" content=\"538\" \/>\n\t<meta property=\"og:image:type\" content=\"image\/png\" \/>\n<meta name=\"twitter:card\" content=\"summary_large_image\" \/>\n<meta name=\"twitter:site\" content=\"@SenaattiK\" \/>\n<meta name=\"twitter:label1\" content=\"Ber\u00e4knad l\u00e4stid\" \/>\n\t<meta name=\"twitter:data1\" content=\"4 minuter\" \/>\n<script type=\"application\/ld+json\" class=\"yoast-schema-graph\">{\"@context\":\"https:\/\/schema.org\",\"@graph\":[{\"@type\":\"WebPage\",\"@id\":\"https:\/\/testi-e2c55b704894.senaatti.fi\/sv\/om-oss\/samhallsansvaret\/ledning-av-ansvarstagandet\/\",\"url\":\"https:\/\/testi-e2c55b704894.senaatti.fi\/sv\/om-oss\/samhallsansvaret\/ledning-av-ansvarstagandet\/\",\"name\":\"Ledning av ansvarstagandet - Senaatti\",\"isPartOf\":{\"@id\":\"https:\/\/www.senaatti.fi\/#website\"},\"datePublished\":\"2023-06-28T11:38:35+00:00\",\"dateModified\":\"2024-02-01T11:44:39+00:00\",\"breadcrumb\":{\"@id\":\"https:\/\/testi-e2c55b704894.senaatti.fi\/sv\/om-oss\/samhallsansvaret\/ledning-av-ansvarstagandet\/#breadcrumb\"},\"inLanguage\":\"sv-SE\",\"potentialAction\":[{\"@type\":\"ReadAction\",\"target\":[\"https:\/\/testi-e2c55b704894.senaatti.fi\/sv\/om-oss\/samhallsansvaret\/ledning-av-ansvarstagandet\/\"]}]},{\"@type\":\"BreadcrumbList\",\"@id\":\"https:\/\/testi-e2c55b704894.senaatti.fi\/sv\/om-oss\/samhallsansvaret\/ledning-av-ansvarstagandet\/#breadcrumb\",\"itemListElement\":[{\"@type\":\"ListItem\",\"position\":1,\"name\":\"Hem\",\"item\":\"https:\/\/www.senaatti.fi\/sv\/\"},{\"@type\":\"ListItem\",\"position\":2,\"name\":\"Om oss\",\"item\":\"https:\/\/www.senaatti.fi\/sv\/om-oss\/\"},{\"@type\":\"ListItem\",\"position\":3,\"name\":\"Samh\u00e4llsansvaret\",\"item\":\"https:\/\/www.senaatti.fi\/sv\/om-oss\/samhallsansvaret\/\"},{\"@type\":\"ListItem\",\"position\":4,\"name\":\"Ledning av ansvarstagandet\"}]},{\"@type\":\"WebSite\",\"@id\":\"https:\/\/www.senaatti.fi\/#website\",\"url\":\"https:\/\/www.senaatti.fi\/\",\"name\":\"Senaatti\",\"description\":\"Just another WordPress site\",\"publisher\":{\"@id\":\"https:\/\/www.senaatti.fi\/#organization\"},\"potentialAction\":[{\"@type\":\"SearchAction\",\"target\":{\"@type\":\"EntryPoint\",\"urlTemplate\":\"https:\/\/www.senaatti.fi\/?s={search_term_string}\"},\"query-input\":{\"@type\":\"PropertyValueSpecification\",\"valueRequired\":true,\"valueName\":\"search_term_string\"}}],\"inLanguage\":\"sv-SE\"},{\"@type\":\"Organization\",\"@id\":\"https:\/\/www.senaatti.fi\/#organization\",\"name\":\"Senaatti-kiinteist\u00f6t\",\"url\":\"https:\/\/www.senaatti.fi\/\",\"logo\":{\"@type\":\"ImageObject\",\"inLanguage\":\"sv-SE\",\"@id\":\"https:\/\/www.senaatti.fi\/#\/schema\/logo\/image\/\",\"url\":\"https:\/\/testi-e2c55b704894.senaatti.fi\/app\/uploads\/2021\/01\/Senaatti_FB_profiili_1200x630.png\",\"contentUrl\":\"https:\/\/testi-e2c55b704894.senaatti.fi\/app\/uploads\/2021\/01\/Senaatti_FB_profiili_1200x630.png\",\"width\":1201,\"height\":631,\"caption\":\"Senaatti-kiinteist\u00f6t\"},\"image\":{\"@id\":\"https:\/\/www.senaatti.fi\/#\/schema\/logo\/image\/\"},\"sameAs\":[\"https:\/\/www.facebook.com\/SenaattiKiinteistot\/\",\"https:\/\/x.com\/SenaattiK\",\"https:\/\/www.linkedin.com\/company\/senate-properties\",\"https:\/\/www.youtube.com\/channel\/UCunSUhMjKd5KqASPgBrndkQ\"]}]}<\/script>\n<!-- \/ Yoast SEO plugin. -->","yoast_head_json":{"title":"Ledning av ansvarstagandet - Senaatti","robots":{"index":"noindex","follow":"follow","max-snippet":"max-snippet:-1","max-image-preview":"max-image-preview:large","max-video-preview":"max-video-preview:-1"},"og_locale":"sv_SE","og_type":"article","og_title":"Ledning av ansvarstagandet - Senaatti","og_description":"[vc_row][vc_column][senaatti_hero heading=&#8221;Ledning av ansvarstagandet&#8221; image=&#8221;5565&#8243; text=&#8221;Grunden f\u00f6r v\u00e5rt ansvarstagande \u00e4r v\u00e5ra v\u00e4rderingar, v\u00e5ra etiska anvisningar, v\u00e5r samh\u00e4llsansvarspolicy, v\u00e5r anvisningar om god f\u00f6rvaltning, bindande skyldigheter och v\u00e5rt ISO 14001-certifierade milj\u00f6ledningssystem.&#8221;][\/vc_column][\/vc_row][vc_row][vc_column][vc_column_text]Senatkoncernen till\u00e4mpar ett certifierat milj\u00f6ledningssystem som baserar sig p\u00e5 ISO 14001 och som har utvidgats till att omfatta \u00e4ven aspekter som g\u00e4ller ekonomiskt och socialt ansvar. Milj\u00f6ledningssystemet [&hellip;]","og_url":"https:\/\/testi-e2c55b704894.senaatti.fi\/sv\/om-oss\/samhallsansvaret\/ledning-av-ansvarstagandet\/","og_site_name":"Senaatti","article_publisher":"https:\/\/www.facebook.com\/SenaattiKiinteistot\/","article_modified_time":"2024-02-01T11:44:39+00:00","og_image":[{"width":1024,"height":538,"url":"https:\/\/testi-e2c55b704894.senaatti.fi\/app\/uploads\/2021\/01\/Senaatti_FB_profiili_1200x630-1024x538.png","type":"image\/png"}],"twitter_card":"summary_large_image","twitter_site":"@SenaattiK","twitter_misc":{"Ber\u00e4knad l\u00e4stid":"4 minuter"},"schema":{"@context":"https:\/\/schema.org","@graph":[{"@type":"WebPage","@id":"https:\/\/testi-e2c55b704894.senaatti.fi\/sv\/om-oss\/samhallsansvaret\/ledning-av-ansvarstagandet\/","url":"https:\/\/testi-e2c55b704894.senaatti.fi\/sv\/om-oss\/samhallsansvaret\/ledning-av-ansvarstagandet\/","name":"Ledning av ansvarstagandet - Senaatti","isPartOf":{"@id":"https:\/\/www.senaatti.fi\/#website"},"datePublished":"2023-06-28T11:38:35+00:00","dateModified":"2024-02-01T11:44:39+00:00","breadcrumb":{"@id":"https:\/\/testi-e2c55b704894.senaatti.fi\/sv\/om-oss\/samhallsansvaret\/ledning-av-ansvarstagandet\/#breadcrumb"},"inLanguage":"sv-SE","potentialAction":[{"@type":"ReadAction","target":["https:\/\/testi-e2c55b704894.senaatti.fi\/sv\/om-oss\/samhallsansvaret\/ledning-av-ansvarstagandet\/"]}]},{"@type":"BreadcrumbList","@id":"https:\/\/testi-e2c55b704894.senaatti.fi\/sv\/om-oss\/samhallsansvaret\/ledning-av-ansvarstagandet\/#breadcrumb","itemListElement":[{"@type":"ListItem","position":1,"name":"Hem","item":"https:\/\/www.senaatti.fi\/sv\/"},{"@type":"ListItem","position":2,"name":"Om oss","item":"https:\/\/www.senaatti.fi\/sv\/om-oss\/"},{"@type":"ListItem","position":3,"name":"Samh\u00e4llsansvaret","item":"https:\/\/www.senaatti.fi\/sv\/om-oss\/samhallsansvaret\/"},{"@type":"ListItem","position":4,"name":"Ledning av ansvarstagandet"}]},{"@type":"WebSite","@id":"https:\/\/www.senaatti.fi\/#website","url":"https:\/\/www.senaatti.fi\/","name":"Senaatti","description":"Just another WordPress site","publisher":{"@id":"https:\/\/www.senaatti.fi\/#organization"},"potentialAction":[{"@type":"SearchAction","target":{"@type":"EntryPoint","urlTemplate":"https:\/\/www.senaatti.fi\/?s={search_term_string}"},"query-input":{"@type":"PropertyValueSpecification","valueRequired":true,"valueName":"search_term_string"}}],"inLanguage":"sv-SE"},{"@type":"Organization","@id":"https:\/\/www.senaatti.fi\/#organization","name":"Senaatti-kiinteist\u00f6t","url":"https:\/\/www.senaatti.fi\/","logo":{"@type":"ImageObject","inLanguage":"sv-SE","@id":"https:\/\/www.senaatti.fi\/#\/schema\/logo\/image\/","url":"https:\/\/testi-e2c55b704894.senaatti.fi\/app\/uploads\/2021\/01\/Senaatti_FB_profiili_1200x630.png","contentUrl":"https:\/\/testi-e2c55b704894.senaatti.fi\/app\/uploads\/2021\/01\/Senaatti_FB_profiili_1200x630.png","width":1201,"height":631,"caption":"Senaatti-kiinteist\u00f6t"},"image":{"@id":"https:\/\/www.senaatti.fi\/#\/schema\/logo\/image\/"},"sameAs":["https:\/\/www.facebook.com\/SenaattiKiinteistot\/","https:\/\/x.com\/SenaattiK","https:\/\/www.linkedin.com\/company\/senate-properties","https:\/\/www.youtube.com\/channel\/UCunSUhMjKd5KqASPgBrndkQ"]}]}},"publishpress_future_action":{"enabled":false,"date":"2026-05-03 10:35:26","action":"change-status","newStatus":"draft","terms":[],"taxonomy":"translation_priority"},"_links":{"self":[{"href":"https:\/\/testi-e2c55b704894.senaatti.fi\/sv\/wp-json\/wp\/v2\/pages\/65313","targetHints":{"allow":["GET"]}}],"collection":[{"href":"https:\/\/testi-e2c55b704894.senaatti.fi\/sv\/wp-json\/wp\/v2\/pages"}],"about":[{"href":"https:\/\/testi-e2c55b704894.senaatti.fi\/sv\/wp-json\/wp\/v2\/types\/page"}],"author":[{"embeddable":true,"href":"https:\/\/testi-e2c55b704894.senaatti.fi\/sv\/wp-json\/wp\/v2\/users\/11"}],"replies":[{"embeddable":true,"href":"https:\/\/testi-e2c55b704894.senaatti.fi\/sv\/wp-json\/wp\/v2\/comments?post=65313"}],"version-history":[{"count":3,"href":"https:\/\/testi-e2c55b704894.senaatti.fi\/sv\/wp-json\/wp\/v2\/pages\/65313\/revisions"}],"predecessor-version":[{"id":65502,"href":"https:\/\/testi-e2c55b704894.senaatti.fi\/sv\/wp-json\/wp\/v2\/pages\/65313\/revisions\/65502"}],"up":[{"embeddable":true,"href":"https:\/\/testi-e2c55b704894.senaatti.fi\/sv\/wp-json\/wp\/v2\/pages\/57372"}],"wp:attachment":[{"href":"https:\/\/testi-e2c55b704894.senaatti.fi\/sv\/wp-json\/wp\/v2\/media?parent=65313"}],"curies":[{"name":"wp","href":"https:\/\/api.w.org\/{rel}","templated":true}]}}