{"id":65321,"date":"2023-06-28T14:40:57","date_gmt":"2023-06-28T11:40:57","guid":{"rendered":"https:\/\/testi-e2c55b704894.senaatti.fi\/?page_id=65321"},"modified":"2024-12-11T10:47:00","modified_gmt":"2024-12-11T08:47:00","slug":"mot-koldioxidneutralitet","status":"publish","type":"page","link":"https:\/\/testi-e2c55b704894.senaatti.fi\/sv\/om-oss\/samhallsansvaret\/mot-koldioxidneutralitet\/","title":{"rendered":"Mot koldioxidneutralitet"},"content":{"rendered":"<div class=\"wpb-content-wrapper\"><p>[vc_row][vc_column][senaatti_hero heading=&#8221;Mot koldioxidneutralitet&#8221; image=&#8221;50175&#8243; text=&#8221;Vi har f\u00f6rbundit oss att vidta \u00e5tg\u00e4rder f\u00f6r att begr\u00e4nsa klimatf\u00f6r\u00e4ndringen. Senatkoncernens m\u00e5l \u00e4r att uppn\u00e5 koldioxidneutralitet i stats\u00e4gda fastigheter senast 2035.&#8221;][\/vc_column][\/vc_row][vc_row][vc_column][vc_column_text remove_empty_space_above=&#8221;true&#8221;]V\u00e5rt m\u00e5l \u00e4r f\u00f6renligt med Finlands regeringsprogram och ligger i linje med statens m\u00e5l om koldioxidneutralitet. Senatkoncernen har en central roll n\u00e4r det g\u00e4ller att minska utsl\u00e4ppen fr\u00e5n statens fastighetsbest\u00e5nd, b\u00e5de som byggherre och som f\u00f6rvaltare av lokalerna.<\/p>\n<p>Koldioxidneutralitet lyftes fram som ett centralt delomr\u00e5de inom samh\u00e4llsansvaret under Senatkoncernens strategiperiod 2022\u20132025.[\/vc_column_text][\/vc_column][\/vc_row][vc_row][vc_column][vc_column_text remove_empty_space_above=&#8221;true&#8221; remove_empty_space_below=&#8221;true&#8221;]<\/p>\n<h2>Betydande minskningar av CO2-utsl\u00e4ppen<\/h2>\n<p>Genom Senatkoncernens m\u00e5lmedvetna arbete med att minska utsl\u00e4ppen har utsl\u00e4ppen vid anv\u00e4ndning av statens fastigheter minskat betydligt under de senaste tio \u00e5ren. Den st\u00f6rsta utsl\u00e4ppsminskningen har uppn\u00e5tts genom att andelen f\u00f6rnybar energi av den k\u00f6pta energin har \u00f6kat. Av den totala energif\u00f6rbrukningen i de fastigheter som vi f\u00f6rvaltar t\u00e4cks \u00f6ver 80 % med f\u00f6rnybar energi och 100 % med el.<\/p>\n<h2>M\u00e5let \u00e4r att vara koldioxidneutral och fossilfri senast 2035<\/h2>\n<p>Senatkoncernens uppgift \u00e4r att erbjuda koldioxidneutrala lokaler till statens f\u00f6rfogande. M\u00e5let efterstr\u00e4vas i f\u00f6rsta hand genom egna \u00e5tg\u00e4rder utan kompensation. Vid alla totalrenoveringar p\u00e5 \u00f6ver 2 miljoner euro efterstr\u00e4var vi en minskning av utsl\u00e4ppen med 15 % och vid nybyggnad med 25 %.[\/vc_column_text][\/vc_column][\/vc_row][vc_row][vc_column][vc_column_text remove_empty_space_above=&#8221;true&#8221;]<\/p>\n<h3>De viktigaste s\u00e4tten att uppn\u00e5 detta m\u00e5l<\/h3>\n<p>Koldioxidneutralitet efterstr\u00e4vas i tv\u00e5 faser: koldioxidneutral anv\u00e4ndning av fastigheter och koldioxidneutralitet vid byggande och reparationer.<\/p>\n<h4>Koldioxidneutral anv\u00e4ndning av fastigheter:<\/h4>\n<ul>\n<li>F\u00f6rb\u00e4ttring av lokaleffektiviteten<\/li>\n<li>F\u00f6rb\u00e4ttring av energieffektiviteten<\/li>\n<li>\u00d6verg\u00e5ng till utsl\u00e4ppsfri energi<\/li>\n<\/ul>\n<h4>Koldioxidneutralitet vid byggande och reparationer:<\/h4>\n<ul>\n<li>Minskning\/optimering av byggandet genom flexibelt omvandlingsbara och gemensamma lokaler<\/li>\n<li>Utsl\u00e4ppsfria byggmaterial och principer f\u00f6r cirkul\u00e4r ekonomi<\/li>\n<li>Utsl\u00e4ppsfria byggplatser<\/li>\n<\/ul>\n<h4>Plan f\u00f6r anpassning till klimatf\u00f6r\u00e4ndringen<\/h4>\n<p>Vi har ocks\u00e5 unders\u00f6kt klimatrisker som riktar sig mot fastigheter och fastst\u00e4llt centrala \u00e5tg\u00e4rder f\u00f6r att anpassa oss till klimatf\u00f6r\u00e4ndringens effekter p\u00e5 statens fastighetsbest\u00e5nd.[\/vc_column_text][\/vc_column][\/vc_row][vc_row][vc_column][senaatti_timeline background_color=&#8221;bg-white&#8221; items=&#8221;%5B%7B%22title%22%3A%222021%22%2C%22description%22%3A%22Utsl%C3%A4ppen%20fr%C3%A5n%20anv%C3%A4ndningen%20av%20v%C3%A5ra%20fastigheter%20har%20minskat%20med%2090%20%25%20sedan%20EU%3As%20energidirektiv%20tr%C3%A4dde%20i%20kraft%202012.%22%7D%2C%7B%22title%22%3A%222025%22%2C%22description%22%3A%22Utsl%C3%A4ppen%20fr%C3%A5n%20anv%C3%A4ndningen%20av%20v%C3%A5ra%20fastigheter%20har%20halverats%20j%C3%A4mf%C3%B6rt%20med%202020.%20Detta%20m%C3%A5l%20uppn%C3%A5ddes%20redan%202021.%22%2C%22dotted_line%22%3A%22true%22%7D%2C%7B%22title%22%3A%222030%22%2C%22description%22%3A%22Koldioxidneutral%20anv%C3%A4ndning%20av%20fastigheter%20p%C3%A5%202020-talet.%22%2C%22dotted_line%22%3A%22true%22%7D%2C%7B%22title%22%3A%222035%22%2C%22description%22%3A%22Koldioxidneutralitet%20vid%20byggande%20och%20reparationer%202035.%22%7D%5D&#8221;][\/vc_column][\/vc_row][vc_row][vc_column][senaatti_liftcards heading=&#8221;Relaterat till \u00e4mnet&#8221; card=&#8221;%5B%7B%22label%22%3A%22Energieffektiva%20fastigheter%22%2C%22link%22%3A%22url%3Ahttps%253A%252F%252Ftesti-e2c55b704894.senaatti.fi%252Fsv%252Fenergisparprogram%252F%7Ctitle%3AL%25C3%25A4s%2520mer%2520om%2520v%25C3%25A5rt%2520energisparprogram%22%2C%22description%22%3A%22I%20flera%20%C3%A5r%20har%20vi%20utf%C3%B6rt%20ett%20resultatrikt%20och%20verkningsfullt%20utvecklingsarbete%20f%C3%B6r%20att%20effektivisera%20energianv%C3%A4ndningen%20i%20statens%20fastigheter.%20I%20det%20exceptionella%20l%C3%A4get%202023%20lanserade%20vi%20ett%20omfattande%20program%20f%C3%B6r%20energisparande.%20Vi%20vill%20f%C3%B6r%20v%C3%A5r%20del%20s%C3%A4kerst%C3%A4lla%20att%20energin%20r%C3%A4cker%20till%20i%20Finland.%22%2C%22image%22%3A%2248483%22%7D%2C%7B%22label%22%3A%22Biologisk%20m%C3%A5ngfald%22%2C%22link%22%3A%22url%3Ahttps%253A%252F%252Ftesti-e2c55b704894.senaatti.fi%252Fsv%252Fom-oss%252Fsamhallsansvaret%252Fbiologiska-mangfalden%252F%7Ctitle%3AL%25C3%25A4s%2520mer%22%2C%22description%22%3A%22P%C3%A5%20v%C3%A5rt%20ansvar%20%C3%A4r%20att%20bevara%20den%20biologiska%20m%C3%A5ngfalden%20och%20att%20bek%C3%A4mpa%20f%C3%B6rlusten%20av%20biologisk%20m%C3%A5ngfald%20vid%20v%C3%A5ra%20egna%20objekt.%20Vi%20g%C3%B6r%20naturutredningar%20som%20en%20del%20av%20byggprojekt%2C%20underh%C3%A5ll%20och%20f%C3%B6rs%C3%A4ljning%20av%20fastigheter.%20Vi%20har%20ocks%C3%A5%20startat%20projekt%20d%C3%A4r%20gr%C3%A4smattor%20f%C3%A5r%20bli%20%C3%A4ngar%20och%20i%20stor%20utstr%C3%A4ckning%20kartlagt%20m%C3%B6jliga%20objekt%20f%C3%B6r%20att%20utveckla%20den%20biologiska%20m%C3%A5ngfalden.%22%2C%22image%22%3A%2214183%22%7D%5D&#8221;][\/vc_column][\/vc_row]<\/p>\n<\/div>","protected":false},"excerpt":{"rendered":"<p>[vc_row][vc_column][senaatti_hero heading=&#8221;Mot koldioxidneutralitet&#8221; image=&#8221;50175&#8243; text=&#8221;Vi har f\u00f6rbundit oss att vidta \u00e5tg\u00e4rder f\u00f6r att begr\u00e4nsa klimatf\u00f6r\u00e4ndringen. Senatkoncernens m\u00e5l \u00e4r att uppn\u00e5 koldioxidneutralitet i stats\u00e4gda fastigheter senast 2035.&#8221;][\/vc_column][\/vc_row][vc_row][vc_column][vc_column_text remove_empty_space_above=&#8221;true&#8221;]V\u00e5rt m\u00e5l \u00e4r f\u00f6renligt med Finlands regeringsprogram och ligger i linje med statens m\u00e5l om koldioxidneutralitet. Senatkoncernen har en central roll n\u00e4r det g\u00e4ller att minska utsl\u00e4ppen fr\u00e5n statens [&hellip;]<\/p>\n","protected":false},"author":11,"featured_media":0,"parent":57372,"menu_order":0,"comment_status":"closed","ping_status":"closed","template":"","meta":{"_acf_changed":false,"footnotes":""},"class_list":["post-65321","page","type-page","status-publish","hentry"],"acf":[],"yoast_head":"<!-- This site is optimized with the Yoast SEO plugin v23.9 - https:\/\/yoast.com\/wordpress\/plugins\/seo\/ -->\n<title>Mot koldioxidneutralitet - Senaatti<\/title>\n<meta name=\"robots\" content=\"noindex, follow, max-snippet:-1, max-image-preview:large, max-video-preview:-1\" \/>\n<meta property=\"og:locale\" content=\"sv_SE\" \/>\n<meta property=\"og:type\" content=\"article\" \/>\n<meta property=\"og:title\" content=\"Mot koldioxidneutralitet - Senaatti\" \/>\n<meta property=\"og:description\" content=\"[vc_row][vc_column][senaatti_hero heading=&#8221;Mot koldioxidneutralitet&#8221; image=&#8221;50175&#8243; text=&#8221;Vi har f\u00f6rbundit oss att vidta \u00e5tg\u00e4rder f\u00f6r att begr\u00e4nsa klimatf\u00f6r\u00e4ndringen. Senatkoncernens m\u00e5l \u00e4r att uppn\u00e5 koldioxidneutralitet i stats\u00e4gda fastigheter senast 2035.&#8221;][\/vc_column][\/vc_row][vc_row][vc_column][vc_column_text remove_empty_space_above=&#8221;true&#8221;]V\u00e5rt m\u00e5l \u00e4r f\u00f6renligt med Finlands regeringsprogram och ligger i linje med statens m\u00e5l om koldioxidneutralitet. Senatkoncernen har en central roll n\u00e4r det g\u00e4ller att minska utsl\u00e4ppen fr\u00e5n statens [&hellip;]\" \/>\n<meta property=\"og:url\" content=\"https:\/\/testi-e2c55b704894.senaatti.fi\/sv\/om-oss\/samhallsansvaret\/mot-koldioxidneutralitet\/\" \/>\n<meta property=\"og:site_name\" content=\"Senaatti\" \/>\n<meta property=\"article:publisher\" content=\"https:\/\/www.facebook.com\/SenaattiKiinteistot\/\" \/>\n<meta property=\"article:modified_time\" content=\"2024-12-11T08:47:00+00:00\" \/>\n<meta property=\"og:image\" content=\"https:\/\/testi-e2c55b704894.senaatti.fi\/app\/uploads\/2021\/01\/Senaatti_FB_profiili_1200x630-1024x538.png\" \/>\n\t<meta property=\"og:image:width\" content=\"1024\" \/>\n\t<meta property=\"og:image:height\" content=\"538\" \/>\n\t<meta property=\"og:image:type\" content=\"image\/png\" \/>\n<meta name=\"twitter:card\" content=\"summary_large_image\" \/>\n<meta name=\"twitter:site\" content=\"@SenaattiK\" \/>\n<meta name=\"twitter:label1\" content=\"Ber\u00e4knad l\u00e4stid\" \/>\n\t<meta name=\"twitter:data1\" content=\"3 minuter\" \/>\n<script type=\"application\/ld+json\" class=\"yoast-schema-graph\">{\"@context\":\"https:\/\/schema.org\",\"@graph\":[{\"@type\":\"WebPage\",\"@id\":\"https:\/\/testi-e2c55b704894.senaatti.fi\/sv\/om-oss\/samhallsansvaret\/mot-koldioxidneutralitet\/\",\"url\":\"https:\/\/testi-e2c55b704894.senaatti.fi\/sv\/om-oss\/samhallsansvaret\/mot-koldioxidneutralitet\/\",\"name\":\"Mot koldioxidneutralitet - Senaatti\",\"isPartOf\":{\"@id\":\"https:\/\/www.senaatti.fi\/#website\"},\"datePublished\":\"2023-06-28T11:40:57+00:00\",\"dateModified\":\"2024-12-11T08:47:00+00:00\",\"breadcrumb\":{\"@id\":\"https:\/\/testi-e2c55b704894.senaatti.fi\/sv\/om-oss\/samhallsansvaret\/mot-koldioxidneutralitet\/#breadcrumb\"},\"inLanguage\":\"sv-SE\",\"potentialAction\":[{\"@type\":\"ReadAction\",\"target\":[\"https:\/\/testi-e2c55b704894.senaatti.fi\/sv\/om-oss\/samhallsansvaret\/mot-koldioxidneutralitet\/\"]}]},{\"@type\":\"BreadcrumbList\",\"@id\":\"https:\/\/testi-e2c55b704894.senaatti.fi\/sv\/om-oss\/samhallsansvaret\/mot-koldioxidneutralitet\/#breadcrumb\",\"itemListElement\":[{\"@type\":\"ListItem\",\"position\":1,\"name\":\"Hem\",\"item\":\"https:\/\/www.senaatti.fi\/sv\/\"},{\"@type\":\"ListItem\",\"position\":2,\"name\":\"Om oss\",\"item\":\"https:\/\/www.senaatti.fi\/sv\/om-oss\/\"},{\"@type\":\"ListItem\",\"position\":3,\"name\":\"Samh\u00e4llsansvaret\",\"item\":\"https:\/\/www.senaatti.fi\/sv\/om-oss\/samhallsansvaret\/\"},{\"@type\":\"ListItem\",\"position\":4,\"name\":\"Mot koldioxidneutralitet\"}]},{\"@type\":\"WebSite\",\"@id\":\"https:\/\/www.senaatti.fi\/#website\",\"url\":\"https:\/\/www.senaatti.fi\/\",\"name\":\"Senaatti\",\"description\":\"Just another WordPress site\",\"publisher\":{\"@id\":\"https:\/\/www.senaatti.fi\/#organization\"},\"potentialAction\":[{\"@type\":\"SearchAction\",\"target\":{\"@type\":\"EntryPoint\",\"urlTemplate\":\"https:\/\/www.senaatti.fi\/?s={search_term_string}\"},\"query-input\":{\"@type\":\"PropertyValueSpecification\",\"valueRequired\":true,\"valueName\":\"search_term_string\"}}],\"inLanguage\":\"sv-SE\"},{\"@type\":\"Organization\",\"@id\":\"https:\/\/www.senaatti.fi\/#organization\",\"name\":\"Senaatti-kiinteist\u00f6t\",\"url\":\"https:\/\/www.senaatti.fi\/\",\"logo\":{\"@type\":\"ImageObject\",\"inLanguage\":\"sv-SE\",\"@id\":\"https:\/\/www.senaatti.fi\/#\/schema\/logo\/image\/\",\"url\":\"https:\/\/testi-e2c55b704894.senaatti.fi\/app\/uploads\/2021\/01\/Senaatti_FB_profiili_1200x630.png\",\"contentUrl\":\"https:\/\/testi-e2c55b704894.senaatti.fi\/app\/uploads\/2021\/01\/Senaatti_FB_profiili_1200x630.png\",\"width\":1201,\"height\":631,\"caption\":\"Senaatti-kiinteist\u00f6t\"},\"image\":{\"@id\":\"https:\/\/www.senaatti.fi\/#\/schema\/logo\/image\/\"},\"sameAs\":[\"https:\/\/www.facebook.com\/SenaattiKiinteistot\/\",\"https:\/\/x.com\/SenaattiK\",\"https:\/\/www.linkedin.com\/company\/senate-properties\",\"https:\/\/www.youtube.com\/channel\/UCunSUhMjKd5KqASPgBrndkQ\"]}]}<\/script>\n<!-- \/ Yoast SEO plugin. -->","yoast_head_json":{"title":"Mot koldioxidneutralitet - Senaatti","robots":{"index":"noindex","follow":"follow","max-snippet":"max-snippet:-1","max-image-preview":"max-image-preview:large","max-video-preview":"max-video-preview:-1"},"og_locale":"sv_SE","og_type":"article","og_title":"Mot koldioxidneutralitet - Senaatti","og_description":"[vc_row][vc_column][senaatti_hero heading=&#8221;Mot koldioxidneutralitet&#8221; image=&#8221;50175&#8243; text=&#8221;Vi har f\u00f6rbundit oss att vidta \u00e5tg\u00e4rder f\u00f6r att begr\u00e4nsa klimatf\u00f6r\u00e4ndringen. Senatkoncernens m\u00e5l \u00e4r att uppn\u00e5 koldioxidneutralitet i stats\u00e4gda fastigheter senast 2035.&#8221;][\/vc_column][\/vc_row][vc_row][vc_column][vc_column_text remove_empty_space_above=&#8221;true&#8221;]V\u00e5rt m\u00e5l \u00e4r f\u00f6renligt med Finlands regeringsprogram och ligger i linje med statens m\u00e5l om koldioxidneutralitet. Senatkoncernen har en central roll n\u00e4r det g\u00e4ller att minska utsl\u00e4ppen fr\u00e5n statens [&hellip;]","og_url":"https:\/\/testi-e2c55b704894.senaatti.fi\/sv\/om-oss\/samhallsansvaret\/mot-koldioxidneutralitet\/","og_site_name":"Senaatti","article_publisher":"https:\/\/www.facebook.com\/SenaattiKiinteistot\/","article_modified_time":"2024-12-11T08:47:00+00:00","og_image":[{"width":1024,"height":538,"url":"https:\/\/testi-e2c55b704894.senaatti.fi\/app\/uploads\/2021\/01\/Senaatti_FB_profiili_1200x630-1024x538.png","type":"image\/png"}],"twitter_card":"summary_large_image","twitter_site":"@SenaattiK","twitter_misc":{"Ber\u00e4knad l\u00e4stid":"3 minuter"},"schema":{"@context":"https:\/\/schema.org","@graph":[{"@type":"WebPage","@id":"https:\/\/testi-e2c55b704894.senaatti.fi\/sv\/om-oss\/samhallsansvaret\/mot-koldioxidneutralitet\/","url":"https:\/\/testi-e2c55b704894.senaatti.fi\/sv\/om-oss\/samhallsansvaret\/mot-koldioxidneutralitet\/","name":"Mot koldioxidneutralitet - Senaatti","isPartOf":{"@id":"https:\/\/www.senaatti.fi\/#website"},"datePublished":"2023-06-28T11:40:57+00:00","dateModified":"2024-12-11T08:47:00+00:00","breadcrumb":{"@id":"https:\/\/testi-e2c55b704894.senaatti.fi\/sv\/om-oss\/samhallsansvaret\/mot-koldioxidneutralitet\/#breadcrumb"},"inLanguage":"sv-SE","potentialAction":[{"@type":"ReadAction","target":["https:\/\/testi-e2c55b704894.senaatti.fi\/sv\/om-oss\/samhallsansvaret\/mot-koldioxidneutralitet\/"]}]},{"@type":"BreadcrumbList","@id":"https:\/\/testi-e2c55b704894.senaatti.fi\/sv\/om-oss\/samhallsansvaret\/mot-koldioxidneutralitet\/#breadcrumb","itemListElement":[{"@type":"ListItem","position":1,"name":"Hem","item":"https:\/\/www.senaatti.fi\/sv\/"},{"@type":"ListItem","position":2,"name":"Om oss","item":"https:\/\/www.senaatti.fi\/sv\/om-oss\/"},{"@type":"ListItem","position":3,"name":"Samh\u00e4llsansvaret","item":"https:\/\/www.senaatti.fi\/sv\/om-oss\/samhallsansvaret\/"},{"@type":"ListItem","position":4,"name":"Mot koldioxidneutralitet"}]},{"@type":"WebSite","@id":"https:\/\/www.senaatti.fi\/#website","url":"https:\/\/www.senaatti.fi\/","name":"Senaatti","description":"Just another WordPress site","publisher":{"@id":"https:\/\/www.senaatti.fi\/#organization"},"potentialAction":[{"@type":"SearchAction","target":{"@type":"EntryPoint","urlTemplate":"https:\/\/www.senaatti.fi\/?s={search_term_string}"},"query-input":{"@type":"PropertyValueSpecification","valueRequired":true,"valueName":"search_term_string"}}],"inLanguage":"sv-SE"},{"@type":"Organization","@id":"https:\/\/www.senaatti.fi\/#organization","name":"Senaatti-kiinteist\u00f6t","url":"https:\/\/www.senaatti.fi\/","logo":{"@type":"ImageObject","inLanguage":"sv-SE","@id":"https:\/\/www.senaatti.fi\/#\/schema\/logo\/image\/","url":"https:\/\/testi-e2c55b704894.senaatti.fi\/app\/uploads\/2021\/01\/Senaatti_FB_profiili_1200x630.png","contentUrl":"https:\/\/testi-e2c55b704894.senaatti.fi\/app\/uploads\/2021\/01\/Senaatti_FB_profiili_1200x630.png","width":1201,"height":631,"caption":"Senaatti-kiinteist\u00f6t"},"image":{"@id":"https:\/\/www.senaatti.fi\/#\/schema\/logo\/image\/"},"sameAs":["https:\/\/www.facebook.com\/SenaattiKiinteistot\/","https:\/\/x.com\/SenaattiK","https:\/\/www.linkedin.com\/company\/senate-properties","https:\/\/www.youtube.com\/channel\/UCunSUhMjKd5KqASPgBrndkQ"]}]}},"publishpress_future_action":{"enabled":false,"date":"2026-05-03 11:41:20","action":"change-status","newStatus":"draft","terms":[],"taxonomy":"translation_priority"},"_links":{"self":[{"href":"https:\/\/testi-e2c55b704894.senaatti.fi\/sv\/wp-json\/wp\/v2\/pages\/65321","targetHints":{"allow":["GET"]}}],"collection":[{"href":"https:\/\/testi-e2c55b704894.senaatti.fi\/sv\/wp-json\/wp\/v2\/pages"}],"about":[{"href":"https:\/\/testi-e2c55b704894.senaatti.fi\/sv\/wp-json\/wp\/v2\/types\/page"}],"author":[{"embeddable":true,"href":"https:\/\/testi-e2c55b704894.senaatti.fi\/sv\/wp-json\/wp\/v2\/users\/11"}],"replies":[{"embeddable":true,"href":"https:\/\/testi-e2c55b704894.senaatti.fi\/sv\/wp-json\/wp\/v2\/comments?post=65321"}],"version-history":[{"count":7,"href":"https:\/\/testi-e2c55b704894.senaatti.fi\/sv\/wp-json\/wp\/v2\/pages\/65321\/revisions"}],"predecessor-version":[{"id":78493,"href":"https:\/\/testi-e2c55b704894.senaatti.fi\/sv\/wp-json\/wp\/v2\/pages\/65321\/revisions\/78493"}],"up":[{"embeddable":true,"href":"https:\/\/testi-e2c55b704894.senaatti.fi\/sv\/wp-json\/wp\/v2\/pages\/57372"}],"wp:attachment":[{"href":"https:\/\/testi-e2c55b704894.senaatti.fi\/sv\/wp-json\/wp\/v2\/media?parent=65321"}],"curies":[{"name":"wp","href":"https:\/\/api.w.org\/{rel}","templated":true}]}}