{"id":65338,"date":"2023-06-28T14:45:44","date_gmt":"2023-06-28T11:45:44","guid":{"rendered":"https:\/\/testi-e2c55b704894.senaatti.fi\/?page_id=65338"},"modified":"2024-02-01T13:44:38","modified_gmt":"2024-02-01T11:44:38","slug":"biologiska-mangfalden","status":"publish","type":"page","link":"https:\/\/testi-e2c55b704894.senaatti.fi\/sv\/om-oss\/samhallsansvaret\/biologiska-mangfalden\/","title":{"rendered":"Biologiska m\u00e5ngfalden"},"content":{"rendered":"<div class=\"wpb-content-wrapper\"><p>[vc_row][vc_column][senaatti_hero heading=&#8221;Vi v\u00e4rnar om den biologiska m\u00e5ngfalden&#8221; image=&#8221;14183&#8243; text=&#8221;V\u00e5rt m\u00e5l \u00e4r att bevara den biologiska m\u00e5ngfalden och f\u00f6rhindra minskad biodiversitet. Vi har skapat en systematisk verksamhetsmodell f\u00f6r utarbetande av naturutredningar och startat ett program f\u00f6r den biologiska m\u00e5ngfalden.&#8221;][\/vc_column][\/vc_row][vc_row][vc_column][vc_column_text remove_empty_space_above=&#8221;true&#8221;]Inom de omr\u00e5den som vi f\u00f6rvaltar ser vi till att den biologiska m\u00e5ngfalden bevaras b\u00e5de i de byggda milj\u00f6erna och i naturskyddsomr\u00e5dena. Tryggandet av den biologiska m\u00e5ngfalden \u00e4r dessutom ett av de centrala m\u00e5len i statens fastighetsstrategi.<\/p>\n<p>Vi g\u00f6r naturutredningar om v\u00e5ra objekt s\u00e5 att vi kan identifiera objektets naturv\u00e4rden och beakta dem i v\u00e5r verksamhet. Naturutredningarna ger ocks\u00e5 v\u00e4rdefull information om f\u00f6rekomsten av fr\u00e4mmande arter. Invasiva fr\u00e4mmande arter som hotar den biologiska m\u00e5ngfalden tar \u00f6ver utrymmet fr\u00e5n vilda v\u00e4xter och det \u00e4r d\u00e4rf\u00f6r viktigt att bek\u00e4mpa dem. Senatkoncernen har utarbetat en anvisning om bek\u00e4mpning av invasiva fr\u00e4mmande arter.<\/p>\n<p>Vi har beslutat att 2023 genomf\u00f6ra n\u00e4stan tjugo projekt d\u00e4r gr\u00e4smattor f\u00e5r v\u00e4xa till \u00e4ngar b\u00e5de p\u00e5 Senatfastigheternas och F\u00f6rsvarsfastigheternas omr\u00e5den. Genom att omvandla en del av fastighetens utomhusomr\u00e5den till \u00e4ngsmark skapas nytt livsrum f\u00f6r fj\u00e4rilar, bin, humlor och andra pollinerare.<\/p>\n<p>Ut\u00f6ver tusentals fastigheter har v\u00e5r koncern cirka 12 000 hektar skog. Vi samarbetar med Naturresursinstitutet och unders\u00f6ker med vilken skogsv\u00e5rd vi b\u00e4st kan \u00f6ka och bevara kols\u00e4nkor i dessa skogsomr\u00e5den.[\/vc_column_text][\/vc_column][\/vc_row][vc_row][vc_column][senaatti_feature_lift background_color=&#8221;senaatti-konserni-dark-blue&#8221; text=&#8221;Vi \u00e4r statsf\u00f6rvaltningens kompetenscentrum i milj\u00f6fr\u00e5gor som g\u00e4ller fastigheter och anv\u00e4ndningen av dem samt i milj\u00f6byggande. Till v\u00e5ra tj\u00e4nster h\u00f6r milj\u00f6utredningar, unders\u00f6kning och sanering av f\u00f6rorenad milj\u00f6, milj\u00f6tekniskt byggande, l\u00f6sningar inom cirkul\u00e4r ekonomi, uppf\u00f6ljning av milj\u00f6konsekvenser samt milj\u00f6r\u00e4ttsliga myndighetsf\u00f6rfaranden.<\/p>\n<p>&#8221; heading=&#8221;Milj\u00f6tj\u00e4nster&#8221; image=&#8221;51187&#8243; btn=&#8221;url:https%3A%2F%2Ftesti-e2c55b704894.senaatti.fi%2Fsv%2Fforsvarsfastigheter%2Ftjanster%2Fmiljotjanster%2F|title:Till%20webbplatsen%20Milj%C3%B6tj%C3%A4nster&#8221;][\/senaatti_feature_lift][\/vc_column][\/vc_row]<\/p>\n<\/div>","protected":false},"excerpt":{"rendered":"<p>[vc_row][vc_column][senaatti_hero heading=&#8221;Vi v\u00e4rnar om den biologiska m\u00e5ngfalden&#8221; image=&#8221;14183&#8243; text=&#8221;V\u00e5rt m\u00e5l \u00e4r att bevara den biologiska m\u00e5ngfalden och f\u00f6rhindra minskad biodiversitet. Vi har skapat en systematisk verksamhetsmodell f\u00f6r utarbetande av naturutredningar och startat ett program f\u00f6r den biologiska m\u00e5ngfalden.&#8221;][\/vc_column][\/vc_row][vc_row][vc_column][vc_column_text remove_empty_space_above=&#8221;true&#8221;]Inom de omr\u00e5den som vi f\u00f6rvaltar ser vi till att den biologiska m\u00e5ngfalden bevaras b\u00e5de i de [&hellip;]<\/p>\n","protected":false},"author":11,"featured_media":0,"parent":57372,"menu_order":0,"comment_status":"closed","ping_status":"closed","template":"","meta":{"_acf_changed":false,"footnotes":""},"class_list":["post-65338","page","type-page","status-publish","hentry"],"acf":[],"yoast_head":"<!-- This site is optimized with the Yoast SEO plugin v23.9 - https:\/\/yoast.com\/wordpress\/plugins\/seo\/ -->\n<title>Biologiska m\u00e5ngfalden - Senaatti<\/title>\n<meta name=\"robots\" content=\"noindex, follow, max-snippet:-1, max-image-preview:large, max-video-preview:-1\" \/>\n<meta property=\"og:locale\" content=\"sv_SE\" \/>\n<meta property=\"og:type\" content=\"article\" \/>\n<meta property=\"og:title\" content=\"Biologiska m\u00e5ngfalden - Senaatti\" \/>\n<meta property=\"og:description\" content=\"[vc_row][vc_column][senaatti_hero heading=&#8221;Vi v\u00e4rnar om den biologiska m\u00e5ngfalden&#8221; image=&#8221;14183&#8243; text=&#8221;V\u00e5rt m\u00e5l \u00e4r att bevara den biologiska m\u00e5ngfalden och f\u00f6rhindra minskad biodiversitet. Vi har skapat en systematisk verksamhetsmodell f\u00f6r utarbetande av naturutredningar och startat ett program f\u00f6r den biologiska m\u00e5ngfalden.&#8221;][\/vc_column][\/vc_row][vc_row][vc_column][vc_column_text remove_empty_space_above=&#8221;true&#8221;]Inom de omr\u00e5den som vi f\u00f6rvaltar ser vi till att den biologiska m\u00e5ngfalden bevaras b\u00e5de i de [&hellip;]\" \/>\n<meta property=\"og:url\" content=\"https:\/\/testi-e2c55b704894.senaatti.fi\/sv\/om-oss\/samhallsansvaret\/biologiska-mangfalden\/\" \/>\n<meta property=\"og:site_name\" content=\"Senaatti\" \/>\n<meta property=\"article:publisher\" content=\"https:\/\/www.facebook.com\/SenaattiKiinteistot\/\" \/>\n<meta property=\"article:modified_time\" content=\"2024-02-01T11:44:38+00:00\" \/>\n<meta property=\"og:image\" content=\"https:\/\/testi-e2c55b704894.senaatti.fi\/app\/uploads\/2021\/01\/Senaatti_FB_profiili_1200x630-1024x538.png\" \/>\n\t<meta property=\"og:image:width\" content=\"1024\" \/>\n\t<meta property=\"og:image:height\" content=\"538\" \/>\n\t<meta property=\"og:image:type\" content=\"image\/png\" \/>\n<meta name=\"twitter:card\" content=\"summary_large_image\" \/>\n<meta name=\"twitter:site\" content=\"@SenaattiK\" \/>\n<meta name=\"twitter:label1\" content=\"Ber\u00e4knad l\u00e4stid\" \/>\n\t<meta name=\"twitter:data1\" content=\"2 minuter\" \/>\n<script type=\"application\/ld+json\" class=\"yoast-schema-graph\">{\"@context\":\"https:\/\/schema.org\",\"@graph\":[{\"@type\":\"WebPage\",\"@id\":\"https:\/\/testi-e2c55b704894.senaatti.fi\/sv\/om-oss\/samhallsansvaret\/biologiska-mangfalden\/\",\"url\":\"https:\/\/testi-e2c55b704894.senaatti.fi\/sv\/om-oss\/samhallsansvaret\/biologiska-mangfalden\/\",\"name\":\"Biologiska m\u00e5ngfalden - Senaatti\",\"isPartOf\":{\"@id\":\"https:\/\/www.senaatti.fi\/#website\"},\"datePublished\":\"2023-06-28T11:45:44+00:00\",\"dateModified\":\"2024-02-01T11:44:38+00:00\",\"breadcrumb\":{\"@id\":\"https:\/\/testi-e2c55b704894.senaatti.fi\/sv\/om-oss\/samhallsansvaret\/biologiska-mangfalden\/#breadcrumb\"},\"inLanguage\":\"sv-SE\",\"potentialAction\":[{\"@type\":\"ReadAction\",\"target\":[\"https:\/\/testi-e2c55b704894.senaatti.fi\/sv\/om-oss\/samhallsansvaret\/biologiska-mangfalden\/\"]}]},{\"@type\":\"BreadcrumbList\",\"@id\":\"https:\/\/testi-e2c55b704894.senaatti.fi\/sv\/om-oss\/samhallsansvaret\/biologiska-mangfalden\/#breadcrumb\",\"itemListElement\":[{\"@type\":\"ListItem\",\"position\":1,\"name\":\"Hem\",\"item\":\"https:\/\/www.senaatti.fi\/sv\/\"},{\"@type\":\"ListItem\",\"position\":2,\"name\":\"Om oss\",\"item\":\"https:\/\/www.senaatti.fi\/sv\/om-oss\/\"},{\"@type\":\"ListItem\",\"position\":3,\"name\":\"Samh\u00e4llsansvaret\",\"item\":\"https:\/\/www.senaatti.fi\/sv\/om-oss\/samhallsansvaret\/\"},{\"@type\":\"ListItem\",\"position\":4,\"name\":\"Biologiska m\u00e5ngfalden\"}]},{\"@type\":\"WebSite\",\"@id\":\"https:\/\/www.senaatti.fi\/#website\",\"url\":\"https:\/\/www.senaatti.fi\/\",\"name\":\"Senaatti\",\"description\":\"Just another WordPress site\",\"publisher\":{\"@id\":\"https:\/\/www.senaatti.fi\/#organization\"},\"potentialAction\":[{\"@type\":\"SearchAction\",\"target\":{\"@type\":\"EntryPoint\",\"urlTemplate\":\"https:\/\/www.senaatti.fi\/?s={search_term_string}\"},\"query-input\":{\"@type\":\"PropertyValueSpecification\",\"valueRequired\":true,\"valueName\":\"search_term_string\"}}],\"inLanguage\":\"sv-SE\"},{\"@type\":\"Organization\",\"@id\":\"https:\/\/www.senaatti.fi\/#organization\",\"name\":\"Senaatti-kiinteist\u00f6t\",\"url\":\"https:\/\/www.senaatti.fi\/\",\"logo\":{\"@type\":\"ImageObject\",\"inLanguage\":\"sv-SE\",\"@id\":\"https:\/\/www.senaatti.fi\/#\/schema\/logo\/image\/\",\"url\":\"https:\/\/testi-e2c55b704894.senaatti.fi\/app\/uploads\/2021\/01\/Senaatti_FB_profiili_1200x630.png\",\"contentUrl\":\"https:\/\/testi-e2c55b704894.senaatti.fi\/app\/uploads\/2021\/01\/Senaatti_FB_profiili_1200x630.png\",\"width\":1201,\"height\":631,\"caption\":\"Senaatti-kiinteist\u00f6t\"},\"image\":{\"@id\":\"https:\/\/www.senaatti.fi\/#\/schema\/logo\/image\/\"},\"sameAs\":[\"https:\/\/www.facebook.com\/SenaattiKiinteistot\/\",\"https:\/\/x.com\/SenaattiK\",\"https:\/\/www.linkedin.com\/company\/senate-properties\",\"https:\/\/www.youtube.com\/channel\/UCunSUhMjKd5KqASPgBrndkQ\"]}]}<\/script>\n<!-- \/ Yoast SEO plugin. -->","yoast_head_json":{"title":"Biologiska m\u00e5ngfalden - Senaatti","robots":{"index":"noindex","follow":"follow","max-snippet":"max-snippet:-1","max-image-preview":"max-image-preview:large","max-video-preview":"max-video-preview:-1"},"og_locale":"sv_SE","og_type":"article","og_title":"Biologiska m\u00e5ngfalden - Senaatti","og_description":"[vc_row][vc_column][senaatti_hero heading=&#8221;Vi v\u00e4rnar om den biologiska m\u00e5ngfalden&#8221; image=&#8221;14183&#8243; text=&#8221;V\u00e5rt m\u00e5l \u00e4r att bevara den biologiska m\u00e5ngfalden och f\u00f6rhindra minskad biodiversitet. Vi har skapat en systematisk verksamhetsmodell f\u00f6r utarbetande av naturutredningar och startat ett program f\u00f6r den biologiska m\u00e5ngfalden.&#8221;][\/vc_column][\/vc_row][vc_row][vc_column][vc_column_text remove_empty_space_above=&#8221;true&#8221;]Inom de omr\u00e5den som vi f\u00f6rvaltar ser vi till att den biologiska m\u00e5ngfalden bevaras b\u00e5de i de [&hellip;]","og_url":"https:\/\/testi-e2c55b704894.senaatti.fi\/sv\/om-oss\/samhallsansvaret\/biologiska-mangfalden\/","og_site_name":"Senaatti","article_publisher":"https:\/\/www.facebook.com\/SenaattiKiinteistot\/","article_modified_time":"2024-02-01T11:44:38+00:00","og_image":[{"width":1024,"height":538,"url":"https:\/\/testi-e2c55b704894.senaatti.fi\/app\/uploads\/2021\/01\/Senaatti_FB_profiili_1200x630-1024x538.png","type":"image\/png"}],"twitter_card":"summary_large_image","twitter_site":"@SenaattiK","twitter_misc":{"Ber\u00e4knad l\u00e4stid":"2 minuter"},"schema":{"@context":"https:\/\/schema.org","@graph":[{"@type":"WebPage","@id":"https:\/\/testi-e2c55b704894.senaatti.fi\/sv\/om-oss\/samhallsansvaret\/biologiska-mangfalden\/","url":"https:\/\/testi-e2c55b704894.senaatti.fi\/sv\/om-oss\/samhallsansvaret\/biologiska-mangfalden\/","name":"Biologiska m\u00e5ngfalden - Senaatti","isPartOf":{"@id":"https:\/\/www.senaatti.fi\/#website"},"datePublished":"2023-06-28T11:45:44+00:00","dateModified":"2024-02-01T11:44:38+00:00","breadcrumb":{"@id":"https:\/\/testi-e2c55b704894.senaatti.fi\/sv\/om-oss\/samhallsansvaret\/biologiska-mangfalden\/#breadcrumb"},"inLanguage":"sv-SE","potentialAction":[{"@type":"ReadAction","target":["https:\/\/testi-e2c55b704894.senaatti.fi\/sv\/om-oss\/samhallsansvaret\/biologiska-mangfalden\/"]}]},{"@type":"BreadcrumbList","@id":"https:\/\/testi-e2c55b704894.senaatti.fi\/sv\/om-oss\/samhallsansvaret\/biologiska-mangfalden\/#breadcrumb","itemListElement":[{"@type":"ListItem","position":1,"name":"Hem","item":"https:\/\/www.senaatti.fi\/sv\/"},{"@type":"ListItem","position":2,"name":"Om oss","item":"https:\/\/www.senaatti.fi\/sv\/om-oss\/"},{"@type":"ListItem","position":3,"name":"Samh\u00e4llsansvaret","item":"https:\/\/www.senaatti.fi\/sv\/om-oss\/samhallsansvaret\/"},{"@type":"ListItem","position":4,"name":"Biologiska m\u00e5ngfalden"}]},{"@type":"WebSite","@id":"https:\/\/www.senaatti.fi\/#website","url":"https:\/\/www.senaatti.fi\/","name":"Senaatti","description":"Just another WordPress site","publisher":{"@id":"https:\/\/www.senaatti.fi\/#organization"},"potentialAction":[{"@type":"SearchAction","target":{"@type":"EntryPoint","urlTemplate":"https:\/\/www.senaatti.fi\/?s={search_term_string}"},"query-input":{"@type":"PropertyValueSpecification","valueRequired":true,"valueName":"search_term_string"}}],"inLanguage":"sv-SE"},{"@type":"Organization","@id":"https:\/\/www.senaatti.fi\/#organization","name":"Senaatti-kiinteist\u00f6t","url":"https:\/\/www.senaatti.fi\/","logo":{"@type":"ImageObject","inLanguage":"sv-SE","@id":"https:\/\/www.senaatti.fi\/#\/schema\/logo\/image\/","url":"https:\/\/testi-e2c55b704894.senaatti.fi\/app\/uploads\/2021\/01\/Senaatti_FB_profiili_1200x630.png","contentUrl":"https:\/\/testi-e2c55b704894.senaatti.fi\/app\/uploads\/2021\/01\/Senaatti_FB_profiili_1200x630.png","width":1201,"height":631,"caption":"Senaatti-kiinteist\u00f6t"},"image":{"@id":"https:\/\/www.senaatti.fi\/#\/schema\/logo\/image\/"},"sameAs":["https:\/\/www.facebook.com\/SenaattiKiinteistot\/","https:\/\/x.com\/SenaattiK","https:\/\/www.linkedin.com\/company\/senate-properties","https:\/\/www.youtube.com\/channel\/UCunSUhMjKd5KqASPgBrndkQ"]}]}},"publishpress_future_action":{"enabled":false,"date":"2026-05-03 10:35:32","action":"change-status","newStatus":"draft","terms":[],"taxonomy":"translation_priority"},"_links":{"self":[{"href":"https:\/\/testi-e2c55b704894.senaatti.fi\/sv\/wp-json\/wp\/v2\/pages\/65338","targetHints":{"allow":["GET"]}}],"collection":[{"href":"https:\/\/testi-e2c55b704894.senaatti.fi\/sv\/wp-json\/wp\/v2\/pages"}],"about":[{"href":"https:\/\/testi-e2c55b704894.senaatti.fi\/sv\/wp-json\/wp\/v2\/types\/page"}],"author":[{"embeddable":true,"href":"https:\/\/testi-e2c55b704894.senaatti.fi\/sv\/wp-json\/wp\/v2\/users\/11"}],"replies":[{"embeddable":true,"href":"https:\/\/testi-e2c55b704894.senaatti.fi\/sv\/wp-json\/wp\/v2\/comments?post=65338"}],"version-history":[{"count":1,"href":"https:\/\/testi-e2c55b704894.senaatti.fi\/sv\/wp-json\/wp\/v2\/pages\/65338\/revisions"}],"predecessor-version":[{"id":65341,"href":"https:\/\/testi-e2c55b704894.senaatti.fi\/sv\/wp-json\/wp\/v2\/pages\/65338\/revisions\/65341"}],"up":[{"embeddable":true,"href":"https:\/\/testi-e2c55b704894.senaatti.fi\/sv\/wp-json\/wp\/v2\/pages\/57372"}],"wp:attachment":[{"href":"https:\/\/testi-e2c55b704894.senaatti.fi\/sv\/wp-json\/wp\/v2\/media?parent=65338"}],"curies":[{"name":"wp","href":"https:\/\/api.w.org\/{rel}","templated":true}]}}