{"id":77973,"date":"2024-11-04T13:00:11","date_gmt":"2024-11-04T11:00:11","guid":{"rendered":"https:\/\/testi-e2c55b704894.senaatti.fi\/tietosuoja\/"},"modified":"2024-12-13T10:58:24","modified_gmt":"2024-12-13T08:58:24","slug":"dataskydd","status":"publish","type":"page","link":"https:\/\/testi-e2c55b704894.senaatti.fi\/sv\/dataskydd\/","title":{"rendered":"Dataskydd"},"content":{"rendered":"<div class=\"wpb-content-wrapper\"><p>[vc_row][vc_column][senaatti_hero heading=&#8221;Dataskydd&#8221;][\/vc_column][\/vc_row][vc_row][vc_column][vc_column_text remove_empty_space_above=&#8221;true&#8221; remove_empty_space_below=&#8221;true&#8221;]<\/p>\n<h2>Behandling av personuppgifter inom Senatkoncernen<\/h2>\n<h3>Senatkoncernens uppgifter och personuppgiftsansvariga<\/h3>\n<p>Best\u00e4mmelser om Senatkoncernen, Senatfastigheters och F\u00f6rsvarsfastigheters uppgifter finns i lagen L 1018\/2020. Senatkoncernens aff\u00e4rsverk har till uppgift att<\/p>\n<ul>\n<li>verka inom verksamhetsomr\u00e5det fastighets- och lokalaff\u00e4rsverksamhet och f\u00f6r statens behov producera fastighets- och lokaltj\u00e4nster, lokallednings- och lokalf\u00f6rvaltningstj\u00e4nster, tj\u00e4nster i anslutning till anskaffning, f\u00f6rvaltning och \u00f6verl\u00e5telse av lokaler samt andra tj\u00e4nster i direkt anslutning till dessa p\u00e5 basis av serviceavtal f\u00f6r kunder som avses i 2 \u00a7 i aff\u00e4rsverkslagen.<\/li>\n<li>sk\u00f6ta den statliga fastighetsf\u00f6rm\u00f6genhet som den besitter, sk\u00f6tseln och f\u00f6rvaltningen av den samt vid behov \u00f6verl\u00e5ta, f\u00f6rv\u00e4rva, sk\u00f6ta och administrera statens fastighetsf\u00f6rm\u00f6genhet och annan d\u00e4rtill ansluten egendom. Senatkoncernens aff\u00e4rsverk kan producera tj\u00e4nster i liten utstr\u00e4ckning ocks\u00e5 f\u00f6r andra kunder.<\/li>\n<\/ul>\n<p>Senatkoncernen behandlar personuppgifter f\u00f6r att fullg\u00f6ra sina lagstadgade skyldigheter (GDPR artikel 6.1c), utf\u00f6ra uppgifter av allm\u00e4nt intresse (GDPR artikel 6.1e) och fullg\u00f6ra sina arbetsgivarskyldigheter (GDPR artikel 6.1 b) beroende p\u00e5 behandlingssituationen. Till Senatkoncernen h\u00f6r Senatfastigheter samt dess dotterbolag F\u00f6rsvarsfastigheter och Senaatin asema-alueet Oy, som var och en kan vara sj\u00e4lvst\u00e4ndig personuppgiftsansvarig. I egenskap av koncern kan de personuppgiftsansvariga vara gemensamt personuppgiftsansvariga (artikel 26 i GDPR) vid behandlingen av personuppgifter. D\u00e5 genomf\u00f6rs uppgifterna som gemensamma koncerntj\u00e4nster, varvid uppgifterna i praktiken i huvudsak har centraliserats till Senatfastigheter, men dotterbolagen kan vara gemensamt personuppgiftsansvariga. Varje personuppgiftsansvarig ansvarar dock sj\u00e4lvst\u00e4ndigt f\u00f6r sin egen behandling av personuppgifter i enlighet med dataskyddsf\u00f6rordningen (GDPR).<\/p>\n<p>Senatkoncernens kunder \u00e4r i regel organisationer inom statsf\u00f6rvaltningen f\u00f6r vilka man producerar tj\u00e4nster. Kunderna kan ocks\u00e5 vara andra akt\u00f6rer till den del tj\u00e4nsterna h\u00e4nf\u00f6r sig till den personuppgiftsansvariges lagstadgade uppgifter. <a href=\"#asiakkaat\">Beskrivning av behandlingen av personuppgifter<\/a><\/p>\n<p>Om du arbetar i Senatkoncernens kundorganisation kan vi behandla dina personuppgifter i f\u00f6ljande tj\u00e4nster\/system:<\/p>\n<ul>\n<li>Hantering och anv\u00e4ndning av kunduppgifter inklusive kommunikation och marknadsf\u00f6ring<\/li>\n<li>Uthyrning av lokaler (hyresavtal)<\/li>\n<li>Kamera\u00f6vervakning och passerkontroll samt annan s\u00e4kerhet i fastigheten<\/li>\n<li>\u00c4rendehanteringstj\u00e4nster och servicef\u00f6rfr\u00e5gningar som g\u00e4ller fastigheter, inkl. digitala tj\u00e4nster i anslutning till lokaler<\/li>\n<li>Elektronisk signaturtj\u00e4nst och elektroniskt arkiv och informationshantering.<\/li>\n<\/ul>\n<p>I de ovan n\u00e4mnda tj\u00e4nsterna \u00e4r Senatkoncernens aff\u00e4rsverk (Senatfastigheter eller F\u00f6rsvarsfastigheter) personuppgiftsansvariga.<\/p>\n<p><strong>Senatkoncernen skaffar och producerar tj\u00e4nster f\u00f6r uppgifter i anslutning till f\u00f6rvaltning av fastighetsegendom m.m.<\/strong> Tj\u00e4nsteproducenter kan vara bl.a. sakkunnigorganisationer inom bygg- och fastighetsbranschen, akt\u00f6rer inom IKT-branschen m.fl. <a href=\"#palveluntuottajat\">Beskrivning av behandlingen av personuppgifter<\/a><\/p>\n<p>Om du arbetar i Senatkoncernens tj\u00e4nsteproducenters organisation kan vi behandla dina personuppgifter i f\u00f6ljande tj\u00e4nster\/system:<\/p>\n<ul>\n<li>Hantering av uppgifter om tj\u00e4nsteproducenter (SRM) inkl. kommunikation och marknadsf\u00f6ring<\/li>\n<li>Hantering av upphandling, avtal och best\u00e4llningar<\/li>\n<li>Hantering av uppgifter om byggherreverksamhet, byggprojekt, underh\u00e5ll och fastighetssk\u00f6tsel<\/li>\n<li>Hantering av uppgifter om intressentgrupper inom fastighetsf\u00f6rs\u00e4ljning och fastighetsutveckling<\/li>\n<li>Hantering av uppgifter om s\u00e4kerhetsutredda personer.<\/li>\n<\/ul>\n<p>I de ovan n\u00e4mnda tj\u00e4nsterna och uppgifterna \u00e4r Senatkoncernens organisationer (Senatfastigheter, F\u00f6rsvarsfastigheter och\/eller Senaatin asema-alueet Oy) personuppgiftsansvariga.<\/p>\n<p>Personuppgifter om <strong>anst\u00e4llda och personer med tj\u00e4nstef\u00f6rh\u00e5llande i Senatkoncernens samt arbetss\u00f6kande<\/strong> kan behandlas i f\u00f6ljande tj\u00e4nster\/system: <a href=\"#henkilosto\">Beskrivning av behandlingen av personuppgifter<\/a><\/p>\n<ul>\n<li>Personalsystem (anst\u00e4llda i arbetsavtals- eller tj\u00e4nstef\u00f6rh\u00e5llande, s\u00f6kande)<\/li>\n<li>Olika system f\u00f6r informationshantering.<\/li>\n<\/ul>\n<p>(Behandlingen av personuppgifter om koncernens anst\u00e4llda informeras i regel p\u00e5 interna webbplatser).<\/p>\n<p>I de ovan n\u00e4mnda tj\u00e4nsterna och uppgifterna \u00e4r Senatkoncernens organisationer gemensamt personuppgiftsansvariga eller var och en sj\u00e4lvst\u00e4ndig personuppgiftsansvarig.<\/p>\n<p><strong>Behandling av uppgifter om andra personer<\/strong><\/p>\n<p>Senatkoncernen kan behandla uppgifter om andra \u00e4n intressentgrupper eller personal i f\u00f6ljande fall: <a href=\"#muut\">Beskrivning av behandlingen av personuppgifter<\/a><\/p>\n<ul>\n<li>Kamera\u00f6vervakning<\/li>\n<li>Behandling av uppgifter om bes\u00f6karkunder i fastigheters bes\u00f6karinformationssystem<\/li>\n<li>Nyhetsbrev och marknadsf\u00f6ringsevenemang<\/li>\n<li>Hantering av uppgifter om intressentgrupper inom fastighetsf\u00f6rs\u00e4ljning och fastighetsutveckling<\/li>\n<li>Elektroniskt arkiv och annan informationshantering.<\/li>\n<\/ul>\n<h3>Kontaktuppgifter till de personuppgiftsansvariga och de registrerades r\u00e4ttigheter<\/h3>\n<p><strong>Senaatti-kiinteist\u00f6t och SAA Oy:<\/strong><br \/>\nF\u00e5gelviksgatan 5 A, PB 237, 00531 Helsingfors<br \/>\nTelefon 029 483 0000<br \/>\ne-tj\u00e4nster kirjaamo(at)senaatti.fi<br \/>\nDataskyddsombud Petri Konttinen<br \/>\nfornamn.efternamn(at)senaatti.fi<\/p>\n<p><strong>F\u00f6rsvarsfastigheter:<\/strong><br \/>\nIsoympyr\u00e4katu 10, PB 1, 49401 Fredrikshamn<br \/>\nTelefon 029 483 0000<br \/>\ne-tj\u00e4nster kirjaamo(at)puolustuskiinteistot.fi<br \/>\nDataskyddsombud Petri Konttinen<br \/>\nfornamn.efternamn(at)senaatti.fi<\/p>\n<p>En registrerad person kan ut\u00f6va sina r\u00e4ttigheter enligt dataskyddsf\u00f6rordningen (artikel 14.2c) i f\u00f6ljande fr\u00e5gor (fr\u00e5n fall till fall beroende p\u00e5 grunden f\u00f6r behandlingen av uppgifterna och typen av behandling):<\/p>\n<ul>\n<li>R\u00e4tt att f\u00e5 tillg\u00e5ng till personuppgifter (f\u00e5 information om behandling av uppgifter som g\u00e4ller personen sj\u00e4lv)<\/li>\n<li>R\u00e4tt att r\u00e4tta sina personuppgifter<\/li>\n<li>R\u00e4tt att radera sina personuppgifter<\/li>\n<li>R\u00e4tt att begr\u00e4nsa behandlingen av sina personuppgifter<\/li>\n<li>R\u00e4tt att g\u00f6ra inv\u00e4ndningar mot behandlingen av sina personuppgifter<\/li>\n<li>R\u00e4tt att inte utan vetskap bli f\u00f6rem\u00e5l f\u00f6r automatiserat beslutsfattande<\/li>\n<li>R\u00e4tt att \u00f6verf\u00f6ra sina uppgifter fr\u00e5n ett system till ett annat.<\/li>\n<\/ul>\n<p>Den personuppgiftsansvarige ska utan on\u00f6digt dr\u00f6jsm\u00e5l och under alla omst\u00e4ndigheter inom en m\u00e5nad fr\u00e5n mottagandet av beg\u00e4ran informera den registrerade om de \u00e5tg\u00e4rder som vidtagits till f\u00f6ljd av en beg\u00e4ran enligt artiklarna 15\u201322 i GDPR. Tidsfristen kan vid behov f\u00f6rl\u00e4ngas med h\u00f6gst tv\u00e5 m\u00e5nader, med beaktande av hur komplicerade och m\u00e5nga beg\u00e4randen det \u00e4r fr\u00e5ga om. Den personuppgiftsansvarige ska informera den registrerade om en s\u00e5dan eventuell f\u00f6rl\u00e4ngning inom en m\u00e5nad fr\u00e5n mottagandet av beg\u00e4ran och sk\u00e4len till f\u00f6rseningen. Om den registrerade l\u00e4mnar in en beg\u00e4ran p\u00e5 elektronisk v\u00e4g ska uppgifterna om m\u00f6jligt ges p\u00e5 elektronisk v\u00e4g, om inte den registrerade beg\u00e4r n\u00e5got annat (artikel 12.3 i GDPR).<\/p>\n<p>Vi rekommenderar att den registrerade kontaktar de anm\u00e4lda officiella kontaktpunkterna eller dataskyddsombudet. Den registrerade har ocks\u00e5 r\u00e4tt att anf\u00f6ra besv\u00e4r hos den dataombudsman som \u00e4r tillsynsmyndighet.[\/vc_column_text][\/vc_column][\/vc_row][vc_row][vc_column el_id=&#8221;asiakkaat&#8221;][vc_column_text remove_empty_space_above=&#8221;true&#8221; remove_empty_space_below=&#8221;true&#8221;]<\/p>\n<h3>Behandling av personuppgifter enligt registrerade m\u00e5lgrupper<\/h3>\n<h4>Behandling av uppgifter om personer i kundorganisationer<\/h4>\n<p>Om du \u00e4r kund (privatperson) hos Senatkoncernen eller anst\u00e4lld hos kundorganisationen, kan vi behandla dina personuppgifter i f\u00f6ljande tj\u00e4nster\/system:<\/p>\n<h5>Hantering och anv\u00e4ndning av kunduppgifter<\/h5>\n<p>Senatkoncernen administrerar kundernas personuppgifter f\u00f6r sk\u00f6tsel av kundrelationer, produktion av tj\u00e4nster, f\u00f6rs\u00e4ljning och marknadsf\u00f6ring, kundorganisationers projekt, organisering av evenemang samt f\u00f6r olika responsenk\u00e4ter.<\/p>\n<ul>\n<li><a href=\"https:\/\/testi-e2c55b704894.senaatti.fi\/asiakkuudenhallintajarjestelman-crm-tietosuojaseloste\/\" target=\"_blank\" rel=\"noopener\">Integritetspolicy f\u00f6r kundhanteringssystemet CRM<\/a><\/li>\n<li><a href=\"https:\/\/testi-e2c55b704894.senaatti.fi\/dataroom-palvelun-tietosuojaseloste\/\" target=\"_blank\" rel=\"noopener\">Integritetspolicy f\u00f6r Dataroom<\/a><\/li>\n<li><a href=\"https:\/\/testi-e2c55b704894.senaatti.fi\/uutiskirjeiden-tietosuojaseloste\/\" target=\"_blank\" rel=\"noopener\">Integritetspolicy f\u00f6r nyhetsbrev<\/a><\/li>\n<li><a href=\"https:\/\/testi-e2c55b704894.senaatti.fi\/asiakaskyselyiden-tietosuojaseloste\/\" target=\"_blank\" rel=\"noopener\">Integritetspolicy f\u00f6r kundenk\u00e4ter<\/a><\/li>\n<li><a href=\"https:\/\/testi-e2c55b704894.senaatti.fi\/asiakas-ja-sidosryhmatapahtumien-tietosuojaseloste\/\" target=\"_blank\" rel=\"noopener\">Integritetspolicy f\u00f6r kund- och intressegruppsevenemang<\/a><\/li>\n<li><a href=\"https:\/\/testi-e2c55b704894.senaatti.fi\/sv\/integritetspolicy-for-senatkoncernens-e-tjanst\/\" target=\"_blank\" rel=\"noopener\">Integritetspolicy f\u00f6r Senatkoncernens e-tj\u00e4nst<\/a>.<\/li>\n<\/ul>\n<h5>Uthyrning av lokaler<\/h5>\n<p>Om du som privatperson \u00e4r hyresg\u00e4st (l\u00e4genhet, bilplats eller n\u00e5got annat), behandlas dina uppgifter i kundhanteringssystemen, uthyrningssystemet samt i den elektroniska signaturtj\u00e4nsten och arkivet.<\/p>\n<ul>\n<li><a href=\"https:\/\/testi-e2c55b704894.senaatti.fi\/asiakkuudenhallintajarjestelman-crm-tietosuojaseloste\/\" target=\"_blank\" rel=\"noopener\">Integritetspolicy f\u00f6r kundhanteringssystemet CRM<\/a><\/li>\n<li><a href=\"https:\/\/testi-e2c55b704894.senaatti.fi\/senaatti-konsernin-vuokrausjarjestelman-koki-tietosuojaseloste\/\" target=\"_blank\" rel=\"noopener\">Integritetspolicy f\u00f6r uthyrningssystemet<\/a><\/li>\n<li><a href=\"https:\/\/testi-e2c55b704894.senaatti.fi\/asian-ja-dokumenttienhallintajarjestelman-tietosuojaseloste\/\" target=\"_blank\" rel=\"noopener\">Integritetspolicy f\u00f6r \u00e4rende- och dokumenthanteringssystemet<\/a><\/li>\n<\/ul>\n<h5>Fastigheternas s\u00e4kerhet, kamera\u00f6vervakning och passerkontroll<\/h5>\n<p>Senatkoncernen \u00e4r personuppgiftsansvarig f\u00f6r fastighetss\u00e4kerhetstj\u00e4nsterna, hanteringen av bes\u00f6karuppgifter, lokalernas digitala tj\u00e4nster o.d. tj\u00e4nster och informerar de registrerade om behandlingen av uppgifterna med hj\u00e4lp av nedanst\u00e5ende beskrivningar. (Kundorganisationerna ansvarar sj\u00e4lva f\u00f6r att informera de registrerade i de situationer d\u00e4r de \u00e4r personuppgiftsansvariga).<\/p>\n<ul>\n<li><a href=\"https:\/\/testi-e2c55b704894.senaatti.fi\/valtion-yhteisissa-tyoymparistoissa-kasiteltavien-henkilotietojen-tietosuojaseloste\/\" target=\"_blank\" rel=\"noopener\">Integritetspolicy f\u00f6r gemensamma arbetsmilj\u00f6er och andra fastigheters lokaler<\/a><\/li>\n<li><a href=\"https:\/\/testi-e2c55b704894.senaatti.fi\/pelastussuunnitelmajarjestelman-suoja-tietosuojaseloste\/\" target=\"_blank\" rel=\"noopener\">Integritetspolicy f\u00f6r r\u00e4ddningsplanssystemet (Suoja)<\/a><\/li>\n<\/ul>\n<h5>Digitala tj\u00e4nster i anslutning till kontorslokaler<\/h5>\n<p>Senatkoncernen behandlar uppgifter om lokaler f\u00f6r behov i och utveckling av sin egen verksamhet samt tillhandah\u00e5ller tj\u00e4nster f\u00f6r sina kunder. (Kundorganisationerna ansvarar sj\u00e4lva f\u00f6r att informera de registrerade i de situationer d\u00e4r de \u00e4r personuppgiftsansvariga).<\/p>\n<ul>\n<li><a href=\"https:\/\/testi-e2c55b704894.senaatti.fi\/valtion-yhteisissa-tyoymparistoissa-kasiteltavien-henkilotietojen-tietosuojaseloste\/\" target=\"_blank\" rel=\"noopener\">Integritetspolicy f\u00f6r gemensamma arbetsmilj\u00f6er och andra fastigheters lokaler<\/a><\/li>\n<li><a href=\"https:\/\/testi-e2c55b704894.senaatti.fi\/howspace-fasilitointijarjestelman-tietosuojaseloste\/\" target=\"_blank\" rel=\"noopener\">Integritetspolicy f\u00f6r faciliteringssystemet Howspace<\/a><\/li>\n<li><a href=\"https:\/\/testi-e2c55b704894.senaatti.fi\/miro-fasilitointijarjestelman-tietosuojaseloste\/\" target=\"_blank\" rel=\"noopener\">Integritetspolicy f\u00f6r faciliteringssystemet Miro<\/a><\/li>\n<li><a href=\"https:\/\/testi-e2c55b704894.senaatti.fi\/hallinnon-tilahallinta-hth-tietopalvelujarjestelman-tietosuojaseloste\/\" target=\"_blank\" rel=\"noopener\">Integritetspolicy f\u00f6r f\u00f6rvaltningens lokalf\u00f6rvaltnings informationstj\u00e4nsten<\/a><\/li>\n<li><a href=\"https:\/\/testi-e2c55b704894.senaatti.fi\/sv\/integritetspolicy-for-senatkoncernens-e-tjanst\/\" target=\"_blank\" rel=\"noopener\">Integritetspolicy f\u00f6r Senatkoncernens e-tj\u00e4nst.<\/a><\/li>\n<\/ul>\n<p>[\/vc_column_text][\/vc_column][\/vc_row][vc_row][vc_column el_id=&#8221;palveluntuottajat&#8221;][vc_column_text remove_empty_space_above=&#8221;true&#8221; remove_empty_space_below=&#8221;true&#8221;]<\/p>\n<h4>Behandling av uppgifter om personer i tj\u00e4nsteproducentorganisationer och andra intressentgrupper<\/h4>\n<p>Om du arbetar i Senatkoncernens tj\u00e4nsteproducentorganisation kan vi behandla dina personuppgifter i f\u00f6ljande tj\u00e4nster\/system:<\/p>\n<h5>Hantering och anv\u00e4ndning av uppgifter om tj\u00e4nsteproducenter (SRM)<\/h5>\n<p>Senatkoncernen administrerar tj\u00e4nsteproducenternas personuppgifter f\u00f6r att skaffa och producera tj\u00e4nster samt f\u00f6r marknadsf\u00f6ring och kommunikation.<\/p>\n<ul>\n<li><a href=\"https:\/\/testi-e2c55b704894.senaatti.fi\/palveluntuottajatietojen-srm-ja-markkinointiviestinnan-yhteyshenkiloiden-tietosuojaseloste\/\" target=\"_blank\" rel=\"noopener\">Integritetspolicy f\u00f6r Senatkoncernens uppgifter om tj\u00e4nsteproducenter (SRM)<\/a><\/li>\n<li><a href=\"https:\/\/testi-e2c55b704894.senaatti.fi\/kilpailutusjarjestelman-cloudia-tietosuojaseloste\/\" target=\"_blank\" rel=\"noopener\">Integritetspolicy f\u00f6r Cloudia-systemet f\u00f6r upphandling och konkurrensuts\u00e4ttning<\/a><\/li>\n<li><a href=\"https:\/\/testi-e2c55b704894.senaatti.fi\/palvelupyyntojarjestelman-gm-tietosuojaseloste\/\" target=\"_blank\" rel=\"noopener\">Integritetspolicy f\u00f6r hanteringssystemet f\u00f6r drift, fastighetssk\u00f6tsel och underh\u00e5ll (GM)<\/a><\/li>\n<li><a href=\"https:\/\/testi-e2c55b704894.senaatti.fi\/sahkoisen-oppimisen-ja-osaamisen-kehittamisen-verkkoympariston-tietosuojaseloste\/\" target=\"_blank\" rel=\"noopener\">Integritetspolicy f\u00f6r utvecklingen av det elektroniska l\u00e4randet och kompetensen<\/a><\/li>\n<li><a href=\"https:\/\/testi-e2c55b704894.senaatti.fi\/asian-ja-dokumenttienhallintajarjestelman-tietosuojaseloste\/\" target=\"_blank\" rel=\"noopener\">Integritetspolicy f\u00f6r \u00e4rendehanteringssystemet och dokumenthanteringssystemet<\/a><\/li>\n<li><a href=\"https:\/\/testi-e2c55b704894.senaatti.fi\/turvallisuusselvitettyjen-henkilotietojen-kasittelyn-tietosuojaseloste\/\" target=\"_blank\" rel=\"noopener\">Integritetspolicy f\u00f6r s\u00e4kerhetsutredda personer<\/a><\/li>\n<li><a href=\"https:\/\/testi-e2c55b704894.senaatti.fi\/tilausten-ja-ostolaskujen-tietosuojaseloste\/\" target=\"_blank\" rel=\"noopener\">Integritetspolicy f\u00f6r behandlingen av best\u00e4llningar och ink\u00f6psfakturor<\/a><\/li>\n<li><a href=\"https:\/\/testi-e2c55b704894.senaatti.fi\/rakennus-ja-kehitysprojektien-bem-tietosuojaseloste\/\" target=\"_blank\" rel=\"noopener\">Integritetspolicy f\u00f6r byggnads- och utvecklingsprojekt<\/a><\/li>\n<li><a href=\"https:\/\/testi-e2c55b704894.senaatti.fi\/investointihankkeiden-hallinnan-rakha-tietosuojaseloste\/\" target=\"_blank\" rel=\"noopener\">Integritetspolicy f\u00f6r investeringsprojekt<\/a><\/li>\n<li><a href=\"https:\/\/testi-e2c55b704894.senaatti.fi\/sv\/integritetspolicy-for-senatkoncernens-e-tjanst\/\" target=\"_blank\" rel=\"noopener\">Integritetspolicy f\u00f6r Senatkoncernens e-tj\u00e4nst<\/a>.<\/li>\n<\/ul>\n<p>[\/vc_column_text][\/vc_column][\/vc_row][vc_row][vc_column el_id=&#8221;henkilosto&#8221;][vc_column_text remove_empty_space_above=&#8221;true&#8221; remove_empty_space_below=&#8221;true&#8221;]<\/p>\n<h4>Behandling av personuppgifter avseende personal, rekrytering och anst\u00e4llning<\/h4>\n<p>Personuppgifter om Senatkoncernens anst\u00e4llda och personer i anst\u00e4llningsf\u00f6rh\u00e5llande samt arbetss\u00f6kande kan behandlas i f\u00f6ljande tj\u00e4nster\/system:<\/p>\n<ul>\n<li><a href=\"https:\/\/testi-e2c55b704894.senaatti.fi\/henkilostojarjestelman-hyrra-tietosuojaseloste\/\" target=\"_blank\" rel=\"noopener\">Integritetspolicy f\u00f6r personalsystemet<\/a><\/li>\n<li><a href=\"https:\/\/testi-e2c55b704894.senaatti.fi\/sahkoisen-oppimisen-ja-osaamisen-kehittamisen-verkkoympariston-tietosuojaseloste\/\" target=\"_blank\" rel=\"noopener\">Integritetspolicy f\u00f6r elektroniska l\u00e4randet och utvecklingen av kompetensen<\/a><\/li>\n<li><a href=\"https:\/\/testi-e2c55b704894.senaatti.fi\/asian-ja-dokumenttienhallintajarjestelman-tietosuojaseloste\/\" target=\"_blank\" rel=\"noopener\">Integritetspolicy f\u00f6r \u00e4rendehanteringssystemet och dokumenthanteringssystemet<\/a><\/li>\n<li><a href=\"https:\/\/testi-e2c55b704894.senaatti.fi\/sv\/integritetspolicy-for-senatkoncernens-e-tjanst\/\" target=\"_blank\" rel=\"noopener\">Integritetspolicy f\u00f6r Senatkoncernens e-tj\u00e4nst<\/a>.<\/li>\n<\/ul>\n<p>(Behandlingen av personuppgifter om koncernens anst\u00e4llda informeras i regel p\u00e5 interna webbplatser).[\/vc_column_text][\/vc_column][\/vc_row][vc_row][vc_column el_id=&#8221;muut&#8221;][vc_column_text remove_empty_space_above=&#8221;true&#8221;]<\/p>\n<h4>Behandling av uppgifter om andra personer<\/h4>\n<p>Senatkoncernen kan behandla uppgifter om andra \u00e4n intressentgrupper eller personal i f\u00f6ljande fall:<\/p>\n<ul>\n<li><a href=\"https:\/\/testi-e2c55b704894.senaatti.fi\/uutiskirjeiden-tietosuojaseloste\/\" target=\"_blank\" rel=\"noopener\">Integritetspolicy f\u00f6r nyhetsbrev<\/a><\/li>\n<li><a href=\"https:\/\/testi-e2c55b704894.senaatti.fi\/asiakas-ja-sidosryhmatapahtumien-tietosuojaseloste\/\" target=\"_blank\" rel=\"noopener\">Integritetspolicy f\u00f6r kund- och intressegruppsevenemang<\/a><\/li>\n<li><a href=\"https:\/\/testi-e2c55b704894.senaatti.fi\/asian-ja-dokumenttienhallintajarjestelman-tietosuojaseloste\/\" target=\"_blank\" rel=\"noopener\">Integritetspolicy f\u00f6r \u00e4rendehanteringssystemet och dokumenthanteringssystemet<\/a><\/li>\n<li><a href=\"https:\/\/testi-e2c55b704894.senaatti.fi\/sv\/integritetspolicy-for-identitets-och-atkomsthantering\/\" target=\"_blank\" rel=\"noopener\">Integritetspolicy f\u00f6r identitets- och \u00e5tkomsthantering<\/a><\/li>\n<li><a href=\"https:\/\/testi-e2c55b704894.senaatti.fi\/palvelupyyntojarjestelman-helppi-tietosuojaseloste\/\" target=\"_blank\" rel=\"noopener\">Integritetspolicy f\u00f6r systemet f\u00f6r servicebeg\u00e4ran Helppi<\/a><\/li>\n<li><a href=\"https:\/\/testi-e2c55b704894.senaatti.fi\/kirave-jarjestelman-tietosuojaseloste\/\" target=\"_blank\" rel=\"noopener\">Integritetspolicy f\u00f6r systemet Kirave.<\/a><\/li>\n<\/ul>\n<p>[\/vc_column_text][\/vc_column][\/vc_row]<\/p>\n<\/div>","protected":false},"excerpt":{"rendered":"<p>[vc_row][vc_column][senaatti_hero heading=&#8221;Dataskydd&#8221;][\/vc_column][\/vc_row][vc_row][vc_column][vc_column_text remove_empty_space_above=&#8221;true&#8221; remove_empty_space_below=&#8221;true&#8221;] Behandling av personuppgifter inom Senatkoncernen Senatkoncernens uppgifter och personuppgiftsansvariga Best\u00e4mmelser om Senatkoncernen, Senatfastigheters och F\u00f6rsvarsfastigheters uppgifter finns i lagen L 1018\/2020. Senatkoncernens aff\u00e4rsverk har till uppgift att verka inom verksamhetsomr\u00e5det fastighets- och lokalaff\u00e4rsverksamhet och f\u00f6r statens behov producera fastighets- och lokaltj\u00e4nster, lokallednings- och lokalf\u00f6rvaltningstj\u00e4nster, tj\u00e4nster i anslutning till anskaffning, f\u00f6rvaltning och [&hellip;]<\/p>\n","protected":false},"author":11,"featured_media":0,"parent":0,"menu_order":0,"comment_status":"closed","ping_status":"closed","template":"","meta":{"_acf_changed":false,"footnotes":""},"class_list":["post-77973","page","type-page","status-publish","hentry"],"acf":[],"yoast_head":"<!-- This site is optimized with the Yoast SEO plugin v23.9 - https:\/\/yoast.com\/wordpress\/plugins\/seo\/ -->\n<title>Dataskydd - Senaatti<\/title>\n<meta name=\"robots\" content=\"noindex, follow, max-snippet:-1, max-image-preview:large, max-video-preview:-1\" \/>\n<meta property=\"og:locale\" content=\"sv_SE\" \/>\n<meta property=\"og:type\" content=\"article\" \/>\n<meta property=\"og:title\" content=\"Dataskydd - Senaatti\" \/>\n<meta property=\"og:description\" content=\"[vc_row][vc_column][senaatti_hero heading=&#8221;Dataskydd&#8221;][\/vc_column][\/vc_row][vc_row][vc_column][vc_column_text remove_empty_space_above=&#8221;true&#8221; remove_empty_space_below=&#8221;true&#8221;] Behandling av personuppgifter inom Senatkoncernen Senatkoncernens uppgifter och personuppgiftsansvariga Best\u00e4mmelser om Senatkoncernen, Senatfastigheters och F\u00f6rsvarsfastigheters uppgifter finns i lagen L 1018\/2020. Senatkoncernens aff\u00e4rsverk har till uppgift att verka inom verksamhetsomr\u00e5det fastighets- och lokalaff\u00e4rsverksamhet och f\u00f6r statens behov producera fastighets- och lokaltj\u00e4nster, lokallednings- och lokalf\u00f6rvaltningstj\u00e4nster, tj\u00e4nster i anslutning till anskaffning, f\u00f6rvaltning och [&hellip;]\" \/>\n<meta property=\"og:url\" content=\"https:\/\/testi-e2c55b704894.senaatti.fi\/sv\/dataskydd\/\" \/>\n<meta property=\"og:site_name\" content=\"Senaatti\" \/>\n<meta property=\"article:publisher\" content=\"https:\/\/www.facebook.com\/SenaattiKiinteistot\/\" \/>\n<meta property=\"article:modified_time\" content=\"2024-12-13T08:58:24+00:00\" \/>\n<meta property=\"og:image\" content=\"https:\/\/testi-e2c55b704894.senaatti.fi\/app\/uploads\/2021\/01\/Senaatti_FB_profiili_1200x630-1024x538.png\" \/>\n\t<meta property=\"og:image:width\" content=\"1024\" \/>\n\t<meta property=\"og:image:height\" content=\"538\" \/>\n\t<meta property=\"og:image:type\" content=\"image\/png\" \/>\n<meta name=\"twitter:card\" content=\"summary_large_image\" \/>\n<meta name=\"twitter:site\" content=\"@SenaattiK\" \/>\n<meta name=\"twitter:label1\" content=\"Ber\u00e4knad l\u00e4stid\" \/>\n\t<meta name=\"twitter:data1\" content=\"8 minuter\" \/>\n<script type=\"application\/ld+json\" class=\"yoast-schema-graph\">{\"@context\":\"https:\/\/schema.org\",\"@graph\":[{\"@type\":\"WebPage\",\"@id\":\"https:\/\/testi-e2c55b704894.senaatti.fi\/sv\/dataskydd\/\",\"url\":\"https:\/\/testi-e2c55b704894.senaatti.fi\/sv\/dataskydd\/\",\"name\":\"Dataskydd - Senaatti\",\"isPartOf\":{\"@id\":\"https:\/\/www.senaatti.fi\/#website\"},\"datePublished\":\"2024-11-04T11:00:11+00:00\",\"dateModified\":\"2024-12-13T08:58:24+00:00\",\"breadcrumb\":{\"@id\":\"https:\/\/testi-e2c55b704894.senaatti.fi\/sv\/dataskydd\/#breadcrumb\"},\"inLanguage\":\"sv-SE\",\"potentialAction\":[{\"@type\":\"ReadAction\",\"target\":[\"https:\/\/testi-e2c55b704894.senaatti.fi\/sv\/dataskydd\/\"]}]},{\"@type\":\"BreadcrumbList\",\"@id\":\"https:\/\/testi-e2c55b704894.senaatti.fi\/sv\/dataskydd\/#breadcrumb\",\"itemListElement\":[{\"@type\":\"ListItem\",\"position\":1,\"name\":\"Hem\",\"item\":\"https:\/\/www.senaatti.fi\/sv\/\"},{\"@type\":\"ListItem\",\"position\":2,\"name\":\"Dataskydd\"}]},{\"@type\":\"WebSite\",\"@id\":\"https:\/\/www.senaatti.fi\/#website\",\"url\":\"https:\/\/www.senaatti.fi\/\",\"name\":\"Senaatti\",\"description\":\"Just another WordPress site\",\"publisher\":{\"@id\":\"https:\/\/www.senaatti.fi\/#organization\"},\"potentialAction\":[{\"@type\":\"SearchAction\",\"target\":{\"@type\":\"EntryPoint\",\"urlTemplate\":\"https:\/\/www.senaatti.fi\/?s={search_term_string}\"},\"query-input\":{\"@type\":\"PropertyValueSpecification\",\"valueRequired\":true,\"valueName\":\"search_term_string\"}}],\"inLanguage\":\"sv-SE\"},{\"@type\":\"Organization\",\"@id\":\"https:\/\/www.senaatti.fi\/#organization\",\"name\":\"Senaatti-kiinteist\u00f6t\",\"url\":\"https:\/\/www.senaatti.fi\/\",\"logo\":{\"@type\":\"ImageObject\",\"inLanguage\":\"sv-SE\",\"@id\":\"https:\/\/www.senaatti.fi\/#\/schema\/logo\/image\/\",\"url\":\"https:\/\/testi-e2c55b704894.senaatti.fi\/app\/uploads\/2021\/01\/Senaatti_FB_profiili_1200x630.png\",\"contentUrl\":\"https:\/\/testi-e2c55b704894.senaatti.fi\/app\/uploads\/2021\/01\/Senaatti_FB_profiili_1200x630.png\",\"width\":1201,\"height\":631,\"caption\":\"Senaatti-kiinteist\u00f6t\"},\"image\":{\"@id\":\"https:\/\/www.senaatti.fi\/#\/schema\/logo\/image\/\"},\"sameAs\":[\"https:\/\/www.facebook.com\/SenaattiKiinteistot\/\",\"https:\/\/x.com\/SenaattiK\",\"https:\/\/www.linkedin.com\/company\/senate-properties\",\"https:\/\/www.youtube.com\/channel\/UCunSUhMjKd5KqASPgBrndkQ\"]}]}<\/script>\n<!-- \/ Yoast SEO plugin. -->","yoast_head_json":{"title":"Dataskydd - Senaatti","robots":{"index":"noindex","follow":"follow","max-snippet":"max-snippet:-1","max-image-preview":"max-image-preview:large","max-video-preview":"max-video-preview:-1"},"og_locale":"sv_SE","og_type":"article","og_title":"Dataskydd - Senaatti","og_description":"[vc_row][vc_column][senaatti_hero heading=&#8221;Dataskydd&#8221;][\/vc_column][\/vc_row][vc_row][vc_column][vc_column_text remove_empty_space_above=&#8221;true&#8221; remove_empty_space_below=&#8221;true&#8221;] Behandling av personuppgifter inom Senatkoncernen Senatkoncernens uppgifter och personuppgiftsansvariga Best\u00e4mmelser om Senatkoncernen, Senatfastigheters och F\u00f6rsvarsfastigheters uppgifter finns i lagen L 1018\/2020. Senatkoncernens aff\u00e4rsverk har till uppgift att verka inom verksamhetsomr\u00e5det fastighets- och lokalaff\u00e4rsverksamhet och f\u00f6r statens behov producera fastighets- och lokaltj\u00e4nster, lokallednings- och lokalf\u00f6rvaltningstj\u00e4nster, tj\u00e4nster i anslutning till anskaffning, f\u00f6rvaltning och [&hellip;]","og_url":"https:\/\/testi-e2c55b704894.senaatti.fi\/sv\/dataskydd\/","og_site_name":"Senaatti","article_publisher":"https:\/\/www.facebook.com\/SenaattiKiinteistot\/","article_modified_time":"2024-12-13T08:58:24+00:00","og_image":[{"width":1024,"height":538,"url":"https:\/\/testi-e2c55b704894.senaatti.fi\/app\/uploads\/2021\/01\/Senaatti_FB_profiili_1200x630-1024x538.png","type":"image\/png"}],"twitter_card":"summary_large_image","twitter_site":"@SenaattiK","twitter_misc":{"Ber\u00e4knad l\u00e4stid":"8 minuter"},"schema":{"@context":"https:\/\/schema.org","@graph":[{"@type":"WebPage","@id":"https:\/\/testi-e2c55b704894.senaatti.fi\/sv\/dataskydd\/","url":"https:\/\/testi-e2c55b704894.senaatti.fi\/sv\/dataskydd\/","name":"Dataskydd - Senaatti","isPartOf":{"@id":"https:\/\/www.senaatti.fi\/#website"},"datePublished":"2024-11-04T11:00:11+00:00","dateModified":"2024-12-13T08:58:24+00:00","breadcrumb":{"@id":"https:\/\/testi-e2c55b704894.senaatti.fi\/sv\/dataskydd\/#breadcrumb"},"inLanguage":"sv-SE","potentialAction":[{"@type":"ReadAction","target":["https:\/\/testi-e2c55b704894.senaatti.fi\/sv\/dataskydd\/"]}]},{"@type":"BreadcrumbList","@id":"https:\/\/testi-e2c55b704894.senaatti.fi\/sv\/dataskydd\/#breadcrumb","itemListElement":[{"@type":"ListItem","position":1,"name":"Hem","item":"https:\/\/www.senaatti.fi\/sv\/"},{"@type":"ListItem","position":2,"name":"Dataskydd"}]},{"@type":"WebSite","@id":"https:\/\/www.senaatti.fi\/#website","url":"https:\/\/www.senaatti.fi\/","name":"Senaatti","description":"Just another WordPress site","publisher":{"@id":"https:\/\/www.senaatti.fi\/#organization"},"potentialAction":[{"@type":"SearchAction","target":{"@type":"EntryPoint","urlTemplate":"https:\/\/www.senaatti.fi\/?s={search_term_string}"},"query-input":{"@type":"PropertyValueSpecification","valueRequired":true,"valueName":"search_term_string"}}],"inLanguage":"sv-SE"},{"@type":"Organization","@id":"https:\/\/www.senaatti.fi\/#organization","name":"Senaatti-kiinteist\u00f6t","url":"https:\/\/www.senaatti.fi\/","logo":{"@type":"ImageObject","inLanguage":"sv-SE","@id":"https:\/\/www.senaatti.fi\/#\/schema\/logo\/image\/","url":"https:\/\/testi-e2c55b704894.senaatti.fi\/app\/uploads\/2021\/01\/Senaatti_FB_profiili_1200x630.png","contentUrl":"https:\/\/testi-e2c55b704894.senaatti.fi\/app\/uploads\/2021\/01\/Senaatti_FB_profiili_1200x630.png","width":1201,"height":631,"caption":"Senaatti-kiinteist\u00f6t"},"image":{"@id":"https:\/\/www.senaatti.fi\/#\/schema\/logo\/image\/"},"sameAs":["https:\/\/www.facebook.com\/SenaattiKiinteistot\/","https:\/\/x.com\/SenaattiK","https:\/\/www.linkedin.com\/company\/senate-properties","https:\/\/www.youtube.com\/channel\/UCunSUhMjKd5KqASPgBrndkQ"]}]}},"publishpress_future_action":{"enabled":false,"date":"2026-05-03 10:25:00","action":"change-status","newStatus":"draft","terms":[],"taxonomy":"translation_priority"},"_links":{"self":[{"href":"https:\/\/testi-e2c55b704894.senaatti.fi\/sv\/wp-json\/wp\/v2\/pages\/77973","targetHints":{"allow":["GET"]}}],"collection":[{"href":"https:\/\/testi-e2c55b704894.senaatti.fi\/sv\/wp-json\/wp\/v2\/pages"}],"about":[{"href":"https:\/\/testi-e2c55b704894.senaatti.fi\/sv\/wp-json\/wp\/v2\/types\/page"}],"author":[{"embeddable":true,"href":"https:\/\/testi-e2c55b704894.senaatti.fi\/sv\/wp-json\/wp\/v2\/users\/11"}],"replies":[{"embeddable":true,"href":"https:\/\/testi-e2c55b704894.senaatti.fi\/sv\/wp-json\/wp\/v2\/comments?post=77973"}],"version-history":[{"count":9,"href":"https:\/\/testi-e2c55b704894.senaatti.fi\/sv\/wp-json\/wp\/v2\/pages\/77973\/revisions"}],"predecessor-version":[{"id":77974,"href":"https:\/\/testi-e2c55b704894.senaatti.fi\/sv\/wp-json\/wp\/v2\/pages\/77973\/revisions\/77974"}],"wp:attachment":[{"href":"https:\/\/testi-e2c55b704894.senaatti.fi\/sv\/wp-json\/wp\/v2\/media?parent=77973"}],"curies":[{"name":"wp","href":"https:\/\/api.w.org\/{rel}","templated":true}]}}