{"id":78319,"date":"2024-11-21T14:54:46","date_gmt":"2024-11-21T12:54:46","guid":{"rendered":"https:\/\/testi-e2c55b704894.senaatti.fi\/gemensamma-arbetsmiljoer\/toimipaikat\/"},"modified":"2025-01-02T14:07:30","modified_gmt":"2025-01-02T12:07:30","slug":"lokalnat","status":"publish","type":"page","link":"https:\/\/testi-e2c55b704894.senaatti.fi\/sv\/gemensamma-arbetsmiljoer\/lokalnat\/","title":{"rendered":"Lokaln\u00e4t"},"content":{"rendered":"<div class=\"wpb-content-wrapper\"><p>[vc_row][vc_column][senaatti_hero image_position_horizontal=&#8221;left&#8221; heading=&#8221;N\u00e4tverket av gemensamma arbetsmilj\u00f6er&#8221; text=&#8221;I enlighet med statens lokalstrategi utvecklar vi statens gemensamma arbetsmilj\u00f6er och genomf\u00f6r dem p\u00e5 18 olika orter f\u00f6re 2030. P\u00e5 denna webbplats ser du de objekt som hittills har f\u00f6rnyats och d\u00e4r det finns en gemensam arbetsmilj\u00f6 och i en del av objekten ocks\u00e5 ett gemensamt kundservicest\u00e4lle inom den offentliga f\u00f6rvaltningen.<\/p>\n<p>De anst\u00e4llda inom statens organisation som \u00e4r hyresg\u00e4ster i objektet kan bes\u00f6ka de gemensamma arbetsmilj\u00f6erna p\u00e5 samma s\u00e4tt som de bes\u00f6kt de aktivitetsbaserade lokalerna tidigare. D\u00e5 ska man avtala om bes\u00f6ket med kontaktpersonen f\u00f6r den egna organisationen f\u00f6r att f\u00e5 ett passerkort.&#8221; image=&#8221;68838&#8243;][\/vc_column][\/vc_row][vc_row][vc_column][senaatti_yty_filter heading=&#8221;Statens gemensamma arbetsmilj\u00f6er&#8221;][\/vc_column][\/vc_row][vc_row][vc_column][senaatti_liftcards_carousel automatic1=&#8221;true&#8221; post_type=&#8221;post&#8221; post_type2=&#8221;senaatti_article&#8221; heading=&#8221;Artiklar och nyheter om \u00e4mnet&#8221; allcta=&#8221;url:https%3A%2F%2Ftesti-e2c55b704894.senaatti.fi%2Fsv%2Faktuellt%2Fnyheter-och-artiklar%2F%3Fsenaatti_category%255B%255D%3Dgemensamma-lokaler|title:Visa%20alla&#8221; categorys=&#8221;Gemensamma lokaler&#8221; category2=&#8221;Gemensamma lokaler&#8221; count=&#8221;9&#8243;][\/vc_column][\/vc_row]<\/p>\n<\/div>","protected":false},"excerpt":{"rendered":"<p>[vc_row][vc_column][senaatti_hero image_position_horizontal=&#8221;left&#8221; heading=&#8221;N\u00e4tverket av gemensamma arbetsmilj\u00f6er&#8221; text=&#8221;I enlighet med statens lokalstrategi utvecklar vi statens gemensamma arbetsmilj\u00f6er och genomf\u00f6r dem p\u00e5 18 olika orter f\u00f6re 2030. P\u00e5 denna webbplats ser du de objekt som hittills har f\u00f6rnyats och d\u00e4r det finns en gemensam arbetsmilj\u00f6 och i en del av objekten ocks\u00e5 ett gemensamt kundservicest\u00e4lle inom den [&hellip;]<\/p>\n","protected":false},"author":11,"featured_media":0,"parent":59541,"menu_order":0,"comment_status":"closed","ping_status":"closed","template":"","meta":{"_acf_changed":false,"footnotes":""},"class_list":["post-78319","page","type-page","status-publish","hentry"],"acf":[],"yoast_head":"<!-- This site is optimized with the Yoast SEO plugin v23.9 - https:\/\/yoast.com\/wordpress\/plugins\/seo\/ -->\n<title>Statens gemensamma arbetsmilj\u00f6er- Senatfastigheter<\/title>\n<meta name=\"description\" content=\"H\u00e4r ser du statens gemensamma arbetsmilj\u00f6er. I en del av dem finns ocks\u00e5 ett gemensamt kundservicest\u00e4lle\" \/>\n<meta name=\"robots\" content=\"noindex, follow, max-snippet:-1, max-image-preview:large, max-video-preview:-1\" \/>\n<meta property=\"og:locale\" content=\"sv_SE\" \/>\n<meta property=\"og:type\" content=\"article\" \/>\n<meta property=\"og:title\" content=\"Statens gemensamma arbetsmilj\u00f6er- Senatfastigheter\" \/>\n<meta property=\"og:description\" content=\"H\u00e4r ser du statens gemensamma arbetsmilj\u00f6er. I en del av dem finns ocks\u00e5 ett gemensamt kundservicest\u00e4lle\" \/>\n<meta property=\"og:url\" content=\"https:\/\/testi-e2c55b704894.senaatti.fi\/sv\/gemensamma-arbetsmiljoer\/lokalnat\/\" \/>\n<meta property=\"og:site_name\" content=\"Senaatti\" \/>\n<meta property=\"article:publisher\" content=\"https:\/\/www.facebook.com\/SenaattiKiinteistot\/\" \/>\n<meta property=\"article:modified_time\" content=\"2025-01-02T12:07:30+00:00\" \/>\n<meta property=\"og:image\" content=\"https:\/\/testi-e2c55b704894.senaatti.fi\/app\/uploads\/2021\/01\/Senaatti_FB_profiili_1200x630-1024x538.png\" \/>\n\t<meta property=\"og:image:width\" content=\"1024\" \/>\n\t<meta property=\"og:image:height\" content=\"538\" \/>\n\t<meta property=\"og:image:type\" content=\"image\/png\" \/>\n<meta name=\"twitter:card\" content=\"summary_large_image\" \/>\n<meta name=\"twitter:site\" content=\"@SenaattiK\" \/>\n<meta name=\"twitter:label1\" content=\"Ber\u00e4knad l\u00e4stid\" \/>\n\t<meta name=\"twitter:data1\" content=\"1 minut\" \/>\n<script type=\"application\/ld+json\" class=\"yoast-schema-graph\">{\"@context\":\"https:\/\/schema.org\",\"@graph\":[{\"@type\":\"WebPage\",\"@id\":\"https:\/\/testi-e2c55b704894.senaatti.fi\/sv\/gemensamma-arbetsmiljoer\/lokalnat\/\",\"url\":\"https:\/\/testi-e2c55b704894.senaatti.fi\/sv\/gemensamma-arbetsmiljoer\/lokalnat\/\",\"name\":\"Statens gemensamma arbetsmilj\u00f6er- Senatfastigheter\",\"isPartOf\":{\"@id\":\"https:\/\/www.senaatti.fi\/#website\"},\"datePublished\":\"2024-11-21T12:54:46+00:00\",\"dateModified\":\"2025-01-02T12:07:30+00:00\",\"description\":\"H\u00e4r ser du statens gemensamma arbetsmilj\u00f6er. I en del av dem finns ocks\u00e5 ett gemensamt kundservicest\u00e4lle\",\"breadcrumb\":{\"@id\":\"https:\/\/testi-e2c55b704894.senaatti.fi\/sv\/gemensamma-arbetsmiljoer\/lokalnat\/#breadcrumb\"},\"inLanguage\":\"sv-SE\",\"potentialAction\":[{\"@type\":\"ReadAction\",\"target\":[\"https:\/\/testi-e2c55b704894.senaatti.fi\/sv\/gemensamma-arbetsmiljoer\/lokalnat\/\"]}]},{\"@type\":\"BreadcrumbList\",\"@id\":\"https:\/\/testi-e2c55b704894.senaatti.fi\/sv\/gemensamma-arbetsmiljoer\/lokalnat\/#breadcrumb\",\"itemListElement\":[{\"@type\":\"ListItem\",\"position\":1,\"name\":\"Hem\",\"item\":\"https:\/\/www.senaatti.fi\/sv\/\"},{\"@type\":\"ListItem\",\"position\":2,\"name\":\"Gemensamma arbetsmilj\u00f6er\",\"item\":\"https:\/\/www.senaatti.fi\/sv\/gemensamma-arbetsmiljoer\/\"},{\"@type\":\"ListItem\",\"position\":3,\"name\":\"Lokaln\u00e4t\"}]},{\"@type\":\"WebSite\",\"@id\":\"https:\/\/www.senaatti.fi\/#website\",\"url\":\"https:\/\/www.senaatti.fi\/\",\"name\":\"Senaatti\",\"description\":\"Just another WordPress site\",\"publisher\":{\"@id\":\"https:\/\/www.senaatti.fi\/#organization\"},\"potentialAction\":[{\"@type\":\"SearchAction\",\"target\":{\"@type\":\"EntryPoint\",\"urlTemplate\":\"https:\/\/www.senaatti.fi\/?s={search_term_string}\"},\"query-input\":{\"@type\":\"PropertyValueSpecification\",\"valueRequired\":true,\"valueName\":\"search_term_string\"}}],\"inLanguage\":\"sv-SE\"},{\"@type\":\"Organization\",\"@id\":\"https:\/\/www.senaatti.fi\/#organization\",\"name\":\"Senaatti-kiinteist\u00f6t\",\"url\":\"https:\/\/www.senaatti.fi\/\",\"logo\":{\"@type\":\"ImageObject\",\"inLanguage\":\"sv-SE\",\"@id\":\"https:\/\/www.senaatti.fi\/#\/schema\/logo\/image\/\",\"url\":\"https:\/\/testi-e2c55b704894.senaatti.fi\/app\/uploads\/2021\/01\/Senaatti_FB_profiili_1200x630.png\",\"contentUrl\":\"https:\/\/testi-e2c55b704894.senaatti.fi\/app\/uploads\/2021\/01\/Senaatti_FB_profiili_1200x630.png\",\"width\":1201,\"height\":631,\"caption\":\"Senaatti-kiinteist\u00f6t\"},\"image\":{\"@id\":\"https:\/\/www.senaatti.fi\/#\/schema\/logo\/image\/\"},\"sameAs\":[\"https:\/\/www.facebook.com\/SenaattiKiinteistot\/\",\"https:\/\/x.com\/SenaattiK\",\"https:\/\/www.linkedin.com\/company\/senate-properties\",\"https:\/\/www.youtube.com\/channel\/UCunSUhMjKd5KqASPgBrndkQ\"]}]}<\/script>\n<!-- \/ Yoast SEO plugin. -->","yoast_head_json":{"title":"Statens gemensamma arbetsmilj\u00f6er- Senatfastigheter","description":"H\u00e4r ser du statens gemensamma arbetsmilj\u00f6er. I en del av dem finns ocks\u00e5 ett gemensamt kundservicest\u00e4lle","robots":{"index":"noindex","follow":"follow","max-snippet":"max-snippet:-1","max-image-preview":"max-image-preview:large","max-video-preview":"max-video-preview:-1"},"og_locale":"sv_SE","og_type":"article","og_title":"Statens gemensamma arbetsmilj\u00f6er- Senatfastigheter","og_description":"H\u00e4r ser du statens gemensamma arbetsmilj\u00f6er. I en del av dem finns ocks\u00e5 ett gemensamt kundservicest\u00e4lle","og_url":"https:\/\/testi-e2c55b704894.senaatti.fi\/sv\/gemensamma-arbetsmiljoer\/lokalnat\/","og_site_name":"Senaatti","article_publisher":"https:\/\/www.facebook.com\/SenaattiKiinteistot\/","article_modified_time":"2025-01-02T12:07:30+00:00","og_image":[{"width":1024,"height":538,"url":"https:\/\/testi-e2c55b704894.senaatti.fi\/app\/uploads\/2021\/01\/Senaatti_FB_profiili_1200x630-1024x538.png","type":"image\/png"}],"twitter_card":"summary_large_image","twitter_site":"@SenaattiK","twitter_misc":{"Ber\u00e4knad l\u00e4stid":"1 minut"},"schema":{"@context":"https:\/\/schema.org","@graph":[{"@type":"WebPage","@id":"https:\/\/testi-e2c55b704894.senaatti.fi\/sv\/gemensamma-arbetsmiljoer\/lokalnat\/","url":"https:\/\/testi-e2c55b704894.senaatti.fi\/sv\/gemensamma-arbetsmiljoer\/lokalnat\/","name":"Statens gemensamma arbetsmilj\u00f6er- Senatfastigheter","isPartOf":{"@id":"https:\/\/www.senaatti.fi\/#website"},"datePublished":"2024-11-21T12:54:46+00:00","dateModified":"2025-01-02T12:07:30+00:00","description":"H\u00e4r ser du statens gemensamma arbetsmilj\u00f6er. I en del av dem finns ocks\u00e5 ett gemensamt kundservicest\u00e4lle","breadcrumb":{"@id":"https:\/\/testi-e2c55b704894.senaatti.fi\/sv\/gemensamma-arbetsmiljoer\/lokalnat\/#breadcrumb"},"inLanguage":"sv-SE","potentialAction":[{"@type":"ReadAction","target":["https:\/\/testi-e2c55b704894.senaatti.fi\/sv\/gemensamma-arbetsmiljoer\/lokalnat\/"]}]},{"@type":"BreadcrumbList","@id":"https:\/\/testi-e2c55b704894.senaatti.fi\/sv\/gemensamma-arbetsmiljoer\/lokalnat\/#breadcrumb","itemListElement":[{"@type":"ListItem","position":1,"name":"Hem","item":"https:\/\/www.senaatti.fi\/sv\/"},{"@type":"ListItem","position":2,"name":"Gemensamma arbetsmilj\u00f6er","item":"https:\/\/www.senaatti.fi\/sv\/gemensamma-arbetsmiljoer\/"},{"@type":"ListItem","position":3,"name":"Lokaln\u00e4t"}]},{"@type":"WebSite","@id":"https:\/\/www.senaatti.fi\/#website","url":"https:\/\/www.senaatti.fi\/","name":"Senaatti","description":"Just another WordPress site","publisher":{"@id":"https:\/\/www.senaatti.fi\/#organization"},"potentialAction":[{"@type":"SearchAction","target":{"@type":"EntryPoint","urlTemplate":"https:\/\/www.senaatti.fi\/?s={search_term_string}"},"query-input":{"@type":"PropertyValueSpecification","valueRequired":true,"valueName":"search_term_string"}}],"inLanguage":"sv-SE"},{"@type":"Organization","@id":"https:\/\/www.senaatti.fi\/#organization","name":"Senaatti-kiinteist\u00f6t","url":"https:\/\/www.senaatti.fi\/","logo":{"@type":"ImageObject","inLanguage":"sv-SE","@id":"https:\/\/www.senaatti.fi\/#\/schema\/logo\/image\/","url":"https:\/\/testi-e2c55b704894.senaatti.fi\/app\/uploads\/2021\/01\/Senaatti_FB_profiili_1200x630.png","contentUrl":"https:\/\/testi-e2c55b704894.senaatti.fi\/app\/uploads\/2021\/01\/Senaatti_FB_profiili_1200x630.png","width":1201,"height":631,"caption":"Senaatti-kiinteist\u00f6t"},"image":{"@id":"https:\/\/www.senaatti.fi\/#\/schema\/logo\/image\/"},"sameAs":["https:\/\/www.facebook.com\/SenaattiKiinteistot\/","https:\/\/x.com\/SenaattiK","https:\/\/www.linkedin.com\/company\/senate-properties","https:\/\/www.youtube.com\/channel\/UCunSUhMjKd5KqASPgBrndkQ"]}]}},"publishpress_future_action":{"enabled":false,"date":"2026-05-03 10:36:38","action":"change-status","newStatus":"draft","terms":[],"taxonomy":"translation_priority"},"_links":{"self":[{"href":"https:\/\/testi-e2c55b704894.senaatti.fi\/sv\/wp-json\/wp\/v2\/pages\/78319","targetHints":{"allow":["GET"]}}],"collection":[{"href":"https:\/\/testi-e2c55b704894.senaatti.fi\/sv\/wp-json\/wp\/v2\/pages"}],"about":[{"href":"https:\/\/testi-e2c55b704894.senaatti.fi\/sv\/wp-json\/wp\/v2\/types\/page"}],"author":[{"embeddable":true,"href":"https:\/\/testi-e2c55b704894.senaatti.fi\/sv\/wp-json\/wp\/v2\/users\/11"}],"replies":[{"embeddable":true,"href":"https:\/\/testi-e2c55b704894.senaatti.fi\/sv\/wp-json\/wp\/v2\/comments?post=78319"}],"version-history":[{"count":6,"href":"https:\/\/testi-e2c55b704894.senaatti.fi\/sv\/wp-json\/wp\/v2\/pages\/78319\/revisions"}],"predecessor-version":[{"id":78920,"href":"https:\/\/testi-e2c55b704894.senaatti.fi\/sv\/wp-json\/wp\/v2\/pages\/78319\/revisions\/78920"}],"up":[{"embeddable":true,"href":"https:\/\/testi-e2c55b704894.senaatti.fi\/sv\/wp-json\/wp\/v2\/pages\/59541"}],"wp:attachment":[{"href":"https:\/\/testi-e2c55b704894.senaatti.fi\/sv\/wp-json\/wp\/v2\/media?parent=78319"}],"curies":[{"name":"wp","href":"https:\/\/api.w.org\/{rel}","templated":true}]}}